{"id":157,"date":"2018-05-21T12:37:03","date_gmt":"2018-05-21T11:37:03","guid":{"rendered":"https:\/\/ws168.juntadeandalucia.es\/iaappre\/gestiondelconocimiento\/?page_id=157"},"modified":"2025-10-23T11:29:43","modified_gmt":"2025-10-23T10:29:43","slug":"proyectos","status":"publish","type":"page","link":"https:\/\/ws168.juntadeandalucia.es\/iaap\/gestiondelconocimiento\/proyectos\/","title":{"rendered":"Ediciones"},"content":{"rendered":"\t\t<div data-elementor-type=\"wp-page\" data-elementor-id=\"157\" class=\"elementor elementor-157\">\n\t\t\t\t\t\t<section class=\"elementor-section elementor-top-section elementor-element elementor-element-5019d602 elementor-section-boxed elementor-section-height-default elementor-section-height-default\" data-id=\"5019d602\" data-element_type=\"section\" data-e-type=\"section\">\n\t\t\t\t\t\t<div class=\"elementor-container elementor-column-gap-default\">\n\t\t\t\t\t<div class=\"elementor-column elementor-col-100 elementor-top-column elementor-element elementor-element-142fb674\" data-id=\"142fb674\" data-element_type=\"column\" data-e-type=\"column\">\n\t\t\t<div class=\"elementor-widget-wrap elementor-element-populated\">\n\t\t\t\t\t\t<div class=\"elementor-element elementor-element-1346dce0 elementor-widget elementor-widget-text-editor\" data-id=\"1346dce0\" data-element_type=\"widget\" data-e-type=\"widget\" data-widget_type=\"text-editor.default\">\n\t\t\t\t<div class=\"elementor-widget-container\">\n\t\t\t\t\t\t\t\t\t<p style=\"text-align: justify\"><span style=\"font-size: 12pt\"><img fetchpriority=\"high\" decoding=\"async\" data-attachment-id=\"1823\" data-permalink=\"https:\/\/ws168.juntadeandalucia.es\/iaap\/gestiondelconocimiento\/proyectos\/human-3131802_1280\/\" data-orig-file=\"https:\/\/ws168.juntadeandalucia.es\/iaap\/gestiondelconocimiento\/wp-content\/uploads\/sites\/10\/2020\/02\/human-3131802_1280.jpg\" data-orig-size=\"1280,886\" data-comments-opened=\"0\" data-image-meta=\"{&quot;aperture&quot;:&quot;0&quot;,&quot;credit&quot;:&quot;&quot;,&quot;camera&quot;:&quot;&quot;,&quot;caption&quot;:&quot;&quot;,&quot;created_timestamp&quot;:&quot;0&quot;,&quot;copyright&quot;:&quot;&quot;,&quot;focal_length&quot;:&quot;0&quot;,&quot;iso&quot;:&quot;0&quot;,&quot;shutter_speed&quot;:&quot;0&quot;,&quot;title&quot;:&quot;&quot;,&quot;orientation&quot;:&quot;0&quot;}\" data-image-title=\"human-3131802_1280\" data-image-description=\"\" data-image-caption=\"\" data-large-file=\"https:\/\/ws168.juntadeandalucia.es\/iaap\/gestiondelconocimiento\/wp-content\/uploads\/sites\/10\/2020\/02\/human-3131802_1280-1024x709.jpg\" class=\"size-medium wp-image-1823 alignright\" src=\"https:\/\/ws168.juntadeandalucia.es\/iaap\/gestiondelconocimiento\/wp-content\/uploads\/sites\/10\/2020\/02\/human-3131802_1280-300x208.jpg\" alt=\"\" width=\"300\" height=\"208\" srcset=\"https:\/\/ws168.juntadeandalucia.es\/iaap\/gestiondelconocimiento\/wp-content\/uploads\/sites\/10\/2020\/02\/human-3131802_1280-300x208.jpg 300w, https:\/\/ws168.juntadeandalucia.es\/iaap\/gestiondelconocimiento\/wp-content\/uploads\/sites\/10\/2020\/02\/human-3131802_1280-768x532.jpg 768w, https:\/\/ws168.juntadeandalucia.es\/iaap\/gestiondelconocimiento\/wp-content\/uploads\/sites\/10\/2020\/02\/human-3131802_1280-1024x709.jpg 1024w, https:\/\/ws168.juntadeandalucia.es\/iaap\/gestiondelconocimiento\/wp-content\/uploads\/sites\/10\/2020\/02\/human-3131802_1280-600x415.jpg 600w, https:\/\/ws168.juntadeandalucia.es\/iaap\/gestiondelconocimiento\/wp-content\/uploads\/sites\/10\/2020\/02\/human-3131802_1280-110x76.jpg 110w, https:\/\/ws168.juntadeandalucia.es\/iaap\/gestiondelconocimiento\/wp-content\/uploads\/sites\/10\/2020\/02\/human-3131802_1280-420x291.jpg 420w, https:\/\/ws168.juntadeandalucia.es\/iaap\/gestiondelconocimiento\/wp-content\/uploads\/sites\/10\/2020\/02\/human-3131802_1280-621x430.jpg 621w, https:\/\/ws168.juntadeandalucia.es\/iaap\/gestiondelconocimiento\/wp-content\/uploads\/sites\/10\/2020\/02\/human-3131802_1280.jpg 1280w\" sizes=\"(max-width: 300px) 100vw, 300px\" \/><span style=\"color: #000000\">Gesti\u00f3n del Conocimiento s\u00ed, pero, \u00bfpara qu\u00e9?<\/span><\/span><\/p><p style=\"text-align: justify\"><span style=\"font-size: 12pt;color: #000000\">En 2017 se inicia la andadura en la disciplina de Gesti\u00f3n del Conocimiento en el IAAP, fijando un marco de referencia de base en el que se identificaron una serie de retos y problemas en la Junta de Andaluc\u00eda, que pod\u00edan ser atendidos con una buena Gesti\u00f3n del Conocimiento. Destacamos:<\/span><\/p><ul style=\"text-align: justify\"><li><span style=\"font-size: 12pt;color: #000000\"><strong>Concursos de traslado<\/strong>. Movimientos masivos de personas en la organizaci\u00f3n.<\/span><\/li><li><span style=\"font-size: 12pt;color: #000000\"><strong>Jubilaciones<\/strong>. P\u00e9rdida de conocimiento de la organizaci\u00f3n.<\/span><\/li><li><span style=\"font-size: 12pt;color: #000000\"><strong>Nuevas incorporaciones<\/strong>. Transmitir valores de lo p\u00fablico e importar nuevas formas de hacer.<\/span><\/li><li><span style=\"font-size: 12pt;color: #000000\"><strong>Falta de comunicaci\u00f3n<\/strong>. Necesidad de un enfoque funcional hacia la cultura del compartir.<\/span><\/li><li><span style=\"font-size: 12pt;color: #000000\"><strong>Duplicidad del trabajo<\/strong>. \u00bfAlguien ha hecho anteriormente lo que yo empiezo ahora?<\/span><\/li><li><span style=\"font-size: 12pt;color: #000000\"><strong>El problema del \u201cNo s\u00e9 &#8212;&#8212;&#8212;&#8211;, \u00bfalguien sabe?\u201d<\/strong>. Localizar el conocimiento y qui\u00e9n lo tiene.<\/span><\/li><\/ul><p style=\"text-align: justify\"><span style=\"font-size: 12pt;color: #000000\">Para abordar estos problemas se han definido unas l\u00edneas de actuaci\u00f3n que, con car\u00e1cter general, est\u00e1n siendo el motor para el desarrollo de los proyectos de Gesti\u00f3n del Conocimiento basados en:<\/span><\/p><ul style=\"text-align: justify\"><li><span style=\"font-size: 12pt;color: #000000\"><strong>Crear redes de personas<\/strong>. Poner en contacto personas que se necesitan (aunque no lo sepan), que se pueden aportar mutuamente, que pueden servir de referencia, etc.<\/span><\/li><li><span style=\"font-size: 12pt;color: #000000\"><strong>Implantar la cultura de compartir<\/strong>. \u201cLa informaci\u00f3n es poder, pero solo si se comparte\u201d podr\u00eda ser el lema de esta l\u00ednea de actuaci\u00f3n. Se hace necesario compartir, ense\u00f1ar, mostrar, contar, expandir de alguna forma el conocimiento que atesoran todas y cada una de las personas de la organizaci\u00f3n.<\/span><\/li><li><span style=\"font-size: 12pt;color: #000000\"><strong>Aumentar el intercambio de ideas en la Administraci\u00f3n<\/strong>. Existen ideas buenas, ideas que pueden servir a otras personas, opiniones que valen para hacer aflorar las ideas en un proyecto ajeno, o proyectos que tienen sentido en lugares diferentes a los que fueron ideados.<\/span><\/li><\/ul><p style=\"text-align: justify\"><span style=\"font-size: 12pt;color: #000000\">Te invitamos a conocer nuestros proyectos e iniciativas (desplegable en la barra de men\u00fas o enlaces a continuaci\u00f3n), desarrollados para resolver algunos de los retos planteados para la Junta de Andaluc\u00eda en cada una de las ediciones del programa.<\/span><\/p><p style=\"text-align: justify\"><span style=\"color: #000000\"><strong>EDICI\u00d3N 2017\/2018<\/strong><\/span><\/p><p style=\"text-align: justify\"><a href=\"https:\/\/wp.me\/P9W7Se-3h\" target=\"_blank\" rel=\"noopener\">Revista digital<\/a><\/p><p style=\"text-align: justify\"><a href=\"https:\/\/wp.me\/P9W7Se-3f\" target=\"_blank\" rel=\"noopener\">Cambio generacional<\/a><\/p><p style=\"text-align: justify\"><a href=\"https:\/\/wp.me\/P9W7Se-3l\" target=\"_blank\" rel=\"noopener\">Curaci\u00f3n de contenidos<\/a><\/p><p style=\"text-align: justify\"><a href=\"https:\/\/ws168.juntadeandalucia.es\/iaap\/gestiondelconocimiento\/proyectos\/gc03\/\" target=\"_blank\" rel=\"noopener\">Mejora en la Red Profesional<\/a><\/p><p style=\"text-align: justify\"><a href=\"https:\/\/ws168.juntadeandalucia.es\/iaap\/gestiondelconocimiento\/proyectos\/gc05\/\" target=\"_blank\" rel=\"noopener\">\u00bfQui\u00e9n es quien?<\/a><\/p><p style=\"text-align: justify\"><span style=\"color: #000000\"><strong>EDICI\u00d3N 2018\/2019<\/strong><\/span><\/p><p style=\"text-align: justify\"><a href=\"https:\/\/wp.me\/P9W7Se-wy\" target=\"_blank\" rel=\"noopener\">Revista digital<\/a><\/p><p style=\"text-align: justify\"><a href=\"https:\/\/wp.me\/P9W7Se-wv\" target=\"_blank\" rel=\"noopener\">Cambio generacional<\/a><\/p><p style=\"text-align: justify\"><a href=\"https:\/\/wp.me\/P9W7Se-wC\" target=\"_blank\" rel=\"noopener\">Curaci\u00f3n de contenidos<\/a><\/p><p style=\"text-align: justify\"><a href=\"https:\/\/wp.me\/P9W7Se-cr\" target=\"_blank\" rel=\"noopener\">Identificaci\u00f3n del conocimiento cr\u00edtico<\/a><\/p><p style=\"text-align: justify\"><a href=\"https:\/\/wp.me\/P9W7Se-cu\" target=\"_blank\" rel=\"noopener\">Implantando la cultura audiovisual<\/a><\/p><p style=\"text-align: justify\"><a href=\"https:\/\/wp.me\/P9W7Se-cw\" target=\"_blank\" rel=\"noopener\">Pilotaje de proyectos de gesti\u00f3n del conocimiento<\/a><\/p><p style=\"text-align: justify\"><a href=\"https:\/\/wp.me\/P9W7Se-co\" target=\"_blank\" rel=\"noopener\">Biblioteca humana<\/a><\/p><p style=\"text-align: justify\"><span style=\"color: #000000\"><strong>EDICI\u00d3N 2019\/2020<\/strong><\/span><\/p><p style=\"text-align: justify\"><a href=\"https:\/\/ws168.juntadeandalucia.es\/iaap\/gestiondelconocimiento\/proyectos\/edicion-2019-2020-edicion-2019-2020\/gc02-revista-digital\/\" target=\"_blank\" rel=\"noopener\">Revista digital<\/a><\/p><p style=\"text-align: justify\"><a href=\"https:\/\/ws168.juntadeandalucia.es\/iaap\/gestiondelconocimiento\/proyectos\/edicion-2019-2020-edicion-2019-2020\/gc11-encuentros-intergeneracionales\/\" target=\"_blank\" rel=\"noopener\">Encuentros Intergeneracionales<\/a><\/p><p style=\"text-align: justify\"><a href=\"https:\/\/ws168.juntadeandalucia.es\/iaap\/gestiondelconocimiento\/proyectos\/edicion-2019-2020-edicion-2019-2020\/gc10-comunicacion-y-difusion-de-la-gestion-del-conocimiento\/\" target=\"_blank\" rel=\"noopener\">Comunicaci\u00f3n y difusi\u00f3n de la Gesti\u00f3n del Conocimiento<\/a><\/p><p style=\"text-align: justify\"><a href=\"https:\/\/ws168.juntadeandalucia.es\/iaap\/gestiondelconocimiento\/proyectos\/edicion-2019-2020-edicion-2019-2020\/gc06-identificacion-del-conocimiento-critico\/\" target=\"_blank\" rel=\"noopener\">Identificaci\u00f3n del conocimiento cr\u00edtico<\/a><\/p><p style=\"text-align: justify\"><a href=\"https:\/\/ws168.juntadeandalucia.es\/iaap\/gestiondelconocimiento\/proyectos\/edicion-2019-2020-edicion-2019-2020\/gc08-implantando-la-cultura-audiovisual\/\" target=\"_blank\" rel=\"noopener\">Implantando la cultura audiovisual<\/a><\/p><p style=\"text-align: justify\"><a href=\"https:\/\/ws168.juntadeandalucia.es\/iaap\/gestiondelconocimiento\/proyectos\/edicion-2019-2020-edicion-2019-2020\/gc13-creando-el-grupo-de-casologas-os\/\" target=\"_blank\" rel=\"noopener\">Creando el grupo de Cas\u00f3logas\/os<\/a><\/p><p><strong><span style=\"color: #000000\">EDICI\u00d3N 2020\/2021<\/span><\/strong><\/p><p><a href=\"https:\/\/ws168.juntadeandalucia.es\/iaap\/gestiondelconocimiento\/edicion-2020-2021\/identificacion-del-conocimiento-critico\/\" target=\"_blank\" rel=\"noopener\">Revista digital EnRed@2.0<\/a><\/p><p><a href=\"https:\/\/ws168.juntadeandalucia.es\/iaap\/gestiondelconocimiento\/edicion-2020-2021\/identificacion-del-conocimiento-critico\/\" target=\"_blank\" rel=\"noopener\">Identificaci\u00f3n del Conocimiento Cr\u00edtico<\/a><\/p><p><a href=\"https:\/\/ws168.juntadeandalucia.es\/iaap\/gestiondelconocimiento\/edicion-2020-2021\/implantando-la-cultura-audiovisual\/\" target=\"_blank\" rel=\"noopener\">Implantando la Cultura audiovisual<\/a><\/p><p><a href=\"https:\/\/ws168.juntadeandalucia.es\/iaap\/gestiondelconocimiento\/edicion-2020-2021\/comunicacion-y-difusion-de-la-gestion-del-conocimiento\/\" target=\"_blank\" rel=\"noopener\">Comunicaci\u00f3n y difusi\u00f3n de la Gesti\u00f3n del Conocimiento<\/a><\/p><p><a href=\"https:\/\/ws168.juntadeandalucia.es\/iaap\/gestiondelconocimiento\/edicion-2020-2021\/encuentros-intergeneracionales\/\" target=\"_blank\" rel=\"noopener\">Encuentros Intergeneracionales<\/a><\/p><p><a href=\"https:\/\/ws168.juntadeandalucia.es\/iaap\/gestiondelconocimiento\/edicion-2020-2021\/casologia-en-la-junta-de-andalucia\/\" target=\"_blank\" rel=\"noopener\">Casolog\u00eda en la Junta de Andaluc\u00eda<\/a><\/p><p><strong><span style=\"color: #000000\">EDICI\u00d3N 2022<\/span><\/strong><\/p><p><a href=\"https:\/\/ws168.juntadeandalucia.es\/iaap\/gestiondelconocimiento\/edicion-2022\/revista-digital-enred2-0\/\" target=\"_blank\" rel=\"noopener\">Revista digital EnRed@2.o<\/a><\/p><p><a href=\"https:\/\/ws168.juntadeandalucia.es\/iaap\/gestiondelconocimiento\/edicion-2022\/identificacion-del-conocimiento-critico-2022\/\" target=\"_blank\" rel=\"noopener\">Identificaci\u00f3n del Conocimiento Cr\u00edtico<\/a><\/p><p><a href=\"https:\/\/ws168.juntadeandalucia.es\/iaap\/gestiondelconocimiento\/edicion-2022\/implantando-la-cultura-audiovisual\/\" target=\"_blank\" rel=\"noopener\">Implantando la Cultura Audiovisual<\/a><\/p><p><a href=\"https:\/\/ws168.juntadeandalucia.es\/iaap\/gestiondelconocimiento\/edicion-2022\/encuentros-intergeneracionales-2022\/\" target=\"_blank\" rel=\"noopener\">Encuentros Intergeneracionales<\/a><\/p><p><a href=\"https:\/\/ws168.juntadeandalucia.es\/iaap\/gestiondelconocimiento\/edicion-2022\/wiki-del-conocimiento-2022\/\" target=\"_blank\" rel=\"noopener\">Wiki del Conocimiento<\/a><\/p><p><a href=\"https:\/\/ws168.juntadeandalucia.es\/iaap\/gestiondelconocimiento\/edicion-2022\/comunicacion-y-difusion-de-la-gestion-del-conocimiento\/\" target=\"_blank\" rel=\"noopener\">Comunicaci\u00f3n y difusi\u00f3n de la Gesti\u00f3n del Conocimiento<\/a><\/p><p><strong><span style=\"color: #000000\">EDICI\u00d3N 2023<\/span><\/strong><\/p><p><a href=\"https:\/\/ws168.juntadeandalucia.es\/iaap\/gestiondelconocimiento\/edicion-2023\/revista-enred2-0\/\" target=\"_blank\" rel=\"noopener\">Revista digital EnRed@2.0<\/a><\/p><p><a href=\"https:\/\/ws168.juntadeandalucia.es\/iaap\/gestiondelconocimiento\/edicion-2023\/elaboracion-de-mapas-de-conocimiento-critico-2023\/\" target=\"_blank\" rel=\"noopener\">Elaboraci\u00f3n de Mapas de Conocimiento Cr\u00edtico<\/a><\/p><p><a href=\"https:\/\/ws168.juntadeandalucia.es\/iaap\/gestiondelconocimiento\/edicion-2023\/encuentros-intergeneracionales-en-la-junta-de-andalucia-2023\/\" target=\"_blank\" rel=\"noopener\">Encuentros Intergeneracionales en la Junta de Andaluc\u00eda<\/a><\/p><p><a href=\"https:\/\/ws168.juntadeandalucia.es\/iaap\/gestiondelconocimiento\/edicion-2023\/seguimiento-del-relevo-generacional-en-el-colectivo-de-agentes-de-salud-publica-2023\/\" target=\"_blank\" rel=\"noopener\">Seguimiento del relevo generacional en el colectivo de Agentes de Salud P\u00fablica<\/a><\/p><p><a href=\"https:\/\/ws168.juntadeandalucia.es\/iaap\/gestiondelconocimiento\/edicion-2023\/wiki-del-conocimiento-nexum\/\" target=\"_blank\" rel=\"noopener\">Wiki del Conocimiento<\/a><\/p><p><a href=\"https:\/\/ws168.juntadeandalucia.es\/iaap\/gestiondelconocimiento\/edicion-2023\/croquetas-de-conocimiento-2023\/\" target=\"_blank\" rel=\"noopener\">Croquetas del Conocimiento<\/a><\/p><p><a href=\"https:\/\/ws168.juntadeandalucia.es\/iaap\/gestiondelconocimiento\/edicion-2023\/comunicacion-y-difusion-de-la-gestion-del-conocimiento-2023\/\" target=\"_blank\" rel=\"noopener\">Comunicaci\u00f3n y difusi\u00f3n de la Gesti\u00f3n del Conocimiento<\/a><\/p><p><strong><span style=\"color: #000000\">EDICI\u00d3N 2024<\/span><\/strong><\/p><p><a href=\"https:\/\/ws168.juntadeandalucia.es\/iaap\/gestiondelconocimiento\/edicion-2024\/revista-enred2-0-2024\/\" target=\"_blank\" rel=\"noopener\">Revista digital EnRed@2.0<\/a><\/p><p><a href=\"https:\/\/ws168.juntadeandalucia.es\/iaap\/gestiondelconocimiento\/edicion-2024\/elaboracion-de-mapas-de-conocimiento-critico-2024\/\" target=\"_blank\" rel=\"noopener\">Elaboraci\u00f3n de Mapas de Conocimiento Cr\u00edtico<\/a><\/p><p><a href=\"https:\/\/ws168.juntadeandalucia.es\/iaap\/gestiondelconocimiento\/edicion-2024\/encuentros-intergeneracionales-en-la-junta-de-andalucia-2024\/\" target=\"_blank\" rel=\"noopener\">Encuentros Intergeneracionales en la Junta de Andaluc\u00eda<\/a><\/p><p><a href=\"https:\/\/ws168.juntadeandalucia.es\/iaap\/gestiondelconocimiento\/edicion-2024\/nexum-la-wiki-del-conocimiento-2024\/\" target=\"_blank\" rel=\"noopener\">Nexum, la Wiki del Conocimiento<\/a><\/p><p><a href=\"https:\/\/ws168.juntadeandalucia.es\/iaap\/gestiondelconocimiento\/edicion-2024\/croquetas-de-conocimiento-2024\/\" target=\"_blank\" rel=\"noopener\">Croquetas del Conocimiento<\/a><\/p><p><a href=\"https:\/\/ws168.juntadeandalucia.es\/iaap\/gestiondelconocimiento\/edicion-2024\/relevo-generacional-en-el-area-de-subvenciones-en-la-junta-de-andalucia-2024\/\" target=\"_blank\" rel=\"noopener\">Encuentro Intergeneracional en el \u00e1rea de subvenciones en la Junta de Andaluc\u00eda<\/a><\/p><p><a href=\"https:\/\/ws168.juntadeandalucia.es\/iaap\/gestiondelconocimiento\/edicion-2024\/comunicacion-y-difusion-de-la-gestion-del-conocimiento-2024\/\" target=\"_blank\" rel=\"noopener\">Comunicaci\u00f3n y difusi\u00f3n de la Gesti\u00f3n del Conocimiento<\/a><\/p><p><strong><span style=\"color: #000000\">EDICI\u00d3N 2025<\/span><\/strong><\/p><p><a href=\"https:\/\/ws168.juntadeandalucia.es\/iaap\/gestiondelconocimiento\/revista-enred2-0-2025\/\" target=\"_blank\" rel=\"noopener\">Revista digital EnRed@2.0<\/a><\/p><p><a href=\"https:\/\/ws168.juntadeandalucia.es\/iaap\/gestiondelconocimiento\/elaboracion-de-mapas-de-conocimiento-critico-2025\/\" target=\"_blank\" rel=\"noopener\">Elaboraci\u00f3n de Mapas de Conocimiento Cr\u00edtico<\/a><\/p><p><a href=\"https:\/\/ws168.juntadeandalucia.es\/iaap\/gestiondelconocimiento\/encuentro-intergeneracional-en-el-area-de-contratacion-de-la-junta-de-andalucia\/\" target=\"_blank\" rel=\"noopener\">Encuentros Intergeneracionales en el \u00e1rea de Contrataci\u00f3n en la Junta de Andaluc\u00eda<\/a>\u00a0<\/p><p><a href=\"https:\/\/ws168.juntadeandalucia.es\/iaap\/gestiondelconocimiento\/croquetas-de-conocimiento-2025\/\" target=\"_blank\" rel=\"noopener\">Croquetas del Conocimiento<\/a><\/p><p><a href=\"https:\/\/ws168.juntadeandalucia.es\/iaap\/gestiondelconocimiento\/transfer-ia\/\" target=\"_blank\" rel=\"noopener\">TRANSFER-IA<\/a><\/p><p><a href=\"https:\/\/ws168.juntadeandalucia.es\/iaap\/gestiondelconocimiento\/comunicacion-y-difusion-de-la-gestion-del-conocimiento-2025\/\" target=\"_blank\" rel=\"noopener\">Comunicaci\u00f3n y difusi\u00f3n de la Gesti\u00f3n del Conocimiento<\/a><\/p>\t\t\t\t\t\t\t\t<\/div>\n\t\t\t\t<\/div>\n\t\t\t\t\t<\/div>\n\t\t<\/div>\n\t\t\t\t\t<\/div>\n\t\t<\/section>\n\t\t\t\t<\/div>\n\t\t","protected":false},"excerpt":{"rendered":"<p>Gesti\u00f3n del Conocimiento s\u00ed, pero, \u00bfpara qu\u00e9? En 2017 se inicia la andadura en la disciplina de Gesti\u00f3n del Conocimiento en el IAAP, fijando un marco de referencia de base en el que se identificaron una serie de retos y problemas en la Junta de Andaluc\u00eda, que pod\u00edan ser atendidos con una buena Gesti\u00f3n del [&hellip;]<\/p>\n","protected":false},"author":19,"featured_media":0,"parent":0,"menu_order":2,"comment_status":"closed","ping_status":"closed","template":"","meta":{"jetpack_post_was_ever_published":false,"footnotes":""},"class_list":["post-157","page","type-page","status-publish","hentry"],"jetpack_sharing_enabled":true,"jetpack_shortlink":"https:\/\/wp.me\/P9W7Se-2x","jetpack-related-posts":[{"id":936,"url":"https:\/\/ws168.juntadeandalucia.es\/iaap\/gestiondelconocimiento\/guia-abierta\/por-que-y-para-que-la-gestion-del-conocimiento\/","url_meta":{"origin":157,"position":0},"title":"Punto 1. \u00bfPor qu\u00e9 y para qu\u00e9 la Gesti\u00f3n del Conocimiento?","author":"","date":"21 mayo, 2019","format":false,"excerpt":"Concepto y finalidad \u00bfY qu\u00e9 es esto de la Gesti\u00f3n del Conocimiento?. Nuestra sociedad actual se define como la Sociedad del Conocimiento, superando ya la etapa de la sociedad de la informaci\u00f3n. O sociedad de la desinformaci\u00f3n. Pues a pesar\u00a0 de estar en el momento de la historia con acceso\u2026","rel":"","context":"Entrada similar","block_context":{"text":"Entrada similar","link":""},"img":{"alt_text":"","src":"https:\/\/i0.wp.com\/ws168.juntadeandalucia.es\/iaap\/gestiondelconocimiento\/wp-content\/uploads\/sites\/10\/2019\/08\/board-1273128_1920.jpg?resize=350%2C200&ssl=1","width":350,"height":200,"srcset":"https:\/\/i0.wp.com\/ws168.juntadeandalucia.es\/iaap\/gestiondelconocimiento\/wp-content\/uploads\/sites\/10\/2019\/08\/board-1273128_1920.jpg?resize=350%2C200&ssl=1 1x, https:\/\/i0.wp.com\/ws168.juntadeandalucia.es\/iaap\/gestiondelconocimiento\/wp-content\/uploads\/sites\/10\/2019\/08\/board-1273128_1920.jpg?resize=525%2C300&ssl=1 1.5x, https:\/\/i0.wp.com\/ws168.juntadeandalucia.es\/iaap\/gestiondelconocimiento\/wp-content\/uploads\/sites\/10\/2019\/08\/board-1273128_1920.jpg?resize=700%2C400&ssl=1 2x, https:\/\/i0.wp.com\/ws168.juntadeandalucia.es\/iaap\/gestiondelconocimiento\/wp-content\/uploads\/sites\/10\/2019\/08\/board-1273128_1920.jpg?resize=1050%2C600&ssl=1 3x, https:\/\/i0.wp.com\/ws168.juntadeandalucia.es\/iaap\/gestiondelconocimiento\/wp-content\/uploads\/sites\/10\/2019\/08\/board-1273128_1920.jpg?resize=1400%2C800&ssl=1 4x"},"classes":[]},{"id":418,"url":"https:\/\/ws168.juntadeandalucia.es\/iaap\/gestiondelconocimiento\/embajadores-del-conocimiento\/","url_meta":{"origin":157,"position":1},"title":"Programa Embajadores\/as del Conocimiento","author":"","date":"16 junio, 2018","format":false,"excerpt":"Embajadores del Conocimiento es un programa que inici\u00f3 su andadura en mayo de 2017 y del que forman parte un grupo de empleadas y empleados p\u00fablicos con clara vocaci\u00f3n de servicio p\u00fablico. Este naci\u00f3 con la idea de establecer una red de personas que colaborar\u00e1n, de manera totalmente desinteresada, con\u2026","rel":"","context":"Entrada similar","block_context":{"text":"Entrada similar","link":""},"img":{"alt_text":"","src":"https:\/\/i0.wp.com\/ws168.juntadeandalucia.es\/iaap\/gestiondelconocimiento\/wp-content\/uploads\/sites\/10\/2020\/01\/Embajadores-del-Conocimiento.-IAAP.-Junta-de-Andaluc%C3%ADa.jpg?resize=350%2C200&ssl=1","width":350,"height":200,"srcset":"https:\/\/i0.wp.com\/ws168.juntadeandalucia.es\/iaap\/gestiondelconocimiento\/wp-content\/uploads\/sites\/10\/2020\/01\/Embajadores-del-Conocimiento.-IAAP.-Junta-de-Andaluc%C3%ADa.jpg?resize=350%2C200&ssl=1 1x, https:\/\/i0.wp.com\/ws168.juntadeandalucia.es\/iaap\/gestiondelconocimiento\/wp-content\/uploads\/sites\/10\/2020\/01\/Embajadores-del-Conocimiento.-IAAP.-Junta-de-Andaluc%C3%ADa.jpg?resize=525%2C300&ssl=1 1.5x, https:\/\/i0.wp.com\/ws168.juntadeandalucia.es\/iaap\/gestiondelconocimiento\/wp-content\/uploads\/sites\/10\/2020\/01\/Embajadores-del-Conocimiento.-IAAP.-Junta-de-Andaluc%C3%ADa.jpg?resize=700%2C400&ssl=1 2x, https:\/\/i0.wp.com\/ws168.juntadeandalucia.es\/iaap\/gestiondelconocimiento\/wp-content\/uploads\/sites\/10\/2020\/01\/Embajadores-del-Conocimiento.-IAAP.-Junta-de-Andaluc%C3%ADa.jpg?resize=1050%2C600&ssl=1 3x, https:\/\/i0.wp.com\/ws168.juntadeandalucia.es\/iaap\/gestiondelconocimiento\/wp-content\/uploads\/sites\/10\/2020\/01\/Embajadores-del-Conocimiento.-IAAP.-Junta-de-Andaluc%C3%ADa.jpg?resize=1400%2C800&ssl=1 4x"},"classes":[]},{"id":7219,"url":"https:\/\/ws168.juntadeandalucia.es\/iaap\/gestiondelconocimiento\/comunicacion-y-difusion-de-la-gestion-del-conocimiento-2025\/","url_meta":{"origin":157,"position":2},"title":"Comunicaci\u00f3n y difusi\u00f3n de la gesti\u00f3n del conocimiento 2025","author":"administrador","date":"14 octubre, 2025","format":false,"excerpt":"En la octava edici\u00f3n del Programa Embajadores\/as del Conocimiento, el grupo de Comunicaci\u00f3n y difusi\u00f3n se marc\u00f3 como objetivos principales elaborar materiales que aportasen en el desarrollo de la Gesti\u00f3n del Conocimiento en la Junta de Andaluc\u00eda y herramientas de difusi\u00f3n de f\u00e1cil transmisi\u00f3n y propagaci\u00f3n por multitud de medios\u2026","rel":"","context":"Entrada similar","block_context":{"text":"Entrada similar","link":""},"img":{"alt_text":"","src":"https:\/\/i0.wp.com\/ws168.juntadeandalucia.es\/iaap\/gestiondelconocimiento\/wp-content\/uploads\/sites\/10\/2025\/10\/2025-Ficha-equipo-Comunicacion-y-difusion-de-la-gestion-del-conocimiento-1536x1086.jpg?resize=350%2C200&ssl=1","width":350,"height":200,"srcset":"https:\/\/i0.wp.com\/ws168.juntadeandalucia.es\/iaap\/gestiondelconocimiento\/wp-content\/uploads\/sites\/10\/2025\/10\/2025-Ficha-equipo-Comunicacion-y-difusion-de-la-gestion-del-conocimiento-1536x1086.jpg?resize=350%2C200&ssl=1 1x, https:\/\/i0.wp.com\/ws168.juntadeandalucia.es\/iaap\/gestiondelconocimiento\/wp-content\/uploads\/sites\/10\/2025\/10\/2025-Ficha-equipo-Comunicacion-y-difusion-de-la-gestion-del-conocimiento-1536x1086.jpg?resize=525%2C300&ssl=1 1.5x"},"classes":[]},{"id":973,"url":"https:\/\/ws168.juntadeandalucia.es\/iaap\/gestiondelconocimiento\/guia-abierta\/","url_meta":{"origin":157,"position":3},"title":"Gu\u00eda de Gesti\u00f3n del Conocimiento","author":"","date":"11 agosto, 2019","format":false,"excerpt":"Gu\u00eda abierta sobre Gesti\u00f3n del Conocimiento A veces pensamos que nos gustar\u00eda cambiar las formas de hacer las cosas en nuestro trabajo. Creemos que es posible realizarlas con m\u00e1s eficacia, eficiencia, econom\u00eda y rapidez a como se vienen haciendo tradicionalmente. Si bien es cierto, que aunque tenemos muchas ideas que\u2026","rel":"","context":"Entrada similar","block_context":{"text":"Entrada similar","link":""},"img":{"alt_text":"","src":"https:\/\/i0.wp.com\/ws168.juntadeandalucia.es\/iaap\/gestiondelconocimiento\/wp-content\/uploads\/sites\/10\/2019\/08\/innovation-561388_1920.jpg?resize=350%2C200&ssl=1","width":350,"height":200,"srcset":"https:\/\/i0.wp.com\/ws168.juntadeandalucia.es\/iaap\/gestiondelconocimiento\/wp-content\/uploads\/sites\/10\/2019\/08\/innovation-561388_1920.jpg?resize=350%2C200&ssl=1 1x, https:\/\/i0.wp.com\/ws168.juntadeandalucia.es\/iaap\/gestiondelconocimiento\/wp-content\/uploads\/sites\/10\/2019\/08\/innovation-561388_1920.jpg?resize=525%2C300&ssl=1 1.5x, https:\/\/i0.wp.com\/ws168.juntadeandalucia.es\/iaap\/gestiondelconocimiento\/wp-content\/uploads\/sites\/10\/2019\/08\/innovation-561388_1920.jpg?resize=700%2C400&ssl=1 2x, https:\/\/i0.wp.com\/ws168.juntadeandalucia.es\/iaap\/gestiondelconocimiento\/wp-content\/uploads\/sites\/10\/2019\/08\/innovation-561388_1920.jpg?resize=1050%2C600&ssl=1 3x, https:\/\/i0.wp.com\/ws168.juntadeandalucia.es\/iaap\/gestiondelconocimiento\/wp-content\/uploads\/sites\/10\/2019\/08\/innovation-561388_1920.jpg?resize=1400%2C800&ssl=1 4x"},"classes":[]},{"id":196,"url":"https:\/\/ws168.juntadeandalucia.es\/iaap\/gestiondelconocimiento\/gestion-del-conocimiento\/que-es\/","url_meta":{"origin":157,"position":4},"title":"\u00bfQU\u00c9 ES LA GESTI\u00d3N DEL CONOCIMIENTO?","author":"","date":"16 junio, 2018","format":false,"excerpt":"Para definir Gesti\u00f3n del Conocimiento (GC o KM) es necesario determinar la fuente de referencia de su estudio. Igualmente, la disciplina ser\u00e1 clave en dicha delimitaci\u00f3n, ya que estas pueden ser muy diversas y condicionan su definici\u00f3n. Se habla de GC en recursos humanos, documentaci\u00f3n, innovaci\u00f3n, gesti\u00f3n de proyectos, TIC,\u2026","rel":"","context":"Entrada similar","block_context":{"text":"Entrada similar","link":""},"img":{"alt_text":"","src":"https:\/\/i0.wp.com\/ws168.juntadeandalucia.es\/iaap\/gestiondelconocimiento\/wp-content\/uploads\/sites\/10\/2018\/06\/WhatsApp-Image-2017-11-27-at-14.12.37-2-300x300.jpeg?resize=350%2C200&ssl=1","width":350,"height":200},"classes":[]},{"id":6178,"url":"https:\/\/ws168.juntadeandalucia.es\/iaap\/gestiondelconocimiento\/edicion-2024\/comunicacion-y-difusion-de-la-gestion-del-conocimiento-2024\/","url_meta":{"origin":157,"position":5},"title":"Comunicaci\u00f3n y difusi\u00f3n de la Gesti\u00f3n del Conocimiento 2024","author":"administrador","date":"17 octubre, 2024","format":false,"excerpt":"Bajo el lema de \"Lo que no se comunica, no existe\", una edici\u00f3n m\u00e1s el proyecto de Comunicaci\u00f3n y Difusi\u00f3n de la Gesti\u00f3n del Conocimiento ha tenido como objetivo principal divulgar todos los proyectos que se han estado llevando a cabo en esta VII edici\u00f3n del Programa Embajadores\/as del Conocimiento.Cinco\u2026","rel":"","context":"Entrada similar","block_context":{"text":"Entrada similar","link":""},"img":{"alt_text":"","src":"https:\/\/i0.wp.com\/ws168.juntadeandalucia.es\/iaap\/gestiondelconocimiento\/wp-content\/uploads\/sites\/10\/2024\/10\/Ficha-equipo-Comunicacion-y-difusion-de-la-gesttion-del-conocimiento-2024-1536x1086.jpg?resize=350%2C200&ssl=1","width":350,"height":200,"srcset":"https:\/\/i0.wp.com\/ws168.juntadeandalucia.es\/iaap\/gestiondelconocimiento\/wp-content\/uploads\/sites\/10\/2024\/10\/Ficha-equipo-Comunicacion-y-difusion-de-la-gesttion-del-conocimiento-2024-1536x1086.jpg?resize=350%2C200&ssl=1 1x, https:\/\/i0.wp.com\/ws168.juntadeandalucia.es\/iaap\/gestiondelconocimiento\/wp-content\/uploads\/sites\/10\/2024\/10\/Ficha-equipo-Comunicacion-y-difusion-de-la-gesttion-del-conocimiento-2024-1536x1086.jpg?resize=525%2C300&ssl=1 1.5x"},"classes":[]}],"jetpack_likes_enabled":true,"_links":{"self":[{"href":"https:\/\/ws168.juntadeandalucia.es\/iaap\/gestiondelconocimiento\/wp-json\/wp\/v2\/pages\/157","targetHints":{"allow":["GET"]}}],"collection":[{"href":"https:\/\/ws168.juntadeandalucia.es\/iaap\/gestiondelconocimiento\/wp-json\/wp\/v2\/pages"}],"about":[{"href":"https:\/\/ws168.juntadeandalucia.es\/iaap\/gestiondelconocimiento\/wp-json\/wp\/v2\/types\/page"}],"author":[{"embeddable":true,"href":"https:\/\/ws168.juntadeandalucia.es\/iaap\/gestiondelconocimiento\/wp-json\/wp\/v2\/users\/19"}],"replies":[{"embeddable":true,"href":"https:\/\/ws168.juntadeandalucia.es\/iaap\/gestiondelconocimiento\/wp-json\/wp\/v2\/comments?post=157"}],"version-history":[{"count":75,"href":"https:\/\/ws168.juntadeandalucia.es\/iaap\/gestiondelconocimiento\/wp-json\/wp\/v2\/pages\/157\/revisions"}],"predecessor-version":[{"id":7483,"href":"https:\/\/ws168.juntadeandalucia.es\/iaap\/gestiondelconocimiento\/wp-json\/wp\/v2\/pages\/157\/revisions\/7483"}],"wp:attachment":[{"href":"https:\/\/ws168.juntadeandalucia.es\/iaap\/gestiondelconocimiento\/wp-json\/wp\/v2\/media?parent=157"}],"curies":[{"name":"wp","href":"https:\/\/api.w.org\/{rel}","templated":true}]}}