{"id":1908,"date":"2020-02-17T12:05:47","date_gmt":"2020-02-17T12:05:47","guid":{"rendered":"https:\/\/ws168.juntadeandalucia.es\/iaap\/gestiondelconocimiento\/?page_id=1908"},"modified":"2020-11-29T16:23:17","modified_gmt":"2020-11-29T16:23:17","slug":"gc10-comunicacion-y-difusion-de-la-gestion-del-conocimiento","status":"publish","type":"page","link":"https:\/\/ws168.juntadeandalucia.es\/iaap\/gestiondelconocimiento\/proyectos\/edicion-2019-2020-edicion-2019-2020\/gc10-comunicacion-y-difusion-de-la-gestion-del-conocimiento\/","title":{"rendered":"GC10 &#8211; Comunicaci\u00f3n y difusi\u00f3n de la Gesti\u00f3n del Conocimiento (2019-20)"},"content":{"rendered":"\t\t<div data-elementor-type=\"wp-page\" data-elementor-id=\"1908\" class=\"elementor elementor-1908\">\n\t\t\t\t\t\t<section class=\"elementor-section elementor-top-section elementor-element elementor-element-91634e9 elementor-section-boxed elementor-section-height-default elementor-section-height-default\" data-id=\"91634e9\" data-element_type=\"section\" data-e-type=\"section\">\n\t\t\t\t\t\t<div class=\"elementor-container elementor-column-gap-default\">\n\t\t\t\t\t<div class=\"elementor-column elementor-col-100 elementor-top-column elementor-element elementor-element-2e6ed935\" data-id=\"2e6ed935\" data-element_type=\"column\" data-e-type=\"column\">\n\t\t\t<div class=\"elementor-widget-wrap elementor-element-populated\">\n\t\t\t\t\t\t<div class=\"elementor-element elementor-element-7cd007e1 elementor-widget elementor-widget-text-editor\" data-id=\"7cd007e1\" data-element_type=\"widget\" data-e-type=\"widget\" data-widget_type=\"text-editor.default\">\n\t\t\t\t<div class=\"elementor-widget-container\">\n\t\t\t\t\t\t\t\t\t<h3><span style=\"color: #800080\"><img fetchpriority=\"high\" decoding=\"async\" data-attachment-id=\"2068\" data-permalink=\"https:\/\/ws168.juntadeandalucia.es\/iaap\/gestiondelconocimiento\/logos-gc10\/\" data-orig-file=\"https:\/\/ws168.juntadeandalucia.es\/iaap\/gestiondelconocimiento\/wp-content\/uploads\/sites\/10\/2020\/02\/LOGOS-GC10.png\" data-orig-size=\"500,500\" data-comments-opened=\"0\" data-image-meta=\"{&quot;aperture&quot;:&quot;0&quot;,&quot;credit&quot;:&quot;&quot;,&quot;camera&quot;:&quot;&quot;,&quot;caption&quot;:&quot;&quot;,&quot;created_timestamp&quot;:&quot;0&quot;,&quot;copyright&quot;:&quot;&quot;,&quot;focal_length&quot;:&quot;0&quot;,&quot;iso&quot;:&quot;0&quot;,&quot;shutter_speed&quot;:&quot;0&quot;,&quot;title&quot;:&quot;&quot;,&quot;orientation&quot;:&quot;0&quot;}\" data-image-title=\"LOGOTIPO GC10\" data-image-description=\"&lt;p&gt;Logo del GC 10&lt;\/p&gt;\n\" data-image-caption=\"\" data-large-file=\"https:\/\/ws168.juntadeandalucia.es\/iaap\/gestiondelconocimiento\/wp-content\/uploads\/sites\/10\/2020\/02\/LOGOS-GC10.png\" class=\"wp-image-2068 size-medium aligncenter\" src=\"https:\/\/ws168.juntadeandalucia.es\/iaap\/gestiondelconocimiento\/wp-content\/uploads\/sites\/10\/2020\/02\/LOGOS-GC10-300x300.png\" alt=\"Comunicaci\u00f3n y difusi\u00f3n del conocimiento\" width=\"300\" height=\"300\" srcset=\"https:\/\/ws168.juntadeandalucia.es\/iaap\/gestiondelconocimiento\/wp-content\/uploads\/sites\/10\/2020\/02\/LOGOS-GC10-300x300.png 300w, https:\/\/ws168.juntadeandalucia.es\/iaap\/gestiondelconocimiento\/wp-content\/uploads\/sites\/10\/2020\/02\/LOGOS-GC10-150x150.png 150w, https:\/\/ws168.juntadeandalucia.es\/iaap\/gestiondelconocimiento\/wp-content\/uploads\/sites\/10\/2020\/02\/LOGOS-GC10.png 500w\" sizes=\"(max-width: 300px) 100vw, 300px\" \/><\/span><\/h3>\n<h4 style=\"text-align: justify\">DESCRIPCI\u00d3N<\/h4>\n<p style=\"text-align: justify\"><span style=\"font-size: 12pt\">Este proyecto surge en la tercera edici\u00f3n del programa. Se trata de un proyecto concebido para difundir la disciplina de la Gesti\u00f3n del Conocimiento entre las personas que trabajan en la Junta de Andaluc\u00eda.<\/span><\/p>\n<p style=\"text-align: justify\"><span style=\"font-size: 12pt\">\u00a0<\/span><strong><span style=\"font-size: 12pt\">OBJETIVOS:<\/span><\/strong><\/p>\n<p style=\"text-align: justify\"><span style=\"font-size: 12pt\">\u2022\u00a0 Descubrir las <a href=\"https:\/\/www.scoop.it\/topic\/gestiondelconocimientoiaap\" target=\"_blank\" rel=\"noopener noreferrer\"><strong>tendencias en la disciplina de Gesti\u00f3n del Conocimiento<\/strong><\/a> a nivel nacional e internacional.<\/span><br \/><span style=\"font-size: 12pt\">\u2022\u00a0 Identificar <strong>proyectos de \u00e9xito<\/strong> en cualquier entorno.<\/span><br \/><span style=\"font-size: 12pt\">\u2022\u00a0\u00a0<strong>Difundir la actividad de los proyectos del <a href=\"https:\/\/ws168.juntadeandalucia.es\/iaap\/gestiondelconocimiento\/embajadores-del-conocimiento\/\" target=\"_blank\" rel=\"noopener noreferrer\">programa Embajadoras\/es del Conocimiento<\/a><\/strong>.<\/span><\/p>\n<p style=\"text-align: justify\"><strong><span style=\"font-size: 12pt\">ENTREGABLES:<\/span><\/strong><\/p>\n<ul style=\"text-align: justify\">\n<li><span style=\"font-size: 12pt\"> Elaborar al menos <strong>5 art\u00edculos en el blog<\/strong> de Gesti\u00f3n del Conocimiento.<\/span><\/li>\n<li><span style=\"font-size: 12pt\">Co-dise\u00f1ar la jornada de presentaci\u00f3n de proyectos.<\/span><\/li>\n<\/ul>\n<p style=\"text-align: justify\"><span style=\"font-size: 12pt\">Si quieres conocer el trabajo de este proyecto te lo contamos aqu\u00ed y adem\u00e1s puedes consultar todas las novedades en el <a href=\"https:\/\/ws168.juntadeandalucia.es\/iaap\/gestiondelconocimiento\/blog\/\" target=\"_blank\" rel=\"noopener noreferrer\">blog<\/a>.<\/span><\/p>\n<p style=\"text-align: justify\">\u00a0<\/p>\n<p><\/p>\n<p><\/p>\t\t\t\t\t\t\t\t<\/div>\n\t\t\t\t<\/div>\n\t\t\t\t\t<\/div>\n\t\t<\/div>\n\t\t\t\t\t<\/div>\n\t\t<\/section>\n\t\t\t\t<section class=\"elementor-section elementor-top-section elementor-element elementor-element-7f4183f elementor-section-boxed elementor-section-height-default elementor-section-height-default\" data-id=\"7f4183f\" data-element_type=\"section\" data-e-type=\"section\">\n\t\t\t\t\t\t<div class=\"elementor-container elementor-column-gap-default\">\n\t\t\t\t\t<div class=\"elementor-column elementor-col-100 elementor-top-column elementor-element elementor-element-1485269\" data-id=\"1485269\" data-element_type=\"column\" data-e-type=\"column\">\n\t\t\t<div class=\"elementor-widget-wrap elementor-element-populated\">\n\t\t\t\t\t\t<div class=\"elementor-element elementor-element-5dc0566 elementor-widget elementor-widget-video\" data-id=\"5dc0566\" data-element_type=\"widget\" data-e-type=\"widget\" data-settings=\"{&quot;youtube_url&quot;:&quot;https:\\\/\\\/youtu.be\\\/j33VkdqfPZ0&quot;,&quot;video_type&quot;:&quot;youtube&quot;,&quot;controls&quot;:&quot;yes&quot;}\" data-widget_type=\"video.default\">\n\t\t\t\t<div class=\"elementor-widget-container\">\n\t\t\t\t\t\t\t<div class=\"elementor-wrapper elementor-open-inline\">\n\t\t\t<div class=\"elementor-video\"><\/div>\t\t<\/div>\n\t\t\t\t\t\t<\/div>\n\t\t\t\t<\/div>\n\t\t\t\t\t<\/div>\n\t\t<\/div>\n\t\t\t\t\t<\/div>\n\t\t<\/section>\n\t\t\t\t<section class=\"elementor-section elementor-top-section elementor-element elementor-element-37fa6bf elementor-section-boxed elementor-section-height-default elementor-section-height-default\" data-id=\"37fa6bf\" data-element_type=\"section\" data-e-type=\"section\">\n\t\t\t\t\t\t<div class=\"elementor-container elementor-column-gap-default\">\n\t\t\t\t\t<div class=\"elementor-column elementor-col-100 elementor-top-column elementor-element elementor-element-a443088\" data-id=\"a443088\" data-element_type=\"column\" data-e-type=\"column\">\n\t\t\t<div class=\"elementor-widget-wrap elementor-element-populated\">\n\t\t\t\t\t\t<div class=\"elementor-element elementor-element-24ec4f6 elementor-widget elementor-widget-text-editor\" data-id=\"24ec4f6\" data-element_type=\"widget\" data-e-type=\"widget\" data-widget_type=\"text-editor.default\">\n\t\t\t\t<div class=\"elementor-widget-container\">\n\t\t\t\t\t\t\t\t\t<h4>Estas son las entradas dedicadas a los proyectos:<\/h4>\n<ul>\n<li><a href=\"https:\/\/ws168.juntadeandalucia.es\/iaap\/gestiondelconocimiento\/difundir-el-conocimiento-y-comunicar-el-esfuerzo-colectivo\/\" target=\"_blank\" rel=\"noopener noreferrer\">Difundir el conocimiento y el esfuerzo colectivo.<\/a><\/li>\n<li><a href=\"https:\/\/ws168.juntadeandalucia.es\/iaap\/gestiondelconocimiento\/mirada-lejana-pero-paso-corto-hacia-la-administracion-que-queremos\/\" target=\"_blank\" rel=\"noopener noreferrer\">Mirada lejana pero paso corto hacia la ADMINISTRACI\u00d3N que queremos.<\/a><\/li>\n<li><a href=\"https:\/\/ws168.juntadeandalucia.es\/iaap\/gestiondelconocimiento\/la-transferencia-del-conocimiento-de-tu-a-tu\/\" target=\"_blank\" rel=\"noopener noreferrer\">La transferencia del conocimiento de t\u00fa a t\u00fa<\/a>.<\/li>\n<li><a href=\"https:\/\/ws168.juntadeandalucia.es\/iaap\/gestiondelconocimiento\/los-casologos-todo-un-caso-en-la-junta-de-andalucia\/\" target=\"_blank\" rel=\"noopener noreferrer\">Cas\u00f3log@s, todo un caso en la Junta de Andaluc\u00eda<\/a>.<\/li>\n<li><a href=\"https:\/\/ws168.juntadeandalucia.es\/iaap\/gestiondelconocimiento\/proyecto-creado-para-compartir-colaboracion-360\/\" target=\"_blank\" rel=\"noopener noreferrer\">Revista EnRed@2.0. Colaboraci\u00f3n 360<\/a>.<\/li>\n<li><a href=\"https:\/\/ws168.juntadeandalucia.es\/iaap\/gestiondelconocimiento\/identificacion-del-conocimiento-critico-y-esto-que-es\/\" target=\"_blank\" rel=\"noopener noreferrer\">Identificaci\u00f3n del Conocimiento Cr\u00edtico\u2026 \u00ab\u00bfy esto qu\u00e9 es??\u00bb<\/a><\/li>\n<\/ul>\n<h4>\u00a0<\/h4>\n<h4>Entradas dedicadas al programa y su metodolog\u00eda:<\/h4>\n<ul>\n<li>\n<h5><a href=\"https:\/\/ws168.juntadeandalucia.es\/iaap\/gestiondelconocimiento\/taller-de-seguimiento-de-proyectos-sevilla-2020\/\" target=\"_blank\" rel=\"noopener noreferrer\">Taller de Seguimiento de Proyectos. Sevilla. Febrero, 2020.<\/a><\/h5>\n<\/li>\n<li>\n<h5><a href=\"https:\/\/ws168.juntadeandalucia.es\/iaap\/gestiondelconocimiento\/taller-de-seguimiento-virtual-de-proyectos-de-gestion-del-conocimiento\/\" target=\"_blank\" rel=\"noopener noreferrer\">Taller Virtual de Seguimiento de Proyectos. Abril, 2020.<\/a><\/h5>\n<\/li>\n<li>\n<h5><a href=\"https:\/\/ws168.juntadeandalucia.es\/iaap\/gestiondelconocimiento\/cerrando-proyectos-abriendo-caminos-embajadores-conocimiento\/\" target=\"_blank\" rel=\"noopener noreferrer\">Taller Virtual de Cierre de Proyectos. Junio, 2020.<\/a><\/h5>\n<\/li>\n<\/ul>\t\t\t\t\t\t\t\t<\/div>\n\t\t\t\t<\/div>\n\t\t\t\t\t<\/div>\n\t\t<\/div>\n\t\t\t\t\t<\/div>\n\t\t<\/section>\n\t\t\t\t<section class=\"elementor-section elementor-top-section elementor-element elementor-element-93dbf8d elementor-section-boxed elementor-section-height-default elementor-section-height-default\" data-id=\"93dbf8d\" data-element_type=\"section\" data-e-type=\"section\">\n\t\t\t\t\t\t<div class=\"elementor-container elementor-column-gap-default\">\n\t\t\t\t\t<div class=\"elementor-column elementor-col-100 elementor-top-column elementor-element elementor-element-2df479c\" data-id=\"2df479c\" data-element_type=\"column\" data-e-type=\"column\">\n\t\t\t<div class=\"elementor-widget-wrap elementor-element-populated\">\n\t\t\t\t\t\t<div class=\"elementor-element elementor-element-beaf340 elementor-widget elementor-widget-text-editor\" data-id=\"beaf340\" data-element_type=\"widget\" data-e-type=\"widget\" data-widget_type=\"text-editor.default\">\n\t\t\t\t<div class=\"elementor-widget-container\">\n\t\t\t\t\t\t\t\t\t<p style=\"text-align: justify\">Como has podido comprobar, este proyecto ha tenido la misi\u00f3n de \u00abcontar\u00bb de diversas maneras lo que ha pasado a lo largo de esta edici\u00f3n: el avance de cada uno de los proyectos, los hitos intermedios en el seguimiento de proyectos a trav\u00e9s de las cosechas, etc. Y como no pod\u00eda ser de otra manera, tambi\u00e9n se encarg\u00f3 en la <a href=\"https:\/\/ws168.juntadeandalucia.es\/iaap\/gestiondelconocimiento\/embajadoras-es-en-la-iii-fase\/\" target=\"_blank\" rel=\"noopener\">III Jornada de Gesti\u00f3n del Conocimiento<\/a> de recoger las aportaciones de los participantes en este multitudinario Encuentro Virtual.<\/p>\n<p style=\"text-align: justify\"><span style=\"font-size: 14pt\">Desde el siguiente video puedes acceder a la intervenci\u00f3n de este equipo:<\/span><\/p>\t\t\t\t\t\t\t\t<\/div>\n\t\t\t\t<\/div>\n\t\t\t\t\t<\/div>\n\t\t<\/div>\n\t\t\t\t\t<\/div>\n\t\t<\/section>\n\t\t\t\t<section class=\"elementor-section elementor-top-section elementor-element elementor-element-98c0e08 elementor-section-boxed elementor-section-height-default elementor-section-height-default\" data-id=\"98c0e08\" data-element_type=\"section\" data-e-type=\"section\">\n\t\t\t\t\t\t<div class=\"elementor-container elementor-column-gap-default\">\n\t\t\t\t\t<div class=\"elementor-column elementor-col-100 elementor-top-column elementor-element elementor-element-696e56c\" data-id=\"696e56c\" data-element_type=\"column\" data-e-type=\"column\">\n\t\t\t<div class=\"elementor-widget-wrap elementor-element-populated\">\n\t\t\t\t\t\t<div class=\"elementor-element elementor-element-5f76855 elementor-widget elementor-widget-video\" data-id=\"5f76855\" data-element_type=\"widget\" data-e-type=\"widget\" data-settings=\"{&quot;youtube_url&quot;:&quot;https:\\\/\\\/youtu.be\\\/RyJs070KcgE&quot;,&quot;start&quot;:&quot;7580&quot;,&quot;end&quot;:&quot;8210&quot;,&quot;video_type&quot;:&quot;youtube&quot;,&quot;controls&quot;:&quot;yes&quot;}\" data-widget_type=\"video.default\">\n\t\t\t\t<div class=\"elementor-widget-container\">\n\t\t\t\t\t\t\t<div class=\"elementor-wrapper elementor-open-inline\">\n\t\t\t<div class=\"elementor-video\"><\/div>\t\t<\/div>\n\t\t\t\t\t\t<\/div>\n\t\t\t\t<\/div>\n\t\t\t\t\t<\/div>\n\t\t<\/div>\n\t\t\t\t\t<\/div>\n\t\t<\/section>\n\t\t\t\t<section class=\"elementor-section elementor-top-section elementor-element elementor-element-0fd5e6d elementor-section-boxed elementor-section-height-default elementor-section-height-default\" data-id=\"0fd5e6d\" data-element_type=\"section\" data-e-type=\"section\">\n\t\t\t\t\t\t<div class=\"elementor-container elementor-column-gap-default\">\n\t\t\t\t\t<div class=\"elementor-column elementor-col-50 elementor-top-column elementor-element elementor-element-d42e304\" data-id=\"d42e304\" data-element_type=\"column\" data-e-type=\"column\">\n\t\t\t<div class=\"elementor-widget-wrap elementor-element-populated\">\n\t\t\t\t\t\t<div class=\"elementor-element elementor-element-31d8601 elementor-widget elementor-widget-text-editor\" data-id=\"31d8601\" data-element_type=\"widget\" data-e-type=\"widget\" data-widget_type=\"text-editor.default\">\n\t\t\t\t<div class=\"elementor-widget-container\">\n\t\t\t\t\t\t\t\t\t<p>\u00a0<\/p>\n<p style=\"text-align: justify\">Haciendo clic en la imagen podr\u00e1s acceder a todos los comentarios que se hicieron a cada uno de los proyectos tras sus presentaciones. Padlet fue la herramienta elegida para recoger las aportaciones realizadas por los participantes en este genuina Jornada de Gesti\u00f3n del Conocimiento, la primera en formato virtual.<\/p>\t\t\t\t\t\t\t\t<\/div>\n\t\t\t\t<\/div>\n\t\t\t\t\t<\/div>\n\t\t<\/div>\n\t\t\t\t<div class=\"elementor-column elementor-col-50 elementor-top-column elementor-element elementor-element-8e2d76a\" data-id=\"8e2d76a\" data-element_type=\"column\" data-e-type=\"column\">\n\t\t\t<div class=\"elementor-widget-wrap elementor-element-populated\">\n\t\t\t\t\t\t<div class=\"elementor-element elementor-element-b6fb0fd elementor-widget elementor-widget-image\" data-id=\"b6fb0fd\" data-element_type=\"widget\" data-e-type=\"widget\" data-widget_type=\"image.default\">\n\t\t\t\t<div class=\"elementor-widget-container\">\n\t\t\t\t\t\t\t\t\t\t\t\t\t\t\t\t<a href=\"https:\/\/padlet.com\/tic_azahara\/lsibmmt8qpw55mjk\" target=\"_blank\">\n\t\t\t\t\t\t\t<img decoding=\"async\" data-attachment-id=\"3182\" data-permalink=\"https:\/\/ws168.juntadeandalucia.es\/iaap\/gestiondelconocimiento\/proyectos\/edicion-2019-2020-edicion-2019-2020\/gc10-comunicacion-y-difusion-de-la-gestion-del-conocimiento\/captura-de-pantalla-2020-11-29-a-las-17-07-20\/\" data-orig-file=\"https:\/\/ws168.juntadeandalucia.es\/iaap\/gestiondelconocimiento\/wp-content\/uploads\/sites\/10\/2020\/11\/Captura-de-pantalla-2020-11-29-a-las-17.07.20.jpg\" data-orig-size=\"1221,790\" data-comments-opened=\"0\" data-image-meta=\"{&quot;aperture&quot;:&quot;0&quot;,&quot;credit&quot;:&quot;&quot;,&quot;camera&quot;:&quot;&quot;,&quot;caption&quot;:&quot;&quot;,&quot;created_timestamp&quot;:&quot;0&quot;,&quot;copyright&quot;:&quot;&quot;,&quot;focal_length&quot;:&quot;0&quot;,&quot;iso&quot;:&quot;0&quot;,&quot;shutter_speed&quot;:&quot;0&quot;,&quot;title&quot;:&quot;&quot;,&quot;orientation&quot;:&quot;0&quot;}\" data-image-title=\"Aportaciones a los proyectos\" data-image-description=\"\" data-image-caption=\"\" data-large-file=\"https:\/\/ws168.juntadeandalucia.es\/iaap\/gestiondelconocimiento\/wp-content\/uploads\/sites\/10\/2020\/11\/Captura-de-pantalla-2020-11-29-a-las-17.07.20-1024x663.jpg\" width=\"640\" height=\"414\" src=\"https:\/\/ws168.juntadeandalucia.es\/iaap\/gestiondelconocimiento\/wp-content\/uploads\/sites\/10\/2020\/11\/Captura-de-pantalla-2020-11-29-a-las-17.07.20-1024x663.jpg\" class=\"attachment-large size-large wp-image-3182\" alt=\"Padlet\" srcset=\"https:\/\/ws168.juntadeandalucia.es\/iaap\/gestiondelconocimiento\/wp-content\/uploads\/sites\/10\/2020\/11\/Captura-de-pantalla-2020-11-29-a-las-17.07.20-1024x663.jpg 1024w, https:\/\/ws168.juntadeandalucia.es\/iaap\/gestiondelconocimiento\/wp-content\/uploads\/sites\/10\/2020\/11\/Captura-de-pantalla-2020-11-29-a-las-17.07.20-300x194.jpg 300w, https:\/\/ws168.juntadeandalucia.es\/iaap\/gestiondelconocimiento\/wp-content\/uploads\/sites\/10\/2020\/11\/Captura-de-pantalla-2020-11-29-a-las-17.07.20-768x497.jpg 768w, https:\/\/ws168.juntadeandalucia.es\/iaap\/gestiondelconocimiento\/wp-content\/uploads\/sites\/10\/2020\/11\/Captura-de-pantalla-2020-11-29-a-las-17.07.20-600x388.jpg 600w, https:\/\/ws168.juntadeandalucia.es\/iaap\/gestiondelconocimiento\/wp-content\/uploads\/sites\/10\/2020\/11\/Captura-de-pantalla-2020-11-29-a-las-17.07.20.jpg 1221w\" sizes=\"(max-width: 640px) 100vw, 640px\" data-attachment-id=\"3182\" data-permalink=\"https:\/\/ws168.juntadeandalucia.es\/iaap\/gestiondelconocimiento\/proyectos\/edicion-2019-2020-edicion-2019-2020\/gc10-comunicacion-y-difusion-de-la-gestion-del-conocimiento\/captura-de-pantalla-2020-11-29-a-las-17-07-20\/\" data-orig-file=\"https:\/\/ws168.juntadeandalucia.es\/iaap\/gestiondelconocimiento\/wp-content\/uploads\/sites\/10\/2020\/11\/Captura-de-pantalla-2020-11-29-a-las-17.07.20.jpg\" data-orig-size=\"1221,790\" data-comments-opened=\"0\" data-image-meta=\"{&quot;aperture&quot;:&quot;0&quot;,&quot;credit&quot;:&quot;&quot;,&quot;camera&quot;:&quot;&quot;,&quot;caption&quot;:&quot;&quot;,&quot;created_timestamp&quot;:&quot;0&quot;,&quot;copyright&quot;:&quot;&quot;,&quot;focal_length&quot;:&quot;0&quot;,&quot;iso&quot;:&quot;0&quot;,&quot;shutter_speed&quot;:&quot;0&quot;,&quot;title&quot;:&quot;&quot;,&quot;orientation&quot;:&quot;0&quot;}\" data-image-title=\"Aportaciones a los proyectos\" data-image-description=\"\" data-image-caption=\"\" data-large-file=\"https:\/\/ws168.juntadeandalucia.es\/iaap\/gestiondelconocimiento\/wp-content\/uploads\/sites\/10\/2020\/11\/Captura-de-pantalla-2020-11-29-a-las-17.07.20-1024x663.jpg\" \/>\t\t\t\t\t\t\t\t<\/a>\n\t\t\t\t\t\t\t\t\t\t\t\t\t\t\t<\/div>\n\t\t\t\t<\/div>\n\t\t\t\t\t<\/div>\n\t\t<\/div>\n\t\t\t\t\t<\/div>\n\t\t<\/section>\n\t\t\t\t<\/div>\n\t\t","protected":false},"excerpt":{"rendered":"<p>DESCRIPCI\u00d3N Este proyecto surge en la tercera edici\u00f3n del programa. Se trata de un proyecto concebido para difundir la disciplina de la Gesti\u00f3n del Conocimiento entre las personas que trabajan en la Junta de Andaluc\u00eda. \u00a0OBJETIVOS: \u2022\u00a0 Descubrir las tendencias en la disciplina de Gesti\u00f3n del Conocimiento a nivel nacional e internacional.\u2022\u00a0 Identificar proyectos de [&hellip;]<\/p>\n","protected":false},"author":46,"featured_media":1726,"parent":2039,"menu_order":4,"comment_status":"closed","ping_status":"closed","template":"","meta":{"jetpack_post_was_ever_published":false,"footnotes":""},"class_list":["post-1908","page","type-page","status-publish","has-post-thumbnail","hentry"],"jetpack_sharing_enabled":true,"jetpack_shortlink":"https:\/\/wp.me\/P9W7Se-uM","jetpack-related-posts":[{"id":3424,"url":"https:\/\/ws168.juntadeandalucia.es\/iaap\/gestiondelconocimiento\/embajadores-del-conocimiento\/metodologia-del-programa\/","url_meta":{"origin":1908,"position":0},"title":"Metodolog\u00eda del Programa","author":"","date":"19 marzo, 2021","format":false,"excerpt":"El programa Embajadoras\/es del Conocimiento desarrolla un conjunto de proyectos, apoyado en un itinerario formativo, con acciones formativas semipresenciales que est\u00e1n dise\u00f1adas para dar vida y acompa\u00f1ar a un ciclo natural de gesti\u00f3n de proyectos:- Taller residencial de lanzamiento de proyectosEn \u00e9l se da una visi\u00f3n global del programa, las\u2026","rel":"","context":"Entrada similar","block_context":{"text":"Entrada similar","link":""},"img":{"alt_text":"","src":"","width":0,"height":0},"classes":[]},{"id":196,"url":"https:\/\/ws168.juntadeandalucia.es\/iaap\/gestiondelconocimiento\/gestion-del-conocimiento\/que-es\/","url_meta":{"origin":1908,"position":1},"title":"\u00bfQU\u00c9 ES LA GESTI\u00d3N DEL CONOCIMIENTO?","author":"","date":"16 junio, 2018","format":false,"excerpt":"Para definir Gesti\u00f3n del Conocimiento (GC o KM) es necesario determinar la fuente de referencia de su estudio. Igualmente, la disciplina ser\u00e1 clave en dicha delimitaci\u00f3n, ya que estas pueden ser muy diversas y condicionan su definici\u00f3n. Se habla de GC en recursos humanos, documentaci\u00f3n, innovaci\u00f3n, gesti\u00f3n de proyectos, TIC,\u2026","rel":"","context":"Entrada similar","block_context":{"text":"Entrada similar","link":""},"img":{"alt_text":"","src":"https:\/\/i0.wp.com\/ws168.juntadeandalucia.es\/iaap\/gestiondelconocimiento\/wp-content\/uploads\/sites\/10\/2018\/06\/WhatsApp-Image-2017-11-27-at-14.12.37-2-300x300.jpeg?resize=350%2C200&ssl=1","width":350,"height":200},"classes":[]},{"id":157,"url":"https:\/\/ws168.juntadeandalucia.es\/iaap\/gestiondelconocimiento\/proyectos\/","url_meta":{"origin":1908,"position":2},"title":"Ediciones","author":"","date":"21 mayo, 2018","format":false,"excerpt":"Gesti\u00f3n del Conocimiento s\u00ed, pero, \u00bfpara qu\u00e9?En 2017 se inicia la andadura en la disciplina de Gesti\u00f3n del Conocimiento en el IAAP, fijando un marco de referencia de base en el que se identificaron una serie de retos y problemas en la Junta de Andaluc\u00eda, que pod\u00edan ser atendidos con\u2026","rel":"","context":"Entrada similar","block_context":{"text":"Entrada similar","link":""},"img":{"alt_text":"","src":"https:\/\/i0.wp.com\/ws168.juntadeandalucia.es\/iaap\/gestiondelconocimiento\/wp-content\/uploads\/sites\/10\/2020\/02\/human-3131802_1280-300x208.jpg?resize=350%2C200&ssl=1","width":350,"height":200},"classes":[]},{"id":5563,"url":"https:\/\/ws168.juntadeandalucia.es\/iaap\/gestiondelconocimiento\/edicion-2023\/comunicacion-y-difusion-de-la-gestion-del-conocimiento-2023\/","url_meta":{"origin":1908,"position":3},"title":"Comunicaci\u00f3n y difusi\u00f3n de la Gesti\u00f3n del Conocimiento 2023","author":"administrador","date":"11 diciembre, 2023","format":false,"excerpt":"Desde el comienzo de la VI edici\u00f3n del Programa Embajadores\/as del Conocimiento, se marco como objetivo principal hacer llegar el d\u00eda a d\u00eda del programa a todo aquel que estuviese interesado. Esa ha sido la misi\u00f3n del grupo de Comunicaci\u00f3n y difusi\u00f3n de la Gesti\u00f3n del Conocimiento. Lo primero que\u2026","rel":"","context":"Entrada similar","block_context":{"text":"Entrada similar","link":""},"img":{"alt_text":"Comunicaci\u00f3n y difusi\u00f3n","src":"https:\/\/i0.wp.com\/ws168.juntadeandalucia.es\/iaap\/gestiondelconocimiento\/wp-content\/uploads\/sites\/10\/2023\/03\/01_Grupo-Comunicacion_sin-datos-2048x1448.jpg?resize=350%2C200&ssl=1","width":350,"height":200,"srcset":"https:\/\/i0.wp.com\/ws168.juntadeandalucia.es\/iaap\/gestiondelconocimiento\/wp-content\/uploads\/sites\/10\/2023\/03\/01_Grupo-Comunicacion_sin-datos-2048x1448.jpg?resize=350%2C200&ssl=1 1x, https:\/\/i0.wp.com\/ws168.juntadeandalucia.es\/iaap\/gestiondelconocimiento\/wp-content\/uploads\/sites\/10\/2023\/03\/01_Grupo-Comunicacion_sin-datos-2048x1448.jpg?resize=525%2C300&ssl=1 1.5x"},"classes":[]},{"id":936,"url":"https:\/\/ws168.juntadeandalucia.es\/iaap\/gestiondelconocimiento\/guia-abierta\/por-que-y-para-que-la-gestion-del-conocimiento\/","url_meta":{"origin":1908,"position":4},"title":"Punto 1. \u00bfPor qu\u00e9 y para qu\u00e9 la Gesti\u00f3n del Conocimiento?","author":"","date":"21 mayo, 2019","format":false,"excerpt":"Concepto y finalidad \u00bfY qu\u00e9 es esto de la Gesti\u00f3n del Conocimiento?. Nuestra sociedad actual se define como la Sociedad del Conocimiento, superando ya la etapa de la sociedad de la informaci\u00f3n. O sociedad de la desinformaci\u00f3n. Pues a pesar\u00a0 de estar en el momento de la historia con acceso\u2026","rel":"","context":"Entrada similar","block_context":{"text":"Entrada similar","link":""},"img":{"alt_text":"","src":"https:\/\/i0.wp.com\/ws168.juntadeandalucia.es\/iaap\/gestiondelconocimiento\/wp-content\/uploads\/sites\/10\/2019\/08\/board-1273128_1920.jpg?resize=350%2C200&ssl=1","width":350,"height":200,"srcset":"https:\/\/i0.wp.com\/ws168.juntadeandalucia.es\/iaap\/gestiondelconocimiento\/wp-content\/uploads\/sites\/10\/2019\/08\/board-1273128_1920.jpg?resize=350%2C200&ssl=1 1x, https:\/\/i0.wp.com\/ws168.juntadeandalucia.es\/iaap\/gestiondelconocimiento\/wp-content\/uploads\/sites\/10\/2019\/08\/board-1273128_1920.jpg?resize=525%2C300&ssl=1 1.5x, https:\/\/i0.wp.com\/ws168.juntadeandalucia.es\/iaap\/gestiondelconocimiento\/wp-content\/uploads\/sites\/10\/2019\/08\/board-1273128_1920.jpg?resize=700%2C400&ssl=1 2x, https:\/\/i0.wp.com\/ws168.juntadeandalucia.es\/iaap\/gestiondelconocimiento\/wp-content\/uploads\/sites\/10\/2019\/08\/board-1273128_1920.jpg?resize=1050%2C600&ssl=1 3x, https:\/\/i0.wp.com\/ws168.juntadeandalucia.es\/iaap\/gestiondelconocimiento\/wp-content\/uploads\/sites\/10\/2019\/08\/board-1273128_1920.jpg?resize=1400%2C800&ssl=1 4x"},"classes":[]},{"id":940,"url":"https:\/\/ws168.juntadeandalucia.es\/iaap\/gestiondelconocimiento\/guia-abierta\/cuestiones-previas\/","url_meta":{"origin":1908,"position":5},"title":"Punto 3. Cuestiones previas","author":"","date":"21 mayo, 2019","format":false,"excerpt":"\u00bfQu\u00e9 hacer antes? Como en cualquier proyecto que pienses llevar a cabo, existen una serie de cuestiones previas que te ayudar\u00e1n a desarrollarlo.\u00a0Piensa en tu proyecto como un recorrido en el que te debas plantear de d\u00f3nde partes, a d\u00f3nde quieres llegar y cu\u00e1l va a ser el camino a\u2026","rel":"","context":"Entrada similar","block_context":{"text":"Entrada similar","link":""},"img":{"alt_text":"","src":"https:\/\/i0.wp.com\/ws168.juntadeandalucia.es\/iaap\/gestiondelconocimiento\/wp-content\/uploads\/sites\/10\/2019\/08\/bulletin-board-2771786_1920.jpg?resize=350%2C200&ssl=1","width":350,"height":200,"srcset":"https:\/\/i0.wp.com\/ws168.juntadeandalucia.es\/iaap\/gestiondelconocimiento\/wp-content\/uploads\/sites\/10\/2019\/08\/bulletin-board-2771786_1920.jpg?resize=350%2C200&ssl=1 1x, https:\/\/i0.wp.com\/ws168.juntadeandalucia.es\/iaap\/gestiondelconocimiento\/wp-content\/uploads\/sites\/10\/2019\/08\/bulletin-board-2771786_1920.jpg?resize=525%2C300&ssl=1 1.5x, https:\/\/i0.wp.com\/ws168.juntadeandalucia.es\/iaap\/gestiondelconocimiento\/wp-content\/uploads\/sites\/10\/2019\/08\/bulletin-board-2771786_1920.jpg?resize=700%2C400&ssl=1 2x, https:\/\/i0.wp.com\/ws168.juntadeandalucia.es\/iaap\/gestiondelconocimiento\/wp-content\/uploads\/sites\/10\/2019\/08\/bulletin-board-2771786_1920.jpg?resize=1050%2C600&ssl=1 3x, https:\/\/i0.wp.com\/ws168.juntadeandalucia.es\/iaap\/gestiondelconocimiento\/wp-content\/uploads\/sites\/10\/2019\/08\/bulletin-board-2771786_1920.jpg?resize=1400%2C800&ssl=1 4x"},"classes":[]}],"jetpack_likes_enabled":true,"_links":{"self":[{"href":"https:\/\/ws168.juntadeandalucia.es\/iaap\/gestiondelconocimiento\/wp-json\/wp\/v2\/pages\/1908","targetHints":{"allow":["GET"]}}],"collection":[{"href":"https:\/\/ws168.juntadeandalucia.es\/iaap\/gestiondelconocimiento\/wp-json\/wp\/v2\/pages"}],"about":[{"href":"https:\/\/ws168.juntadeandalucia.es\/iaap\/gestiondelconocimiento\/wp-json\/wp\/v2\/types\/page"}],"author":[{"embeddable":true,"href":"https:\/\/ws168.juntadeandalucia.es\/iaap\/gestiondelconocimiento\/wp-json\/wp\/v2\/users\/46"}],"replies":[{"embeddable":true,"href":"https:\/\/ws168.juntadeandalucia.es\/iaap\/gestiondelconocimiento\/wp-json\/wp\/v2\/comments?post=1908"}],"version-history":[{"count":24,"href":"https:\/\/ws168.juntadeandalucia.es\/iaap\/gestiondelconocimiento\/wp-json\/wp\/v2\/pages\/1908\/revisions"}],"predecessor-version":[{"id":3187,"href":"https:\/\/ws168.juntadeandalucia.es\/iaap\/gestiondelconocimiento\/wp-json\/wp\/v2\/pages\/1908\/revisions\/3187"}],"up":[{"embeddable":true,"href":"https:\/\/ws168.juntadeandalucia.es\/iaap\/gestiondelconocimiento\/wp-json\/wp\/v2\/pages\/2039"}],"wp:featuredmedia":[{"embeddable":true,"href":"https:\/\/ws168.juntadeandalucia.es\/iaap\/gestiondelconocimiento\/wp-json\/wp\/v2\/media\/1726"}],"wp:attachment":[{"href":"https:\/\/ws168.juntadeandalucia.es\/iaap\/gestiondelconocimiento\/wp-json\/wp\/v2\/media?parent=1908"}],"curies":[{"name":"wp","href":"https:\/\/api.w.org\/{rel}","templated":true}]}}