{"id":196,"date":"2018-06-16T08:20:24","date_gmt":"2018-06-16T08:20:24","guid":{"rendered":"https:\/\/ws168.juntadeandalucia.es\/iaap\/gestiondelconocimiento\/?page_id=196"},"modified":"2023-02-15T11:32:41","modified_gmt":"2023-02-15T10:32:41","slug":"que-es","status":"publish","type":"page","link":"https:\/\/ws168.juntadeandalucia.es\/iaap\/gestiondelconocimiento\/gestion-del-conocimiento\/que-es\/","title":{"rendered":"\u00bfQU\u00c9 ES LA GESTI\u00d3N DEL CONOCIMIENTO?"},"content":{"rendered":"<p><span style=\"font-size: 12pt\">Para definir <strong>Gesti\u00f3n del Conocimiento<\/strong> (GC o KM) es necesario determinar la fuente de referencia de su estudio. Igualmente, la disciplina ser\u00e1 clave en dicha delimitaci\u00f3n, ya que estas pueden ser muy diversas y condicionan su definici\u00f3n. Se habla de GC en recursos humanos, documentaci\u00f3n, innovaci\u00f3n, gesti\u00f3n de proyectos, TIC, etc.\u00a0 <\/span><\/p>\n<p><span style=\"font-size: 12pt\">Una vez analizadas las distintas definiciones, hemos realizado el compendio que mejor se adapta a la <strong>Junta de Andaluc\u00eda<\/strong>. De esta manera, entendemos la GC como un conjunto de estrategias, proyectos, actuaciones e iniciativas destinadas a mejorar la productividad del personal al servicio de la administraci\u00f3n p\u00fablica. Todo ello, a trav\u00e9s de un uso eficiente del conocimiento existente, individual y colectivo. Ya sea conocimiento tangible (datos y documentos), o intangible (experiencia y capacidades del personal).<em><br \/>\n<\/em><\/span><\/p>\n<p><span style=\"font-size: 12pt\"><img fetchpriority=\"high\" decoding=\"async\" data-attachment-id=\"400\" data-permalink=\"https:\/\/ws168.juntadeandalucia.es\/iaap\/gestiondelconocimiento\/gestion-del-conocimiento\/que-es\/whatsapp-image-2017-11-27-at-14-12-37-2\/\" data-orig-file=\"https:\/\/ws168.juntadeandalucia.es\/iaap\/gestiondelconocimiento\/wp-content\/uploads\/sites\/10\/2018\/06\/WhatsApp-Image-2017-11-27-at-14.12.37-2.jpeg\" data-orig-size=\"800,800\" data-comments-opened=\"0\" data-image-meta=\"{&quot;aperture&quot;:&quot;0&quot;,&quot;credit&quot;:&quot;&quot;,&quot;camera&quot;:&quot;&quot;,&quot;caption&quot;:&quot;&quot;,&quot;created_timestamp&quot;:&quot;0&quot;,&quot;copyright&quot;:&quot;&quot;,&quot;focal_length&quot;:&quot;0&quot;,&quot;iso&quot;:&quot;0&quot;,&quot;shutter_speed&quot;:&quot;0&quot;,&quot;title&quot;:&quot;&quot;,&quot;orientation&quot;:&quot;0&quot;}\" data-image-title=\"WhatsApp Image 2017-11-27 at 14.12.37 (2)\" data-image-description=\"\" data-image-caption=\"\" data-large-file=\"https:\/\/ws168.juntadeandalucia.es\/iaap\/gestiondelconocimiento\/wp-content\/uploads\/sites\/10\/2018\/06\/WhatsApp-Image-2017-11-27-at-14.12.37-2.jpeg\" class=\" wp-image-400 alignleft\" src=\"https:\/\/ws168.juntadeandalucia.es\/iaap\/gestiondelconocimiento\/wp-content\/uploads\/sites\/10\/2018\/06\/WhatsApp-Image-2017-11-27-at-14.12.37-2-300x300.jpeg\" alt=\"\" width=\"301\" height=\"301\" srcset=\"https:\/\/ws168.juntadeandalucia.es\/iaap\/gestiondelconocimiento\/wp-content\/uploads\/sites\/10\/2018\/06\/WhatsApp-Image-2017-11-27-at-14.12.37-2-300x300.jpeg 300w, https:\/\/ws168.juntadeandalucia.es\/iaap\/gestiondelconocimiento\/wp-content\/uploads\/sites\/10\/2018\/06\/WhatsApp-Image-2017-11-27-at-14.12.37-2-150x150.jpeg 150w, https:\/\/ws168.juntadeandalucia.es\/iaap\/gestiondelconocimiento\/wp-content\/uploads\/sites\/10\/2018\/06\/WhatsApp-Image-2017-11-27-at-14.12.37-2-768x768.jpeg 768w, https:\/\/ws168.juntadeandalucia.es\/iaap\/gestiondelconocimiento\/wp-content\/uploads\/sites\/10\/2018\/06\/WhatsApp-Image-2017-11-27-at-14.12.37-2-600x600.jpeg 600w, https:\/\/ws168.juntadeandalucia.es\/iaap\/gestiondelconocimiento\/wp-content\/uploads\/sites\/10\/2018\/06\/WhatsApp-Image-2017-11-27-at-14.12.37-2-250x250.jpeg 250w, https:\/\/ws168.juntadeandalucia.es\/iaap\/gestiondelconocimiento\/wp-content\/uploads\/sites\/10\/2018\/06\/WhatsApp-Image-2017-11-27-at-14.12.37-2-125x125.jpeg 125w, https:\/\/ws168.juntadeandalucia.es\/iaap\/gestiondelconocimiento\/wp-content\/uploads\/sites\/10\/2018\/06\/WhatsApp-Image-2017-11-27-at-14.12.37-2-110x110.jpeg 110w, https:\/\/ws168.juntadeandalucia.es\/iaap\/gestiondelconocimiento\/wp-content\/uploads\/sites\/10\/2018\/06\/WhatsApp-Image-2017-11-27-at-14.12.37-2-420x420.jpeg 420w, https:\/\/ws168.juntadeandalucia.es\/iaap\/gestiondelconocimiento\/wp-content\/uploads\/sites\/10\/2018\/06\/WhatsApp-Image-2017-11-27-at-14.12.37-2-430x430.jpeg 430w, https:\/\/ws168.juntadeandalucia.es\/iaap\/gestiondelconocimiento\/wp-content\/uploads\/sites\/10\/2018\/06\/WhatsApp-Image-2017-11-27-at-14.12.37-2.jpeg 800w\" sizes=\"(max-width: 301px) 100vw, 301px\" \/>Partiendo de la definici\u00f3n b\u00e1sica, la filosof\u00eda de la Gesti\u00f3n del Conocimiento consiste en estar en continua adaptaci\u00f3n o en \u00ab<strong>beta permanente<\/strong>\u00ab. Implantandose iniciativas KM, que se van evalu\u00e1ndo, corrigi\u00e9ndo, mejorando y desechando y trascendiendo sobre la marcha. Los proyectos estar\u00e1n vivos y ser\u00e1n cambiantes desde su comienzo, porque es la mejor forma de adaptarse progresiva y paulatinamente a los objetivos buscados.<\/span><\/p>\n<p><span style=\"font-size: 12pt\">En otro sentido, entendemos que la GC debe necesariamente hacer un uso intensivo de las Tecnolog\u00edas de la Informaci\u00f3n y las Comunicaciones (TIC), base de la conectividad y la cultura de compartir de la actual <strong>Sociedad de la Informaci\u00f3n y el Conocimiento<\/strong>.<\/span><\/p>\n<h4><span style=\"font-size: 12pt\">ENLACES:<\/span><\/h4>\n<p>Los primeros inicios, el proyecto TRANSFER:<\/p>\n<p><a href=\"https:\/\/ws168.juntadeandalucia.es\/iaap\/gestiondelconocimiento\/transfer\" target=\"_blank\" rel=\"noopener\"><img decoding=\"async\" data-attachment-id=\"3300\" data-permalink=\"https:\/\/ws168.juntadeandalucia.es\/iaap\/gestiondelconocimiento\/gestion-del-conocimiento\/que-es\/transfer\/\" data-orig-file=\"https:\/\/ws168.juntadeandalucia.es\/iaap\/gestiondelconocimiento\/wp-content\/uploads\/sites\/10\/2021\/02\/Transfer.png\" data-orig-size=\"270,180\" data-comments-opened=\"0\" data-image-meta=\"{&quot;aperture&quot;:&quot;0&quot;,&quot;credit&quot;:&quot;&quot;,&quot;camera&quot;:&quot;&quot;,&quot;caption&quot;:&quot;&quot;,&quot;created_timestamp&quot;:&quot;0&quot;,&quot;copyright&quot;:&quot;&quot;,&quot;focal_length&quot;:&quot;0&quot;,&quot;iso&quot;:&quot;0&quot;,&quot;shutter_speed&quot;:&quot;0&quot;,&quot;title&quot;:&quot;&quot;,&quot;orientation&quot;:&quot;0&quot;}\" data-image-title=\"Transfer\" data-image-description=\"\" data-image-caption=\"\" data-large-file=\"https:\/\/ws168.juntadeandalucia.es\/iaap\/gestiondelconocimiento\/wp-content\/uploads\/sites\/10\/2021\/02\/Transfer.png\" class=\"aligncenter wp-image-3300\" src=\"https:\/\/ws168.juntadeandalucia.es\/iaap\/gestiondelconocimiento\/wp-content\/uploads\/sites\/10\/2021\/02\/Transfer.png\" alt=\"\u00bfQuieres saber c\u00f3mo y en qu\u00e9 consiste el proyecto? Pincha y te llevaremos a \u00e9l\" width=\"380\" height=\"253\" \/><\/a><\/p>\n<ul>\n<li><span style=\"font-size: 12pt\">Si quieres saber m\u00e1s sobre la Gesti\u00f3n del Conocimiento, conoce nuestros <strong><a href=\"https:\/\/ws168.juntadeandalucia.es\/iaap\/gestiondelconocimiento\/proyectos\/\" target=\"_blank\" rel=\"noopener\">proyectos<\/a><\/strong>.<\/span><\/li>\n<li><span style=\"font-size: 12pt\">En <a href=\"https:\/\/ws168.juntadeandalucia.es\/iaap\/revista\/2018\/05\/22\/gestion-del-conocimiento-en-la-junta-de-andalucia-primeros-pasos\/\" target=\"_blank\" rel=\"noopener\"><strong>este art\u00edculo<\/strong><\/a> de la revisa Enred@2.0 puedes conocer los primeros pasos de esta diciplina en la Junta de Andaluc\u00eda.<\/span><\/li>\n<li><span style=\"font-size: 12pt\">\u00c9chale un vistazo al <strong><a href=\"https:\/\/ws168.juntadeandalucia.es\/iaap\/gestiondelconocimiento\/wp-content\/uploads\/sites\/10\/2018\/08\/Documento-base-sobre-la-gesti\u00f3n-del-conocimiento-para-Embajadores.pdf\" target=\"_blank\" rel=\"noopener\">documento base<\/a><\/strong> (junio 2017) con el que despegamos.<\/span><\/li>\n<\/ul>\n","protected":false},"excerpt":{"rendered":"<p>Para definir Gesti\u00f3n del Conocimiento (GC o KM) es necesario determinar la fuente de referencia de su estudio. Igualmente, la disciplina ser\u00e1 clave en dicha delimitaci\u00f3n, ya que estas pueden ser muy diversas y condicionan su definici\u00f3n. Se habla de GC en recursos humanos, documentaci\u00f3n, innovaci\u00f3n, gesti\u00f3n de proyectos, TIC, etc.\u00a0 Una vez analizadas las [&hellip;]<\/p>\n","protected":false},"author":19,"featured_media":0,"parent":1479,"menu_order":0,"comment_status":"closed","ping_status":"closed","template":"","meta":{"jetpack_post_was_ever_published":false,"footnotes":""},"class_list":["post-196","page","type-page","status-publish","hentry"],"jetpack_sharing_enabled":true,"jetpack_shortlink":"https:\/\/wp.me\/P9W7Se-3a","jetpack-related-posts":[{"id":973,"url":"https:\/\/ws168.juntadeandalucia.es\/iaap\/gestiondelconocimiento\/guia-abierta\/","url_meta":{"origin":196,"position":0},"title":"Gu\u00eda de Gesti\u00f3n del Conocimiento","author":"","date":"11 agosto, 2019","format":false,"excerpt":"Gu\u00eda abierta sobre Gesti\u00f3n del Conocimiento A veces pensamos que nos gustar\u00eda cambiar las formas de hacer las cosas en nuestro trabajo. Creemos que es posible realizarlas con m\u00e1s eficacia, eficiencia, econom\u00eda y rapidez a como se vienen haciendo tradicionalmente. Si bien es cierto, que aunque tenemos muchas ideas que\u2026","rel":"","context":"Entrada similar","block_context":{"text":"Entrada similar","link":""},"img":{"alt_text":"","src":"https:\/\/i0.wp.com\/ws168.juntadeandalucia.es\/iaap\/gestiondelconocimiento\/wp-content\/uploads\/sites\/10\/2019\/08\/innovation-561388_1920.jpg?resize=350%2C200&ssl=1","width":350,"height":200,"srcset":"https:\/\/i0.wp.com\/ws168.juntadeandalucia.es\/iaap\/gestiondelconocimiento\/wp-content\/uploads\/sites\/10\/2019\/08\/innovation-561388_1920.jpg?resize=350%2C200&ssl=1 1x, https:\/\/i0.wp.com\/ws168.juntadeandalucia.es\/iaap\/gestiondelconocimiento\/wp-content\/uploads\/sites\/10\/2019\/08\/innovation-561388_1920.jpg?resize=525%2C300&ssl=1 1.5x, https:\/\/i0.wp.com\/ws168.juntadeandalucia.es\/iaap\/gestiondelconocimiento\/wp-content\/uploads\/sites\/10\/2019\/08\/innovation-561388_1920.jpg?resize=700%2C400&ssl=1 2x, https:\/\/i0.wp.com\/ws168.juntadeandalucia.es\/iaap\/gestiondelconocimiento\/wp-content\/uploads\/sites\/10\/2019\/08\/innovation-561388_1920.jpg?resize=1050%2C600&ssl=1 3x, https:\/\/i0.wp.com\/ws168.juntadeandalucia.es\/iaap\/gestiondelconocimiento\/wp-content\/uploads\/sites\/10\/2019\/08\/innovation-561388_1920.jpg?resize=1400%2C800&ssl=1 4x"},"classes":[]},{"id":776,"url":"https:\/\/ws168.juntadeandalucia.es\/iaap\/gestiondelconocimiento\/proyectos\/edicion-2018-2019\/gc09-pilotaje-de-proyectos-km\/","url_meta":{"origin":196,"position":1},"title":"GC09 &#8211; Pilotaje de proyectos KM (2018-19)","author":"","date":"7 marzo, 2019","format":false,"excerpt":"DESCRIPCI\u00d3NDefinici\u00f3n de procesos o pasos de gesti\u00f3n del proyectos GC que permitan documentar, aplicar, sistematizar y facilitar la implementaci\u00f3n de proyectos de gesti\u00f3n del conocimiento en la Junta de Andaluc\u00eda.OBJETIVOSDise\u00f1ar e implementar sesiones presenciales de gesti\u00f3n del conocimiento en el marco del programa .Definir un dec\u00e1logo en base a la\u2026","rel":"","context":"Entrada similar","block_context":{"text":"Entrada similar","link":""},"img":{"alt_text":"","src":"https:\/\/i0.wp.com\/ws168.juntadeandalucia.es\/iaap\/gestiondelconocimiento\/wp-content\/uploads\/sites\/10\/2020\/02\/DEC%C3%81LOGO-DE-LA-E-DINAMIZACI%C3%93N.png?resize=350%2C200&ssl=1","width":350,"height":200,"srcset":"https:\/\/i0.wp.com\/ws168.juntadeandalucia.es\/iaap\/gestiondelconocimiento\/wp-content\/uploads\/sites\/10\/2020\/02\/DEC%C3%81LOGO-DE-LA-E-DINAMIZACI%C3%93N.png?resize=350%2C200&ssl=1 1x, https:\/\/i0.wp.com\/ws168.juntadeandalucia.es\/iaap\/gestiondelconocimiento\/wp-content\/uploads\/sites\/10\/2020\/02\/DEC%C3%81LOGO-DE-LA-E-DINAMIZACI%C3%93N.png?resize=525%2C300&ssl=1 1.5x, https:\/\/i0.wp.com\/ws168.juntadeandalucia.es\/iaap\/gestiondelconocimiento\/wp-content\/uploads\/sites\/10\/2020\/02\/DEC%C3%81LOGO-DE-LA-E-DINAMIZACI%C3%93N.png?resize=700%2C400&ssl=1 2x"},"classes":[]},{"id":2039,"url":"https:\/\/ws168.juntadeandalucia.es\/iaap\/gestiondelconocimiento\/proyectos\/edicion-2019-2020-edicion-2019-2020\/","url_meta":{"origin":196,"position":2},"title":"EDICI\u00d3N 2019- 2020","author":"beatrizsanchezgomez","date":"23 febrero, 2020","format":false,"excerpt":"Proyectos que se desarrollaron en la tercera edici\u00f3n, 2019-2020, del Programa \"Embajadores \/as del Conocimiento\": GC02 \u2013 Revista digital GCGC06 \u2013 Identificaci\u00f3n del Conocimiento Cr\u00edtico\u00a0GC08 \u2013 Implantando la Cultura AudiovisualGC10 \u2013 Comunicaci\u00f3n y Difusi\u00f3n de la Gesti\u00f3n del ConocimientoGC11 \u2013 Encuentros IntergeneracionalesGC12 \u2013 Creando el grupo de Cas\u00f3logos\/as","rel":"","context":"Entrada similar","block_context":{"text":"Entrada similar","link":""},"img":{"alt_text":"","src":"","width":0,"height":0},"classes":[]},{"id":936,"url":"https:\/\/ws168.juntadeandalucia.es\/iaap\/gestiondelconocimiento\/guia-abierta\/por-que-y-para-que-la-gestion-del-conocimiento\/","url_meta":{"origin":196,"position":3},"title":"Punto 1. \u00bfPor qu\u00e9 y para qu\u00e9 la Gesti\u00f3n del Conocimiento?","author":"","date":"21 mayo, 2019","format":false,"excerpt":"Concepto y finalidad \u00bfY qu\u00e9 es esto de la Gesti\u00f3n del Conocimiento?. Nuestra sociedad actual se define como la Sociedad del Conocimiento, superando ya la etapa de la sociedad de la informaci\u00f3n. O sociedad de la desinformaci\u00f3n. Pues a pesar\u00a0 de estar en el momento de la historia con acceso\u2026","rel":"","context":"Entrada similar","block_context":{"text":"Entrada similar","link":""},"img":{"alt_text":"","src":"https:\/\/i0.wp.com\/ws168.juntadeandalucia.es\/iaap\/gestiondelconocimiento\/wp-content\/uploads\/sites\/10\/2019\/08\/board-1273128_1920.jpg?resize=350%2C200&ssl=1","width":350,"height":200,"srcset":"https:\/\/i0.wp.com\/ws168.juntadeandalucia.es\/iaap\/gestiondelconocimiento\/wp-content\/uploads\/sites\/10\/2019\/08\/board-1273128_1920.jpg?resize=350%2C200&ssl=1 1x, https:\/\/i0.wp.com\/ws168.juntadeandalucia.es\/iaap\/gestiondelconocimiento\/wp-content\/uploads\/sites\/10\/2019\/08\/board-1273128_1920.jpg?resize=525%2C300&ssl=1 1.5x, https:\/\/i0.wp.com\/ws168.juntadeandalucia.es\/iaap\/gestiondelconocimiento\/wp-content\/uploads\/sites\/10\/2019\/08\/board-1273128_1920.jpg?resize=700%2C400&ssl=1 2x, https:\/\/i0.wp.com\/ws168.juntadeandalucia.es\/iaap\/gestiondelconocimiento\/wp-content\/uploads\/sites\/10\/2019\/08\/board-1273128_1920.jpg?resize=1050%2C600&ssl=1 3x, https:\/\/i0.wp.com\/ws168.juntadeandalucia.es\/iaap\/gestiondelconocimiento\/wp-content\/uploads\/sites\/10\/2019\/08\/board-1273128_1920.jpg?resize=1400%2C800&ssl=1 4x"},"classes":[]},{"id":1908,"url":"https:\/\/ws168.juntadeandalucia.es\/iaap\/gestiondelconocimiento\/proyectos\/edicion-2019-2020-edicion-2019-2020\/gc10-comunicacion-y-difusion-de-la-gestion-del-conocimiento\/","url_meta":{"origin":196,"position":4},"title":"GC10 &#8211; Comunicaci\u00f3n y difusi\u00f3n de la Gesti\u00f3n del Conocimiento (2019-20)","author":"beatrizsanchezgomez","date":"17 febrero, 2020","format":false,"excerpt":"DESCRIPCI\u00d3N Este proyecto surge en la tercera edici\u00f3n del programa. Se trata de un proyecto concebido para difundir la disciplina de la Gesti\u00f3n del Conocimiento entre las personas que trabajan en la Junta de Andaluc\u00eda. \u00a0OBJETIVOS: \u2022\u00a0 Descubrir las tendencias en la disciplina de Gesti\u00f3n del Conocimiento a nivel nacional\u2026","rel":"","context":"Entrada similar","block_context":{"text":"Entrada similar","link":""},"img":{"alt_text":"Equipo GC10","src":"https:\/\/i0.wp.com\/ws168.juntadeandalucia.es\/iaap\/gestiondelconocimiento\/wp-content\/uploads\/sites\/10\/2020\/01\/Comunicaci%C3%B3n.jpg?resize=350%2C200&ssl=1","width":350,"height":200},"classes":[]},{"id":157,"url":"https:\/\/ws168.juntadeandalucia.es\/iaap\/gestiondelconocimiento\/proyectos\/","url_meta":{"origin":196,"position":5},"title":"Ediciones","author":"","date":"21 mayo, 2018","format":false,"excerpt":"Gesti\u00f3n del Conocimiento s\u00ed, pero, \u00bfpara qu\u00e9?En 2017 se inicia la andadura en la disciplina de Gesti\u00f3n del Conocimiento en el IAAP, fijando un marco de referencia de base en el que se identificaron una serie de retos y problemas en la Junta de Andaluc\u00eda, que pod\u00edan ser atendidos con\u2026","rel":"","context":"Entrada similar","block_context":{"text":"Entrada similar","link":""},"img":{"alt_text":"","src":"https:\/\/i0.wp.com\/ws168.juntadeandalucia.es\/iaap\/gestiondelconocimiento\/wp-content\/uploads\/sites\/10\/2020\/02\/human-3131802_1280-300x208.jpg?resize=350%2C200&ssl=1","width":350,"height":200},"classes":[]}],"jetpack_likes_enabled":true,"_links":{"self":[{"href":"https:\/\/ws168.juntadeandalucia.es\/iaap\/gestiondelconocimiento\/wp-json\/wp\/v2\/pages\/196","targetHints":{"allow":["GET"]}}],"collection":[{"href":"https:\/\/ws168.juntadeandalucia.es\/iaap\/gestiondelconocimiento\/wp-json\/wp\/v2\/pages"}],"about":[{"href":"https:\/\/ws168.juntadeandalucia.es\/iaap\/gestiondelconocimiento\/wp-json\/wp\/v2\/types\/page"}],"author":[{"embeddable":true,"href":"https:\/\/ws168.juntadeandalucia.es\/iaap\/gestiondelconocimiento\/wp-json\/wp\/v2\/users\/19"}],"replies":[{"embeddable":true,"href":"https:\/\/ws168.juntadeandalucia.es\/iaap\/gestiondelconocimiento\/wp-json\/wp\/v2\/comments?post=196"}],"version-history":[{"count":18,"href":"https:\/\/ws168.juntadeandalucia.es\/iaap\/gestiondelconocimiento\/wp-json\/wp\/v2\/pages\/196\/revisions"}],"predecessor-version":[{"id":4470,"href":"https:\/\/ws168.juntadeandalucia.es\/iaap\/gestiondelconocimiento\/wp-json\/wp\/v2\/pages\/196\/revisions\/4470"}],"up":[{"embeddable":true,"href":"https:\/\/ws168.juntadeandalucia.es\/iaap\/gestiondelconocimiento\/wp-json\/wp\/v2\/pages\/1479"}],"wp:attachment":[{"href":"https:\/\/ws168.juntadeandalucia.es\/iaap\/gestiondelconocimiento\/wp-json\/wp\/v2\/media?parent=196"}],"curies":[{"name":"wp","href":"https:\/\/api.w.org\/{rel}","templated":true}]}}