{"id":2046,"date":"2020-02-23T18:47:35","date_gmt":"2020-02-23T18:47:35","guid":{"rendered":"https:\/\/ws168.juntadeandalucia.es\/iaap\/gestiondelconocimiento\/?page_id=2046"},"modified":"2021-01-23T19:45:53","modified_gmt":"2021-01-23T19:45:53","slug":"gc02-revista-digital","status":"publish","type":"page","link":"https:\/\/ws168.juntadeandalucia.es\/iaap\/gestiondelconocimiento\/proyectos\/edicion-2019-2020-edicion-2019-2020\/gc02-revista-digital\/","title":{"rendered":"GC02 &#8211; Revista digital (2019-20)"},"content":{"rendered":"\t\t<div data-elementor-type=\"wp-page\" data-elementor-id=\"2046\" class=\"elementor elementor-2046\">\n\t\t\t\t\t\t<section class=\"elementor-section elementor-top-section elementor-element elementor-element-6b9b0be3 elementor-section-boxed elementor-section-height-default elementor-section-height-default\" data-id=\"6b9b0be3\" data-element_type=\"section\" data-e-type=\"section\">\n\t\t\t\t\t\t<div class=\"elementor-container elementor-column-gap-default\">\n\t\t\t\t\t<div class=\"elementor-column elementor-col-100 elementor-top-column elementor-element elementor-element-71d5f26a\" data-id=\"71d5f26a\" data-element_type=\"column\" data-e-type=\"column\">\n\t\t\t<div class=\"elementor-widget-wrap elementor-element-populated\">\n\t\t\t\t\t\t<div class=\"elementor-element elementor-element-1b2ff5df elementor-widget elementor-widget-text-editor\" data-id=\"1b2ff5df\" data-element_type=\"widget\" data-e-type=\"widget\" data-widget_type=\"text-editor.default\">\n\t\t\t\t<div class=\"elementor-widget-container\">\n\t\t\t\t\t\t\t\t\t<h4><img fetchpriority=\"high\" decoding=\"async\" data-attachment-id=\"456\" data-permalink=\"https:\/\/ws168.juntadeandalucia.es\/iaap\/gestiondelconocimiento\/proyectos\/edicion-2017-2018\/gc02\/gc02_logo\/\" data-orig-file=\"https:\/\/ws168.juntadeandalucia.es\/iaap\/gestiondelconocimiento\/wp-content\/uploads\/sites\/10\/2018\/06\/GC02_logo.png\" data-orig-size=\"590,151\" data-comments-opened=\"0\" data-image-meta=\"{&quot;aperture&quot;:&quot;0&quot;,&quot;credit&quot;:&quot;&quot;,&quot;camera&quot;:&quot;&quot;,&quot;caption&quot;:&quot;&quot;,&quot;created_timestamp&quot;:&quot;0&quot;,&quot;copyright&quot;:&quot;&quot;,&quot;focal_length&quot;:&quot;0&quot;,&quot;iso&quot;:&quot;0&quot;,&quot;shutter_speed&quot;:&quot;0&quot;,&quot;title&quot;:&quot;&quot;,&quot;orientation&quot;:&quot;0&quot;}\" data-image-title=\"GC02_logo\" data-image-description=\"\" data-image-caption=\"\" data-large-file=\"https:\/\/ws168.juntadeandalucia.es\/iaap\/gestiondelconocimiento\/wp-content\/uploads\/sites\/10\/2018\/06\/GC02_logo.png\" class=\"wp-image-456 size-full aligncenter\" src=\"https:\/\/ws168.juntadeandalucia.es\/iaap\/gestiondelconocimiento\/wp-content\/uploads\/sites\/10\/2018\/06\/GC02_logo.png\" alt=\"\" width=\"590\" height=\"151\" srcset=\"https:\/\/ws168.juntadeandalucia.es\/iaap\/gestiondelconocimiento\/wp-content\/uploads\/sites\/10\/2018\/06\/GC02_logo.png 590w, https:\/\/ws168.juntadeandalucia.es\/iaap\/gestiondelconocimiento\/wp-content\/uploads\/sites\/10\/2018\/06\/GC02_logo-300x77.png 300w, https:\/\/ws168.juntadeandalucia.es\/iaap\/gestiondelconocimiento\/wp-content\/uploads\/sites\/10\/2018\/06\/GC02_logo-110x28.png 110w, https:\/\/ws168.juntadeandalucia.es\/iaap\/gestiondelconocimiento\/wp-content\/uploads\/sites\/10\/2018\/06\/GC02_logo-420x107.png 420w\" sizes=\"(max-width: 590px) 100vw, 590px\" \/><\/h4>\n<h4><span style=\"font-size: 12pt\">DESCRIPCI\u00d3N:<\/span><\/h4>\n<p style=\"text-align: justify\"><span style=\"font-size: 12pt\">EnRed@2.0 es una publicaci\u00f3n digital elaborada por el personal de la Junta de Andaluc\u00eda. Esta Revista\u00a0<\/span><span style=\"font-size: 12pt\">es un instrumento para la puesta en valor del conocimiento y experiencia adquiridos y desarrollados en el sector p\u00fablico andaluz. Por consiguiente, canaliza y difunde el esp\u00edritu creativo e innovador de las empleadas y empleados p\u00fablicos.\u00a0<\/span><\/p>\n<h4><span style=\"font-size: 12pt\">OBJETIVOS:<\/span><\/h4>\n<ul>\n<li><span style=\"font-size: 12pt\">Compartir el conocimiento, la experiencia profesional y personal de las empleadas y empleados p\u00fablicos.<\/span><\/li>\n<li><span style=\"font-size: 12pt\">Participaci\u00f3n y colaboraci\u00f3n activa.<\/span><\/li>\n<li><span style=\"font-size: 12pt\">Creaci\u00f3n de una conciencia de transformaci\u00f3n y mejora social y personal.<\/span><\/li>\n<\/ul>\n<p style=\"text-align: justify\"><span style=\"font-size: 12pt\">Los antecedentes de esta edici\u00f3n se sit\u00faan en el trabajo realizado por el GC02- Revista Digital, en las dos ediciones anteriores del programa Embajadores del Conocimiento en <a href=\"https:\/\/wp.me\/P9W7Se-3h\" target=\"_blank\" rel=\"noopener noreferrer\">2017-2018<\/a> y <a href=\"https:\/\/wp.me\/P9W7Se-wy\" target=\"_blank\" rel=\"noopener noreferrer\">2018-2019<\/a>.<\/span><\/p>\n<h4><span style=\"font-size: 12pt\">ENLACES:<\/span><\/h4>\n<ul>\n<li><span style=\"font-size: 12pt\">Conoce la <strong><a href=\"https:\/\/ws168.juntadeandalucia.es\/iaap\/revista\" target=\"_blank\" rel=\"noopener noreferrer\">Revista Enred@2.0<\/a>.<\/strong><\/span><\/li>\n<li><span style=\"font-size: 12pt\">Colabora con la revista: <strong><a href=\"mailto:revista.iaap@juntadeandalucia.es\" target=\"_blank\" rel=\"noopener noreferrer\">contacta<\/a><\/strong>.<\/span><\/li>\n<\/ul>\n<h4><span style=\"font-size: 12pt\">ENTREGABLES:<\/span><\/h4>\n<ul>\n<li><span style=\"font-size: 12pt\"><strong><a href=\"https:\/\/ws168.juntadeandalucia.es\/iaap\/revista\/numeros\/no-6-febrero-mayo-2020\/\" target=\"_blank\" rel=\"noopener noreferrer\">N\u00famero 6 (noviembre 2019- febrero 2020)<\/a><\/strong>: Monogr\u00e1fico Protecci\u00f3n de Datos.<\/span><\/li>\n<li><span style=\"font-size: 12pt\"><strong><a href=\"https:\/\/ws168.juntadeandalucia.es\/iaap\/revista\/numeros\/no-especial-trabajar-desde-casa\/\" target=\"_blank\" rel=\"noopener noreferrer\">N\u00famero Especial: Enredados en casa (abril 2020)<\/a><\/strong>: Dedicado a la adaptaci\u00f3n del trabajo durante el confinamiento.<\/span><\/li>\n<li><span style=\"font-size: 12pt\"><strong><a href=\"https:\/\/ws168.juntadeandalucia.es\/iaap\/revista\/\" target=\"_blank\" rel=\"noopener noreferrer\"><strong>N\u00famero 7 (marzo-junio 2020)<\/strong><\/a><\/strong>: Especial Teletrabajo.<\/span><\/li>\n<li><span style=\"font-size: 12pt\"><a href=\"https:\/\/ws168.juntadeandalucia.es\/iaap\/revista\/\" target=\"_blank\" rel=\"noopener\"><strong>N\u00famero 8 (julio-<\/strong> <strong>noviembre 2020)<\/strong>:<\/a> los empleados y empleadas p\u00fablicas seguimos navegando a pesar de las dificultades.<\/span><\/li>\n<\/ul>\n<p><span style=\"font-size: 12pt\">Adem\u00e1s, si quieres, puedes conocer los avances en el desarrollo de este proyecto en la entrada del <a href=\"https:\/\/ws168.juntadeandalucia.es\/iaap\/gestiondelconocimiento\/proyecto-creado-para-compartir-colaboracion-360\/\">blog: Revista Enred@2.0. Colaboraci\u00f3n 360\u00ba.<\/a><\/span><\/p>\n<p><span style=\"font-size: 12pt\">Te contamos en este Video-presentaci\u00f3n del proyecto qu\u00e9 es la \u00abRevista Enred@2.0\u00bb: tu Revista Digital.<\/span><\/p>\n<p><\/p>\n<p><\/p>\t\t\t\t\t\t\t\t<\/div>\n\t\t\t\t<\/div>\n\t\t\t\t\t<\/div>\n\t\t<\/div>\n\t\t\t\t\t<\/div>\n\t\t<\/section>\n\t\t\t\t<section class=\"elementor-section elementor-top-section elementor-element elementor-element-9b0128c elementor-section-boxed elementor-section-height-default elementor-section-height-default\" data-id=\"9b0128c\" data-element_type=\"section\" data-e-type=\"section\">\n\t\t\t\t\t\t<div class=\"elementor-container elementor-column-gap-default\">\n\t\t\t\t\t<div class=\"elementor-column elementor-col-100 elementor-top-column elementor-element elementor-element-45a0b61\" data-id=\"45a0b61\" data-element_type=\"column\" data-e-type=\"column\">\n\t\t\t<div class=\"elementor-widget-wrap elementor-element-populated\">\n\t\t\t\t\t\t<div class=\"elementor-element elementor-element-8adc1ca elementor-widget elementor-widget-video\" data-id=\"8adc1ca\" data-element_type=\"widget\" data-e-type=\"widget\" data-settings=\"{&quot;youtube_url&quot;:&quot;https:\\\/\\\/www.youtube.com\\\/watch?v=BkCpTFSKEBY&amp;list=PLj-bfbG2QZP73cwD2FgE6zBJEPLhYEO_5&amp;index=2&quot;,&quot;video_type&quot;:&quot;youtube&quot;,&quot;controls&quot;:&quot;yes&quot;}\" data-widget_type=\"video.default\">\n\t\t\t\t<div class=\"elementor-widget-container\">\n\t\t\t\t\t\t\t<div class=\"elementor-wrapper elementor-open-inline\">\n\t\t\t<div class=\"elementor-video\"><\/div>\t\t<\/div>\n\t\t\t\t\t\t<\/div>\n\t\t\t\t<\/div>\n\t\t\t\t\t<\/div>\n\t\t<\/div>\n\t\t\t\t\t<\/div>\n\t\t<\/section>\n\t\t\t\t<section class=\"elementor-section elementor-top-section elementor-element elementor-element-1e5096c elementor-section-boxed elementor-section-height-default elementor-section-height-default\" data-id=\"1e5096c\" data-element_type=\"section\" data-e-type=\"section\">\n\t\t\t\t\t\t<div class=\"elementor-container elementor-column-gap-default\">\n\t\t\t\t\t<div class=\"elementor-column elementor-col-100 elementor-top-column elementor-element elementor-element-9c924a3\" data-id=\"9c924a3\" data-element_type=\"column\" data-e-type=\"column\">\n\t\t\t<div class=\"elementor-widget-wrap elementor-element-populated\">\n\t\t\t\t\t\t<div class=\"elementor-element elementor-element-e31d8cc elementor-widget elementor-widget-text-editor\" data-id=\"e31d8cc\" data-element_type=\"widget\" data-e-type=\"widget\" data-widget_type=\"text-editor.default\">\n\t\t\t\t<div class=\"elementor-widget-container\">\n\t\t\t\t\t\t\t\t\t<p style=\"text-align: justify\"><span style=\"font-size: 14pt\">Y si al final no pudiste participar en la <a href=\"https:\/\/ws168.juntadeandalucia.es\/iaap\/gestiondelconocimiento\/embajadoras-es-en-la-iii-fase\/\" target=\"_blank\" rel=\"noopener\">III Jornada de Gesti\u00f3n del Conocimiento<\/a> no te preocupes, desde el siguiente video te llevamos directamente a su exquisita terturlia sobre el \u00abmaking of\u00bb de la Revista:<\/span><\/p>\t\t\t\t\t\t\t\t<\/div>\n\t\t\t\t<\/div>\n\t\t\t\t\t<\/div>\n\t\t<\/div>\n\t\t\t\t\t<\/div>\n\t\t<\/section>\n\t\t\t\t<section class=\"elementor-section elementor-top-section elementor-element elementor-element-1e47dcc elementor-section-boxed elementor-section-height-default elementor-section-height-default\" data-id=\"1e47dcc\" data-element_type=\"section\" data-e-type=\"section\">\n\t\t\t\t\t\t<div class=\"elementor-container elementor-column-gap-default\">\n\t\t\t\t\t<div class=\"elementor-column elementor-col-100 elementor-top-column elementor-element elementor-element-6c798b2\" data-id=\"6c798b2\" data-element_type=\"column\" data-e-type=\"column\">\n\t\t\t<div class=\"elementor-widget-wrap elementor-element-populated\">\n\t\t\t\t\t\t<div class=\"elementor-element elementor-element-2ef466b elementor-widget elementor-widget-video\" data-id=\"2ef466b\" data-element_type=\"widget\" data-e-type=\"widget\" data-settings=\"{&quot;youtube_url&quot;:&quot;https:\\\/\\\/youtu.be\\\/RyJs070KcgE&quot;,&quot;start&quot;:&quot;4920&quot;,&quot;end&quot;:&quot;6485&quot;,&quot;video_type&quot;:&quot;youtube&quot;,&quot;controls&quot;:&quot;yes&quot;}\" data-widget_type=\"video.default\">\n\t\t\t\t<div class=\"elementor-widget-container\">\n\t\t\t\t\t\t\t<div class=\"elementor-wrapper elementor-open-inline\">\n\t\t\t<div class=\"elementor-video\"><\/div>\t\t<\/div>\n\t\t\t\t\t\t<\/div>\n\t\t\t\t<\/div>\n\t\t\t\t\t<\/div>\n\t\t<\/div>\n\t\t\t\t\t<\/div>\n\t\t<\/section>\n\t\t\t\t<\/div>\n\t\t","protected":false},"excerpt":{"rendered":"<p>DESCRIPCI\u00d3N: EnRed@2.0 es una publicaci\u00f3n digital elaborada por el personal de la Junta de Andaluc\u00eda. Esta Revista&nbsp;es un instrumento para la puesta en valor del conocimiento y experiencia adquiridos y desarrollados en el sector p\u00fablico andaluz. Por consiguiente, canaliza y difunde el esp\u00edritu creativo e innovador de las empleadas y empleados p\u00fablicos.&nbsp; OBJETIVOS: Compartir el [&hellip;]<\/p>\n","protected":false},"author":46,"featured_media":0,"parent":2039,"menu_order":1,"comment_status":"closed","ping_status":"closed","template":"","meta":{"jetpack_post_was_ever_published":false,"footnotes":""},"class_list":["post-2046","page","type-page","status-publish","hentry"],"jetpack_sharing_enabled":true,"jetpack_shortlink":"https:\/\/wp.me\/P9W7Se-x0","jetpack-related-posts":[{"id":2018,"url":"https:\/\/ws168.juntadeandalucia.es\/iaap\/gestiondelconocimiento\/proyectos\/edicion-2018-2019\/gc02-revista-digital\/","url_meta":{"origin":2046,"position":0},"title":"GC02 &#8211; Revista digital (2018-19)","author":"beatrizsanchezgomez","date":"22 febrero, 2020","format":false,"excerpt":"DESCRIPCI\u00d3N: EnRed@2.0 es una publicaci\u00f3n digital elaborada por el personal de la Junta de Andaluc\u00eda. Esta Revista\u00a0es un instrumento para la puesta en valor del conocimiento y experiencia adquiridos y desarrollados en el sector p\u00fablico andaluz. Por consiguiente, canaliza y difunde el esp\u00edritu creativo e innovador de las empleadas y\u2026","rel":"","context":"Entrada similar","block_context":{"text":"Entrada similar","link":""},"img":{"alt_text":"","src":"https:\/\/i0.wp.com\/ws168.juntadeandalucia.es\/iaap\/gestiondelconocimiento\/wp-content\/uploads\/sites\/10\/2018\/06\/GC02_logo.png?resize=350%2C200&ssl=1","width":350,"height":200,"srcset":"https:\/\/i0.wp.com\/ws168.juntadeandalucia.es\/iaap\/gestiondelconocimiento\/wp-content\/uploads\/sites\/10\/2018\/06\/GC02_logo.png?resize=350%2C200&ssl=1 1x, https:\/\/i0.wp.com\/ws168.juntadeandalucia.es\/iaap\/gestiondelconocimiento\/wp-content\/uploads\/sites\/10\/2018\/06\/GC02_logo.png?resize=525%2C300&ssl=1 1.5x"},"classes":[]},{"id":203,"url":"https:\/\/ws168.juntadeandalucia.es\/iaap\/gestiondelconocimiento\/proyectos\/edicion-2017-2018\/gc02\/","url_meta":{"origin":2046,"position":1},"title":"GC02 &#8211; Revista digital (2017-18)","author":"","date":"16 junio, 2018","format":false,"excerpt":"DESCRIPCI\u00d3N: EnRed@2.0 es una publicaci\u00f3n digital elaborada por el personal de la Junta de Andaluc\u00eda. Esta Revista\u00a0es un instrumento para la puesta en valor del conocimiento y experiencia adquiridos y desarrollados en el sector p\u00fablico andaluz. Por consiguiente, canaliza y difunde el esp\u00edritu creativo e innovador de las empleadas y\u2026","rel":"","context":"Entrada similar","block_context":{"text":"Entrada similar","link":""},"img":{"alt_text":"","src":"https:\/\/i0.wp.com\/ws168.juntadeandalucia.es\/iaap\/gestiondelconocimiento\/wp-content\/uploads\/sites\/10\/2018\/06\/img_1190.jpg?resize=350%2C200&ssl=1","width":350,"height":200,"srcset":"https:\/\/i0.wp.com\/ws168.juntadeandalucia.es\/iaap\/gestiondelconocimiento\/wp-content\/uploads\/sites\/10\/2018\/06\/img_1190.jpg?resize=350%2C200&ssl=1 1x, https:\/\/i0.wp.com\/ws168.juntadeandalucia.es\/iaap\/gestiondelconocimiento\/wp-content\/uploads\/sites\/10\/2018\/06\/img_1190.jpg?resize=525%2C300&ssl=1 1.5x"},"classes":[]},{"id":418,"url":"https:\/\/ws168.juntadeandalucia.es\/iaap\/gestiondelconocimiento\/embajadores-del-conocimiento\/","url_meta":{"origin":2046,"position":2},"title":"Programa Embajadores\/as del Conocimiento","author":"","date":"16 junio, 2018","format":false,"excerpt":"Embajadores del Conocimiento es un programa que inici\u00f3 su andadura en mayo de 2017 y del que forman parte un grupo de empleadas y empleados p\u00fablicos con clara vocaci\u00f3n de servicio p\u00fablico. Este naci\u00f3 con la idea de establecer una red de personas que colaborar\u00e1n, de manera totalmente desinteresada, con\u2026","rel":"","context":"Entrada similar","block_context":{"text":"Entrada similar","link":""},"img":{"alt_text":"","src":"https:\/\/i0.wp.com\/ws168.juntadeandalucia.es\/iaap\/gestiondelconocimiento\/wp-content\/uploads\/sites\/10\/2020\/01\/Embajadores-del-Conocimiento.-IAAP.-Junta-de-Andaluc%C3%ADa.jpg?resize=350%2C200&ssl=1","width":350,"height":200,"srcset":"https:\/\/i0.wp.com\/ws168.juntadeandalucia.es\/iaap\/gestiondelconocimiento\/wp-content\/uploads\/sites\/10\/2020\/01\/Embajadores-del-Conocimiento.-IAAP.-Junta-de-Andaluc%C3%ADa.jpg?resize=350%2C200&ssl=1 1x, https:\/\/i0.wp.com\/ws168.juntadeandalucia.es\/iaap\/gestiondelconocimiento\/wp-content\/uploads\/sites\/10\/2020\/01\/Embajadores-del-Conocimiento.-IAAP.-Junta-de-Andaluc%C3%ADa.jpg?resize=525%2C300&ssl=1 1.5x, https:\/\/i0.wp.com\/ws168.juntadeandalucia.es\/iaap\/gestiondelconocimiento\/wp-content\/uploads\/sites\/10\/2020\/01\/Embajadores-del-Conocimiento.-IAAP.-Junta-de-Andaluc%C3%ADa.jpg?resize=700%2C400&ssl=1 2x, https:\/\/i0.wp.com\/ws168.juntadeandalucia.es\/iaap\/gestiondelconocimiento\/wp-content\/uploads\/sites\/10\/2020\/01\/Embajadores-del-Conocimiento.-IAAP.-Junta-de-Andaluc%C3%ADa.jpg?resize=1050%2C600&ssl=1 3x, https:\/\/i0.wp.com\/ws168.juntadeandalucia.es\/iaap\/gestiondelconocimiento\/wp-content\/uploads\/sites\/10\/2020\/01\/Embajadores-del-Conocimiento.-IAAP.-Junta-de-Andaluc%C3%ADa.jpg?resize=1400%2C800&ssl=1 4x"},"classes":[]},{"id":201,"url":"https:\/\/ws168.juntadeandalucia.es\/iaap\/gestiondelconocimiento\/proyectos\/edicion-2017-2018\/gc01\/","url_meta":{"origin":2046,"position":3},"title":"GC01 &#8211; Cambio generacional (2017-18)","author":"","date":"16 junio, 2018","format":false,"excerpt":"Edici\u00f3n 2017-2018 DESCRIPCI\u00d3N: Este proyecto engloba la creaci\u00f3n de un metodolog\u00eda para la transferencia del conocimiento, destinado sobre todo a personas pr\u00f3ximas a la jubilaci\u00f3n. Para que pueda hacerse una adecuada gesti\u00f3n del conocimiento hacia el personal de nuevo ingreso. Sin embargo, esta metodolog\u00eda tambi\u00e9n puede adaptarse a situaciones de\u2026","rel":"","context":"Entrada similar","block_context":{"text":"Entrada similar","link":""},"img":{"alt_text":"","src":"https:\/\/i0.wp.com\/ws168.juntadeandalucia.es\/iaap\/gestiondelconocimiento\/wp-content\/uploads\/sites\/10\/2020\/01\/Cambio-Generacional.-GC01.-Embajadores-del-Conocimiento-IAAP.-Junta-de-Andaluc%C3%ADa.jpg?resize=350%2C200&ssl=1","width":350,"height":200,"srcset":"https:\/\/i0.wp.com\/ws168.juntadeandalucia.es\/iaap\/gestiondelconocimiento\/wp-content\/uploads\/sites\/10\/2020\/01\/Cambio-Generacional.-GC01.-Embajadores-del-Conocimiento-IAAP.-Junta-de-Andaluc%C3%ADa.jpg?resize=350%2C200&ssl=1 1x, https:\/\/i0.wp.com\/ws168.juntadeandalucia.es\/iaap\/gestiondelconocimiento\/wp-content\/uploads\/sites\/10\/2020\/01\/Cambio-Generacional.-GC01.-Embajadores-del-Conocimiento-IAAP.-Junta-de-Andaluc%C3%ADa.jpg?resize=525%2C300&ssl=1 1.5x, https:\/\/i0.wp.com\/ws168.juntadeandalucia.es\/iaap\/gestiondelconocimiento\/wp-content\/uploads\/sites\/10\/2020\/01\/Cambio-Generacional.-GC01.-Embajadores-del-Conocimiento-IAAP.-Junta-de-Andaluc%C3%ADa.jpg?resize=700%2C400&ssl=1 2x, https:\/\/i0.wp.com\/ws168.juntadeandalucia.es\/iaap\/gestiondelconocimiento\/wp-content\/uploads\/sites\/10\/2020\/01\/Cambio-Generacional.-GC01.-Embajadores-del-Conocimiento-IAAP.-Junta-de-Andaluc%C3%ADa.jpg?resize=1050%2C600&ssl=1 3x, https:\/\/i0.wp.com\/ws168.juntadeandalucia.es\/iaap\/gestiondelconocimiento\/wp-content\/uploads\/sites\/10\/2020\/01\/Cambio-Generacional.-GC01.-Embajadores-del-Conocimiento-IAAP.-Junta-de-Andaluc%C3%ADa.jpg?resize=1400%2C800&ssl=1 4x"},"classes":[]},{"id":4663,"url":"https:\/\/ws168.juntadeandalucia.es\/iaap\/gestiondelconocimiento\/edicion-2022\/revista-digital-enred2-0\/","url_meta":{"origin":2046,"position":4},"title":"Revista digital Enred@2.0","author":"","date":"25 febrero, 2023","format":false,"excerpt":"El Consejo Editorial de la revista en esta V edici\u00f3n del programa cont\u00f3 con ocho personas, de las cuales cuatro fueron nuevas en el equipo. Podr\u00edamos decir que la revista es un reflejo de la Junta, de lo que sabemos y lo que somos como empleados p\u00fablicos, si bien no\u2026","rel":"","context":"Entrada similar","block_context":{"text":"Entrada similar","link":""},"img":{"alt_text":"","src":"","width":0,"height":0},"classes":[]},{"id":2015,"url":"https:\/\/ws168.juntadeandalucia.es\/iaap\/gestiondelconocimiento\/proyectos\/edicion-2018-2019\/gc01-cambio-generacional\/","url_meta":{"origin":2046,"position":5},"title":"GC01 &#8211; Cambio generacional 2.0 (2018-19)","author":"beatrizsanchezgomez","date":"22 febrero, 2020","format":false,"excerpt":"Edici\u00f3n 2018-2019 DESCRIPCI\u00d3N: Este proyecto engloba la creaci\u00f3n de un metodolog\u00eda para la transferencia del conocimiento, destinado sobre todo a personas pr\u00f3ximas a la jubilaci\u00f3n. Para que pueda hacerse una adecuada gesti\u00f3n del conocimiento hacia el personal de nuevo ingreso. Sin embargo, esta metodolog\u00eda tambi\u00e9n puede adaptarse a situaciones de\u2026","rel":"","context":"Entrada similar","block_context":{"text":"Entrada similar","link":""},"img":{"alt_text":"","src":"","width":0,"height":0},"classes":[]}],"jetpack_likes_enabled":true,"_links":{"self":[{"href":"https:\/\/ws168.juntadeandalucia.es\/iaap\/gestiondelconocimiento\/wp-json\/wp\/v2\/pages\/2046","targetHints":{"allow":["GET"]}}],"collection":[{"href":"https:\/\/ws168.juntadeandalucia.es\/iaap\/gestiondelconocimiento\/wp-json\/wp\/v2\/pages"}],"about":[{"href":"https:\/\/ws168.juntadeandalucia.es\/iaap\/gestiondelconocimiento\/wp-json\/wp\/v2\/types\/page"}],"author":[{"embeddable":true,"href":"https:\/\/ws168.juntadeandalucia.es\/iaap\/gestiondelconocimiento\/wp-json\/wp\/v2\/users\/46"}],"replies":[{"embeddable":true,"href":"https:\/\/ws168.juntadeandalucia.es\/iaap\/gestiondelconocimiento\/wp-json\/wp\/v2\/comments?post=2046"}],"version-history":[{"count":15,"href":"https:\/\/ws168.juntadeandalucia.es\/iaap\/gestiondelconocimiento\/wp-json\/wp\/v2\/pages\/2046\/revisions"}],"predecessor-version":[{"id":3288,"href":"https:\/\/ws168.juntadeandalucia.es\/iaap\/gestiondelconocimiento\/wp-json\/wp\/v2\/pages\/2046\/revisions\/3288"}],"up":[{"embeddable":true,"href":"https:\/\/ws168.juntadeandalucia.es\/iaap\/gestiondelconocimiento\/wp-json\/wp\/v2\/pages\/2039"}],"wp:attachment":[{"href":"https:\/\/ws168.juntadeandalucia.es\/iaap\/gestiondelconocimiento\/wp-json\/wp\/v2\/media?parent=2046"}],"curies":[{"name":"wp","href":"https:\/\/api.w.org\/{rel}","templated":true}]}}