{"id":205,"date":"2018-06-16T08:24:58","date_gmt":"2018-06-16T08:24:58","guid":{"rendered":"https:\/\/ws168.juntadeandalucia.es\/iaap\/gestiondelconocimiento\/?page_id=205"},"modified":"2020-03-08T20:57:11","modified_gmt":"2020-03-08T20:57:11","slug":"gc03","status":"publish","type":"page","link":"https:\/\/ws168.juntadeandalucia.es\/iaap\/gestiondelconocimiento\/proyectos\/edicion-2017-2018\/gc03\/","title":{"rendered":"GC03 &#8211; Mejora de la Red Profesional (2017-18)"},"content":{"rendered":"<h4><img fetchpriority=\"high\" decoding=\"async\" data-attachment-id=\"460\" data-permalink=\"https:\/\/ws168.juntadeandalucia.es\/iaap\/gestiondelconocimiento\/proyectos\/edicion-2017-2018\/gc03\/gc03_logo\/\" data-orig-file=\"https:\/\/ws168.juntadeandalucia.es\/iaap\/gestiondelconocimiento\/wp-content\/uploads\/sites\/10\/2018\/06\/GC03_logo.png\" data-orig-size=\"304,197\" data-comments-opened=\"0\" data-image-meta=\"{&quot;aperture&quot;:&quot;0&quot;,&quot;credit&quot;:&quot;&quot;,&quot;camera&quot;:&quot;&quot;,&quot;caption&quot;:&quot;&quot;,&quot;created_timestamp&quot;:&quot;0&quot;,&quot;copyright&quot;:&quot;&quot;,&quot;focal_length&quot;:&quot;0&quot;,&quot;iso&quot;:&quot;0&quot;,&quot;shutter_speed&quot;:&quot;0&quot;,&quot;title&quot;:&quot;&quot;,&quot;orientation&quot;:&quot;0&quot;}\" data-image-title=\"GC03_logo\" data-image-description=\"\" data-image-caption=\"\" data-large-file=\"https:\/\/ws168.juntadeandalucia.es\/iaap\/gestiondelconocimiento\/wp-content\/uploads\/sites\/10\/2018\/06\/GC03_logo.png\" class=\"size-medium wp-image-460 aligncenter\" src=\"https:\/\/ws168.juntadeandalucia.es\/iaap\/gestiondelconocimiento\/wp-content\/uploads\/sites\/10\/2018\/06\/GC03_logo-300x194.png\" alt=\"\" width=\"300\" height=\"194\" srcset=\"https:\/\/ws168.juntadeandalucia.es\/iaap\/gestiondelconocimiento\/wp-content\/uploads\/sites\/10\/2018\/06\/GC03_logo-300x194.png 300w, https:\/\/ws168.juntadeandalucia.es\/iaap\/gestiondelconocimiento\/wp-content\/uploads\/sites\/10\/2018\/06\/GC03_logo-110x71.png 110w, https:\/\/ws168.juntadeandalucia.es\/iaap\/gestiondelconocimiento\/wp-content\/uploads\/sites\/10\/2018\/06\/GC03_logo.png 304w\" sizes=\"(max-width: 300px) 100vw, 300px\" \/><\/h4>\n<h4>DESCRIPCI\u00d3N<\/h4>\n<p>Este proyecto se concibe para definir las mejoras funcionales y extender el uso de manera intensiva de la Red Profesional (Red Social Corporativa de la Junta de Andalucia). Esta Red se configura como una potente herramienta de comunicaci\u00f3n sobre la que pivotar una nueva forma de trabajar, basada en el trabajo en red y en la cultura de compartir; elementos clave en la Gesti\u00f3n del Conocimiento en las grandes organizaciones.<\/p>\n<h4>OBJETIVOS<\/h4>\n<ul>\n<li>Mejorar funcionalmente la RSP, poniendo especial atenci\u00f3n en favorecer la creaci\u00f3n de redes de personas y en crear y fomentar, la cultura del compartir.<\/li>\n<li>Dise\u00f1o de campa\u00f1as de difusi\u00f3n y estrategias de implantaci\u00f3n de la Red Profesional.<\/li>\n<\/ul>\n<h4>ENLACES<\/h4>\n<ul>\n<li>Accede a <a href=\"https:\/\/redprofesional.juntadeandalucia.es\/\" target=\"_blank\" rel=\"noopener\">Red Profesional<\/a><\/li>\n<\/ul>\n<p><strong>ENTREGABLES<\/strong><\/p>\n<ul>\n<li><a href=\"https:\/\/drive.google.com\/open?id=1Jv_WonnftXjSm2u17jxQROjC4aJIXpVK\"><strong>Informe final y an\u00e1lisis del proyecto.<\/strong><\/a><\/li>\n<li>\u00c9chale un vistazo al <strong><a href=\"https:\/\/ws168.juntadeandalucia.es\/iaap\/gestiondelconocimiento\/wp-content\/uploads\/sites\/10\/2018\/06\/TRIPTICO_ENTREGABLE_INTERMEDIO_GC03_FEBRERO2018.pdf\" target=\"_blank\" rel=\"noopener\">tr\u00edptico informativo<\/a><\/strong><\/li>\n<\/ul>\n<p>&nbsp;<\/p>\n","protected":false},"excerpt":{"rendered":"<p>DESCRIPCI\u00d3N Este proyecto se concibe para definir las mejoras funcionales y extender el uso de manera intensiva de la Red Profesional (Red Social Corporativa de la Junta de Andalucia). Esta Red se configura como una potente herramienta de comunicaci\u00f3n sobre la que pivotar una nueva forma de trabajar, basada en el trabajo en red y [&hellip;]<\/p>\n","protected":false},"author":19,"featured_media":0,"parent":1998,"menu_order":3,"comment_status":"closed","ping_status":"closed","template":"","meta":{"jetpack_post_was_ever_published":false,"footnotes":""},"class_list":["post-205","page","type-page","status-publish","hentry"],"jetpack_sharing_enabled":true,"jetpack_shortlink":"https:\/\/wp.me\/P9W7Se-3j","jetpack-related-posts":[{"id":157,"url":"https:\/\/ws168.juntadeandalucia.es\/iaap\/gestiondelconocimiento\/proyectos\/","url_meta":{"origin":205,"position":0},"title":"Ediciones","author":"","date":"21 mayo, 2018","format":false,"excerpt":"Gesti\u00f3n del Conocimiento s\u00ed, pero, \u00bfpara qu\u00e9?En 2017 se inicia la andadura en la disciplina de Gesti\u00f3n del Conocimiento en el IAAP, fijando un marco de referencia de base en el que se identificaron una serie de retos y problemas en la Junta de Andaluc\u00eda, que pod\u00edan ser atendidos con\u2026","rel":"","context":"Entrada similar","block_context":{"text":"Entrada similar","link":""},"img":{"alt_text":"","src":"https:\/\/i0.wp.com\/ws168.juntadeandalucia.es\/iaap\/gestiondelconocimiento\/wp-content\/uploads\/sites\/10\/2020\/02\/human-3131802_1280-300x208.jpg?resize=350%2C200&ssl=1","width":350,"height":200},"classes":[]},{"id":420,"url":"https:\/\/ws168.juntadeandalucia.es\/iaap\/gestiondelconocimiento\/proyectos\/edicion-2017-2018\/gc03\/red-profesional\/","url_meta":{"origin":205,"position":1},"title":"Red Profesional","author":"","date":"16 junio, 2018","format":false,"excerpt":"Las redes sociales corporativas tienen como objetivo esencial conectar, a trav\u00e9s de las tecnolog\u00edas de la informaci\u00f3n y la comunicaci\u00f3n (TIC) a las personas en el entorno laboral, potenciando sus capacidades relacionales y de comunicaci\u00f3n para fomentar el intercambio de informaci\u00f3n, la conectividad y el trabajo colaborativo. La red social\u2026","rel":"","context":"Entrada similar","block_context":{"text":"Entrada similar","link":""},"img":{"alt_text":"","src":"https:\/\/i0.wp.com\/ws168.juntadeandalucia.es\/iaap\/gestiondelconocimiento\/wp-content\/uploads\/sites\/10\/2018\/06\/Inforgrafia-Red-Profesional-300x200.jpg?resize=350%2C200&ssl=1","width":350,"height":200},"classes":[]},{"id":7198,"url":"https:\/\/ws168.juntadeandalucia.es\/iaap\/gestiondelconocimiento\/encuentro-intergeneracional-en-el-area-de-contratacion-de-la-junta-de-andalucia\/","url_meta":{"origin":205,"position":2},"title":"Encuentro Intergeneracional en el \u00e1rea de Contrataci\u00f3n de la Junta de Andaluc\u00eda","author":"administrador","date":"14 octubre, 2025","format":false,"excerpt":"En 2025 se volvi\u00f3 a apostar por realizar un encuentro intergeneracional entre personal de un \u00e1rea de la administraci\u00f3n general de la Junta de Andaluc\u00eda.En esta ocasi\u00f3n la elegida fue el \u00c1rea de Contrataci\u00f3n, esencial en todas las Consejer\u00edas.El grupo encargado de organizar dicho encuentro estuvo formado por estas cinco\u2026","rel":"","context":"Entrada similar","block_context":{"text":"Entrada similar","link":""},"img":{"alt_text":"","src":"https:\/\/i0.wp.com\/ws168.juntadeandalucia.es\/iaap\/gestiondelconocimiento\/wp-content\/uploads\/sites\/10\/2025\/10\/2025-Ficha-equipo-Encuentros-Intergeneracionales-1536x1086.jpg?resize=350%2C200&ssl=1","width":350,"height":200,"srcset":"https:\/\/i0.wp.com\/ws168.juntadeandalucia.es\/iaap\/gestiondelconocimiento\/wp-content\/uploads\/sites\/10\/2025\/10\/2025-Ficha-equipo-Encuentros-Intergeneracionales-1536x1086.jpg?resize=350%2C200&ssl=1 1x, https:\/\/i0.wp.com\/ws168.juntadeandalucia.es\/iaap\/gestiondelconocimiento\/wp-content\/uploads\/sites\/10\/2025\/10\/2025-Ficha-equipo-Encuentros-Intergeneracionales-1536x1086.jpg?resize=525%2C300&ssl=1 1.5x"},"classes":[]},{"id":418,"url":"https:\/\/ws168.juntadeandalucia.es\/iaap\/gestiondelconocimiento\/embajadores-del-conocimiento\/","url_meta":{"origin":205,"position":3},"title":"Programa Embajadores\/as del Conocimiento","author":"","date":"16 junio, 2018","format":false,"excerpt":"Embajadores del Conocimiento es un programa que inici\u00f3 su andadura en mayo de 2017 y del que forman parte un grupo de empleadas y empleados p\u00fablicos con clara vocaci\u00f3n de servicio p\u00fablico. Este naci\u00f3 con la idea de establecer una red de personas que colaborar\u00e1n, de manera totalmente desinteresada, con\u2026","rel":"","context":"Entrada similar","block_context":{"text":"Entrada similar","link":""},"img":{"alt_text":"","src":"https:\/\/i0.wp.com\/ws168.juntadeandalucia.es\/iaap\/gestiondelconocimiento\/wp-content\/uploads\/sites\/10\/2020\/01\/Embajadores-del-Conocimiento.-IAAP.-Junta-de-Andaluc%C3%ADa.jpg?resize=350%2C200&ssl=1","width":350,"height":200,"srcset":"https:\/\/i0.wp.com\/ws168.juntadeandalucia.es\/iaap\/gestiondelconocimiento\/wp-content\/uploads\/sites\/10\/2020\/01\/Embajadores-del-Conocimiento.-IAAP.-Junta-de-Andaluc%C3%ADa.jpg?resize=350%2C200&ssl=1 1x, https:\/\/i0.wp.com\/ws168.juntadeandalucia.es\/iaap\/gestiondelconocimiento\/wp-content\/uploads\/sites\/10\/2020\/01\/Embajadores-del-Conocimiento.-IAAP.-Junta-de-Andaluc%C3%ADa.jpg?resize=525%2C300&ssl=1 1.5x, https:\/\/i0.wp.com\/ws168.juntadeandalucia.es\/iaap\/gestiondelconocimiento\/wp-content\/uploads\/sites\/10\/2020\/01\/Embajadores-del-Conocimiento.-IAAP.-Junta-de-Andaluc%C3%ADa.jpg?resize=700%2C400&ssl=1 2x, https:\/\/i0.wp.com\/ws168.juntadeandalucia.es\/iaap\/gestiondelconocimiento\/wp-content\/uploads\/sites\/10\/2020\/01\/Embajadores-del-Conocimiento.-IAAP.-Junta-de-Andaluc%C3%ADa.jpg?resize=1050%2C600&ssl=1 3x, https:\/\/i0.wp.com\/ws168.juntadeandalucia.es\/iaap\/gestiondelconocimiento\/wp-content\/uploads\/sites\/10\/2020\/01\/Embajadores-del-Conocimiento.-IAAP.-Junta-de-Andaluc%C3%ADa.jpg?resize=1400%2C800&ssl=1 4x"},"classes":[]},{"id":1020,"url":"https:\/\/ws168.juntadeandalucia.es\/iaap\/gestiondelconocimiento\/guia-abierta\/punto-2-tienes-un-proyecto-de-gestion-del-conocimiento-o-quieres-formar-parte-de-uno\/","url_meta":{"origin":205,"position":4},"title":"Punto 2. \u00bfTienes un proyecto de gesti\u00f3n del conocimiento o quieres formar parte de uno?","author":"","date":"13 agosto, 2019","format":false,"excerpt":"Ante un contexto complejo y cambiante como el que atravesamos, se necesita mucho m\u00e1s conocimiento para dise\u00f1ar procesos y servicios que hagan un uso inteligente de las TIC, que permita establecer nuevas formas de comunicaci\u00f3n y relaci\u00f3n con la ciudadan\u00eda a la que se ofrezca respuestas efectivas a sus principales\u2026","rel":"","context":"Entrada similar","block_context":{"text":"Entrada similar","link":""},"img":{"alt_text":"","src":"https:\/\/i0.wp.com\/ws168.juntadeandalucia.es\/iaap\/gestiondelconocimiento\/wp-content\/uploads\/sites\/10\/2019\/08\/smilie-495999_1920.jpg?resize=350%2C200&ssl=1","width":350,"height":200,"srcset":"https:\/\/i0.wp.com\/ws168.juntadeandalucia.es\/iaap\/gestiondelconocimiento\/wp-content\/uploads\/sites\/10\/2019\/08\/smilie-495999_1920.jpg?resize=350%2C200&ssl=1 1x, https:\/\/i0.wp.com\/ws168.juntadeandalucia.es\/iaap\/gestiondelconocimiento\/wp-content\/uploads\/sites\/10\/2019\/08\/smilie-495999_1920.jpg?resize=525%2C300&ssl=1 1.5x, https:\/\/i0.wp.com\/ws168.juntadeandalucia.es\/iaap\/gestiondelconocimiento\/wp-content\/uploads\/sites\/10\/2019\/08\/smilie-495999_1920.jpg?resize=700%2C400&ssl=1 2x, https:\/\/i0.wp.com\/ws168.juntadeandalucia.es\/iaap\/gestiondelconocimiento\/wp-content\/uploads\/sites\/10\/2019\/08\/smilie-495999_1920.jpg?resize=1050%2C600&ssl=1 3x, https:\/\/i0.wp.com\/ws168.juntadeandalucia.es\/iaap\/gestiondelconocimiento\/wp-content\/uploads\/sites\/10\/2019\/08\/smilie-495999_1920.jpg?resize=1400%2C800&ssl=1 4x"},"classes":[]},{"id":2018,"url":"https:\/\/ws168.juntadeandalucia.es\/iaap\/gestiondelconocimiento\/proyectos\/edicion-2018-2019\/gc02-revista-digital\/","url_meta":{"origin":205,"position":5},"title":"GC02 &#8211; Revista digital (2018-19)","author":"beatrizsanchezgomez","date":"22 febrero, 2020","format":false,"excerpt":"DESCRIPCI\u00d3N: EnRed@2.0 es una publicaci\u00f3n digital elaborada por el personal de la Junta de Andaluc\u00eda. Esta Revista\u00a0es un instrumento para la puesta en valor del conocimiento y experiencia adquiridos y desarrollados en el sector p\u00fablico andaluz. Por consiguiente, canaliza y difunde el esp\u00edritu creativo e innovador de las empleadas y\u2026","rel":"","context":"Entrada similar","block_context":{"text":"Entrada similar","link":""},"img":{"alt_text":"","src":"https:\/\/i0.wp.com\/ws168.juntadeandalucia.es\/iaap\/gestiondelconocimiento\/wp-content\/uploads\/sites\/10\/2018\/06\/GC02_logo.png?resize=350%2C200&ssl=1","width":350,"height":200,"srcset":"https:\/\/i0.wp.com\/ws168.juntadeandalucia.es\/iaap\/gestiondelconocimiento\/wp-content\/uploads\/sites\/10\/2018\/06\/GC02_logo.png?resize=350%2C200&ssl=1 1x, https:\/\/i0.wp.com\/ws168.juntadeandalucia.es\/iaap\/gestiondelconocimiento\/wp-content\/uploads\/sites\/10\/2018\/06\/GC02_logo.png?resize=525%2C300&ssl=1 1.5x"},"classes":[]}],"jetpack_likes_enabled":true,"_links":{"self":[{"href":"https:\/\/ws168.juntadeandalucia.es\/iaap\/gestiondelconocimiento\/wp-json\/wp\/v2\/pages\/205","targetHints":{"allow":["GET"]}}],"collection":[{"href":"https:\/\/ws168.juntadeandalucia.es\/iaap\/gestiondelconocimiento\/wp-json\/wp\/v2\/pages"}],"about":[{"href":"https:\/\/ws168.juntadeandalucia.es\/iaap\/gestiondelconocimiento\/wp-json\/wp\/v2\/types\/page"}],"author":[{"embeddable":true,"href":"https:\/\/ws168.juntadeandalucia.es\/iaap\/gestiondelconocimiento\/wp-json\/wp\/v2\/users\/19"}],"replies":[{"embeddable":true,"href":"https:\/\/ws168.juntadeandalucia.es\/iaap\/gestiondelconocimiento\/wp-json\/wp\/v2\/comments?post=205"}],"version-history":[{"count":9,"href":"https:\/\/ws168.juntadeandalucia.es\/iaap\/gestiondelconocimiento\/wp-json\/wp\/v2\/pages\/205\/revisions"}],"predecessor-version":[{"id":2199,"href":"https:\/\/ws168.juntadeandalucia.es\/iaap\/gestiondelconocimiento\/wp-json\/wp\/v2\/pages\/205\/revisions\/2199"}],"up":[{"embeddable":true,"href":"https:\/\/ws168.juntadeandalucia.es\/iaap\/gestiondelconocimiento\/wp-json\/wp\/v2\/pages\/1998"}],"wp:attachment":[{"href":"https:\/\/ws168.juntadeandalucia.es\/iaap\/gestiondelconocimiento\/wp-json\/wp\/v2\/media?parent=205"}],"curies":[{"name":"wp","href":"https:\/\/api.w.org\/{rel}","templated":true}]}}