{"id":209,"date":"2018-06-16T08:26:10","date_gmt":"2018-06-16T08:26:10","guid":{"rendered":"https:\/\/ws168.juntadeandalucia.es\/iaap\/gestiondelconocimiento\/?page_id=209"},"modified":"2020-03-08T20:59:18","modified_gmt":"2020-03-08T20:59:18","slug":"gc05","status":"publish","type":"page","link":"https:\/\/ws168.juntadeandalucia.es\/iaap\/gestiondelconocimiento\/proyectos\/edicion-2017-2018\/gc05\/","title":{"rendered":"GC05 &#8211; \u00bfQui\u00e9n es qui\u00e9n? (2017-18)"},"content":{"rendered":"<p><img fetchpriority=\"high\" decoding=\"async\" data-attachment-id=\"477\" data-permalink=\"https:\/\/ws168.juntadeandalucia.es\/iaap\/gestiondelconocimiento\/proyectos\/edicion-2017-2018\/gc05\/gc05_logo\/\" data-orig-file=\"https:\/\/ws168.juntadeandalucia.es\/iaap\/gestiondelconocimiento\/wp-content\/uploads\/sites\/10\/2018\/06\/GC05_logo.png\" data-orig-size=\"425,325\" data-comments-opened=\"0\" data-image-meta=\"{&quot;aperture&quot;:&quot;0&quot;,&quot;credit&quot;:&quot;&quot;,&quot;camera&quot;:&quot;&quot;,&quot;caption&quot;:&quot;&quot;,&quot;created_timestamp&quot;:&quot;0&quot;,&quot;copyright&quot;:&quot;&quot;,&quot;focal_length&quot;:&quot;0&quot;,&quot;iso&quot;:&quot;0&quot;,&quot;shutter_speed&quot;:&quot;0&quot;,&quot;title&quot;:&quot;&quot;,&quot;orientation&quot;:&quot;0&quot;}\" data-image-title=\"GC05_logo\" data-image-description=\"\" data-image-caption=\"\" data-large-file=\"https:\/\/ws168.juntadeandalucia.es\/iaap\/gestiondelconocimiento\/wp-content\/uploads\/sites\/10\/2018\/06\/GC05_logo.png\" class=\"size-medium wp-image-477 aligncenter\" src=\"https:\/\/ws168.juntadeandalucia.es\/iaap\/gestiondelconocimiento\/wp-content\/uploads\/sites\/10\/2018\/06\/GC05_logo-300x229.png\" alt=\"\" width=\"300\" height=\"229\" srcset=\"https:\/\/ws168.juntadeandalucia.es\/iaap\/gestiondelconocimiento\/wp-content\/uploads\/sites\/10\/2018\/06\/GC05_logo-300x229.png 300w, https:\/\/ws168.juntadeandalucia.es\/iaap\/gestiondelconocimiento\/wp-content\/uploads\/sites\/10\/2018\/06\/GC05_logo-110x84.png 110w, https:\/\/ws168.juntadeandalucia.es\/iaap\/gestiondelconocimiento\/wp-content\/uploads\/sites\/10\/2018\/06\/GC05_logo-420x321.png 420w, https:\/\/ws168.juntadeandalucia.es\/iaap\/gestiondelconocimiento\/wp-content\/uploads\/sites\/10\/2018\/06\/GC05_logo.png 425w\" sizes=\"(max-width: 300px) 100vw, 300px\" \/><\/p>\n<h4>DESCRIPCI\u00d3N<\/h4>\n<p><span style=\"font-size: 12pt\">Proyecto que surge de la necesidad de localizar experiencia y conocimiento entre el personal de la administraci\u00f3n p\u00fablica. Se estudia una metodolog\u00eda aplicada a la identificaci\u00f3n de personas en la Red Profesional, que resuelvan necesidades profesionales a trav\u00e9s de sus conocimientos, habilidades y aptitudes. <span style=\"color: #993366\">\u00bfNo te ha pasado que necesitas localizar a un compa\u00f1ero o compa\u00f1era y no hay manera?<\/span><\/span><\/p>\n<h4>OBJETIVOS<\/h4>\n<ul>\n<li><span style=\"font-size: 12pt\">V\u00eda demanda: \u00bfc\u00f3mo buscar y\/o encontrar? Para identificar personas que resuelvan necesidades profesionales a trav\u00e9s de conocimientos, habilidades y actitudes.<\/span><\/li>\n<li><span style=\"font-size: 12pt\">V\u00eda oferta: \u00bfc\u00f3mo ofrecerme o obligar a mostrarme?<\/span><\/li>\n<li><span style=\"font-size: 12pt\">V\u00eda Celestino Digital: a iniciativa de la propia herramienta.<\/span><\/li>\n<li><span style=\"font-size: 12pt\">Aumentar la capacidad de relaciones internas dentro de la Admistraci\u00f3n P\u00fablica, pasando de una organizaci\u00f3n atomizada con muchas personas, a una organizaci\u00f3n relacionada.<\/span><\/li>\n<li><span style=\"font-size: 12pt\">Reconocer-valorar el capital humano (acad\u00e9mico, no acad\u00e9mico, oculto).<\/span><\/li>\n<li><span style=\"font-size: 12pt\">Acelerar los procesos administrativos gracias a contar con las personas adecuadas en el momento adecuado para fines concretos.<\/span><\/li>\n<li><span style=\"font-size: 12pt\">Crear una organizaci\u00f3n m\u00e1s saludable: pasar de tener profesionales a tener personas con capacidades (cuidando el valor humano).<\/span><\/li>\n<\/ul>\n<h4>ANTECEDENTES<\/h4>\n<ul>\n<li><span style=\"font-size: 12pt\">Hackeando las instituciones desde dentro: <a href=\"https:\/\/ws168.juntadeandalucia.es\/iaap\/gestiondelconocimiento\/wp-content\/uploads\/sites\/10\/2018\/06\/Informehackcamp.pdf\" target=\"_blank\" rel=\"noopener\">Informe Hackcamp<\/a>.<\/span><\/li>\n<\/ul>\n<h4>ENTREGABLES<\/h4>\n<ul>\n<li><span style=\"font-size: 12pt\"><a href=\"https:\/\/drive.google.com\/open?id=10vm-I66E23JV1qIvEZkX5RBK3WKGde0G\" target=\"_blank\" rel=\"noopener\"><strong>Informe final y an\u00e1lisis del proyecto.<\/strong><\/a><\/span><\/li>\n<\/ul>\n","protected":false},"excerpt":{"rendered":"<p>DESCRIPCI\u00d3N Proyecto que surge de la necesidad de localizar experiencia y conocimiento entre el personal de la administraci\u00f3n p\u00fablica. Se estudia una metodolog\u00eda aplicada a la identificaci\u00f3n de personas en la Red Profesional, que resuelvan necesidades profesionales a trav\u00e9s de sus conocimientos, habilidades y aptitudes. \u00bfNo te ha pasado que necesitas localizar a un compa\u00f1ero [&hellip;]<\/p>\n","protected":false},"author":19,"featured_media":1801,"parent":1998,"menu_order":5,"comment_status":"closed","ping_status":"closed","template":"","meta":{"jetpack_post_was_ever_published":false,"footnotes":""},"class_list":["post-209","page","type-page","status-publish","has-post-thumbnail","hentry"],"jetpack_sharing_enabled":true,"jetpack_shortlink":"https:\/\/wp.me\/P9W7Se-3n","jetpack-related-posts":[{"id":6153,"url":"https:\/\/ws168.juntadeandalucia.es\/iaap\/gestiondelconocimiento\/edicion-2024\/elaboracion-de-mapas-de-conocimiento-critico-2024\/","url_meta":{"origin":209,"position":0},"title":"Elaboraci\u00f3n de Mapas de Conocimiento Cr\u00edtico 2024","author":"administrador","date":"17 octubre, 2024","format":false,"excerpt":"Una edici\u00f3n m\u00e1s, el proyecto de Elaboraci\u00f3n de mapas de conocimiento cr\u00edtico ha intentado localizar a las personas que poseen las capacidades y habilidades necesarias para hacer frente a una tarea concreta y poner en valor y a disposici\u00f3n de todo aquel que lo necesite su conocimiento.En 2024, el grupo\u2026","rel":"","context":"Entrada similar","block_context":{"text":"Entrada similar","link":""},"img":{"alt_text":"","src":"https:\/\/i0.wp.com\/ws168.juntadeandalucia.es\/iaap\/gestiondelconocimiento\/wp-content\/uploads\/sites\/10\/2024\/10\/Ficha-equipo-Mapas-Embajadores24-1536x1086.jpg?resize=350%2C200&ssl=1","width":350,"height":200,"srcset":"https:\/\/i0.wp.com\/ws168.juntadeandalucia.es\/iaap\/gestiondelconocimiento\/wp-content\/uploads\/sites\/10\/2024\/10\/Ficha-equipo-Mapas-Embajadores24-1536x1086.jpg?resize=350%2C200&ssl=1 1x, https:\/\/i0.wp.com\/ws168.juntadeandalucia.es\/iaap\/gestiondelconocimiento\/wp-content\/uploads\/sites\/10\/2024\/10\/Ficha-equipo-Mapas-Embajadores24-1536x1086.jpg?resize=525%2C300&ssl=1 1.5x"},"classes":[]},{"id":418,"url":"https:\/\/ws168.juntadeandalucia.es\/iaap\/gestiondelconocimiento\/embajadores-del-conocimiento\/","url_meta":{"origin":209,"position":1},"title":"Programa Embajadores\/as del Conocimiento","author":"","date":"16 junio, 2018","format":false,"excerpt":"Embajadores del Conocimiento es un programa que inici\u00f3 su andadura en mayo de 2017 y del que forman parte un grupo de empleadas y empleados p\u00fablicos con clara vocaci\u00f3n de servicio p\u00fablico. Este naci\u00f3 con la idea de establecer una red de personas que colaborar\u00e1n, de manera totalmente desinteresada, con\u2026","rel":"","context":"Entrada similar","block_context":{"text":"Entrada similar","link":""},"img":{"alt_text":"","src":"https:\/\/i0.wp.com\/ws168.juntadeandalucia.es\/iaap\/gestiondelconocimiento\/wp-content\/uploads\/sites\/10\/2020\/01\/Embajadores-del-Conocimiento.-IAAP.-Junta-de-Andaluc%C3%ADa.jpg?resize=350%2C200&ssl=1","width":350,"height":200,"srcset":"https:\/\/i0.wp.com\/ws168.juntadeandalucia.es\/iaap\/gestiondelconocimiento\/wp-content\/uploads\/sites\/10\/2020\/01\/Embajadores-del-Conocimiento.-IAAP.-Junta-de-Andaluc%C3%ADa.jpg?resize=350%2C200&ssl=1 1x, https:\/\/i0.wp.com\/ws168.juntadeandalucia.es\/iaap\/gestiondelconocimiento\/wp-content\/uploads\/sites\/10\/2020\/01\/Embajadores-del-Conocimiento.-IAAP.-Junta-de-Andaluc%C3%ADa.jpg?resize=525%2C300&ssl=1 1.5x, https:\/\/i0.wp.com\/ws168.juntadeandalucia.es\/iaap\/gestiondelconocimiento\/wp-content\/uploads\/sites\/10\/2020\/01\/Embajadores-del-Conocimiento.-IAAP.-Junta-de-Andaluc%C3%ADa.jpg?resize=700%2C400&ssl=1 2x, https:\/\/i0.wp.com\/ws168.juntadeandalucia.es\/iaap\/gestiondelconocimiento\/wp-content\/uploads\/sites\/10\/2020\/01\/Embajadores-del-Conocimiento.-IAAP.-Junta-de-Andaluc%C3%ADa.jpg?resize=1050%2C600&ssl=1 3x, https:\/\/i0.wp.com\/ws168.juntadeandalucia.es\/iaap\/gestiondelconocimiento\/wp-content\/uploads\/sites\/10\/2020\/01\/Embajadores-del-Conocimiento.-IAAP.-Junta-de-Andaluc%C3%ADa.jpg?resize=1400%2C800&ssl=1 4x"},"classes":[]},{"id":157,"url":"https:\/\/ws168.juntadeandalucia.es\/iaap\/gestiondelconocimiento\/proyectos\/","url_meta":{"origin":209,"position":2},"title":"Ediciones","author":"","date":"21 mayo, 2018","format":false,"excerpt":"Gesti\u00f3n del Conocimiento s\u00ed, pero, \u00bfpara qu\u00e9?En 2017 se inicia la andadura en la disciplina de Gesti\u00f3n del Conocimiento en el IAAP, fijando un marco de referencia de base en el que se identificaron una serie de retos y problemas en la Junta de Andaluc\u00eda, que pod\u00edan ser atendidos con\u2026","rel":"","context":"Entrada similar","block_context":{"text":"Entrada similar","link":""},"img":{"alt_text":"","src":"https:\/\/i0.wp.com\/ws168.juntadeandalucia.es\/iaap\/gestiondelconocimiento\/wp-content\/uploads\/sites\/10\/2020\/02\/human-3131802_1280-300x208.jpg?resize=350%2C200&ssl=1","width":350,"height":200},"classes":[]},{"id":944,"url":"https:\/\/ws168.juntadeandalucia.es\/iaap\/gestiondelconocimiento\/guia-abierta\/punto-5-dificultades-habituales\/","url_meta":{"origin":209,"position":3},"title":"Punto 5. Dificultades habituales","author":"","date":"21 mayo, 2019","format":false,"excerpt":"Motivaci\u00f3n y compromisoComo ya hemos dejado entrever en el punto anterior, uno de los principales retos que tendr\u00e1s que afrontar si te embarcas en un proyecto de Gesti\u00f3n del Conocimiento es mantener a qui\u00e9nes participan en ellos \u201cenganchad@s\u201d desde el principio hasta el final. Si buscas qu\u00e9 significa motivaci\u00f3n en\u2026","rel":"","context":"Entrada similar","block_context":{"text":"Entrada similar","link":""},"img":{"alt_text":"","src":"https:\/\/i0.wp.com\/ws168.juntadeandalucia.es\/iaap\/gestiondelconocimiento\/wp-content\/uploads\/sites\/10\/2019\/08\/together-2643652_1920.jpg?resize=350%2C200&ssl=1","width":350,"height":200,"srcset":"https:\/\/i0.wp.com\/ws168.juntadeandalucia.es\/iaap\/gestiondelconocimiento\/wp-content\/uploads\/sites\/10\/2019\/08\/together-2643652_1920.jpg?resize=350%2C200&ssl=1 1x, https:\/\/i0.wp.com\/ws168.juntadeandalucia.es\/iaap\/gestiondelconocimiento\/wp-content\/uploads\/sites\/10\/2019\/08\/together-2643652_1920.jpg?resize=525%2C300&ssl=1 1.5x, https:\/\/i0.wp.com\/ws168.juntadeandalucia.es\/iaap\/gestiondelconocimiento\/wp-content\/uploads\/sites\/10\/2019\/08\/together-2643652_1920.jpg?resize=700%2C400&ssl=1 2x, https:\/\/i0.wp.com\/ws168.juntadeandalucia.es\/iaap\/gestiondelconocimiento\/wp-content\/uploads\/sites\/10\/2019\/08\/together-2643652_1920.jpg?resize=1050%2C600&ssl=1 3x, https:\/\/i0.wp.com\/ws168.juntadeandalucia.es\/iaap\/gestiondelconocimiento\/wp-content\/uploads\/sites\/10\/2019\/08\/together-2643652_1920.jpg?resize=1400%2C800&ssl=1 4x"},"classes":[]},{"id":1020,"url":"https:\/\/ws168.juntadeandalucia.es\/iaap\/gestiondelconocimiento\/guia-abierta\/punto-2-tienes-un-proyecto-de-gestion-del-conocimiento-o-quieres-formar-parte-de-uno\/","url_meta":{"origin":209,"position":4},"title":"Punto 2. \u00bfTienes un proyecto de gesti\u00f3n del conocimiento o quieres formar parte de uno?","author":"","date":"13 agosto, 2019","format":false,"excerpt":"Ante un contexto complejo y cambiante como el que atravesamos, se necesita mucho m\u00e1s conocimiento para dise\u00f1ar procesos y servicios que hagan un uso inteligente de las TIC, que permita establecer nuevas formas de comunicaci\u00f3n y relaci\u00f3n con la ciudadan\u00eda a la que se ofrezca respuestas efectivas a sus principales\u2026","rel":"","context":"Entrada similar","block_context":{"text":"Entrada similar","link":""},"img":{"alt_text":"","src":"https:\/\/i0.wp.com\/ws168.juntadeandalucia.es\/iaap\/gestiondelconocimiento\/wp-content\/uploads\/sites\/10\/2019\/08\/smilie-495999_1920.jpg?resize=350%2C200&ssl=1","width":350,"height":200,"srcset":"https:\/\/i0.wp.com\/ws168.juntadeandalucia.es\/iaap\/gestiondelconocimiento\/wp-content\/uploads\/sites\/10\/2019\/08\/smilie-495999_1920.jpg?resize=350%2C200&ssl=1 1x, https:\/\/i0.wp.com\/ws168.juntadeandalucia.es\/iaap\/gestiondelconocimiento\/wp-content\/uploads\/sites\/10\/2019\/08\/smilie-495999_1920.jpg?resize=525%2C300&ssl=1 1.5x, https:\/\/i0.wp.com\/ws168.juntadeandalucia.es\/iaap\/gestiondelconocimiento\/wp-content\/uploads\/sites\/10\/2019\/08\/smilie-495999_1920.jpg?resize=700%2C400&ssl=1 2x, https:\/\/i0.wp.com\/ws168.juntadeandalucia.es\/iaap\/gestiondelconocimiento\/wp-content\/uploads\/sites\/10\/2019\/08\/smilie-495999_1920.jpg?resize=1050%2C600&ssl=1 3x, https:\/\/i0.wp.com\/ws168.juntadeandalucia.es\/iaap\/gestiondelconocimiento\/wp-content\/uploads\/sites\/10\/2019\/08\/smilie-495999_1920.jpg?resize=1400%2C800&ssl=1 4x"},"classes":[]},{"id":4663,"url":"https:\/\/ws168.juntadeandalucia.es\/iaap\/gestiondelconocimiento\/edicion-2022\/revista-digital-enred2-0\/","url_meta":{"origin":209,"position":5},"title":"Revista digital Enred@2.0","author":"","date":"25 febrero, 2023","format":false,"excerpt":"El Consejo Editorial de la revista en esta V edici\u00f3n del programa cont\u00f3 con ocho personas, de las cuales cuatro fueron nuevas en el equipo. Podr\u00edamos decir que la revista es un reflejo de la Junta, de lo que sabemos y lo que somos como empleados p\u00fablicos, si bien no\u2026","rel":"","context":"Entrada similar","block_context":{"text":"Entrada similar","link":""},"img":{"alt_text":"","src":"","width":0,"height":0},"classes":[]}],"jetpack_likes_enabled":true,"_links":{"self":[{"href":"https:\/\/ws168.juntadeandalucia.es\/iaap\/gestiondelconocimiento\/wp-json\/wp\/v2\/pages\/209","targetHints":{"allow":["GET"]}}],"collection":[{"href":"https:\/\/ws168.juntadeandalucia.es\/iaap\/gestiondelconocimiento\/wp-json\/wp\/v2\/pages"}],"about":[{"href":"https:\/\/ws168.juntadeandalucia.es\/iaap\/gestiondelconocimiento\/wp-json\/wp\/v2\/types\/page"}],"author":[{"embeddable":true,"href":"https:\/\/ws168.juntadeandalucia.es\/iaap\/gestiondelconocimiento\/wp-json\/wp\/v2\/users\/19"}],"replies":[{"embeddable":true,"href":"https:\/\/ws168.juntadeandalucia.es\/iaap\/gestiondelconocimiento\/wp-json\/wp\/v2\/comments?post=209"}],"version-history":[{"count":12,"href":"https:\/\/ws168.juntadeandalucia.es\/iaap\/gestiondelconocimiento\/wp-json\/wp\/v2\/pages\/209\/revisions"}],"predecessor-version":[{"id":2201,"href":"https:\/\/ws168.juntadeandalucia.es\/iaap\/gestiondelconocimiento\/wp-json\/wp\/v2\/pages\/209\/revisions\/2201"}],"up":[{"embeddable":true,"href":"https:\/\/ws168.juntadeandalucia.es\/iaap\/gestiondelconocimiento\/wp-json\/wp\/v2\/pages\/1998"}],"wp:featuredmedia":[{"embeddable":true,"href":"https:\/\/ws168.juntadeandalucia.es\/iaap\/gestiondelconocimiento\/wp-json\/wp\/v2\/media\/1801"}],"wp:attachment":[{"href":"https:\/\/ws168.juntadeandalucia.es\/iaap\/gestiondelconocimiento\/wp-json\/wp\/v2\/media?parent=209"}],"curies":[{"name":"wp","href":"https:\/\/api.w.org\/{rel}","templated":true}]}}