{"id":3215,"date":"2021-01-11T15:58:39","date_gmt":"2021-01-11T15:58:39","guid":{"rendered":"https:\/\/ws168.juntadeandalucia.es\/iaap\/gestiondelconocimiento\/?page_id=3215"},"modified":"2021-01-11T18:38:20","modified_gmt":"2021-01-11T18:38:20","slug":"entregables-proyecto-encuentros-intergeneracionales","status":"publish","type":"page","link":"https:\/\/ws168.juntadeandalucia.es\/iaap\/gestiondelconocimiento\/proyectos\/edicion-2019-2020-edicion-2019-2020\/gc11-encuentros-intergeneracionales\/entregables-proyecto-encuentros-intergeneracionales\/","title":{"rendered":"Entregables Proyecto Encuentros Intergeneracionales"},"content":{"rendered":"\t\t<div data-elementor-type=\"wp-page\" data-elementor-id=\"3215\" class=\"elementor elementor-3215\">\n\t\t\t\t\t\t<section class=\"elementor-section elementor-top-section elementor-element elementor-element-64053f52 elementor-section-boxed elementor-section-height-default elementor-section-height-default\" data-id=\"64053f52\" data-element_type=\"section\" data-e-type=\"section\">\n\t\t\t\t\t\t<div class=\"elementor-container elementor-column-gap-default\">\n\t\t\t\t\t<div class=\"elementor-column elementor-col-100 elementor-top-column elementor-element elementor-element-7d5d6be5\" data-id=\"7d5d6be5\" data-element_type=\"column\" data-e-type=\"column\">\n\t\t\t<div class=\"elementor-widget-wrap elementor-element-populated\">\n\t\t\t\t\t\t<div class=\"elementor-element elementor-element-6a5be829 elementor-widget elementor-widget-text-editor\" data-id=\"6a5be829\" data-element_type=\"widget\" data-e-type=\"widget\" data-widget_type=\"text-editor.default\">\n\t\t\t\t<div class=\"elementor-widget-container\">\n\t\t\t\t\t\t\t\t\t<h2>Encuentros Intergeneracionales (edici\u00f3n 2019-2020)<\/h2>\n<p>Este grupo, a lo largo del desarrollo del proyecto, ha generado diversos entregables. Toda la documentaci\u00f3n elaborada supone un aporte de valor y un contenidos muy \u00fatil para toda la Comunidad Educativa. Las gu\u00edas y la infograf\u00eda est\u00e1n principalmente dirigidas al grupo de profesionales que forman el colectivo de m\u00e9dicos escolares. En&nbsp; ellos se ha centrado el II Encuentro Intergeneracional celebrado en la Junta de Andaluc\u00eda.<\/p>\n<p>Los profesionales de la medicina escolar se encuadran en los equipos de orientaci\u00f3n educativa. Se trata de un colectivo muy reducido de profesionales cuyo relevo generacional requiere de una adecuada planificaci\u00f3n.<\/p>\t\t\t\t\t\t\t\t<\/div>\n\t\t\t\t<\/div>\n\t\t\t\t\t<\/div>\n\t\t<\/div>\n\t\t\t\t\t<\/div>\n\t\t<\/section>\n\t\t\t\t<section class=\"elementor-section elementor-top-section elementor-element elementor-element-102aa2c elementor-section-boxed elementor-section-height-default elementor-section-height-default\" data-id=\"102aa2c\" data-element_type=\"section\" data-e-type=\"section\">\n\t\t\t\t\t\t<div class=\"elementor-container elementor-column-gap-default\">\n\t\t\t\t\t<div class=\"elementor-column elementor-col-100 elementor-top-column elementor-element elementor-element-effe08a\" data-id=\"effe08a\" data-element_type=\"column\" data-e-type=\"column\">\n\t\t\t<div class=\"elementor-widget-wrap elementor-element-populated\">\n\t\t\t\t\t\t<div class=\"elementor-element elementor-element-31d32f9 elementor-widget elementor-widget-heading\" data-id=\"31d32f9\" data-element_type=\"widget\" data-e-type=\"widget\" data-widget_type=\"heading.default\">\n\t\t\t\t<div class=\"elementor-widget-container\">\n\t\t\t\t\t<h2 class=\"elementor-heading-title elementor-size-default\">Documentaci\u00f3n del proyecto \"Encuentros Intergeneracionales\"<\/h2>\t\t\t\t<\/div>\n\t\t\t\t<\/div>\n\t\t\t\t\t<\/div>\n\t\t<\/div>\n\t\t\t\t\t<\/div>\n\t\t<\/section>\n\t\t\t\t<section class=\"elementor-section elementor-top-section elementor-element elementor-element-155e979 elementor-section-boxed elementor-section-height-default elementor-section-height-default\" data-id=\"155e979\" data-element_type=\"section\" data-e-type=\"section\">\n\t\t\t\t\t\t<div class=\"elementor-container elementor-column-gap-default\">\n\t\t\t\t\t\t<\/div>\n\t\t<\/section>\n\t\t\t\t<section class=\"elementor-section elementor-top-section elementor-element elementor-element-6c1ff0d elementor-section-boxed elementor-section-height-default elementor-section-height-default\" data-id=\"6c1ff0d\" data-element_type=\"section\" data-e-type=\"section\">\n\t\t\t\t\t\t<div class=\"elementor-container elementor-column-gap-default\">\n\t\t\t\t\t<div class=\"elementor-column elementor-col-50 elementor-top-column elementor-element elementor-element-c5e3a89\" data-id=\"c5e3a89\" data-element_type=\"column\" data-e-type=\"column\">\n\t\t\t<div class=\"elementor-widget-wrap elementor-element-populated\">\n\t\t\t\t\t\t<div class=\"elementor-element elementor-element-c70157a elementor-widget elementor-widget-image\" data-id=\"c70157a\" data-element_type=\"widget\" data-e-type=\"widget\" data-widget_type=\"image.default\">\n\t\t\t\t<div class=\"elementor-widget-container\">\n\t\t\t\t\t\t\t\t\t\t\t\t\t\t\t\t<a href=\"https:\/\/ws168.juntadeandalucia.es\/iaap\/gestiondelconocimiento\/wp-content\/uploads\/sites\/10\/2021\/01\/2020.09.30-Cosecha_Para_WEB_Encuentro-intergeneracional-Cosecha.pdf\" target=\"_blank\">\n\t\t\t\t\t\t\t<img fetchpriority=\"high\" decoding=\"async\" data-attachment-id=\"3225\" data-permalink=\"https:\/\/ws168.juntadeandalucia.es\/iaap\/gestiondelconocimiento\/proyectos\/edicion-2019-2020-edicion-2019-2020\/gc11-encuentros-intergeneracionales\/entregables-proyecto-encuentros-intergeneracionales\/ii-encuentro-intergeneracional\/\" data-orig-file=\"https:\/\/ws168.juntadeandalucia.es\/iaap\/gestiondelconocimiento\/wp-content\/uploads\/sites\/10\/2021\/01\/II-Encuentro-Intergeneracional.jpg\" data-orig-size=\"856,853\" data-comments-opened=\"0\" data-image-meta=\"{&quot;aperture&quot;:&quot;0&quot;,&quot;credit&quot;:&quot;&quot;,&quot;camera&quot;:&quot;&quot;,&quot;caption&quot;:&quot;&quot;,&quot;created_timestamp&quot;:&quot;0&quot;,&quot;copyright&quot;:&quot;&quot;,&quot;focal_length&quot;:&quot;0&quot;,&quot;iso&quot;:&quot;0&quot;,&quot;shutter_speed&quot;:&quot;0&quot;,&quot;title&quot;:&quot;&quot;,&quot;orientation&quot;:&quot;0&quot;}\" data-image-title=\"II Encuentro Intergeneracional\" data-image-description=\"\" data-image-caption=\"&lt;p&gt;III Encuentro Intergeneracional en la Junta de Andaluc\u00eda&lt;\/p&gt;\n\" data-large-file=\"https:\/\/ws168.juntadeandalucia.es\/iaap\/gestiondelconocimiento\/wp-content\/uploads\/sites\/10\/2021\/01\/II-Encuentro-Intergeneracional.jpg\" width=\"640\" height=\"638\" src=\"https:\/\/ws168.juntadeandalucia.es\/iaap\/gestiondelconocimiento\/wp-content\/uploads\/sites\/10\/2021\/01\/II-Encuentro-Intergeneracional.jpg\" class=\"attachment-large size-large wp-image-3225\" alt=\"\" srcset=\"https:\/\/ws168.juntadeandalucia.es\/iaap\/gestiondelconocimiento\/wp-content\/uploads\/sites\/10\/2021\/01\/II-Encuentro-Intergeneracional.jpg 856w, https:\/\/ws168.juntadeandalucia.es\/iaap\/gestiondelconocimiento\/wp-content\/uploads\/sites\/10\/2021\/01\/II-Encuentro-Intergeneracional-300x300.jpg 300w, https:\/\/ws168.juntadeandalucia.es\/iaap\/gestiondelconocimiento\/wp-content\/uploads\/sites\/10\/2021\/01\/II-Encuentro-Intergeneracional-150x150.jpg 150w, https:\/\/ws168.juntadeandalucia.es\/iaap\/gestiondelconocimiento\/wp-content\/uploads\/sites\/10\/2021\/01\/II-Encuentro-Intergeneracional-768x765.jpg 768w, https:\/\/ws168.juntadeandalucia.es\/iaap\/gestiondelconocimiento\/wp-content\/uploads\/sites\/10\/2021\/01\/II-Encuentro-Intergeneracional-600x598.jpg 600w\" sizes=\"(max-width: 640px) 100vw, 640px\" data-attachment-id=\"3225\" data-permalink=\"https:\/\/ws168.juntadeandalucia.es\/iaap\/gestiondelconocimiento\/proyectos\/edicion-2019-2020-edicion-2019-2020\/gc11-encuentros-intergeneracionales\/entregables-proyecto-encuentros-intergeneracionales\/ii-encuentro-intergeneracional\/\" data-orig-file=\"https:\/\/ws168.juntadeandalucia.es\/iaap\/gestiondelconocimiento\/wp-content\/uploads\/sites\/10\/2021\/01\/II-Encuentro-Intergeneracional.jpg\" data-orig-size=\"856,853\" data-comments-opened=\"0\" data-image-meta=\"{&quot;aperture&quot;:&quot;0&quot;,&quot;credit&quot;:&quot;&quot;,&quot;camera&quot;:&quot;&quot;,&quot;caption&quot;:&quot;&quot;,&quot;created_timestamp&quot;:&quot;0&quot;,&quot;copyright&quot;:&quot;&quot;,&quot;focal_length&quot;:&quot;0&quot;,&quot;iso&quot;:&quot;0&quot;,&quot;shutter_speed&quot;:&quot;0&quot;,&quot;title&quot;:&quot;&quot;,&quot;orientation&quot;:&quot;0&quot;}\" data-image-title=\"II Encuentro Intergeneracional\" data-image-description=\"\" data-image-caption=\"&lt;p&gt;III Encuentro Intergeneracional en la Junta de Andaluc\u00eda&lt;\/p&gt;\n\" data-large-file=\"https:\/\/ws168.juntadeandalucia.es\/iaap\/gestiondelconocimiento\/wp-content\/uploads\/sites\/10\/2021\/01\/II-Encuentro-Intergeneracional.jpg\" \/>\t\t\t\t\t\t\t\t<\/a>\n\t\t\t\t\t\t\t\t\t\t\t\t\t\t\t<\/div>\n\t\t\t\t<\/div>\n\t\t\t\t\t<\/div>\n\t\t<\/div>\n\t\t\t\t<div class=\"elementor-column elementor-col-50 elementor-top-column elementor-element elementor-element-d70970f\" data-id=\"d70970f\" data-element_type=\"column\" data-e-type=\"column\">\n\t\t\t<div class=\"elementor-widget-wrap elementor-element-populated\">\n\t\t\t\t\t\t<div class=\"elementor-element elementor-element-d960e79 elementor-widget elementor-widget-image\" data-id=\"d960e79\" data-element_type=\"widget\" data-e-type=\"widget\" data-widget_type=\"image.default\">\n\t\t\t\t<div class=\"elementor-widget-container\">\n\t\t\t\t\t\t\t\t\t\t\t\t\t\t\t\t<a href=\"https:\/\/ws168.juntadeandalucia.es\/iaap\/gestiondelconocimiento\/wp-content\/uploads\/sites\/10\/2021\/01\/2020_12_22-Gu%C3%ADa-profesional-M%C3%A9dicos-Orientaci%C3%B3n-Escolar.pdf\" target=\"_blank\">\n\t\t\t\t\t\t\t<img decoding=\"async\" data-attachment-id=\"3226\" data-permalink=\"https:\/\/ws168.juntadeandalucia.es\/iaap\/gestiondelconocimiento\/proyectos\/edicion-2019-2020-edicion-2019-2020\/gc11-encuentros-intergeneracionales\/entregables-proyecto-encuentros-intergeneracionales\/guia-profesional-de-la-medicina-escolar\/\" data-orig-file=\"https:\/\/ws168.juntadeandalucia.es\/iaap\/gestiondelconocimiento\/wp-content\/uploads\/sites\/10\/2021\/01\/Gu\u00eda-Profesional-de-la-Medicina-Escolar.jpg\" data-orig-size=\"641,881\" data-comments-opened=\"0\" data-image-meta=\"{&quot;aperture&quot;:&quot;0&quot;,&quot;credit&quot;:&quot;&quot;,&quot;camera&quot;:&quot;&quot;,&quot;caption&quot;:&quot;&quot;,&quot;created_timestamp&quot;:&quot;0&quot;,&quot;copyright&quot;:&quot;&quot;,&quot;focal_length&quot;:&quot;0&quot;,&quot;iso&quot;:&quot;0&quot;,&quot;shutter_speed&quot;:&quot;0&quot;,&quot;title&quot;:&quot;&quot;,&quot;orientation&quot;:&quot;0&quot;}\" data-image-title=\"Gu\u00eda Profesional de la Medicina Escolar\" data-image-description=\"\" data-image-caption=\"&lt;p&gt;Gu\u00eda profesional de la Medicina escolar&lt;\/p&gt;\n\" data-large-file=\"https:\/\/ws168.juntadeandalucia.es\/iaap\/gestiondelconocimiento\/wp-content\/uploads\/sites\/10\/2021\/01\/Gu\u00eda-Profesional-de-la-Medicina-Escolar.jpg\" width=\"640\" height=\"880\" src=\"https:\/\/ws168.juntadeandalucia.es\/iaap\/gestiondelconocimiento\/wp-content\/uploads\/sites\/10\/2021\/01\/Gu\u00eda-Profesional-de-la-Medicina-Escolar.jpg\" class=\"attachment-medium_large size-medium_large wp-image-3226\" alt=\"\" srcset=\"https:\/\/ws168.juntadeandalucia.es\/iaap\/gestiondelconocimiento\/wp-content\/uploads\/sites\/10\/2021\/01\/Gu\u00eda-Profesional-de-la-Medicina-Escolar.jpg 641w, https:\/\/ws168.juntadeandalucia.es\/iaap\/gestiondelconocimiento\/wp-content\/uploads\/sites\/10\/2021\/01\/Gu\u00eda-Profesional-de-la-Medicina-Escolar-218x300.jpg 218w, https:\/\/ws168.juntadeandalucia.es\/iaap\/gestiondelconocimiento\/wp-content\/uploads\/sites\/10\/2021\/01\/Gu\u00eda-Profesional-de-la-Medicina-Escolar-600x825.jpg 600w\" sizes=\"(max-width: 640px) 100vw, 640px\" data-attachment-id=\"3226\" data-permalink=\"https:\/\/ws168.juntadeandalucia.es\/iaap\/gestiondelconocimiento\/proyectos\/edicion-2019-2020-edicion-2019-2020\/gc11-encuentros-intergeneracionales\/entregables-proyecto-encuentros-intergeneracionales\/guia-profesional-de-la-medicina-escolar\/\" data-orig-file=\"https:\/\/ws168.juntadeandalucia.es\/iaap\/gestiondelconocimiento\/wp-content\/uploads\/sites\/10\/2021\/01\/Gu\u00eda-Profesional-de-la-Medicina-Escolar.jpg\" data-orig-size=\"641,881\" data-comments-opened=\"0\" data-image-meta=\"{&quot;aperture&quot;:&quot;0&quot;,&quot;credit&quot;:&quot;&quot;,&quot;camera&quot;:&quot;&quot;,&quot;caption&quot;:&quot;&quot;,&quot;created_timestamp&quot;:&quot;0&quot;,&quot;copyright&quot;:&quot;&quot;,&quot;focal_length&quot;:&quot;0&quot;,&quot;iso&quot;:&quot;0&quot;,&quot;shutter_speed&quot;:&quot;0&quot;,&quot;title&quot;:&quot;&quot;,&quot;orientation&quot;:&quot;0&quot;}\" data-image-title=\"Gu\u00eda Profesional de la Medicina Escolar\" data-image-description=\"\" data-image-caption=\"&lt;p&gt;Gu\u00eda profesional de la Medicina escolar&lt;\/p&gt;\n\" data-large-file=\"https:\/\/ws168.juntadeandalucia.es\/iaap\/gestiondelconocimiento\/wp-content\/uploads\/sites\/10\/2021\/01\/Gu\u00eda-Profesional-de-la-Medicina-Escolar.jpg\" \/>\t\t\t\t\t\t\t\t<\/a>\n\t\t\t\t\t\t\t\t\t\t\t\t\t\t\t<\/div>\n\t\t\t\t<\/div>\n\t\t\t\t\t<\/div>\n\t\t<\/div>\n\t\t\t\t\t<\/div>\n\t\t<\/section>\n\t\t\t\t<section class=\"elementor-section elementor-top-section elementor-element elementor-element-506147b elementor-section-boxed elementor-section-height-default elementor-section-height-default\" data-id=\"506147b\" data-element_type=\"section\" data-e-type=\"section\">\n\t\t\t\t\t\t<div class=\"elementor-container elementor-column-gap-default\">\n\t\t\t\t\t<div class=\"elementor-column elementor-col-100 elementor-top-column elementor-element elementor-element-4901cd5\" data-id=\"4901cd5\" data-element_type=\"column\" data-e-type=\"column\">\n\t\t\t<div class=\"elementor-widget-wrap elementor-element-populated\">\n\t\t\t\t\t\t<div class=\"elementor-element elementor-element-1a9bfe0 elementor-widget elementor-widget-heading\" data-id=\"1a9bfe0\" data-element_type=\"widget\" data-e-type=\"widget\" data-widget_type=\"heading.default\">\n\t\t\t\t<div class=\"elementor-widget-container\">\n\t\t\t\t\t<h2 class=\"elementor-heading-title elementor-size-default\">Infograf\u00eda sobre la Medicina Escolar<\/h2>\t\t\t\t<\/div>\n\t\t\t\t<\/div>\n\t\t\t\t\t<\/div>\n\t\t<\/div>\n\t\t\t\t\t<\/div>\n\t\t<\/section>\n\t\t\t\t<section class=\"elementor-section elementor-top-section elementor-element elementor-element-ead0abf elementor-section-boxed elementor-section-height-default elementor-section-height-default\" data-id=\"ead0abf\" data-element_type=\"section\" data-e-type=\"section\">\n\t\t\t\t\t\t<div class=\"elementor-container elementor-column-gap-default\">\n\t\t\t\t\t<div class=\"elementor-column elementor-col-100 elementor-top-column elementor-element elementor-element-6ec75b8\" data-id=\"6ec75b8\" data-element_type=\"column\" data-e-type=\"column\">\n\t\t\t<div class=\"elementor-widget-wrap elementor-element-populated\">\n\t\t\t\t\t\t<div class=\"elementor-element elementor-element-8ab9b21 elementor-widget elementor-widget-image\" data-id=\"8ab9b21\" data-element_type=\"widget\" data-e-type=\"widget\" data-widget_type=\"image.default\">\n\t\t\t\t<div class=\"elementor-widget-container\">\n\t\t\t\t\t\t\t\t\t\t\t\t\t\t\t\t<a href=\"https:\/\/view.genial.ly\/5f91cdcd4726f70d80f133f4\/horizontal-infographic-review-medicina-escolar\" target=\"_blank\">\n\t\t\t\t\t\t\t<img decoding=\"async\" data-attachment-id=\"3230\" data-permalink=\"https:\/\/ws168.juntadeandalucia.es\/iaap\/gestiondelconocimiento\/proyectos\/edicion-2019-2020-edicion-2019-2020\/gc11-encuentros-intergeneracionales\/entregables-proyecto-encuentros-intergeneracionales\/infografia-medicina-escolar\/\" data-orig-file=\"https:\/\/ws168.juntadeandalucia.es\/iaap\/gestiondelconocimiento\/wp-content\/uploads\/sites\/10\/2021\/01\/Infograf\u00eda-medicina-escolar.jpg\" data-orig-size=\"1137,899\" data-comments-opened=\"0\" data-image-meta=\"{&quot;aperture&quot;:&quot;0&quot;,&quot;credit&quot;:&quot;&quot;,&quot;camera&quot;:&quot;&quot;,&quot;caption&quot;:&quot;&quot;,&quot;created_timestamp&quot;:&quot;0&quot;,&quot;copyright&quot;:&quot;&quot;,&quot;focal_length&quot;:&quot;0&quot;,&quot;iso&quot;:&quot;0&quot;,&quot;shutter_speed&quot;:&quot;0&quot;,&quot;title&quot;:&quot;&quot;,&quot;orientation&quot;:&quot;0&quot;}\" data-image-title=\"Infograf\u00eda medicina escolar\" data-image-description=\"\" data-image-caption=\"&lt;p&gt;Infograf\u00eda de la medicina escolar&lt;\/p&gt;\n\" data-large-file=\"https:\/\/ws168.juntadeandalucia.es\/iaap\/gestiondelconocimiento\/wp-content\/uploads\/sites\/10\/2021\/01\/Infograf\u00eda-medicina-escolar-1024x810.jpg\" width=\"640\" height=\"506\" src=\"https:\/\/ws168.juntadeandalucia.es\/iaap\/gestiondelconocimiento\/wp-content\/uploads\/sites\/10\/2021\/01\/Infograf\u00eda-medicina-escolar-1024x810.jpg\" class=\"attachment-large size-large wp-image-3230\" alt=\"\" srcset=\"https:\/\/ws168.juntadeandalucia.es\/iaap\/gestiondelconocimiento\/wp-content\/uploads\/sites\/10\/2021\/01\/Infograf\u00eda-medicina-escolar-1024x810.jpg 1024w, https:\/\/ws168.juntadeandalucia.es\/iaap\/gestiondelconocimiento\/wp-content\/uploads\/sites\/10\/2021\/01\/Infograf\u00eda-medicina-escolar-300x237.jpg 300w, https:\/\/ws168.juntadeandalucia.es\/iaap\/gestiondelconocimiento\/wp-content\/uploads\/sites\/10\/2021\/01\/Infograf\u00eda-medicina-escolar-768x607.jpg 768w, https:\/\/ws168.juntadeandalucia.es\/iaap\/gestiondelconocimiento\/wp-content\/uploads\/sites\/10\/2021\/01\/Infograf\u00eda-medicina-escolar-600x474.jpg 600w, https:\/\/ws168.juntadeandalucia.es\/iaap\/gestiondelconocimiento\/wp-content\/uploads\/sites\/10\/2021\/01\/Infograf\u00eda-medicina-escolar.jpg 1137w\" sizes=\"(max-width: 640px) 100vw, 640px\" data-attachment-id=\"3230\" data-permalink=\"https:\/\/ws168.juntadeandalucia.es\/iaap\/gestiondelconocimiento\/proyectos\/edicion-2019-2020-edicion-2019-2020\/gc11-encuentros-intergeneracionales\/entregables-proyecto-encuentros-intergeneracionales\/infografia-medicina-escolar\/\" data-orig-file=\"https:\/\/ws168.juntadeandalucia.es\/iaap\/gestiondelconocimiento\/wp-content\/uploads\/sites\/10\/2021\/01\/Infograf\u00eda-medicina-escolar.jpg\" data-orig-size=\"1137,899\" data-comments-opened=\"0\" data-image-meta=\"{&quot;aperture&quot;:&quot;0&quot;,&quot;credit&quot;:&quot;&quot;,&quot;camera&quot;:&quot;&quot;,&quot;caption&quot;:&quot;&quot;,&quot;created_timestamp&quot;:&quot;0&quot;,&quot;copyright&quot;:&quot;&quot;,&quot;focal_length&quot;:&quot;0&quot;,&quot;iso&quot;:&quot;0&quot;,&quot;shutter_speed&quot;:&quot;0&quot;,&quot;title&quot;:&quot;&quot;,&quot;orientation&quot;:&quot;0&quot;}\" data-image-title=\"Infograf\u00eda medicina escolar\" data-image-description=\"\" data-image-caption=\"&lt;p&gt;Infograf\u00eda de la medicina escolar&lt;\/p&gt;\n\" data-large-file=\"https:\/\/ws168.juntadeandalucia.es\/iaap\/gestiondelconocimiento\/wp-content\/uploads\/sites\/10\/2021\/01\/Infograf\u00eda-medicina-escolar-1024x810.jpg\" \/>\t\t\t\t\t\t\t\t<\/a>\n\t\t\t\t\t\t\t\t\t\t\t\t\t\t\t<\/div>\n\t\t\t\t<\/div>\n\t\t\t\t\t<\/div>\n\t\t<\/div>\n\t\t\t\t\t<\/div>\n\t\t<\/section>\n\t\t\t\t<\/div>\n\t\t","protected":false},"excerpt":{"rendered":"<p>Encuentros Intergeneracionales (edici\u00f3n 2019-2020) Este grupo, a lo largo del desarrollo del proyecto, ha generado diversos entregables. Toda la documentaci\u00f3n elaborada supone un aporte de valor y un contenidos muy \u00fatil para toda la Comunidad Educativa. Las gu\u00edas y la infograf\u00eda est\u00e1n principalmente dirigidas al grupo de profesionales que forman el colectivo de m\u00e9dicos escolares. [&hellip;]<\/p>\n","protected":false},"author":19,"featured_media":0,"parent":1903,"menu_order":0,"comment_status":"closed","ping_status":"closed","template":"","meta":{"jetpack_post_was_ever_published":false,"footnotes":""},"class_list":["post-3215","page","type-page","status-publish","hentry"],"jetpack_sharing_enabled":true,"jetpack_shortlink":"https:\/\/wp.me\/P9W7Se-PR","jetpack-related-posts":[{"id":4110,"url":"https:\/\/ws168.juntadeandalucia.es\/iaap\/gestiondelconocimiento\/edicion-2020-2021\/encuentros-intergeneracionales\/","url_meta":{"origin":3215,"position":0},"title":"ENCUENTROS INTERGENERACIONALES","author":"beatrizsanchezgomez","date":"2 diciembre, 2021","format":false,"excerpt":"ENCUENTRO ENTRE LOS AGENTES DE MEDIOAMBIENTE Este a\u00f1o el proyecto de Encuentros intergeneracionales se ha centrado en el colectivo de Agentes de Medioambientes de la Junta de Andaluc\u00eda. Adem\u00e1s del propio encuentro, han realizado una Recopilaci\u00f3n de vivencias personales como ejemplo de transferencia de conocimiento en el \u00e1mbito de los\u2026","rel":"","context":"Entrada similar","block_context":{"text":"Entrada similar","link":""},"img":{"alt_text":"","src":"","width":0,"height":0},"classes":[]},{"id":1903,"url":"https:\/\/ws168.juntadeandalucia.es\/iaap\/gestiondelconocimiento\/proyectos\/edicion-2019-2020-edicion-2019-2020\/gc11-encuentros-intergeneracionales\/","url_meta":{"origin":3215,"position":1},"title":"GC11 &#8211; Encuentros Intergeneracionales (2019-20)","author":"beatrizsanchezgomez","date":"17 febrero, 2020","format":false,"excerpt":"Edici\u00f3n 2019-2020DESCRIPCI\u00d3NEste proyecto que surge en la tercera edici\u00f3n del programa del IAAP Embajadores del Conocimiento. Se trata de llevar a cabo encuentros entre personas pr\u00f3ximas a la jubilaci\u00f3n con un conocimiento destacado y personas que deban ser destinatarias de ese conocimiento.\u00a0Para ello se partir\u00e1 como modelo, del \"I encuentro\u2026","rel":"","context":"Entrada similar","block_context":{"text":"Entrada similar","link":""},"img":{"alt_text":"","src":"https:\/\/i0.wp.com\/ws168.juntadeandalucia.es\/iaap\/gestiondelconocimiento\/wp-content\/uploads\/sites\/10\/2020\/01\/Generacional2.jpg?resize=350%2C200&ssl=1","width":350,"height":200},"classes":[]},{"id":4583,"url":"https:\/\/ws168.juntadeandalucia.es\/iaap\/gestiondelconocimiento\/edicion-2022\/encuentros-intergeneracionales-2022\/","url_meta":{"origin":3215,"position":2},"title":"Encuentros Intergeneracionales 2022","author":"inmaculadamolinaruiz","date":"24 febrero, 2023","format":false,"excerpt":"Encuentros entre los Agentes de Salud Este a\u00f1o el proyecto de Encuentros intergeneracionales se ha centrado en el colectivo de Agentes de Salud de la Junta de Andaluc\u00eda.En el IV Encuentro Intergeneracional de la Junta de Andaluc\u00eda, Agentes de Salud P\u00fablica, promovido por este grupo de trabajo y celebrado en\u2026","rel":"","context":"Entrada similar","block_context":{"text":"Entrada similar","link":""},"img":{"alt_text":"","src":"","width":0,"height":0},"classes":[]},{"id":418,"url":"https:\/\/ws168.juntadeandalucia.es\/iaap\/gestiondelconocimiento\/embajadores-del-conocimiento\/","url_meta":{"origin":3215,"position":3},"title":"Programa Embajadores\/as del Conocimiento","author":"","date":"16 junio, 2018","format":false,"excerpt":"Embajadores del Conocimiento es un programa que inici\u00f3 su andadura en mayo de 2017 y del que forman parte un grupo de empleadas y empleados p\u00fablicos con clara vocaci\u00f3n de servicio p\u00fablico. Este naci\u00f3 con la idea de establecer una red de personas que colaborar\u00e1n, de manera totalmente desinteresada, con\u2026","rel":"","context":"Entrada similar","block_context":{"text":"Entrada similar","link":""},"img":{"alt_text":"","src":"https:\/\/i0.wp.com\/ws168.juntadeandalucia.es\/iaap\/gestiondelconocimiento\/wp-content\/uploads\/sites\/10\/2020\/01\/Embajadores-del-Conocimiento.-IAAP.-Junta-de-Andaluc%C3%ADa.jpg?resize=350%2C200&ssl=1","width":350,"height":200,"srcset":"https:\/\/i0.wp.com\/ws168.juntadeandalucia.es\/iaap\/gestiondelconocimiento\/wp-content\/uploads\/sites\/10\/2020\/01\/Embajadores-del-Conocimiento.-IAAP.-Junta-de-Andaluc%C3%ADa.jpg?resize=350%2C200&ssl=1 1x, https:\/\/i0.wp.com\/ws168.juntadeandalucia.es\/iaap\/gestiondelconocimiento\/wp-content\/uploads\/sites\/10\/2020\/01\/Embajadores-del-Conocimiento.-IAAP.-Junta-de-Andaluc%C3%ADa.jpg?resize=525%2C300&ssl=1 1.5x, https:\/\/i0.wp.com\/ws168.juntadeandalucia.es\/iaap\/gestiondelconocimiento\/wp-content\/uploads\/sites\/10\/2020\/01\/Embajadores-del-Conocimiento.-IAAP.-Junta-de-Andaluc%C3%ADa.jpg?resize=700%2C400&ssl=1 2x, https:\/\/i0.wp.com\/ws168.juntadeandalucia.es\/iaap\/gestiondelconocimiento\/wp-content\/uploads\/sites\/10\/2020\/01\/Embajadores-del-Conocimiento.-IAAP.-Junta-de-Andaluc%C3%ADa.jpg?resize=1050%2C600&ssl=1 3x, https:\/\/i0.wp.com\/ws168.juntadeandalucia.es\/iaap\/gestiondelconocimiento\/wp-content\/uploads\/sites\/10\/2020\/01\/Embajadores-del-Conocimiento.-IAAP.-Junta-de-Andaluc%C3%ADa.jpg?resize=1400%2C800&ssl=1 4x"},"classes":[]},{"id":5494,"url":"https:\/\/ws168.juntadeandalucia.es\/iaap\/gestiondelconocimiento\/edicion-2023\/encuentros-intergeneracionales-en-la-junta-de-andalucia-2023\/","url_meta":{"origin":3215,"position":4},"title":"Encuentros Intergeneracionales en la Junta de Andaluc\u00eda 2023","author":"administrador","date":"11 diciembre, 2023","format":false,"excerpt":"El pasado 9 de octubre de 2023 se celebr\u00f3 el V Encuentro Intergeneracional de la Junta de Andaluc\u00eda, en esta ocasi\u00f3n, centrado en el colectivo de Agentes de Inspecci\u00f3n de prestaciones y servicios sanitarios.Ese Encuentro fue la culminaci\u00f3n del trabajo realizado a lo largo de todo el a\u00f1o por los\u2026","rel":"","context":"Entrada similar","block_context":{"text":"Entrada similar","link":""},"img":{"alt_text":"Encuentros Intergeneracionales","src":"https:\/\/i0.wp.com\/ws168.juntadeandalucia.es\/iaap\/gestiondelconocimiento\/wp-content\/uploads\/sites\/10\/2023\/07\/06_Grupo-Encuentros-2048x1448.jpg?resize=350%2C200&ssl=1","width":350,"height":200,"srcset":"https:\/\/i0.wp.com\/ws168.juntadeandalucia.es\/iaap\/gestiondelconocimiento\/wp-content\/uploads\/sites\/10\/2023\/07\/06_Grupo-Encuentros-2048x1448.jpg?resize=350%2C200&ssl=1 1x, https:\/\/i0.wp.com\/ws168.juntadeandalucia.es\/iaap\/gestiondelconocimiento\/wp-content\/uploads\/sites\/10\/2023\/07\/06_Grupo-Encuentros-2048x1448.jpg?resize=525%2C300&ssl=1 1.5x"},"classes":[]},{"id":157,"url":"https:\/\/ws168.juntadeandalucia.es\/iaap\/gestiondelconocimiento\/proyectos\/","url_meta":{"origin":3215,"position":5},"title":"Ediciones","author":"","date":"21 mayo, 2018","format":false,"excerpt":"Gesti\u00f3n del Conocimiento s\u00ed, pero, \u00bfpara qu\u00e9?En 2017 se inicia la andadura en la disciplina de Gesti\u00f3n del Conocimiento en el IAAP, fijando un marco de referencia de base en el que se identificaron una serie de retos y problemas en la Junta de Andaluc\u00eda, que pod\u00edan ser atendidos con\u2026","rel":"","context":"Entrada similar","block_context":{"text":"Entrada similar","link":""},"img":{"alt_text":"","src":"https:\/\/i0.wp.com\/ws168.juntadeandalucia.es\/iaap\/gestiondelconocimiento\/wp-content\/uploads\/sites\/10\/2020\/02\/human-3131802_1280-300x208.jpg?resize=350%2C200&ssl=1","width":350,"height":200},"classes":[]}],"jetpack_likes_enabled":true,"_links":{"self":[{"href":"https:\/\/ws168.juntadeandalucia.es\/iaap\/gestiondelconocimiento\/wp-json\/wp\/v2\/pages\/3215","targetHints":{"allow":["GET"]}}],"collection":[{"href":"https:\/\/ws168.juntadeandalucia.es\/iaap\/gestiondelconocimiento\/wp-json\/wp\/v2\/pages"}],"about":[{"href":"https:\/\/ws168.juntadeandalucia.es\/iaap\/gestiondelconocimiento\/wp-json\/wp\/v2\/types\/page"}],"author":[{"embeddable":true,"href":"https:\/\/ws168.juntadeandalucia.es\/iaap\/gestiondelconocimiento\/wp-json\/wp\/v2\/users\/19"}],"replies":[{"embeddable":true,"href":"https:\/\/ws168.juntadeandalucia.es\/iaap\/gestiondelconocimiento\/wp-json\/wp\/v2\/comments?post=3215"}],"version-history":[{"count":16,"href":"https:\/\/ws168.juntadeandalucia.es\/iaap\/gestiondelconocimiento\/wp-json\/wp\/v2\/pages\/3215\/revisions"}],"predecessor-version":[{"id":3245,"href":"https:\/\/ws168.juntadeandalucia.es\/iaap\/gestiondelconocimiento\/wp-json\/wp\/v2\/pages\/3215\/revisions\/3245"}],"up":[{"embeddable":true,"href":"https:\/\/ws168.juntadeandalucia.es\/iaap\/gestiondelconocimiento\/wp-json\/wp\/v2\/pages\/1903"}],"wp:attachment":[{"href":"https:\/\/ws168.juntadeandalucia.es\/iaap\/gestiondelconocimiento\/wp-json\/wp\/v2\/media?parent=3215"}],"curies":[{"name":"wp","href":"https:\/\/api.w.org\/{rel}","templated":true}]}}