{"id":4074,"date":"2021-12-07T09:56:27","date_gmt":"2021-12-07T08:56:27","guid":{"rendered":"https:\/\/ws168.juntadeandalucia.es\/iaap\/gestiondelconocimiento\/?page_id=4074"},"modified":"2021-12-07T09:56:28","modified_gmt":"2021-12-07T08:56:28","slug":"identificacion-del-conocimiento-critico","status":"publish","type":"page","link":"https:\/\/ws168.juntadeandalucia.es\/iaap\/gestiondelconocimiento\/edicion-2020-2021\/identificacion-del-conocimiento-critico\/","title":{"rendered":"IDENTIFICACI\u00d3N DEL CONOCIMIENTO CR\u00cdTICO"},"content":{"rendered":"\t\t<div data-elementor-type=\"wp-page\" data-elementor-id=\"4074\" class=\"elementor elementor-4074\">\n\t\t\t\t\t\t<section class=\"elementor-section elementor-top-section elementor-element elementor-element-4583463 elementor-section-boxed elementor-section-height-default elementor-section-height-default\" data-id=\"4583463\" data-element_type=\"section\" data-e-type=\"section\">\n\t\t\t\t\t\t<div class=\"elementor-container elementor-column-gap-default\">\n\t\t\t\t\t<div class=\"elementor-column elementor-col-100 elementor-top-column elementor-element elementor-element-d329c99\" data-id=\"d329c99\" data-element_type=\"column\" data-e-type=\"column\">\n\t\t\t<div class=\"elementor-widget-wrap elementor-element-populated\">\n\t\t\t\t\t\t<div class=\"elementor-element elementor-element-6d783b5 elementor-widget elementor-widget-image\" data-id=\"6d783b5\" data-element_type=\"widget\" data-e-type=\"widget\" data-widget_type=\"image.default\">\n\t\t\t\t<div class=\"elementor-widget-container\">\n\t\t\t\t\t\t\t\t\t\t\t\t\t\t\t<img decoding=\"async\" data-attachment-id=\"4080\" data-permalink=\"https:\/\/ws168.juntadeandalucia.es\/iaap\/gestiondelconocimiento\/edicion-2020-2021\/identificacion-del-conocimiento-critico\/93254749-drop-of-oil-isolated\/\" data-orig-file=\"https:\/\/ws168.juntadeandalucia.es\/iaap\/gestiondelconocimiento\/wp-content\/uploads\/sites\/10\/2021\/11\/93254749-drop-of-oil-isolated.jpg\" data-orig-size=\"200,200\" data-comments-opened=\"0\" data-image-meta=\"{&quot;aperture&quot;:&quot;0&quot;,&quot;credit&quot;:&quot;Getty Images\/iStockphoto&quot;,&quot;camera&quot;:&quot;&quot;,&quot;caption&quot;:&quot;Drop of oil isolated&quot;,&quot;created_timestamp&quot;:&quot;0&quot;,&quot;copyright&quot;:&quot;&quot;,&quot;focal_length&quot;:&quot;0&quot;,&quot;iso&quot;:&quot;0&quot;,&quot;shutter_speed&quot;:&quot;0&quot;,&quot;title&quot;:&quot;529400264&quot;,&quot;orientation&quot;:&quot;0&quot;}\" data-image-title=\"93254749-drop-of-oil-isolated\" data-image-description=\"\" data-image-caption=\"&lt;p&gt;Drop of oil isolated&lt;\/p&gt;\n\" data-large-file=\"https:\/\/ws168.juntadeandalucia.es\/iaap\/gestiondelconocimiento\/wp-content\/uploads\/sites\/10\/2021\/11\/93254749-drop-of-oil-isolated.jpg\" width=\"200\" height=\"200\" src=\"https:\/\/ws168.juntadeandalucia.es\/iaap\/gestiondelconocimiento\/wp-content\/uploads\/sites\/10\/2021\/11\/93254749-drop-of-oil-isolated.jpg\" class=\"attachment-large size-large wp-image-4080\" alt=\"\" srcset=\"https:\/\/ws168.juntadeandalucia.es\/iaap\/gestiondelconocimiento\/wp-content\/uploads\/sites\/10\/2021\/11\/93254749-drop-of-oil-isolated.jpg 200w, https:\/\/ws168.juntadeandalucia.es\/iaap\/gestiondelconocimiento\/wp-content\/uploads\/sites\/10\/2021\/11\/93254749-drop-of-oil-isolated-150x150.jpg 150w\" sizes=\"(max-width: 200px) 100vw, 200px\" data-attachment-id=\"4080\" data-permalink=\"https:\/\/ws168.juntadeandalucia.es\/iaap\/gestiondelconocimiento\/edicion-2020-2021\/identificacion-del-conocimiento-critico\/93254749-drop-of-oil-isolated\/\" data-orig-file=\"https:\/\/ws168.juntadeandalucia.es\/iaap\/gestiondelconocimiento\/wp-content\/uploads\/sites\/10\/2021\/11\/93254749-drop-of-oil-isolated.jpg\" data-orig-size=\"200,200\" data-comments-opened=\"0\" data-image-meta=\"{&quot;aperture&quot;:&quot;0&quot;,&quot;credit&quot;:&quot;Getty Images\/iStockphoto&quot;,&quot;camera&quot;:&quot;&quot;,&quot;caption&quot;:&quot;Drop of oil isolated&quot;,&quot;created_timestamp&quot;:&quot;0&quot;,&quot;copyright&quot;:&quot;&quot;,&quot;focal_length&quot;:&quot;0&quot;,&quot;iso&quot;:&quot;0&quot;,&quot;shutter_speed&quot;:&quot;0&quot;,&quot;title&quot;:&quot;529400264&quot;,&quot;orientation&quot;:&quot;0&quot;}\" data-image-title=\"93254749-drop-of-oil-isolated\" data-image-description=\"\" data-image-caption=\"&lt;p&gt;Drop of oil isolated&lt;\/p&gt;\n\" data-large-file=\"https:\/\/ws168.juntadeandalucia.es\/iaap\/gestiondelconocimiento\/wp-content\/uploads\/sites\/10\/2021\/11\/93254749-drop-of-oil-isolated.jpg\" \/>\t\t\t\t\t\t\t\t\t\t\t\t\t\t\t<\/div>\n\t\t\t\t<\/div>\n\t\t\t\t\t<\/div>\n\t\t<\/div>\n\t\t\t\t\t<\/div>\n\t\t<\/section>\n\t\t\t\t<section class=\"elementor-section elementor-top-section elementor-element elementor-element-1fbeefcc elementor-section-boxed elementor-section-height-default elementor-section-height-default\" data-id=\"1fbeefcc\" data-element_type=\"section\" data-e-type=\"section\">\n\t\t\t\t\t\t<div class=\"elementor-container elementor-column-gap-default\">\n\t\t\t\t\t<div class=\"elementor-column elementor-col-100 elementor-top-column elementor-element elementor-element-6d6a266e\" data-id=\"6d6a266e\" data-element_type=\"column\" data-e-type=\"column\">\n\t\t\t<div class=\"elementor-widget-wrap elementor-element-populated\">\n\t\t\t\t\t\t<div class=\"elementor-element elementor-element-7c7e0f99 elementor-widget elementor-widget-text-editor\" data-id=\"7c7e0f99\" data-element_type=\"widget\" data-e-type=\"widget\" data-widget_type=\"text-editor.default\">\n\t\t\t\t<div class=\"elementor-widget-container\">\n\t\t\t\t\t\t\t\t\t<h3>LOS MAPAS DE CONOCIMIENTO CR\u00cdTICO EN LA JUNTA DE ANDALUC\u00cdA<\/h3><p><span style=\"font-size: 12pt\">Este proyecto evidencia que el necesario cambio en la Administraci\u00f3n en general y en la Junta de Andaluc\u00eda en particular es posible. No se necesita solo un cambio normativo y tecnol\u00f3gico, sino con mayor prioridad, un cambio cultural. Este cambio vendr\u00e1 de la mano de las personas que trabajan en la propia administraci\u00f3n.<\/span><\/p><p><span style=\"font-size: 12pt\">El conocimiento est\u00e1 en las personas y no solo puede, sino que debe, gestionarse. Para ello deben articularse los mecanismos para ello, porque de esa forma nos beneficiamos todos, tanto la cuidadan\u00eda como los propios trabajadores y trabajadoras.<\/span><\/p><p><span style=\"font-size: 12pt\">Si nosotros, que somos los peque\u00f1os engranajes de la maquinaria administrativa empezamos a girar, al final \u00e9sta tendr\u00e1 que moverse. Pero la decisi\u00f3n, como el conocimiento, est\u00e1 en nosotros mismos.<\/span><\/p><div><span style=\"font-size: 12pt\">Cuando hablamos de gestionar el conocimiento, estamos gestionando personas, el conocimiento est\u00e1 en nosotros, en tod@s y en cada un@.\u00a0La identificaci\u00f3n de aqu\u00e9l que pueda considerarse cr\u00edtico, implica una gesti\u00f3n a\u00fan m\u00e1s importante, tanto para qui\u00e9n lo tiene y lo traspasa en un acto de compromiso, como para qui\u00e9n lo\u00a0recibe.<\/span><\/div><div>\u00a0<\/div><div><span style=\"font-size: 12pt\">La gesti\u00f3n de \u00e9ste es un valor imprescindible para la persona trabajadora, para el equipo, para la organizaci\u00f3n y como medidor de la eficiencia del servicio p\u00fablico que prestamos.<\/span><\/div><div>\u00a0<\/div><div><span style=\"font-size: 12pt\">El conocimiento cr\u00edtico, por tanto, en el marco de nuestra Administraci\u00f3n es <strong>aquel conocimiento que posee una o varias personas dentro de un departamento o servicio, y que es imprescindible para el mismo. <\/strong>Implicar\u00eda\u00a0que de perderse, el servicio o la labor que se presta no puede seguir su curso de forma normalizada. La gesti\u00f3n de este conocimiento facilita el trabajo\u00a0en equipo y el buen desarrollo del servicio.<\/span><\/div>\t\t\t\t\t\t\t\t<\/div>\n\t\t\t\t<\/div>\n\t\t\t\t\t<\/div>\n\t\t<\/div>\n\t\t\t\t\t<\/div>\n\t\t<\/section>\n\t\t\t\t<section class=\"elementor-section elementor-top-section elementor-element elementor-element-75b958c elementor-section-boxed elementor-section-height-default elementor-section-height-default\" data-id=\"75b958c\" data-element_type=\"section\" data-e-type=\"section\">\n\t\t\t\t\t\t<div class=\"elementor-container elementor-column-gap-default\">\n\t\t\t\t\t<div class=\"elementor-column elementor-col-100 elementor-top-column elementor-element elementor-element-d1b8c23\" data-id=\"d1b8c23\" data-element_type=\"column\" data-e-type=\"column\">\n\t\t\t<div class=\"elementor-widget-wrap elementor-element-populated\">\n\t\t\t\t\t\t<div class=\"elementor-element elementor-element-fdcf0b1 elementor-widget elementor-widget-text-editor\" data-id=\"fdcf0b1\" data-element_type=\"widget\" data-e-type=\"widget\" data-widget_type=\"text-editor.default\">\n\t\t\t\t<div class=\"elementor-widget-container\">\n\t\t\t\t\t\t\t\t\t<p><span style=\"font-size: 12pt\">Puedes ver en el siguiente video la presentaci\u00f3n de este grupo en la IV jornada de Gesti\u00f3n del Conocimiento en la Junta de Andaluc\u00eda:\u00a0<\/span><\/p>\t\t\t\t\t\t\t\t<\/div>\n\t\t\t\t<\/div>\n\t\t\t\t\t<\/div>\n\t\t<\/div>\n\t\t\t\t\t<\/div>\n\t\t<\/section>\n\t\t\t\t<section class=\"elementor-section elementor-top-section elementor-element elementor-element-4dca068 elementor-section-boxed elementor-section-height-default elementor-section-height-default\" data-id=\"4dca068\" data-element_type=\"section\" data-e-type=\"section\">\n\t\t\t\t\t\t<div class=\"elementor-container elementor-column-gap-default\">\n\t\t\t\t\t<div class=\"elementor-column elementor-col-100 elementor-top-column elementor-element elementor-element-6a21e03\" data-id=\"6a21e03\" data-element_type=\"column\" data-e-type=\"column\">\n\t\t\t<div class=\"elementor-widget-wrap elementor-element-populated\">\n\t\t\t\t\t\t<div class=\"elementor-element elementor-element-e7b7acb elementor-widget elementor-widget-video\" data-id=\"e7b7acb\" data-element_type=\"widget\" data-e-type=\"widget\" data-settings=\"{&quot;youtube_url&quot;:&quot;https:\\\/\\\/youtu.be\\\/VryMCcoupBk&quot;,&quot;start&quot;:&quot;4456&quot;,&quot;end&quot;:&quot;5320&quot;,&quot;show_image_overlay&quot;:&quot;yes&quot;,&quot;image_overlay&quot;:{&quot;url&quot;:&quot;https:\\\/\\\/ws168.juntadeandalucia.es\\\/iaap\\\/gestiondelconocimiento\\\/wp-content\\\/uploads\\\/sites\\\/10\\\/2021\\\/11\\\/Captura-de-pantalla-2021-11-29-a-las-15.31.10.jpg&quot;,&quot;id&quot;:&quot;4078&quot;,&quot;size&quot;:&quot;&quot;},&quot;video_type&quot;:&quot;youtube&quot;,&quot;controls&quot;:&quot;yes&quot;}\" data-widget_type=\"video.default\">\n\t\t\t\t<div class=\"elementor-widget-container\">\n\t\t\t\t\t\t\t<div class=\"elementor-wrapper elementor-open-inline\">\n\t\t\t<div class=\"elementor-video\"><\/div>\t\t\t\t<div class=\"elementor-custom-embed-image-overlay\" style=\"background-image: url(https:\/\/ws168.juntadeandalucia.es\/iaap\/gestiondelconocimiento\/wp-content\/uploads\/sites\/10\/2021\/11\/Captura-de-pantalla-2021-11-29-a-las-15.31.10.jpg);\">\n\t\t\t\t\t\t\t\t\t\t\t\t\t\t\t\t<div class=\"elementor-custom-embed-play\" role=\"button\" aria-label=\"Reproducir v\u00eddeo\" tabindex=\"0\">\n\t\t\t\t\t\t\t<i aria-hidden=\"true\" class=\"eicon-play\"><\/i>\t\t\t\t\t\t<\/div>\n\t\t\t\t\t\t\t\t\t<\/div>\n\t\t\t\t\t<\/div>\n\t\t\t\t\t\t<\/div>\n\t\t\t\t<\/div>\n\t\t\t\t\t<\/div>\n\t\t<\/div>\n\t\t\t\t\t<\/div>\n\t\t<\/section>\n\t\t\t\t<section class=\"elementor-section elementor-top-section elementor-element elementor-element-55a6aa0 elementor-section-boxed elementor-section-height-default elementor-section-height-default\" data-id=\"55a6aa0\" data-element_type=\"section\" data-e-type=\"section\">\n\t\t\t\t\t\t<div class=\"elementor-container elementor-column-gap-default\">\n\t\t\t\t\t<div class=\"elementor-column elementor-col-100 elementor-top-column elementor-element elementor-element-de6ea27\" data-id=\"de6ea27\" data-element_type=\"column\" data-e-type=\"column\">\n\t\t\t<div class=\"elementor-widget-wrap elementor-element-populated\">\n\t\t\t\t\t\t<div class=\"elementor-element elementor-element-f8f88d7 elementor-widget elementor-widget-text-editor\" data-id=\"f8f88d7\" data-element_type=\"widget\" data-e-type=\"widget\" data-widget_type=\"text-editor.default\">\n\t\t\t\t<div class=\"elementor-widget-container\">\n\t\t\t\t\t\t\t\t\t<p><span style=\"font-size: 12pt\">\u00bfTienes curiosidad por conocer el mapa del conocimiento en la Junta de Andaluc\u00eda?<\/span><\/p><p><span style=\"font-size: 12pt\">Haz clic en la imagen que se muestra a continuaci\u00f3n y podr\u00e1s consultar todos los puntos en los que se est\u00e1 identificando conocimiento cr\u00edtico en nuestra organizaci\u00f3n.<\/span><\/p><p><span style=\"font-size: 12pt\"> <strong>EL ALTAS DEL CONOCIMIENTO<\/strong>:<\/span><\/p>\t\t\t\t\t\t\t\t<\/div>\n\t\t\t\t<\/div>\n\t\t\t\t\t<\/div>\n\t\t<\/div>\n\t\t\t\t\t<\/div>\n\t\t<\/section>\n\t\t\t\t<section class=\"elementor-section elementor-top-section elementor-element elementor-element-bb7acca elementor-section-boxed elementor-section-height-default elementor-section-height-default\" data-id=\"bb7acca\" data-element_type=\"section\" data-e-type=\"section\">\n\t\t\t\t\t\t<div class=\"elementor-container elementor-column-gap-default\">\n\t\t\t\t\t<div class=\"elementor-column elementor-col-100 elementor-top-column elementor-element elementor-element-02e0127\" data-id=\"02e0127\" data-element_type=\"column\" data-e-type=\"column\">\n\t\t\t<div class=\"elementor-widget-wrap elementor-element-populated\">\n\t\t\t\t\t\t<div class=\"elementor-element elementor-element-a351458 elementor-widget elementor-widget-image\" data-id=\"a351458\" data-element_type=\"widget\" data-e-type=\"widget\" data-widget_type=\"image.default\">\n\t\t\t\t<div class=\"elementor-widget-container\">\n\t\t\t\t\t\t\t\t\t\t\t\t\t\t\t\t<a href=\"https:\/\/conocimientocritico.github.io\/\" target=\"_blank\">\n\t\t\t\t\t\t\t<img fetchpriority=\"high\" decoding=\"async\" data-attachment-id=\"4079\" data-permalink=\"https:\/\/ws168.juntadeandalucia.es\/iaap\/gestiondelconocimiento\/edicion-2020-2021\/identificacion-del-conocimiento-critico\/captura-de-pantalla-2021-11-29-a-las-15-30-24\/\" data-orig-file=\"https:\/\/ws168.juntadeandalucia.es\/iaap\/gestiondelconocimiento\/wp-content\/uploads\/sites\/10\/2021\/11\/Captura-de-pantalla-2021-11-29-a-las-15.30.24.jpg\" data-orig-size=\"1294,679\" data-comments-opened=\"0\" data-image-meta=\"{&quot;aperture&quot;:&quot;0&quot;,&quot;credit&quot;:&quot;&quot;,&quot;camera&quot;:&quot;&quot;,&quot;caption&quot;:&quot;&quot;,&quot;created_timestamp&quot;:&quot;0&quot;,&quot;copyright&quot;:&quot;&quot;,&quot;focal_length&quot;:&quot;0&quot;,&quot;iso&quot;:&quot;0&quot;,&quot;shutter_speed&quot;:&quot;0&quot;,&quot;title&quot;:&quot;&quot;,&quot;orientation&quot;:&quot;0&quot;}\" data-image-title=\"Captura de pantalla 2021-11-29 a las 15.30.24\" data-image-description=\"\" data-image-caption=\"\" data-large-file=\"https:\/\/ws168.juntadeandalucia.es\/iaap\/gestiondelconocimiento\/wp-content\/uploads\/sites\/10\/2021\/11\/Captura-de-pantalla-2021-11-29-a-las-15.30.24-1024x537.jpg\" width=\"640\" height=\"336\" src=\"https:\/\/ws168.juntadeandalucia.es\/iaap\/gestiondelconocimiento\/wp-content\/uploads\/sites\/10\/2021\/11\/Captura-de-pantalla-2021-11-29-a-las-15.30.24-1024x537.jpg\" class=\"attachment-large size-large wp-image-4079\" alt=\"\" srcset=\"https:\/\/ws168.juntadeandalucia.es\/iaap\/gestiondelconocimiento\/wp-content\/uploads\/sites\/10\/2021\/11\/Captura-de-pantalla-2021-11-29-a-las-15.30.24-1024x537.jpg 1024w, https:\/\/ws168.juntadeandalucia.es\/iaap\/gestiondelconocimiento\/wp-content\/uploads\/sites\/10\/2021\/11\/Captura-de-pantalla-2021-11-29-a-las-15.30.24-300x157.jpg 300w, https:\/\/ws168.juntadeandalucia.es\/iaap\/gestiondelconocimiento\/wp-content\/uploads\/sites\/10\/2021\/11\/Captura-de-pantalla-2021-11-29-a-las-15.30.24-768x403.jpg 768w, https:\/\/ws168.juntadeandalucia.es\/iaap\/gestiondelconocimiento\/wp-content\/uploads\/sites\/10\/2021\/11\/Captura-de-pantalla-2021-11-29-a-las-15.30.24-600x315.jpg 600w, https:\/\/ws168.juntadeandalucia.es\/iaap\/gestiondelconocimiento\/wp-content\/uploads\/sites\/10\/2021\/11\/Captura-de-pantalla-2021-11-29-a-las-15.30.24.jpg 1294w\" sizes=\"(max-width: 640px) 100vw, 640px\" data-attachment-id=\"4079\" data-permalink=\"https:\/\/ws168.juntadeandalucia.es\/iaap\/gestiondelconocimiento\/edicion-2020-2021\/identificacion-del-conocimiento-critico\/captura-de-pantalla-2021-11-29-a-las-15-30-24\/\" data-orig-file=\"https:\/\/ws168.juntadeandalucia.es\/iaap\/gestiondelconocimiento\/wp-content\/uploads\/sites\/10\/2021\/11\/Captura-de-pantalla-2021-11-29-a-las-15.30.24.jpg\" data-orig-size=\"1294,679\" data-comments-opened=\"0\" data-image-meta=\"{&quot;aperture&quot;:&quot;0&quot;,&quot;credit&quot;:&quot;&quot;,&quot;camera&quot;:&quot;&quot;,&quot;caption&quot;:&quot;&quot;,&quot;created_timestamp&quot;:&quot;0&quot;,&quot;copyright&quot;:&quot;&quot;,&quot;focal_length&quot;:&quot;0&quot;,&quot;iso&quot;:&quot;0&quot;,&quot;shutter_speed&quot;:&quot;0&quot;,&quot;title&quot;:&quot;&quot;,&quot;orientation&quot;:&quot;0&quot;}\" data-image-title=\"Captura de pantalla 2021-11-29 a las 15.30.24\" data-image-description=\"\" data-image-caption=\"\" data-large-file=\"https:\/\/ws168.juntadeandalucia.es\/iaap\/gestiondelconocimiento\/wp-content\/uploads\/sites\/10\/2021\/11\/Captura-de-pantalla-2021-11-29-a-las-15.30.24-1024x537.jpg\" \/>\t\t\t\t\t\t\t\t<\/a>\n\t\t\t\t\t\t\t\t\t\t\t\t\t\t\t<\/div>\n\t\t\t\t<\/div>\n\t\t\t\t\t<\/div>\n\t\t<\/div>\n\t\t\t\t\t<\/div>\n\t\t<\/section>\n\t\t\t\t<\/div>\n\t\t","protected":false},"excerpt":{"rendered":"<p>LOS MAPAS DE CONOCIMIENTO CR\u00cdTICO EN LA JUNTA DE ANDALUC\u00cdA Este proyecto evidencia que el necesario cambio en la Administraci\u00f3n en general y en la Junta de Andaluc\u00eda en particular es posible. No se necesita solo un cambio normativo y tecnol\u00f3gico, sino con mayor prioridad, un cambio cultural. Este cambio vendr\u00e1 de la mano de [&hellip;]<\/p>\n","protected":false},"author":46,"featured_media":4076,"parent":3394,"menu_order":2,"comment_status":"closed","ping_status":"closed","template":"","meta":{"jetpack_post_was_ever_published":false,"footnotes":""},"class_list":["post-4074","page","type-page","status-publish","has-post-thumbnail","hentry"],"jetpack_sharing_enabled":true,"jetpack_shortlink":"https:\/\/wp.me\/P9W7Se-13I","jetpack-related-posts":[{"id":418,"url":"https:\/\/ws168.juntadeandalucia.es\/iaap\/gestiondelconocimiento\/embajadores-del-conocimiento\/","url_meta":{"origin":4074,"position":0},"title":"Programa Embajadores\/as del Conocimiento","author":"","date":"16 junio, 2018","format":false,"excerpt":"Embajadores del Conocimiento es un programa que inici\u00f3 su andadura en mayo de 2017 y del que forman parte un grupo de empleadas y empleados p\u00fablicos con clara vocaci\u00f3n de servicio p\u00fablico. Este naci\u00f3 con la idea de establecer una red de personas que colaborar\u00e1n, de manera totalmente desinteresada, con\u2026","rel":"","context":"Entrada similar","block_context":{"text":"Entrada similar","link":""},"img":{"alt_text":"","src":"https:\/\/i0.wp.com\/ws168.juntadeandalucia.es\/iaap\/gestiondelconocimiento\/wp-content\/uploads\/sites\/10\/2020\/01\/Embajadores-del-Conocimiento.-IAAP.-Junta-de-Andaluc%C3%ADa.jpg?resize=350%2C200&ssl=1","width":350,"height":200,"srcset":"https:\/\/i0.wp.com\/ws168.juntadeandalucia.es\/iaap\/gestiondelconocimiento\/wp-content\/uploads\/sites\/10\/2020\/01\/Embajadores-del-Conocimiento.-IAAP.-Junta-de-Andaluc%C3%ADa.jpg?resize=350%2C200&ssl=1 1x, https:\/\/i0.wp.com\/ws168.juntadeandalucia.es\/iaap\/gestiondelconocimiento\/wp-content\/uploads\/sites\/10\/2020\/01\/Embajadores-del-Conocimiento.-IAAP.-Junta-de-Andaluc%C3%ADa.jpg?resize=525%2C300&ssl=1 1.5x, https:\/\/i0.wp.com\/ws168.juntadeandalucia.es\/iaap\/gestiondelconocimiento\/wp-content\/uploads\/sites\/10\/2020\/01\/Embajadores-del-Conocimiento.-IAAP.-Junta-de-Andaluc%C3%ADa.jpg?resize=700%2C400&ssl=1 2x, https:\/\/i0.wp.com\/ws168.juntadeandalucia.es\/iaap\/gestiondelconocimiento\/wp-content\/uploads\/sites\/10\/2020\/01\/Embajadores-del-Conocimiento.-IAAP.-Junta-de-Andaluc%C3%ADa.jpg?resize=1050%2C600&ssl=1 3x, https:\/\/i0.wp.com\/ws168.juntadeandalucia.es\/iaap\/gestiondelconocimiento\/wp-content\/uploads\/sites\/10\/2020\/01\/Embajadores-del-Conocimiento.-IAAP.-Junta-de-Andaluc%C3%ADa.jpg?resize=1400%2C800&ssl=1 4x"},"classes":[]},{"id":157,"url":"https:\/\/ws168.juntadeandalucia.es\/iaap\/gestiondelconocimiento\/proyectos\/","url_meta":{"origin":4074,"position":1},"title":"Ediciones","author":"","date":"21 mayo, 2018","format":false,"excerpt":"Gesti\u00f3n del Conocimiento s\u00ed, pero, \u00bfpara qu\u00e9?En 2017 se inicia la andadura en la disciplina de Gesti\u00f3n del Conocimiento en el IAAP, fijando un marco de referencia de base en el que se identificaron una serie de retos y problemas en la Junta de Andaluc\u00eda, que pod\u00edan ser atendidos con\u2026","rel":"","context":"Entrada similar","block_context":{"text":"Entrada similar","link":""},"img":{"alt_text":"","src":"https:\/\/i0.wp.com\/ws168.juntadeandalucia.es\/iaap\/gestiondelconocimiento\/wp-content\/uploads\/sites\/10\/2020\/02\/human-3131802_1280-300x208.jpg?resize=350%2C200&ssl=1","width":350,"height":200},"classes":[]},{"id":4473,"url":"https:\/\/ws168.juntadeandalucia.es\/iaap\/gestiondelconocimiento\/edicion-2022\/identificacion-del-conocimiento-critico-2022\/","url_meta":{"origin":4074,"position":2},"title":"Identificaci\u00f3n del Conocimiento Cr\u00edtico 2022","author":"pedroblanco","date":"23 febrero, 2023","format":false,"excerpt":"A lo largo de estos cuatro a\u00f1os del Grupo de Conocimiento Cr\u00edtico hemos recorrido un camino que empez\u00f3 en 2019.A\u00f1o 2019 - 2020.- APRENDER - APRENDIENDOTodo era nuevo y nos toco determinar qu\u00e9 era el conocimiento cr\u00edtico y por qu\u00e9 era importante conservarlo: \u201ctodo aquello que sabemos hacer, producto de\u2026","rel":"","context":"Entrada similar","block_context":{"text":"Entrada similar","link":""},"img":{"alt_text":"","src":"","width":0,"height":0},"classes":[]},{"id":973,"url":"https:\/\/ws168.juntadeandalucia.es\/iaap\/gestiondelconocimiento\/guia-abierta\/","url_meta":{"origin":4074,"position":3},"title":"Gu\u00eda de Gesti\u00f3n del Conocimiento","author":"","date":"11 agosto, 2019","format":false,"excerpt":"Gu\u00eda abierta sobre Gesti\u00f3n del Conocimiento A veces pensamos que nos gustar\u00eda cambiar las formas de hacer las cosas en nuestro trabajo. Creemos que es posible realizarlas con m\u00e1s eficacia, eficiencia, econom\u00eda y rapidez a como se vienen haciendo tradicionalmente. Si bien es cierto, que aunque tenemos muchas ideas que\u2026","rel":"","context":"Entrada similar","block_context":{"text":"Entrada similar","link":""},"img":{"alt_text":"","src":"https:\/\/i0.wp.com\/ws168.juntadeandalucia.es\/iaap\/gestiondelconocimiento\/wp-content\/uploads\/sites\/10\/2019\/08\/innovation-561388_1920.jpg?resize=350%2C200&ssl=1","width":350,"height":200,"srcset":"https:\/\/i0.wp.com\/ws168.juntadeandalucia.es\/iaap\/gestiondelconocimiento\/wp-content\/uploads\/sites\/10\/2019\/08\/innovation-561388_1920.jpg?resize=350%2C200&ssl=1 1x, https:\/\/i0.wp.com\/ws168.juntadeandalucia.es\/iaap\/gestiondelconocimiento\/wp-content\/uploads\/sites\/10\/2019\/08\/innovation-561388_1920.jpg?resize=525%2C300&ssl=1 1.5x, https:\/\/i0.wp.com\/ws168.juntadeandalucia.es\/iaap\/gestiondelconocimiento\/wp-content\/uploads\/sites\/10\/2019\/08\/innovation-561388_1920.jpg?resize=700%2C400&ssl=1 2x, https:\/\/i0.wp.com\/ws168.juntadeandalucia.es\/iaap\/gestiondelconocimiento\/wp-content\/uploads\/sites\/10\/2019\/08\/innovation-561388_1920.jpg?resize=1050%2C600&ssl=1 3x, https:\/\/i0.wp.com\/ws168.juntadeandalucia.es\/iaap\/gestiondelconocimiento\/wp-content\/uploads\/sites\/10\/2019\/08\/innovation-561388_1920.jpg?resize=1400%2C800&ssl=1 4x"},"classes":[]},{"id":2053,"url":"https:\/\/ws168.juntadeandalucia.es\/iaap\/gestiondelconocimiento\/proyectos\/edicion-2019-2020-edicion-2019-2020\/gc06-identificacion-del-conocimiento-critico\/","url_meta":{"origin":4074,"position":4},"title":"GC06 &#8211; Identificaci\u00f3n del Conocimiento Cr\u00edtico (2019-20)","author":"beatrizsanchezgomez","date":"23 febrero, 2020","format":false,"excerpt":"DESCRIPCI\u00d3NSe trata de identificar el conocimiento cr\u00edtico existente en la Junta de Andaluc\u00eda, dando respuesta a las preguntas:\u2022 \u00bfQu\u00e9 es lo que sabe la organizaci\u00f3n?\u2022 \u00bfDe eso qu\u00e9 es lo m\u00e1s importante?\u2022 \u00bfQui\u00e9n lo sabe?\u2022 \u00bfC\u00f3mo utilizamos lo que sabemos?OBJETIVOSElaborar un inventario categorizado del conocimiento existente en la Junta de\u2026","rel":"","context":"Entrada similar","block_context":{"text":"Entrada similar","link":""},"img":{"alt_text":"","src":"https:\/\/i0.wp.com\/ws168.juntadeandalucia.es\/iaap\/gestiondelconocimiento\/wp-content\/uploads\/sites\/10\/2019\/03\/screen2.png?resize=350%2C200&ssl=1","width":350,"height":200},"classes":[]},{"id":1020,"url":"https:\/\/ws168.juntadeandalucia.es\/iaap\/gestiondelconocimiento\/guia-abierta\/punto-2-tienes-un-proyecto-de-gestion-del-conocimiento-o-quieres-formar-parte-de-uno\/","url_meta":{"origin":4074,"position":5},"title":"Punto 2. \u00bfTienes un proyecto de gesti\u00f3n del conocimiento o quieres formar parte de uno?","author":"","date":"13 agosto, 2019","format":false,"excerpt":"Ante un contexto complejo y cambiante como el que atravesamos, se necesita mucho m\u00e1s conocimiento para dise\u00f1ar procesos y servicios que hagan un uso inteligente de las TIC, que permita establecer nuevas formas de comunicaci\u00f3n y relaci\u00f3n con la ciudadan\u00eda a la que se ofrezca respuestas efectivas a sus principales\u2026","rel":"","context":"Entrada similar","block_context":{"text":"Entrada similar","link":""},"img":{"alt_text":"","src":"https:\/\/i0.wp.com\/ws168.juntadeandalucia.es\/iaap\/gestiondelconocimiento\/wp-content\/uploads\/sites\/10\/2019\/08\/smilie-495999_1920.jpg?resize=350%2C200&ssl=1","width":350,"height":200,"srcset":"https:\/\/i0.wp.com\/ws168.juntadeandalucia.es\/iaap\/gestiondelconocimiento\/wp-content\/uploads\/sites\/10\/2019\/08\/smilie-495999_1920.jpg?resize=350%2C200&ssl=1 1x, https:\/\/i0.wp.com\/ws168.juntadeandalucia.es\/iaap\/gestiondelconocimiento\/wp-content\/uploads\/sites\/10\/2019\/08\/smilie-495999_1920.jpg?resize=525%2C300&ssl=1 1.5x, https:\/\/i0.wp.com\/ws168.juntadeandalucia.es\/iaap\/gestiondelconocimiento\/wp-content\/uploads\/sites\/10\/2019\/08\/smilie-495999_1920.jpg?resize=700%2C400&ssl=1 2x, https:\/\/i0.wp.com\/ws168.juntadeandalucia.es\/iaap\/gestiondelconocimiento\/wp-content\/uploads\/sites\/10\/2019\/08\/smilie-495999_1920.jpg?resize=1050%2C600&ssl=1 3x, https:\/\/i0.wp.com\/ws168.juntadeandalucia.es\/iaap\/gestiondelconocimiento\/wp-content\/uploads\/sites\/10\/2019\/08\/smilie-495999_1920.jpg?resize=1400%2C800&ssl=1 4x"},"classes":[]}],"jetpack_likes_enabled":true,"_links":{"self":[{"href":"https:\/\/ws168.juntadeandalucia.es\/iaap\/gestiondelconocimiento\/wp-json\/wp\/v2\/pages\/4074","targetHints":{"allow":["GET"]}}],"collection":[{"href":"https:\/\/ws168.juntadeandalucia.es\/iaap\/gestiondelconocimiento\/wp-json\/wp\/v2\/pages"}],"about":[{"href":"https:\/\/ws168.juntadeandalucia.es\/iaap\/gestiondelconocimiento\/wp-json\/wp\/v2\/types\/page"}],"author":[{"embeddable":true,"href":"https:\/\/ws168.juntadeandalucia.es\/iaap\/gestiondelconocimiento\/wp-json\/wp\/v2\/users\/46"}],"replies":[{"embeddable":true,"href":"https:\/\/ws168.juntadeandalucia.es\/iaap\/gestiondelconocimiento\/wp-json\/wp\/v2\/comments?post=4074"}],"version-history":[{"count":23,"href":"https:\/\/ws168.juntadeandalucia.es\/iaap\/gestiondelconocimiento\/wp-json\/wp\/v2\/pages\/4074\/revisions"}],"predecessor-version":[{"id":4576,"href":"https:\/\/ws168.juntadeandalucia.es\/iaap\/gestiondelconocimiento\/wp-json\/wp\/v2\/pages\/4074\/revisions\/4576"}],"up":[{"embeddable":true,"href":"https:\/\/ws168.juntadeandalucia.es\/iaap\/gestiondelconocimiento\/wp-json\/wp\/v2\/pages\/3394"}],"wp:featuredmedia":[{"embeddable":true,"href":"https:\/\/ws168.juntadeandalucia.es\/iaap\/gestiondelconocimiento\/wp-json\/wp\/v2\/media\/4076"}],"wp:attachment":[{"href":"https:\/\/ws168.juntadeandalucia.es\/iaap\/gestiondelconocimiento\/wp-json\/wp\/v2\/media?parent=4074"}],"curies":[{"name":"wp","href":"https:\/\/api.w.org\/{rel}","templated":true}]}}