{"id":4110,"date":"2021-12-02T16:56:44","date_gmt":"2021-12-02T15:56:44","guid":{"rendered":"https:\/\/ws168.juntadeandalucia.es\/iaap\/gestiondelconocimiento\/?page_id=4110"},"modified":"2024-11-07T15:29:06","modified_gmt":"2024-11-07T14:29:06","slug":"encuentros-intergeneracionales","status":"publish","type":"page","link":"https:\/\/ws168.juntadeandalucia.es\/iaap\/gestiondelconocimiento\/edicion-2020-2021\/encuentros-intergeneracionales\/","title":{"rendered":"ENCUENTROS INTERGENERACIONALES"},"content":{"rendered":"\t\t<div data-elementor-type=\"wp-page\" data-elementor-id=\"4110\" class=\"elementor elementor-4110\">\n\t\t\t\t\t\t<section class=\"elementor-section elementor-top-section elementor-element elementor-element-1911fa79 elementor-section-boxed elementor-section-height-default elementor-section-height-default\" data-id=\"1911fa79\" data-element_type=\"section\" data-e-type=\"section\">\n\t\t\t\t\t\t<div class=\"elementor-container elementor-column-gap-default\">\n\t\t\t\t\t<div class=\"elementor-column elementor-col-100 elementor-top-column elementor-element elementor-element-5adb6654\" data-id=\"5adb6654\" data-element_type=\"column\" data-e-type=\"column\">\n\t\t\t<div class=\"elementor-widget-wrap elementor-element-populated\">\n\t\t\t\t\t\t<div class=\"elementor-element elementor-element-1ace5fe5 elementor-widget elementor-widget-text-editor\" data-id=\"1ace5fe5\" data-element_type=\"widget\" data-e-type=\"widget\" data-widget_type=\"text-editor.default\">\n\t\t\t\t<div class=\"elementor-widget-container\">\n\t\t\t\t\t\t\t\t\t<h4>ENCUENTRO ENTRE LOS AGENTES DE MEDIOAMBIENTE<\/h4>\n<p style=\"text-align: justify\"><span style=\"font-size: 12pt\">Este a\u00f1o el proyecto de Encuentros intergeneracionales se ha centrado en el colectivo de Agentes de Medioambientes de la Junta de Andaluc\u00eda.<\/span><\/p>\n<p style=\"text-align: justify\"><span style=\"font-size: 12pt\">Adem\u00e1s del propio encuentro, han realizado una Recopilaci\u00f3n de vivencias personales como ejemplo de transferencia de <\/span><span style=\"font-size: 12pt\">conocimiento en el \u00e1mbito de los Agentes de Medio Ambiente, titulada <a href=\"https:\/\/ws168.juntadeandalucia.es\/iaap\/gestiondelconocimiento\/wp-content\/uploads\/sites\/10\/2024\/11\/Relatos-y-Testimonios-de-AMAs.pdf\" target=\"_blank\" rel=\"noopener\">Relatos y testimonios<\/a>.\u00a0<\/span><\/p>\n<p style=\"text-align: justify\"><span style=\"font-size: 12pt\">Puedes visualizar directamente su presentaci\u00f3n en la IV Jornada de Gesti\u00f3n del Conocimiento del programa Embajadores y Embajadoras del Conocimiento en el siguiente video:<\/span><\/p>\t\t\t\t\t\t\t\t<\/div>\n\t\t\t\t<\/div>\n\t\t\t\t\t<\/div>\n\t\t<\/div>\n\t\t\t\t\t<\/div>\n\t\t<\/section>\n\t\t\t\t<section class=\"elementor-section elementor-top-section elementor-element elementor-element-7ea8738 elementor-section-boxed elementor-section-height-default elementor-section-height-default\" data-id=\"7ea8738\" data-element_type=\"section\" data-e-type=\"section\">\n\t\t\t\t\t\t<div class=\"elementor-container elementor-column-gap-default\">\n\t\t\t\t\t<div class=\"elementor-column elementor-col-100 elementor-top-column elementor-element elementor-element-d045e80\" data-id=\"d045e80\" data-element_type=\"column\" data-e-type=\"column\">\n\t\t\t<div class=\"elementor-widget-wrap elementor-element-populated\">\n\t\t\t\t\t\t<div class=\"elementor-element elementor-element-0be5c6c elementor-widget elementor-widget-video\" data-id=\"0be5c6c\" data-element_type=\"widget\" data-e-type=\"widget\" data-settings=\"{&quot;youtube_url&quot;:&quot;https:\\\/\\\/youtu.be\\\/UuC-kTPisoM&quot;,&quot;start&quot;:&quot;1750&quot;,&quot;end&quot;:&quot;2690&quot;,&quot;show_image_overlay&quot;:&quot;yes&quot;,&quot;image_overlay&quot;:{&quot;url&quot;:&quot;https:\\\/\\\/ws168.juntadeandalucia.es\\\/iaap\\\/gestiondelconocimiento\\\/wp-content\\\/uploads\\\/sites\\\/10\\\/2021\\\/11\\\/Captura-de-pantalla-2021-11-29-a-las-16.58.38.jpg&quot;,&quot;id&quot;:&quot;4112&quot;,&quot;size&quot;:&quot;&quot;},&quot;video_type&quot;:&quot;youtube&quot;,&quot;controls&quot;:&quot;yes&quot;}\" data-widget_type=\"video.default\">\n\t\t\t\t<div class=\"elementor-widget-container\">\n\t\t\t\t\t\t\t<div class=\"elementor-wrapper elementor-open-inline\">\n\t\t\t<div class=\"elementor-video\"><\/div>\t\t\t\t<div class=\"elementor-custom-embed-image-overlay\" style=\"background-image: url(https:\/\/ws168.juntadeandalucia.es\/iaap\/gestiondelconocimiento\/wp-content\/uploads\/sites\/10\/2021\/11\/Captura-de-pantalla-2021-11-29-a-las-16.58.38.jpg);\">\n\t\t\t\t\t\t\t\t\t\t\t\t\t\t\t\t<div class=\"elementor-custom-embed-play\" role=\"button\" aria-label=\"Reproducir v\u00eddeo\" tabindex=\"0\">\n\t\t\t\t\t\t\t<i aria-hidden=\"true\" class=\"eicon-play\"><\/i>\t\t\t\t\t\t<\/div>\n\t\t\t\t\t\t\t\t\t<\/div>\n\t\t\t\t\t<\/div>\n\t\t\t\t\t\t<\/div>\n\t\t\t\t<\/div>\n\t\t\t\t\t<\/div>\n\t\t<\/div>\n\t\t\t\t\t<\/div>\n\t\t<\/section>\n\t\t\t\t<section class=\"elementor-section elementor-top-section elementor-element elementor-element-d6f432e elementor-section-boxed elementor-section-height-default elementor-section-height-default\" data-id=\"d6f432e\" data-element_type=\"section\" data-e-type=\"section\">\n\t\t\t\t\t\t<div class=\"elementor-container elementor-column-gap-default\">\n\t\t\t\t\t<div class=\"elementor-column elementor-col-100 elementor-top-column elementor-element elementor-element-8aafc0f\" data-id=\"8aafc0f\" data-element_type=\"column\" data-e-type=\"column\">\n\t\t\t<div class=\"elementor-widget-wrap elementor-element-populated\">\n\t\t\t\t\t\t<div class=\"elementor-element elementor-element-5815ea9 elementor-widget elementor-widget-text-editor\" data-id=\"5815ea9\" data-element_type=\"widget\" data-e-type=\"widget\" data-widget_type=\"text-editor.default\">\n\t\t\t\t<div class=\"elementor-widget-container\">\n\t\t\t\t\t\t\t\t\t<p style=\"text-align: justify\"><span style=\"font-size: 12pt\">Y si quieres conocer un poco m\u00e1s acerca de c\u00f3mo fue este encuentro entre profesionales de este colectivo tan espec\u00edfico en la Junta de Andaluc\u00eda, no dudes en ver el siguiente reportaje:<\/span><\/p>\t\t\t\t\t\t\t\t<\/div>\n\t\t\t\t<\/div>\n\t\t\t\t\t<\/div>\n\t\t<\/div>\n\t\t\t\t\t<\/div>\n\t\t<\/section>\n\t\t\t\t<section class=\"elementor-section elementor-top-section elementor-element elementor-element-1f62885 elementor-section-boxed elementor-section-height-default elementor-section-height-default\" data-id=\"1f62885\" data-element_type=\"section\" data-e-type=\"section\">\n\t\t\t\t\t\t<div class=\"elementor-container elementor-column-gap-default\">\n\t\t\t\t\t<div class=\"elementor-column elementor-col-100 elementor-top-column elementor-element elementor-element-8e3c6d0\" data-id=\"8e3c6d0\" data-element_type=\"column\" data-e-type=\"column\">\n\t\t\t<div class=\"elementor-widget-wrap elementor-element-populated\">\n\t\t\t\t\t\t<div class=\"elementor-element elementor-element-0cd55f4 elementor-widget elementor-widget-video\" data-id=\"0cd55f4\" data-element_type=\"widget\" data-e-type=\"widget\" data-settings=\"{&quot;youtube_url&quot;:&quot;https:\\\/\\\/youtu.be\\\/UuC-kTPisoM&quot;,&quot;start&quot;:&quot;2735&quot;,&quot;end&quot;:&quot;2940&quot;,&quot;show_image_overlay&quot;:&quot;yes&quot;,&quot;image_overlay&quot;:{&quot;url&quot;:&quot;https:\\\/\\\/ws168.juntadeandalucia.es\\\/iaap\\\/gestiondelconocimiento\\\/wp-content\\\/uploads\\\/sites\\\/10\\\/2021\\\/11\\\/Captura-de-pantalla-2021-11-29-a-las-17.44.06.jpg&quot;,&quot;id&quot;:&quot;4134&quot;,&quot;size&quot;:&quot;&quot;},&quot;video_type&quot;:&quot;youtube&quot;,&quot;controls&quot;:&quot;yes&quot;}\" data-widget_type=\"video.default\">\n\t\t\t\t<div class=\"elementor-widget-container\">\n\t\t\t\t\t\t\t<div class=\"elementor-wrapper elementor-open-inline\">\n\t\t\t<div class=\"elementor-video\"><\/div>\t\t\t\t<div class=\"elementor-custom-embed-image-overlay\" style=\"background-image: url(https:\/\/ws168.juntadeandalucia.es\/iaap\/gestiondelconocimiento\/wp-content\/uploads\/sites\/10\/2021\/11\/Captura-de-pantalla-2021-11-29-a-las-17.44.06.jpg);\">\n\t\t\t\t\t\t\t\t\t\t\t\t\t\t\t\t<div class=\"elementor-custom-embed-play\" role=\"button\" aria-label=\"Reproducir v\u00eddeo\" tabindex=\"0\">\n\t\t\t\t\t\t\t<i aria-hidden=\"true\" class=\"eicon-play\"><\/i>\t\t\t\t\t\t<\/div>\n\t\t\t\t\t\t\t\t\t<\/div>\n\t\t\t\t\t<\/div>\n\t\t\t\t\t\t<\/div>\n\t\t\t\t<\/div>\n\t\t\t\t\t<\/div>\n\t\t<\/div>\n\t\t\t\t\t<\/div>\n\t\t<\/section>\n\t\t\t\t<section class=\"elementor-section elementor-top-section elementor-element elementor-element-8d19697 elementor-section-boxed elementor-section-height-default elementor-section-height-default\" data-id=\"8d19697\" data-element_type=\"section\" data-e-type=\"section\">\n\t\t\t\t\t\t<div class=\"elementor-container elementor-column-gap-default\">\n\t\t\t\t\t<div class=\"elementor-column elementor-col-100 elementor-top-column elementor-element elementor-element-7ee6a60\" data-id=\"7ee6a60\" data-element_type=\"column\" data-e-type=\"column\">\n\t\t\t<div class=\"elementor-widget-wrap elementor-element-populated\">\n\t\t\t\t\t\t<div class=\"elementor-element elementor-element-afbc804 elementor-widget elementor-widget-text-editor\" data-id=\"afbc804\" data-element_type=\"widget\" data-e-type=\"widget\" data-widget_type=\"text-editor.default\">\n\t\t\t\t<div class=\"elementor-widget-container\">\n\t\t\t\t\t\t\t\t\t<p style=\"text-align: justify\">Tienes m\u00e1s informaci\u00f3n en la <a href=\"https:\/\/ws168.juntadeandalucia.es\/iaap\/gestiondelconocimiento\/wp-content\/uploads\/sites\/10\/2022\/01\/Cosecha-Agentes-Medio-Ambiente-2021.pdf\" target=\"_blank\" rel=\"noopener\">Cosecha<\/a> del III Encuentro Intergeneracional de la Junta de Andaluc\u00eda.<\/p>\t\t\t\t\t\t\t\t<\/div>\n\t\t\t\t<\/div>\n\t\t\t\t\t<\/div>\n\t\t<\/div>\n\t\t\t\t\t<\/div>\n\t\t<\/section>\n\t\t\t\t<\/div>\n\t\t","protected":false},"excerpt":{"rendered":"<p>ENCUENTRO ENTRE LOS AGENTES DE MEDIOAMBIENTE Este a\u00f1o el proyecto de Encuentros intergeneracionales se ha centrado en el colectivo de Agentes de Medioambientes de la Junta de Andaluc\u00eda. Adem\u00e1s del propio encuentro, han realizado una Recopilaci\u00f3n de vivencias personales como ejemplo de transferencia de conocimiento en el \u00e1mbito de los Agentes de Medio Ambiente, titulada [&hellip;]<\/p>\n","protected":false},"author":46,"featured_media":0,"parent":3394,"menu_order":4,"comment_status":"closed","ping_status":"closed","template":"","meta":{"jetpack_post_was_ever_published":false,"footnotes":""},"class_list":["post-4110","page","type-page","status-publish","hentry"],"jetpack_sharing_enabled":true,"jetpack_shortlink":"https:\/\/wp.me\/P9W7Se-14i","jetpack-related-posts":[{"id":4583,"url":"https:\/\/ws168.juntadeandalucia.es\/iaap\/gestiondelconocimiento\/edicion-2022\/encuentros-intergeneracionales-2022\/","url_meta":{"origin":4110,"position":0},"title":"Encuentros Intergeneracionales 2022","author":"inmaculadamolinaruiz","date":"24 febrero, 2023","format":false,"excerpt":"Encuentros entre los Agentes de Salud Este a\u00f1o el proyecto de Encuentros intergeneracionales se ha centrado en el colectivo de Agentes de Salud de la Junta de Andaluc\u00eda.En el IV Encuentro Intergeneracional de la Junta de Andaluc\u00eda, Agentes de Salud P\u00fablica, promovido por este grupo de trabajo y celebrado en\u2026","rel":"","context":"Entrada similar","block_context":{"text":"Entrada similar","link":""},"img":{"alt_text":"","src":"","width":0,"height":0},"classes":[]},{"id":5494,"url":"https:\/\/ws168.juntadeandalucia.es\/iaap\/gestiondelconocimiento\/edicion-2023\/encuentros-intergeneracionales-en-la-junta-de-andalucia-2023\/","url_meta":{"origin":4110,"position":1},"title":"Encuentros Intergeneracionales en la Junta de Andaluc\u00eda 2023","author":"administrador","date":"11 diciembre, 2023","format":false,"excerpt":"El pasado 9 de octubre de 2023 se celebr\u00f3 el V Encuentro Intergeneracional de la Junta de Andaluc\u00eda, en esta ocasi\u00f3n, centrado en el colectivo de Agentes de Inspecci\u00f3n de prestaciones y servicios sanitarios.Ese Encuentro fue la culminaci\u00f3n del trabajo realizado a lo largo de todo el a\u00f1o por los\u2026","rel":"","context":"Entrada similar","block_context":{"text":"Entrada similar","link":""},"img":{"alt_text":"Encuentros Intergeneracionales","src":"https:\/\/i0.wp.com\/ws168.juntadeandalucia.es\/iaap\/gestiondelconocimiento\/wp-content\/uploads\/sites\/10\/2023\/07\/06_Grupo-Encuentros-2048x1448.jpg?resize=350%2C200&ssl=1","width":350,"height":200,"srcset":"https:\/\/i0.wp.com\/ws168.juntadeandalucia.es\/iaap\/gestiondelconocimiento\/wp-content\/uploads\/sites\/10\/2023\/07\/06_Grupo-Encuentros-2048x1448.jpg?resize=350%2C200&ssl=1 1x, https:\/\/i0.wp.com\/ws168.juntadeandalucia.es\/iaap\/gestiondelconocimiento\/wp-content\/uploads\/sites\/10\/2023\/07\/06_Grupo-Encuentros-2048x1448.jpg?resize=525%2C300&ssl=1 1.5x"},"classes":[]},{"id":418,"url":"https:\/\/ws168.juntadeandalucia.es\/iaap\/gestiondelconocimiento\/embajadores-del-conocimiento\/","url_meta":{"origin":4110,"position":2},"title":"Programa Embajadores\/as del Conocimiento","author":"","date":"16 junio, 2018","format":false,"excerpt":"Embajadores del Conocimiento es un programa que inici\u00f3 su andadura en mayo de 2017 y del que forman parte un grupo de empleadas y empleados p\u00fablicos con clara vocaci\u00f3n de servicio p\u00fablico. Este naci\u00f3 con la idea de establecer una red de personas que colaborar\u00e1n, de manera totalmente desinteresada, con\u2026","rel":"","context":"Entrada similar","block_context":{"text":"Entrada similar","link":""},"img":{"alt_text":"","src":"https:\/\/i0.wp.com\/ws168.juntadeandalucia.es\/iaap\/gestiondelconocimiento\/wp-content\/uploads\/sites\/10\/2020\/01\/Embajadores-del-Conocimiento.-IAAP.-Junta-de-Andaluc%C3%ADa.jpg?resize=350%2C200&ssl=1","width":350,"height":200,"srcset":"https:\/\/i0.wp.com\/ws168.juntadeandalucia.es\/iaap\/gestiondelconocimiento\/wp-content\/uploads\/sites\/10\/2020\/01\/Embajadores-del-Conocimiento.-IAAP.-Junta-de-Andaluc%C3%ADa.jpg?resize=350%2C200&ssl=1 1x, https:\/\/i0.wp.com\/ws168.juntadeandalucia.es\/iaap\/gestiondelconocimiento\/wp-content\/uploads\/sites\/10\/2020\/01\/Embajadores-del-Conocimiento.-IAAP.-Junta-de-Andaluc%C3%ADa.jpg?resize=525%2C300&ssl=1 1.5x, https:\/\/i0.wp.com\/ws168.juntadeandalucia.es\/iaap\/gestiondelconocimiento\/wp-content\/uploads\/sites\/10\/2020\/01\/Embajadores-del-Conocimiento.-IAAP.-Junta-de-Andaluc%C3%ADa.jpg?resize=700%2C400&ssl=1 2x, https:\/\/i0.wp.com\/ws168.juntadeandalucia.es\/iaap\/gestiondelconocimiento\/wp-content\/uploads\/sites\/10\/2020\/01\/Embajadores-del-Conocimiento.-IAAP.-Junta-de-Andaluc%C3%ADa.jpg?resize=1050%2C600&ssl=1 3x, https:\/\/i0.wp.com\/ws168.juntadeandalucia.es\/iaap\/gestiondelconocimiento\/wp-content\/uploads\/sites\/10\/2020\/01\/Embajadores-del-Conocimiento.-IAAP.-Junta-de-Andaluc%C3%ADa.jpg?resize=1400%2C800&ssl=1 4x"},"classes":[]},{"id":157,"url":"https:\/\/ws168.juntadeandalucia.es\/iaap\/gestiondelconocimiento\/proyectos\/","url_meta":{"origin":4110,"position":3},"title":"Ediciones","author":"","date":"21 mayo, 2018","format":false,"excerpt":"Gesti\u00f3n del Conocimiento s\u00ed, pero, \u00bfpara qu\u00e9?En 2017 se inicia la andadura en la disciplina de Gesti\u00f3n del Conocimiento en el IAAP, fijando un marco de referencia de base en el que se identificaron una serie de retos y problemas en la Junta de Andaluc\u00eda, que pod\u00edan ser atendidos con\u2026","rel":"","context":"Entrada similar","block_context":{"text":"Entrada similar","link":""},"img":{"alt_text":"","src":"https:\/\/i0.wp.com\/ws168.juntadeandalucia.es\/iaap\/gestiondelconocimiento\/wp-content\/uploads\/sites\/10\/2020\/02\/human-3131802_1280-300x208.jpg?resize=350%2C200&ssl=1","width":350,"height":200},"classes":[]},{"id":1903,"url":"https:\/\/ws168.juntadeandalucia.es\/iaap\/gestiondelconocimiento\/proyectos\/edicion-2019-2020-edicion-2019-2020\/gc11-encuentros-intergeneracionales\/","url_meta":{"origin":4110,"position":4},"title":"GC11 &#8211; Encuentros Intergeneracionales (2019-20)","author":"beatrizsanchezgomez","date":"17 febrero, 2020","format":false,"excerpt":"Edici\u00f3n 2019-2020DESCRIPCI\u00d3NEste proyecto que surge en la tercera edici\u00f3n del programa del IAAP Embajadores del Conocimiento. Se trata de llevar a cabo encuentros entre personas pr\u00f3ximas a la jubilaci\u00f3n con un conocimiento destacado y personas que deban ser destinatarias de ese conocimiento.\u00a0Para ello se partir\u00e1 como modelo, del \"I encuentro\u2026","rel":"","context":"Entrada similar","block_context":{"text":"Entrada similar","link":""},"img":{"alt_text":"","src":"https:\/\/i0.wp.com\/ws168.juntadeandalucia.es\/iaap\/gestiondelconocimiento\/wp-content\/uploads\/sites\/10\/2020\/01\/Generacional2.jpg?resize=350%2C200&ssl=1","width":350,"height":200},"classes":[]},{"id":6158,"url":"https:\/\/ws168.juntadeandalucia.es\/iaap\/gestiondelconocimiento\/edicion-2024\/encuentros-intergeneracionales-en-la-junta-de-andalucia-2024\/","url_meta":{"origin":4110,"position":5},"title":"Encuentros Intergeneracionales en la Junta de Andaluc\u00eda 2024","author":"administrador","date":"17 octubre, 2024","format":false,"excerpt":"Uno de los proyectos m\u00e1s gratificantes es el de Encuentros Intergeneracionales, ya que se puede vivir su experiencia en primera persona y comprobar su repercusi\u00f3n en los asistentes de forma inmediata.Cinco personas pertenecientes a diferentes \u00e1reas de la Junta de Andaluc\u00eda se encomendaron en la labor de organizar el VI\u2026","rel":"","context":"Entrada similar","block_context":{"text":"Entrada similar","link":""},"img":{"alt_text":"","src":"https:\/\/i0.wp.com\/ws168.juntadeandalucia.es\/iaap\/gestiondelconocimiento\/wp-content\/uploads\/sites\/10\/2024\/10\/VI-Encuentro-Intergeneracional.jpg?resize=350%2C200&ssl=1","width":350,"height":200,"srcset":"https:\/\/i0.wp.com\/ws168.juntadeandalucia.es\/iaap\/gestiondelconocimiento\/wp-content\/uploads\/sites\/10\/2024\/10\/VI-Encuentro-Intergeneracional.jpg?resize=350%2C200&ssl=1 1x, https:\/\/i0.wp.com\/ws168.juntadeandalucia.es\/iaap\/gestiondelconocimiento\/wp-content\/uploads\/sites\/10\/2024\/10\/VI-Encuentro-Intergeneracional.jpg?resize=525%2C300&ssl=1 1.5x, https:\/\/i0.wp.com\/ws168.juntadeandalucia.es\/iaap\/gestiondelconocimiento\/wp-content\/uploads\/sites\/10\/2024\/10\/VI-Encuentro-Intergeneracional.jpg?resize=700%2C400&ssl=1 2x"},"classes":[]}],"jetpack_likes_enabled":true,"_links":{"self":[{"href":"https:\/\/ws168.juntadeandalucia.es\/iaap\/gestiondelconocimiento\/wp-json\/wp\/v2\/pages\/4110","targetHints":{"allow":["GET"]}}],"collection":[{"href":"https:\/\/ws168.juntadeandalucia.es\/iaap\/gestiondelconocimiento\/wp-json\/wp\/v2\/pages"}],"about":[{"href":"https:\/\/ws168.juntadeandalucia.es\/iaap\/gestiondelconocimiento\/wp-json\/wp\/v2\/types\/page"}],"author":[{"embeddable":true,"href":"https:\/\/ws168.juntadeandalucia.es\/iaap\/gestiondelconocimiento\/wp-json\/wp\/v2\/users\/46"}],"replies":[{"embeddable":true,"href":"https:\/\/ws168.juntadeandalucia.es\/iaap\/gestiondelconocimiento\/wp-json\/wp\/v2\/comments?post=4110"}],"version-history":[{"count":31,"href":"https:\/\/ws168.juntadeandalucia.es\/iaap\/gestiondelconocimiento\/wp-json\/wp\/v2\/pages\/4110\/revisions"}],"predecessor-version":[{"id":6572,"href":"https:\/\/ws168.juntadeandalucia.es\/iaap\/gestiondelconocimiento\/wp-json\/wp\/v2\/pages\/4110\/revisions\/6572"}],"up":[{"embeddable":true,"href":"https:\/\/ws168.juntadeandalucia.es\/iaap\/gestiondelconocimiento\/wp-json\/wp\/v2\/pages\/3394"}],"wp:attachment":[{"href":"https:\/\/ws168.juntadeandalucia.es\/iaap\/gestiondelconocimiento\/wp-json\/wp\/v2\/media?parent=4110"}],"curies":[{"name":"wp","href":"https:\/\/api.w.org\/{rel}","templated":true}]}}