{"id":418,"date":"2018-06-16T18:40:25","date_gmt":"2018-06-16T18:40:25","guid":{"rendered":"https:\/\/ws168.juntadeandalucia.es\/iaap\/gestiondelconocimiento\/?page_id=418"},"modified":"2024-12-12T09:07:24","modified_gmt":"2024-12-12T08:07:24","slug":"embajadores-del-conocimiento","status":"publish","type":"page","link":"https:\/\/ws168.juntadeandalucia.es\/iaap\/gestiondelconocimiento\/embajadores-del-conocimiento\/","title":{"rendered":"Programa Embajadores\/as del Conocimiento"},"content":{"rendered":"\t\t<div data-elementor-type=\"wp-post\" data-elementor-id=\"418\" class=\"elementor elementor-418\">\n\t\t\t\t\t\t<section class=\"elementor-section elementor-top-section elementor-element elementor-element-335dfff0 elementor-section-boxed elementor-section-height-default elementor-section-height-default\" data-id=\"335dfff0\" data-element_type=\"section\" data-e-type=\"section\">\n\t\t\t\t\t\t<div class=\"elementor-container elementor-column-gap-default\">\n\t\t\t\t\t<div class=\"elementor-column elementor-col-100 elementor-top-column elementor-element elementor-element-72160948\" data-id=\"72160948\" data-element_type=\"column\" data-e-type=\"column\">\n\t\t\t<div class=\"elementor-widget-wrap elementor-element-populated\">\n\t\t\t\t\t\t<div class=\"elementor-element elementor-element-1f72a5b1 elementor-widget elementor-widget-text-editor\" data-id=\"1f72a5b1\" data-element_type=\"widget\" data-e-type=\"widget\" data-widget_type=\"text-editor.default\">\n\t\t\t\t<div class=\"elementor-widget-container\">\n\t\t\t\t\t\t\t\t\t<p style=\"text-align: justify\"><span style=\"font-size: 12pt\"><strong>Embajadores del Conocimiento<\/strong> es un programa que inici\u00f3 su andadura en mayo de 2017 y del que forman parte un grupo de empleadas y empleados p\u00fablicos con clara vocaci\u00f3n de servicio p\u00fablico. <\/span><\/p>\n<p style=\"text-align: justify\"><span style=\"font-size: 12pt\">Este naci\u00f3 con la idea de establecer una red de personas que colaborar\u00e1n, de manera totalmente desinteresada, con el <strong><a href=\"https:\/\/juntadeandalucia.es\/organismos\/iaap.html\" target=\"_blank\" rel=\"noopener\">Instituto Andaluz de Administraci\u00f3n P\u00fablica<\/a>, <\/strong>s<\/span><span style=\"font-size: 12pt\">iendo por tanto su objetivo el im<\/span><span style=\"font-size: 12pt\">plantar proyectos de Gesti\u00f3n del Conocimiento en la <strong><a href=\"https:\/\/juntadeandalucia.es\/\" target=\"_blank\" rel=\"noopener noreferrer\">Junta de Andaluc\u00eda<\/a><\/strong>. <\/span><\/p>\n<p style=\"text-align: justify\"><span style=\"font-size: 12pt\">Las actividades que realiza este colectivo de profesionales implicados en la mejora de la Administraci\u00f3n P\u00fablica consisten en:<br \/><\/span><\/p>\n<ul style=\"text-align: justify\">\n<li><span style=\"font-size: 12pt\">Reflexionar conjuntamente sobre la <strong>Gesti\u00f3n del Conocimiento<\/strong> en la organizaci\u00f3n, as\u00ed como en detectar posibles problemas y en proponer soluciones.<\/span><\/li>\n<li><span style=\"font-size: 12pt\">Realizar una actualizaci\u00f3n permanente de conocimientos (<strong>Benchmarking<\/strong>). Qu\u00e9 hacen otros y qu\u00e9 podr\u00edamos aplicar en nuestra organizaci\u00f3n.<\/span><\/li>\n<li><span style=\"font-size: 12pt\">Poner en marcha iniciativas y proyectos de Gesti\u00f3n del Conocimiento para toda la Junta de Andaluc\u00eda.<\/span><\/li>\n<li><span style=\"font-size: 12pt\">Proponer formaci\u00f3n permanente en este nuevo \u00e1mbito de la Gesti\u00f3n del Conocimiento, tanto para la propia Red de Embajadores y Embajadoras, como para el resto de la organizaci\u00f3n.<\/span><\/li>\n<\/ul>\n<p style=\"text-align: justify\"><span style=\"font-size: 12pt\">Se trata de un programa anual al que se accede por convocatoria p\u00fablica entre los y las profesionales de la Junta de Andaluc\u00eda.<br \/><\/span><\/p>\n<p style=\"text-align: justify\"><img fetchpriority=\"high\" decoding=\"async\" data-attachment-id=\"1469\" data-permalink=\"https:\/\/ws168.juntadeandalucia.es\/iaap\/gestiondelconocimiento\/embajadores-del-conocimiento\/embajadores-del-conocimiento-iaap-junta-de-andalucia\/\" data-orig-file=\"https:\/\/ws168.juntadeandalucia.es\/iaap\/gestiondelconocimiento\/wp-content\/uploads\/sites\/10\/2020\/01\/Embajadores-del-Conocimiento.-IAAP.-Junta-de-Andaluc\u00eda.jpg\" data-orig-size=\"1920,812\" data-comments-opened=\"0\" data-image-meta=\"{&quot;aperture&quot;:&quot;0&quot;,&quot;credit&quot;:&quot;&quot;,&quot;camera&quot;:&quot;&quot;,&quot;caption&quot;:&quot;&quot;,&quot;created_timestamp&quot;:&quot;0&quot;,&quot;copyright&quot;:&quot;&quot;,&quot;focal_length&quot;:&quot;0&quot;,&quot;iso&quot;:&quot;0&quot;,&quot;shutter_speed&quot;:&quot;0&quot;,&quot;title&quot;:&quot;&quot;,&quot;orientation&quot;:&quot;0&quot;}\" data-image-title=\"Embajadores del Conocimiento. IAAP. Junta de Andaluc\u00eda\" data-image-description=\"\" data-image-caption=\"\" data-large-file=\"https:\/\/ws168.juntadeandalucia.es\/iaap\/gestiondelconocimiento\/wp-content\/uploads\/sites\/10\/2020\/01\/Embajadores-del-Conocimiento.-IAAP.-Junta-de-Andaluc\u00eda-1024x433.jpg\" class=\"aligncenter wp-image-1469 size-large\" src=\"https:\/\/ws168.juntadeandalucia.es\/iaap\/gestiondelconocimiento\/wp-content\/uploads\/sites\/10\/2020\/01\/Embajadores-del-Conocimiento.-IAAP.-Junta-de-Andaluc\u00eda-1024x433.jpg\" alt=\"\" width=\"640\" height=\"271\" srcset=\"https:\/\/ws168.juntadeandalucia.es\/iaap\/gestiondelconocimiento\/wp-content\/uploads\/sites\/10\/2020\/01\/Embajadores-del-Conocimiento.-IAAP.-Junta-de-Andaluc\u00eda-1024x433.jpg 1024w, https:\/\/ws168.juntadeandalucia.es\/iaap\/gestiondelconocimiento\/wp-content\/uploads\/sites\/10\/2020\/01\/Embajadores-del-Conocimiento.-IAAP.-Junta-de-Andaluc\u00eda-300x127.jpg 300w, https:\/\/ws168.juntadeandalucia.es\/iaap\/gestiondelconocimiento\/wp-content\/uploads\/sites\/10\/2020\/01\/Embajadores-del-Conocimiento.-IAAP.-Junta-de-Andaluc\u00eda-768x325.jpg 768w, https:\/\/ws168.juntadeandalucia.es\/iaap\/gestiondelconocimiento\/wp-content\/uploads\/sites\/10\/2020\/01\/Embajadores-del-Conocimiento.-IAAP.-Junta-de-Andaluc\u00eda-600x254.jpg 600w, https:\/\/ws168.juntadeandalucia.es\/iaap\/gestiondelconocimiento\/wp-content\/uploads\/sites\/10\/2020\/01\/Embajadores-del-Conocimiento.-IAAP.-Junta-de-Andaluc\u00eda-110x47.jpg 110w, https:\/\/ws168.juntadeandalucia.es\/iaap\/gestiondelconocimiento\/wp-content\/uploads\/sites\/10\/2020\/01\/Embajadores-del-Conocimiento.-IAAP.-Junta-de-Andaluc\u00eda-420x178.jpg 420w, https:\/\/ws168.juntadeandalucia.es\/iaap\/gestiondelconocimiento\/wp-content\/uploads\/sites\/10\/2020\/01\/Embajadores-del-Conocimiento.-IAAP.-Junta-de-Andaluc\u00eda-770x326.jpg 770w, https:\/\/ws168.juntadeandalucia.es\/iaap\/gestiondelconocimiento\/wp-content\/uploads\/sites\/10\/2020\/01\/Embajadores-del-Conocimiento.-IAAP.-Junta-de-Andaluc\u00eda.jpg 1920w\" sizes=\"(max-width: 640px) 100vw, 640px\" \/><\/p>\n<p>\u00a0<\/p>\n<p style=\"text-align: justify\"><span style=\"font-size: 12pt\">Hasta octubre de 2024 se han llevado a cabo siete convocatorias y se han dado forma a m\u00e1s de cincuenta Grupos de Trabajo. <\/span><\/p>\n<p style=\"text-align: justify\"><span style=\"font-size: 12pt\">A continuaci\u00f3n puedes acceder a toda la informaci\u00f3n sobre las ediciones del Programa y los Proyectos implementados:<\/span><\/p>\n<h2 style=\"text-align: justify\"><span style=\"font-size: 12pt\">EDICI\u00d3N 2024<\/span><\/h2>\n<ul style=\"text-align: justify\">\n<li><a href=\"https:\/\/ws168.juntadeandalucia.es\/iaap\/gestiondelconocimiento\/edicion-2024\/revista-enred2-0-2024\/\" target=\"_blank\" rel=\"noopener\"><span style=\"font-size: 12pt\">Revista Digital EnRed@2.0.<\/span><\/a><\/li>\n<li><a href=\"https:\/\/ws168.juntadeandalucia.es\/iaap\/gestiondelconocimiento\/edicion-2024\/elaboracion-de-mapas-de-conocimiento-critico-2024\/\" target=\"_blank\" rel=\"noopener\"><span style=\"font-size: 12pt\">Elaboraci\u00f3n de Mapas de Conocimiento Cr\u00edtico.<\/span><\/a><\/li>\n<li><a href=\"https:\/\/ws168.juntadeandalucia.es\/iaap\/gestiondelconocimiento\/edicion-2024\/encuentros-intergeneracionales-en-la-junta-de-andalucia-2024\/\" target=\"_blank\" rel=\"noopener\"><span style=\"font-size: 12pt\">Encuentros intergeneracionales de la Junta de Andaluc\u00eda.<\/span><\/a><\/li>\n<li><a href=\"https:\/\/ws168.juntadeandalucia.es\/iaap\/gestiondelconocimiento\/edicion-2024\/nexum-la-wiki-del-conocimiento-2024\/\" target=\"_blank\" rel=\"noopener\"><span style=\"font-size: 12pt\">Nexum, la Wiki del Conocimiento.<\/span><\/a><\/li>\n<li><a href=\"https:\/\/ws168.juntadeandalucia.es\/iaap\/gestiondelconocimiento\/edicion-2024\/croquetas-de-conocimiento-2024\/\" target=\"_blank\" rel=\"noopener\">Croquetas de Conocimiento.<\/a><\/li>\n<li><a href=\"https:\/\/ws168.juntadeandalucia.es\/iaap\/gestiondelconocimiento\/edicion-2024\/relevo-generacional-en-el-area-de-subvenciones-en-la-junta-de-andalucia-2024\/\" target=\"_blank\" rel=\"noopener\">Encuentro Intergeneracional en el \u00e1rea de Subvenciones de la Junta de Andaluc\u00eda<\/a><\/li>\n<li><a href=\"https:\/\/ws168.juntadeandalucia.es\/iaap\/gestiondelconocimiento\/edicion-2024\/comunicacion-y-difusion-de-la-gestion-del-conocimiento-2024\/\" target=\"_blank\" rel=\"noopener\"><span style=\"font-size: 12pt\">Comunicaci\u00f3n y Difusi\u00f3n de la Gesti\u00f3n del Conocimiento.<\/span><\/a><\/li>\n<\/ul>\n<h2 style=\"text-align: justify\"><span style=\"font-size: 12pt\">EDICI\u00d3N 2023<\/span><\/h2>\n<ul style=\"text-align: justify\">\n<li><a href=\"https:\/\/ws168.juntadeandalucia.es\/iaap\/gestiondelconocimiento\/edicion-2023\/revista-enred2-0\/\" target=\"_blank\" rel=\"noopener\"><span style=\"font-size: 12pt\">Revista Digital EnRed@2.0.<\/span><\/a><\/li>\n<li><a href=\"https:\/\/ws168.juntadeandalucia.es\/iaap\/gestiondelconocimiento\/edicion-2023\/elaboracion-de-mapas-de-conocimiento-critico-2023\/\" target=\"_blank\" rel=\"noopener\"><span style=\"font-size: 12pt\">Elaboraci\u00f3n de Mapas de Conocimiento Cr\u00edtico.<\/span><\/a><\/li>\n<li><a href=\"https:\/\/ws168.juntadeandalucia.es\/iaap\/gestiondelconocimiento\/edicion-2023\/encuentros-intergeneracionales-en-la-junta-de-andalucia-2023\/\" target=\"_blank\" rel=\"noopener\"><span style=\"font-size: 12pt\">Encuentros intergeneracionales de la Junta de Andaluc\u00eda.<\/span><\/a><\/li>\n<li><a href=\"https:\/\/ws168.juntadeandalucia.es\/iaap\/gestiondelconocimiento\/edicion-2023\/seguimiento-del-relevo-generacional-en-el-colectivo-de-agentes-de-salud-publica-2023\/\" target=\"_blank\" rel=\"noopener\">Seguimiento del relevo generacional en el colectivo de Agentes de Salud P\u00fablica.<\/a><\/li>\n<li><a href=\"https:\/\/ws168.juntadeandalucia.es\/iaap\/gestiondelconocimiento\/edicion-2023\/wiki-del-conocimiento-nexum\/\" target=\"_blank\" rel=\"noopener\"><span style=\"font-size: 12pt\">Wiki del Conocimiento.<\/span><\/a><\/li>\n<li><a href=\"https:\/\/ws168.juntadeandalucia.es\/iaap\/gestiondelconocimiento\/edicion-2023\/croquetas-de-conocimiento-2023\/\" target=\"_blank\" rel=\"noopener\">Croquetas de Conocimiento.<\/a><\/li>\n<li><a href=\"https:\/\/ws168.juntadeandalucia.es\/iaap\/gestiondelconocimiento\/edicion-2023\/comunicacion-y-difusion-de-la-gestion-del-conocimiento-2023\/\" target=\"_blank\" rel=\"noopener\"><span style=\"font-size: 12pt\">Comunicaci\u00f3n y Difusi\u00f3n de la Gesti\u00f3n del Conocimiento.<\/span><\/a><\/li>\n<\/ul>\n<h2 style=\"text-align: justify\"><span style=\"font-size: 12pt\">EDICI\u00d3N 2022<\/span><\/h2>\n<ul style=\"text-align: justify\">\n<li><span style=\"font-size: 12pt\"><a href=\"https:\/\/ws168.juntadeandalucia.es\/iaap\/gestiondelconocimiento\/edicion-2022\/revista-digital-enred2-0\/\" target=\"_blank\" rel=\"noopener noreferrer\">Revista Digital EnRed@2.0.<\/a><\/span><\/li>\n<li><span style=\"font-size: 12pt\"><a href=\"https:\/\/ws168.juntadeandalucia.es\/iaap\/gestiondelconocimiento\/edicion-2022\/identificacion-del-conocimiento-critico-2022\/\" target=\"_blank\" rel=\"noopener noreferrer\">Identificaci\u00f3n del Conocimiento Cr\u00edtico.<\/a><\/span><\/li>\n<li><span style=\"font-size: 12pt\"><a href=\"https:\/\/ws168.juntadeandalucia.es\/iaap\/gestiondelconocimiento\/edicion-2022\/implantando-la-cultura-audiovisual\/\" target=\"_blank\" rel=\"noopener noreferrer\">Implantando la Cultura Audiovisual<\/a><\/span><\/li>\n<li><span style=\"font-size: 12pt\"><a href=\"https:\/\/ws168.juntadeandalucia.es\/iaap\/gestiondelconocimiento\/edicion-2022\/comunicacion-y-difusion-de-la-gestion-del-conocimiento\/\" target=\"_blank\" rel=\"noopener noreferrer\">Comunicaci\u00f3n y Difusi\u00f3n de la Gesti\u00f3n del Conocimiento.<\/a><\/span><\/li>\n<li><span style=\"font-size: 12pt\"><a href=\"https:\/\/ws168.juntadeandalucia.es\/iaap\/gestiondelconocimiento\/edicion-2022\/encuentros-intergeneracionales-2022\/\" target=\"_blank\" rel=\"noopener noreferrer\">Encuentros intergeneracionales de la Junta de Andaluc\u00eda.<\/a><\/span><\/li>\n<li><span style=\"font-size: 12pt\"><a href=\"https:\/\/ws168.juntadeandalucia.es\/iaap\/gestiondelconocimiento\/edicion-2022\/wiki-del-conocimiento-2022\/\" target=\"_blank\" rel=\"noopener noreferrer\">Wiki del Conocimiento.<\/a><\/span><\/li>\n<\/ul>\n<h2 style=\"text-align: justify\"><span style=\"font-size: 12pt\">EDICI\u00d3N 2020-2021<\/span><\/h2>\n<ul style=\"text-align: justify\">\n<li><span style=\"font-size: 12pt\"><a href=\"https:\/\/ws168.juntadeandalucia.es\/iaap\/gestiondelconocimiento\/edicion-2020-2021\/revista-enredados\/\" target=\"_blank\" rel=\"noopener noreferrer\">Revista Digital del Empleado\/a P\u00fablico de la Junta de Andaluc\u00eda (EnRed@2.0).<\/a><\/span><\/li>\n<li><span style=\"font-size: 12pt\"><a href=\"https:\/\/ws168.juntadeandalucia.es\/iaap\/gestiondelconocimiento\/edicion-2020-2021\/identificacion-del-conocimiento-critico\/\" target=\"_blank\" rel=\"noopener noreferrer\">Identificaci\u00f3n del Conocimiento Cr\u00edtico.<\/a><\/span><\/li>\n<li><span style=\"font-size: 12pt\"><a href=\"https:\/\/ws168.juntadeandalucia.es\/iaap\/gestiondelconocimiento\/edicion-2020-2021\/implantando-la-cultura-audiovisual\/\" target=\"_blank\" rel=\"noopener noreferrer\">Implantando la Cultura Audiovisual en la Junta de Andaluc\u00eda.<\/a><\/span><\/li>\n<li><span style=\"font-size: 12pt\"><a href=\"https:\/\/ws168.juntadeandalucia.es\/iaap\/gestiondelconocimiento\/edicion-2020-2021\/comunicacion-y-difusion-de-la-gestion-del-conocimiento\/\" target=\"_blank\" rel=\"noopener noreferrer\">Comunicaci\u00f3n y Difusi\u00f3n de la Gesti\u00f3n del Conocimiento.<\/a><\/span><\/li>\n<li><span style=\"font-size: 12pt\"><a href=\"https:\/\/ws168.juntadeandalucia.es\/iaap\/gestiondelconocimiento\/edicion-2020-2021\/encuentros-intergeneracionales\/\" target=\"_blank\" rel=\"noopener noreferrer\">Encuentros intergeneracionales de la Junta de Andaluc\u00eda.<\/a><\/span><\/li>\n<li><span style=\"font-size: 12pt\"><a href=\"https:\/\/ws168.juntadeandalucia.es\/iaap\/gestiondelconocimiento\/edicion-2020-2021\/casologia-en-la-junta-de-andalucia\/\" target=\"_blank\" rel=\"noopener noreferrer\">Casolog\u00eda en la Junta de Andaluc\u00eda.<\/a><\/span><\/li>\n<\/ul>\n<h2 style=\"text-align: justify\"><span style=\"font-size: 12pt\">EDICI\u00d3N 2019-2020<\/span><\/h2>\n<ul style=\"text-align: justify\">\n<li><span style=\"font-size: 12pt\"><a href=\"https:\/\/ws168.juntadeandalucia.es\/iaap\/gestiondelconocimiento\/proyectos\/edicion-2019-2020-edicion-2019-2020\/gc02-revista-digital\/\" target=\"_blank\" rel=\"noopener noreferrer\">Revista Digital del Empleado\/a P\u00fablico de la Junta de Andaluc\u00eda (EnRed@2.0).<\/a><\/span><\/li>\n<li><span style=\"font-size: 12pt\"><a href=\"https:\/\/ws168.juntadeandalucia.es\/iaap\/gestiondelconocimiento\/proyectos\/edicion-2019-2020-edicion-2019-2020\/gc06-identificacion-del-conocimiento-critico\/\" target=\"_blank\" rel=\"noopener noreferrer\">Identificaci\u00f3n del Conocimiento Cr\u00edtico.<\/a><\/span><\/li>\n<li><span style=\"font-size: 12pt\"><a href=\"https:\/\/ws168.juntadeandalucia.es\/iaap\/gestiondelconocimiento\/proyectos\/edicion-2019-2020-edicion-2019-2020\/gc08-implantando-la-cultura-audiovisual\/\" target=\"_blank\" rel=\"noopener noreferrer\">Implantando la Cultura Audiovisual en la Junta de Andaluc\u00eda.<\/a><\/span><\/li>\n<li><span style=\"font-size: 12pt\"><a href=\"https:\/\/ws168.juntadeandalucia.es\/iaap\/gestiondelconocimiento\/proyectos\/edicion-2019-2020-edicion-2019-2020\/gc10-comunicacion-y-difusion-de-la-gestion-del-conocimiento\/\" target=\"_blank\" rel=\"noopener noreferrer\">Comunicaci\u00f3n y Difusi\u00f3n de la Gesti\u00f3n del Conocimiento.<\/a><\/span><\/li>\n<li><span style=\"font-size: 12pt\"><a href=\"https:\/\/ws168.juntadeandalucia.es\/iaap\/gestiondelconocimiento\/proyectos\/edicion-2019-2020-edicion-2019-2020\/gc11-encuentros-intergeneracionales\/\" target=\"_blank\" rel=\"noopener noreferrer\">Encuentros intergeneracionales de la Junta de Andaluc\u00eda.<\/a><\/span><\/li>\n<li><span style=\"font-size: 12pt\"><a href=\"https:\/\/ws168.juntadeandalucia.es\/iaap\/gestiondelconocimiento\/proyectos\/edicion-2019-2020-edicion-2019-2020\/gc13-creando-el-grupo-de-casologas-os\/\" target=\"_blank\" rel=\"noopener noreferrer\">Creando el grupo de Cas\u00f3lg@s.<\/a><\/span><\/li>\n<\/ul>\n<h2 style=\"text-align: justify\"><span style=\"font-size: 12pt\">EDICI\u00d3N 2018-2019<\/span><\/h2>\n<ul style=\"text-align: justify\">\n<li><span style=\"font-size: 12pt\"><a href=\"https:\/\/ws168.juntadeandalucia.es\/iaap\/gestiondelconocimiento\/proyectos\/edicion-2018-2019\/gc01-cambio-generacional\/\" target=\"_blank\" rel=\"noopener noreferrer\">Cambio generacional en la Junta de Andaluc\u00eda.<\/a><\/span><\/li>\n<li><span style=\"font-size: 12pt\"><a href=\"https:\/\/ws168.juntadeandalucia.es\/iaap\/gestiondelconocimiento\/proyectos\/edicion-2018-2019\/gc02-revista-digital\/\" target=\"_blank\" rel=\"noopener noreferrer\">Revista Digital del Empleadx P\u00fablico de la Junta de Andaluc\u00eda.<\/a><\/span><\/li>\n<li><span style=\"font-size: 12pt\"><a href=\"https:\/\/ws168.juntadeandalucia.es\/iaap\/gestiondelconocimiento\/proyectos\/edicion-2018-2019\/gc04-curacion-de-contenidos\/\" target=\"_blank\" rel=\"noopener\">Curaci\u00f3n de contenidos en materia de Gesti\u00f3n del Conocimiento.<\/a><\/span><\/li>\n<li><span style=\"font-size: 12pt\"><a href=\"https:\/\/wp.me\/P9W7Se-cr\" target=\"_blank\" rel=\"noopener\">Identificaci\u00f3n del conocimiento cr\u00edtico.<\/a><\/span><\/li>\n<li><span style=\"font-size: 12pt\"><a href=\"https:\/\/wp.me\/P9W7Se-co\" target=\"_blank\" rel=\"noopener\">Biblioteca humana.<\/a><\/span><\/li>\n<li><span style=\"font-size: 12pt\"><a href=\"https:\/\/wp.me\/P9W7Se-cu\" target=\"_blank\" rel=\"noopener\">Implantando\u00a0 la cultura audiovisual.<\/a><\/span><\/li>\n<li><span style=\"font-size: 12pt\"><a href=\"https:\/\/wp.me\/P9W7Se-cw\" target=\"_blank\" rel=\"noopener\">Pilotaje de proyectos de gesti\u00f3n del conocimiento.<\/a><\/span><\/li>\n<\/ul>\n<p align=\"justify\"><span style=\"font-size: 12pt\">M\u00e1s detalles del <a href=\"\/\/ws168.juntadeandalucia.es\/iaap\/gestiondelconocimiento\/wp-content\/uploads\/sites\/10\/2018\/11\/20180928_Programa_Embajadorxs_del_Conocimiento-1.pdf\" target=\"_blank\" rel=\"noopener noreferrer\">Programa Embajadores\/as del Conocimiento 2018-2019.<\/a><\/span><\/p>\n<h2 style=\"text-align: justify\" align=\"justify\"><span style=\"font-size: 12pt\">EDICI\u00d3N 2017-2018<\/span><\/h2>\n<ul style=\"text-align: justify\">\n<li><span style=\"font-size: 12pt\"><a href=\"https:\/\/ws168.juntadeandalucia.es\/iaap\/gestiondelconocimiento\/proyectos\/gc01\/\" target=\"_blank\" rel=\"noopener\">Cambio generacional en la Junta de Andaluc\u00eda.<\/a><\/span><\/li>\n<li><span style=\"font-size: 12pt\"><a href=\"https:\/\/ws168.juntadeandalucia.es\/iaap\/gestiondelconocimiento\/proyectos\/gc02\/\" target=\"_blank\" rel=\"noopener\">Revista Digital del Emplead@ P\u00fablico de la Junta de Andaluc\u00eda.<\/a><\/span><\/li>\n<li><span style=\"font-size: 12pt\"><a href=\"https:\/\/ws168.juntadeandalucia.es\/iaap\/gestiondelconocimiento\/proyectos\/gc03\/\" target=\"_blank\" rel=\"noopener\">Red Profesional: hacia una versi\u00f3n mejorada.<\/a><\/span><\/li>\n<li><span style=\"font-size: 12pt\"><a href=\"https:\/\/ws168.juntadeandalucia.es\/iaap\/gestiondelconocimiento\/proyectos\/curacion-de-contenidos\/\" target=\"_blank\" rel=\"noopener\">Curaci\u00f3n de contenidos en materia de Gesti\u00f3n del Conocimiento.<\/a><\/span><\/li>\n<li><span style=\"font-size: 12pt\"><a href=\"https:\/\/ws168.juntadeandalucia.es\/iaap\/gestiondelconocimiento\/proyectos\/gc05\/\" target=\"_blank\" rel=\"noopener\">\u00bfQui\u00e9n es qui\u00e9n en la Junta de Andaluc\u00eda?.<\/a><\/span><\/li>\n<\/ul>\n<p style=\"text-align: justify\">\u00a0<\/p>\n\n<p>\u00a0<\/p>\n\t\t\t\t\t\t\t\t<\/div>\n\t\t\t\t<\/div>\n\t\t\t\t\t<\/div>\n\t\t<\/div>\n\t\t\t\t\t<\/div>\n\t\t<\/section>\n\t\t\t\t<\/div>\n\t\t","protected":false},"excerpt":{"rendered":"<p>Embajadores del Conocimiento es un programa que inici\u00f3 su andadura en mayo de 2017 y del que forman parte un grupo de empleadas y empleados p\u00fablicos con clara vocaci\u00f3n de servicio p\u00fablico. Este naci\u00f3 con la idea de establecer una red de personas que colaborar\u00e1n, de manera totalmente desinteresada, con el Instituto Andaluz de Administraci\u00f3n [&hellip;]<\/p>\n","protected":false},"author":19,"featured_media":1469,"parent":0,"menu_order":1,"comment_status":"closed","ping_status":"closed","template":"","meta":{"jetpack_post_was_ever_published":false,"footnotes":""},"class_list":["post-418","page","type-page","status-publish","has-post-thumbnail","hentry"],"jetpack_sharing_enabled":true,"jetpack_shortlink":"https:\/\/wp.me\/P9W7Se-6K","jetpack-related-posts":[{"id":6178,"url":"https:\/\/ws168.juntadeandalucia.es\/iaap\/gestiondelconocimiento\/edicion-2024\/comunicacion-y-difusion-de-la-gestion-del-conocimiento-2024\/","url_meta":{"origin":418,"position":0},"title":"Comunicaci\u00f3n y difusi\u00f3n de la Gesti\u00f3n del Conocimiento 2024","author":"administrador","date":"17 octubre, 2024","format":false,"excerpt":"Bajo el lema de \"Lo que no se comunica, no existe\", una edici\u00f3n m\u00e1s el proyecto de Comunicaci\u00f3n y Difusi\u00f3n de la Gesti\u00f3n del Conocimiento ha tenido como objetivo principal divulgar todos los proyectos que se han estado llevando a cabo en esta VII edici\u00f3n del Programa Embajadores\/as del Conocimiento.Cinco\u2026","rel":"","context":"Entrada similar","block_context":{"text":"Entrada similar","link":""},"img":{"alt_text":"","src":"https:\/\/i0.wp.com\/ws168.juntadeandalucia.es\/iaap\/gestiondelconocimiento\/wp-content\/uploads\/sites\/10\/2024\/10\/Ficha-equipo-Comunicacion-y-difusion-de-la-gesttion-del-conocimiento-2024-1536x1086.jpg?resize=350%2C200&ssl=1","width":350,"height":200,"srcset":"https:\/\/i0.wp.com\/ws168.juntadeandalucia.es\/iaap\/gestiondelconocimiento\/wp-content\/uploads\/sites\/10\/2024\/10\/Ficha-equipo-Comunicacion-y-difusion-de-la-gesttion-del-conocimiento-2024-1536x1086.jpg?resize=350%2C200&ssl=1 1x, https:\/\/i0.wp.com\/ws168.juntadeandalucia.es\/iaap\/gestiondelconocimiento\/wp-content\/uploads\/sites\/10\/2024\/10\/Ficha-equipo-Comunicacion-y-difusion-de-la-gesttion-del-conocimiento-2024-1536x1086.jpg?resize=525%2C300&ssl=1 1.5x"},"classes":[]},{"id":6168,"url":"https:\/\/ws168.juntadeandalucia.es\/iaap\/gestiondelconocimiento\/edicion-2024\/croquetas-de-conocimiento-2024\/","url_meta":{"origin":418,"position":1},"title":"Croquetas de Conocimiento 2024","author":"administrador","date":"8 octubre, 2024","format":false,"excerpt":"Este es el segundo a\u00f1o en el que el proyecto de Croquetas de Conocimiento est\u00e1 incluido en el Programa de Embajadores\/as del Conocimiento.\u00a0En esta edici\u00f3n, y tras la premiada trayectoria de la anterior, se han sumado un total de siete participantes.\u00a0 *** Los puestos de trabajo indicados en la ficha\u2026","rel":"","context":"Entrada similar","block_context":{"text":"Entrada similar","link":""},"img":{"alt_text":"Croquetas de Conocimiento 2024","src":"https:\/\/i0.wp.com\/ws168.juntadeandalucia.es\/iaap\/gestiondelconocimiento\/wp-content\/uploads\/sites\/10\/2024\/10\/Ficha-equipo-Croquetas-de-Conocimiento-2024-1536x1086.jpg?resize=350%2C200&ssl=1","width":350,"height":200,"srcset":"https:\/\/i0.wp.com\/ws168.juntadeandalucia.es\/iaap\/gestiondelconocimiento\/wp-content\/uploads\/sites\/10\/2024\/10\/Ficha-equipo-Croquetas-de-Conocimiento-2024-1536x1086.jpg?resize=350%2C200&ssl=1 1x, https:\/\/i0.wp.com\/ws168.juntadeandalucia.es\/iaap\/gestiondelconocimiento\/wp-content\/uploads\/sites\/10\/2024\/10\/Ficha-equipo-Croquetas-de-Conocimiento-2024-1536x1086.jpg?resize=525%2C300&ssl=1 1.5x"},"classes":[]},{"id":6733,"url":"https:\/\/ws168.juntadeandalucia.es\/iaap\/gestiondelconocimiento\/","url_meta":{"origin":418,"position":2},"title":"Te damos la bienvenida al Blog de Gesti\u00f3n del Conocimiento.","author":"administrador","date":"17 febrero, 2025","format":false,"excerpt":"En \u00e9l recogemos todas las vivencias, experiencias y proyectos puestos en marcha en el Programa Embajadores\/as del Conocimiento del Instituto Andaluz de Administraci\u00f3n P\u00fablica.En el apartado Blog te iremos narrando cada etapa del programa y todo lo que vaya aconteciendo.En el apartado Ediciones puedes consultar todos los proyectos realizados en\u2026","rel":"","context":"Entrada similar","block_context":{"text":"Entrada similar","link":""},"img":{"alt_text":"","src":"","width":0,"height":0},"classes":[]},{"id":7204,"url":"https:\/\/ws168.juntadeandalucia.es\/iaap\/gestiondelconocimiento\/croquetas-de-conocimiento-2025\/","url_meta":{"origin":418,"position":3},"title":"Croquetas de conocimiento 2025","author":"administrador","date":"14 octubre, 2025","format":false,"excerpt":"Durante la octava edici\u00f3n del Programa Embajadores\/as del Conocimiento, los encargados de elaborar nuestro plato estrella han sido estos cinco participantes: En esta ocasi\u00f3n, nos ense\u00f1an c\u00f3mo funciona el sistema de cita previa de la Junta de Andaluc\u00eda, nos animan a hacer un uso responsable del agua y nos explican\u2026","rel":"","context":"Entrada similar","block_context":{"text":"Entrada similar","link":""},"img":{"alt_text":"","src":"https:\/\/i0.wp.com\/ws168.juntadeandalucia.es\/iaap\/gestiondelconocimiento\/wp-content\/uploads\/sites\/10\/2025\/10\/2025-Ficha-equipo-Croquetas-Conocimiento-1536x1086.jpg?resize=350%2C200&ssl=1","width":350,"height":200,"srcset":"https:\/\/i0.wp.com\/ws168.juntadeandalucia.es\/iaap\/gestiondelconocimiento\/wp-content\/uploads\/sites\/10\/2025\/10\/2025-Ficha-equipo-Croquetas-Conocimiento-1536x1086.jpg?resize=350%2C200&ssl=1 1x, https:\/\/i0.wp.com\/ws168.juntadeandalucia.es\/iaap\/gestiondelconocimiento\/wp-content\/uploads\/sites\/10\/2025\/10\/2025-Ficha-equipo-Croquetas-Conocimiento-1536x1086.jpg?resize=525%2C300&ssl=1 1.5x"},"classes":[]},{"id":4389,"url":"https:\/\/ws168.juntadeandalucia.es\/iaap\/gestiondelconocimiento\/edicion-2022\/","url_meta":{"origin":418,"position":4},"title":"EDICI\u00d3N 2022","author":"javierdominguez","date":"17 noviembre, 2022","format":false,"excerpt":"Estos son los proyectos que se han llevado a cabo en la V edici\u00f3n del programa Embajadores\/as del Conocimiento:Revista digital EnRed@2.0Identificaci\u00f3n del Conocimiento Cr\u00edticoImplantando la Cultura AudiovisualEncuentros IntergeneracionalesWiki del ConocimientoComunicaci\u00f3n y Difusi\u00f3n de la Gesti\u00f3n del ConocimientoTodos ellos se presentaron en las V Jornadas de Gesti\u00f3n del Conocimiento, celebradas a\u2026","rel":"","context":"Entrada similar","block_context":{"text":"Entrada similar","link":""},"img":{"alt_text":"","src":"","width":0,"height":0},"classes":[]},{"id":4154,"url":"https:\/\/ws168.juntadeandalucia.es\/iaap\/gestiondelconocimiento\/edicion-2020-2021\/comunicacion-y-difusion-de-la-gestion-del-conocimiento\/","url_meta":{"origin":418,"position":5},"title":"COMUNICACI\u00d3N Y DIFUSI\u00d3N DE LA GESTI\u00d3N DEL CONOCIMIENTO","author":"beatrizsanchezgomez","date":"7 diciembre, 2021","format":false,"excerpt":"LO QUE NO SE COMUNICA, NO EXISTE, Y LO QUE NO SE COMPARTE, SE PIERDEEste es el lema de este equipo. El proyecto de Comunicaci\u00f3n y Difusi\u00f3n de la Gesti\u00f3n del Conocimiento lleva ya dos a\u00f1os formando parte del programa Embajadores y Embajadoras del Conocimiento. En esta edici\u00f3n, sus integrantes,\u2026","rel":"","context":"Entrada similar","block_context":{"text":"Entrada similar","link":""},"img":{"alt_text":"","src":"https:\/\/i0.wp.com\/ws168.juntadeandalucia.es\/iaap\/gestiondelconocimiento\/wp-content\/uploads\/sites\/10\/2021\/12\/IMG_9154.jpg?resize=350%2C200&ssl=1","width":350,"height":200,"srcset":"https:\/\/i0.wp.com\/ws168.juntadeandalucia.es\/iaap\/gestiondelconocimiento\/wp-content\/uploads\/sites\/10\/2021\/12\/IMG_9154.jpg?resize=350%2C200&ssl=1 1x, https:\/\/i0.wp.com\/ws168.juntadeandalucia.es\/iaap\/gestiondelconocimiento\/wp-content\/uploads\/sites\/10\/2021\/12\/IMG_9154.jpg?resize=525%2C300&ssl=1 1.5x, https:\/\/i0.wp.com\/ws168.juntadeandalucia.es\/iaap\/gestiondelconocimiento\/wp-content\/uploads\/sites\/10\/2021\/12\/IMG_9154.jpg?resize=700%2C400&ssl=1 2x, https:\/\/i0.wp.com\/ws168.juntadeandalucia.es\/iaap\/gestiondelconocimiento\/wp-content\/uploads\/sites\/10\/2021\/12\/IMG_9154.jpg?resize=1050%2C600&ssl=1 3x, https:\/\/i0.wp.com\/ws168.juntadeandalucia.es\/iaap\/gestiondelconocimiento\/wp-content\/uploads\/sites\/10\/2021\/12\/IMG_9154.jpg?resize=1400%2C800&ssl=1 4x"},"classes":[]}],"jetpack_likes_enabled":true,"_links":{"self":[{"href":"https:\/\/ws168.juntadeandalucia.es\/iaap\/gestiondelconocimiento\/wp-json\/wp\/v2\/pages\/418","targetHints":{"allow":["GET"]}}],"collection":[{"href":"https:\/\/ws168.juntadeandalucia.es\/iaap\/gestiondelconocimiento\/wp-json\/wp\/v2\/pages"}],"about":[{"href":"https:\/\/ws168.juntadeandalucia.es\/iaap\/gestiondelconocimiento\/wp-json\/wp\/v2\/types\/page"}],"author":[{"embeddable":true,"href":"https:\/\/ws168.juntadeandalucia.es\/iaap\/gestiondelconocimiento\/wp-json\/wp\/v2\/users\/19"}],"replies":[{"embeddable":true,"href":"https:\/\/ws168.juntadeandalucia.es\/iaap\/gestiondelconocimiento\/wp-json\/wp\/v2\/comments?post=418"}],"version-history":[{"count":91,"href":"https:\/\/ws168.juntadeandalucia.es\/iaap\/gestiondelconocimiento\/wp-json\/wp\/v2\/pages\/418\/revisions"}],"predecessor-version":[{"id":6608,"href":"https:\/\/ws168.juntadeandalucia.es\/iaap\/gestiondelconocimiento\/wp-json\/wp\/v2\/pages\/418\/revisions\/6608"}],"wp:featuredmedia":[{"embeddable":true,"href":"https:\/\/ws168.juntadeandalucia.es\/iaap\/gestiondelconocimiento\/wp-json\/wp\/v2\/media\/1469"}],"wp:attachment":[{"href":"https:\/\/ws168.juntadeandalucia.es\/iaap\/gestiondelconocimiento\/wp-json\/wp\/v2\/media?parent=418"}],"curies":[{"name":"wp","href":"https:\/\/api.w.org\/{rel}","templated":true}]}}