{"id":420,"date":"2018-06-16T18:41:10","date_gmt":"2018-06-16T18:41:10","guid":{"rendered":"https:\/\/ws168.juntadeandalucia.es\/iaap\/gestiondelconocimiento\/?page_id=420"},"modified":"2020-01-15T13:54:24","modified_gmt":"2020-01-15T13:54:24","slug":"red-profesional","status":"publish","type":"page","link":"https:\/\/ws168.juntadeandalucia.es\/iaap\/gestiondelconocimiento\/proyectos\/edicion-2017-2018\/gc03\/red-profesional\/","title":{"rendered":"Red Profesional"},"content":{"rendered":"<p><img fetchpriority=\"high\" decoding=\"async\" data-attachment-id=\"431\" data-permalink=\"https:\/\/ws168.juntadeandalucia.es\/iaap\/gestiondelconocimiento\/proyectos\/edicion-2017-2018\/gc03\/red-profesional\/inforgrafia-red-profesional\/\" data-orig-file=\"https:\/\/ws168.juntadeandalucia.es\/iaap\/gestiondelconocimiento\/wp-content\/uploads\/sites\/10\/2018\/06\/Inforgrafia-Red-Profesional.jpg\" data-orig-size=\"4240,2832\" data-comments-opened=\"0\" data-image-meta=\"{&quot;aperture&quot;:&quot;0&quot;,&quot;credit&quot;:&quot;Eduardo Gutierrez&quot;,&quot;camera&quot;:&quot;&quot;,&quot;caption&quot;:&quot;&quot;,&quot;created_timestamp&quot;:&quot;0&quot;,&quot;copyright&quot;:&quot;EduardoCubero07&quot;,&quot;focal_length&quot;:&quot;0&quot;,&quot;iso&quot;:&quot;0&quot;,&quot;shutter_speed&quot;:&quot;0&quot;,&quot;title&quot;:&quot;&quot;,&quot;orientation&quot;:&quot;1&quot;}\" data-image-title=\"Inforgrafia Red Profesional\" data-image-description=\"\" data-image-caption=\"\" data-large-file=\"https:\/\/ws168.juntadeandalucia.es\/iaap\/gestiondelconocimiento\/wp-content\/uploads\/sites\/10\/2018\/06\/Inforgrafia-Red-Profesional-1024x684.jpg\" class=\"wp-image-431 alignleft\" src=\"https:\/\/ws168.juntadeandalucia.es\/iaap\/gestiondelconocimiento\/wp-content\/uploads\/sites\/10\/2018\/06\/Inforgrafia-Red-Profesional-300x200.jpg\" alt=\"\" width=\"428\" height=\"285\" srcset=\"https:\/\/ws168.juntadeandalucia.es\/iaap\/gestiondelconocimiento\/wp-content\/uploads\/sites\/10\/2018\/06\/Inforgrafia-Red-Profesional-300x200.jpg 300w, https:\/\/ws168.juntadeandalucia.es\/iaap\/gestiondelconocimiento\/wp-content\/uploads\/sites\/10\/2018\/06\/Inforgrafia-Red-Profesional-768x513.jpg 768w, https:\/\/ws168.juntadeandalucia.es\/iaap\/gestiondelconocimiento\/wp-content\/uploads\/sites\/10\/2018\/06\/Inforgrafia-Red-Profesional-1024x684.jpg 1024w, https:\/\/ws168.juntadeandalucia.es\/iaap\/gestiondelconocimiento\/wp-content\/uploads\/sites\/10\/2018\/06\/Inforgrafia-Red-Profesional-600x401.jpg 600w, https:\/\/ws168.juntadeandalucia.es\/iaap\/gestiondelconocimiento\/wp-content\/uploads\/sites\/10\/2018\/06\/Inforgrafia-Red-Profesional-110x73.jpg 110w, https:\/\/ws168.juntadeandalucia.es\/iaap\/gestiondelconocimiento\/wp-content\/uploads\/sites\/10\/2018\/06\/Inforgrafia-Red-Profesional-420x281.jpg 420w, https:\/\/ws168.juntadeandalucia.es\/iaap\/gestiondelconocimiento\/wp-content\/uploads\/sites\/10\/2018\/06\/Inforgrafia-Red-Profesional-644x430.jpg 644w\" sizes=\"(max-width: 428px) 100vw, 428px\" \/>Las redes sociales corporativas tienen como objetivo esencial conectar, a trav\u00e9s de las tecnolog\u00edas de la informaci\u00f3n y la comunicaci\u00f3n (TIC) a las personas en el entorno laboral, potenciando sus capacidades relacionales y de comunicaci\u00f3n para fomentar el intercambio de informaci\u00f3n, la conectividad y el trabajo colaborativo. La red social corporativa para lxs empleadxs p\u00fablicxs de la Junta de Andaluc\u00eda es la <a href=\"http:\/\/redprofesional.juntadeandalucia.es\" target=\"_blank\" rel=\"noopener\">Red Profesional<\/a>.<\/p>\n<p>El \u00e1rea de Gesti\u00f3n del Conocimiento del IAAP trabaja en la mejora permanente de la Red Profesional de la Administraci\u00f3n de la Junta de Andaluc\u00eda, con el objetivo de que permita desarrollar un modelo de administraci\u00f3n m\u00e1s participativa y relacional, que estimule la conversaci\u00f3n y el di\u00e1logo entre las personas empleadas p\u00fablicas.<\/p>\n","protected":false},"excerpt":{"rendered":"<p>Las redes sociales corporativas tienen como objetivo esencial conectar, a trav\u00e9s de las tecnolog\u00edas de la informaci\u00f3n y la comunicaci\u00f3n (TIC) a las personas en el entorno laboral, potenciando sus capacidades relacionales y de comunicaci\u00f3n para fomentar el intercambio de informaci\u00f3n, la conectividad y el trabajo colaborativo. La red social corporativa para lxs empleadxs p\u00fablicxs [&hellip;]<\/p>\n","protected":false},"author":19,"featured_media":0,"parent":205,"menu_order":0,"comment_status":"closed","ping_status":"closed","template":"","meta":{"jetpack_post_was_ever_published":false,"footnotes":""},"class_list":["post-420","page","type-page","status-publish","hentry"],"jetpack_sharing_enabled":true,"jetpack_shortlink":"https:\/\/wp.me\/P9W7Se-6M","jetpack-related-posts":[{"id":418,"url":"https:\/\/ws168.juntadeandalucia.es\/iaap\/gestiondelconocimiento\/embajadores-del-conocimiento\/","url_meta":{"origin":420,"position":0},"title":"Programa Embajadores\/as del Conocimiento","author":"","date":"16 junio, 2018","format":false,"excerpt":"Embajadores del Conocimiento es un programa que inici\u00f3 su andadura en mayo de 2017 y del que forman parte un grupo de empleadas y empleados p\u00fablicos con clara vocaci\u00f3n de servicio p\u00fablico. Este naci\u00f3 con la idea de establecer una red de personas que colaborar\u00e1n, de manera totalmente desinteresada, con\u2026","rel":"","context":"Entrada similar","block_context":{"text":"Entrada similar","link":""},"img":{"alt_text":"","src":"https:\/\/i0.wp.com\/ws168.juntadeandalucia.es\/iaap\/gestiondelconocimiento\/wp-content\/uploads\/sites\/10\/2020\/01\/Embajadores-del-Conocimiento.-IAAP.-Junta-de-Andaluc%C3%ADa.jpg?resize=350%2C200&ssl=1","width":350,"height":200,"srcset":"https:\/\/i0.wp.com\/ws168.juntadeandalucia.es\/iaap\/gestiondelconocimiento\/wp-content\/uploads\/sites\/10\/2020\/01\/Embajadores-del-Conocimiento.-IAAP.-Junta-de-Andaluc%C3%ADa.jpg?resize=350%2C200&ssl=1 1x, https:\/\/i0.wp.com\/ws168.juntadeandalucia.es\/iaap\/gestiondelconocimiento\/wp-content\/uploads\/sites\/10\/2020\/01\/Embajadores-del-Conocimiento.-IAAP.-Junta-de-Andaluc%C3%ADa.jpg?resize=525%2C300&ssl=1 1.5x, https:\/\/i0.wp.com\/ws168.juntadeandalucia.es\/iaap\/gestiondelconocimiento\/wp-content\/uploads\/sites\/10\/2020\/01\/Embajadores-del-Conocimiento.-IAAP.-Junta-de-Andaluc%C3%ADa.jpg?resize=700%2C400&ssl=1 2x, https:\/\/i0.wp.com\/ws168.juntadeandalucia.es\/iaap\/gestiondelconocimiento\/wp-content\/uploads\/sites\/10\/2020\/01\/Embajadores-del-Conocimiento.-IAAP.-Junta-de-Andaluc%C3%ADa.jpg?resize=1050%2C600&ssl=1 3x, https:\/\/i0.wp.com\/ws168.juntadeandalucia.es\/iaap\/gestiondelconocimiento\/wp-content\/uploads\/sites\/10\/2020\/01\/Embajadores-del-Conocimiento.-IAAP.-Junta-de-Andaluc%C3%ADa.jpg?resize=1400%2C800&ssl=1 4x"},"classes":[]},{"id":157,"url":"https:\/\/ws168.juntadeandalucia.es\/iaap\/gestiondelconocimiento\/proyectos\/","url_meta":{"origin":420,"position":1},"title":"Ediciones","author":"","date":"21 mayo, 2018","format":false,"excerpt":"Gesti\u00f3n del Conocimiento s\u00ed, pero, \u00bfpara qu\u00e9?En 2017 se inicia la andadura en la disciplina de Gesti\u00f3n del Conocimiento en el IAAP, fijando un marco de referencia de base en el que se identificaron una serie de retos y problemas en la Junta de Andaluc\u00eda, que pod\u00edan ser atendidos con\u2026","rel":"","context":"Entrada similar","block_context":{"text":"Entrada similar","link":""},"img":{"alt_text":"","src":"https:\/\/i0.wp.com\/ws168.juntadeandalucia.es\/iaap\/gestiondelconocimiento\/wp-content\/uploads\/sites\/10\/2020\/02\/human-3131802_1280-300x208.jpg?resize=350%2C200&ssl=1","width":350,"height":200},"classes":[]},{"id":7198,"url":"https:\/\/ws168.juntadeandalucia.es\/iaap\/gestiondelconocimiento\/encuentro-intergeneracional-en-el-area-de-contratacion-de-la-junta-de-andalucia\/","url_meta":{"origin":420,"position":2},"title":"Encuentro Intergeneracional en el \u00e1rea de Contrataci\u00f3n de la Junta de Andaluc\u00eda","author":"administrador","date":"14 octubre, 2025","format":false,"excerpt":"En 2025 se volvi\u00f3 a apostar por realizar un encuentro intergeneracional entre personal de un \u00e1rea de la administraci\u00f3n general de la Junta de Andaluc\u00eda.En esta ocasi\u00f3n la elegida fue el \u00c1rea de Contrataci\u00f3n, esencial en todas las Consejer\u00edas.El grupo encargado de organizar dicho encuentro estuvo formado por estas cinco\u2026","rel":"","context":"Entrada similar","block_context":{"text":"Entrada similar","link":""},"img":{"alt_text":"","src":"https:\/\/i0.wp.com\/ws168.juntadeandalucia.es\/iaap\/gestiondelconocimiento\/wp-content\/uploads\/sites\/10\/2025\/10\/2025-Ficha-equipo-Encuentros-Intergeneracionales-1536x1086.jpg?resize=350%2C200&ssl=1","width":350,"height":200,"srcset":"https:\/\/i0.wp.com\/ws168.juntadeandalucia.es\/iaap\/gestiondelconocimiento\/wp-content\/uploads\/sites\/10\/2025\/10\/2025-Ficha-equipo-Encuentros-Intergeneracionales-1536x1086.jpg?resize=350%2C200&ssl=1 1x, https:\/\/i0.wp.com\/ws168.juntadeandalucia.es\/iaap\/gestiondelconocimiento\/wp-content\/uploads\/sites\/10\/2025\/10\/2025-Ficha-equipo-Encuentros-Intergeneracionales-1536x1086.jpg?resize=525%2C300&ssl=1 1.5x"},"classes":[]},{"id":205,"url":"https:\/\/ws168.juntadeandalucia.es\/iaap\/gestiondelconocimiento\/proyectos\/edicion-2017-2018\/gc03\/","url_meta":{"origin":420,"position":3},"title":"GC03 &#8211; Mejora de la Red Profesional (2017-18)","author":"","date":"16 junio, 2018","format":false,"excerpt":"DESCRIPCI\u00d3N Este proyecto se concibe para definir las mejoras funcionales y extender el uso de manera intensiva de la Red Profesional (Red Social Corporativa de la Junta de Andalucia). Esta Red se configura como una potente herramienta de comunicaci\u00f3n sobre la que pivotar una nueva forma de trabajar, basada en\u2026","rel":"","context":"Entrada similar","block_context":{"text":"Entrada similar","link":""},"img":{"alt_text":"","src":"https:\/\/i0.wp.com\/ws168.juntadeandalucia.es\/iaap\/gestiondelconocimiento\/wp-content\/uploads\/sites\/10\/2018\/06\/GC03_logo-300x194.png?resize=350%2C200&ssl=1","width":350,"height":200},"classes":[]},{"id":1020,"url":"https:\/\/ws168.juntadeandalucia.es\/iaap\/gestiondelconocimiento\/guia-abierta\/punto-2-tienes-un-proyecto-de-gestion-del-conocimiento-o-quieres-formar-parte-de-uno\/","url_meta":{"origin":420,"position":4},"title":"Punto 2. \u00bfTienes un proyecto de gesti\u00f3n del conocimiento o quieres formar parte de uno?","author":"","date":"13 agosto, 2019","format":false,"excerpt":"Ante un contexto complejo y cambiante como el que atravesamos, se necesita mucho m\u00e1s conocimiento para dise\u00f1ar procesos y servicios que hagan un uso inteligente de las TIC, que permita establecer nuevas formas de comunicaci\u00f3n y relaci\u00f3n con la ciudadan\u00eda a la que se ofrezca respuestas efectivas a sus principales\u2026","rel":"","context":"Entrada similar","block_context":{"text":"Entrada similar","link":""},"img":{"alt_text":"","src":"https:\/\/i0.wp.com\/ws168.juntadeandalucia.es\/iaap\/gestiondelconocimiento\/wp-content\/uploads\/sites\/10\/2019\/08\/smilie-495999_1920.jpg?resize=350%2C200&ssl=1","width":350,"height":200,"srcset":"https:\/\/i0.wp.com\/ws168.juntadeandalucia.es\/iaap\/gestiondelconocimiento\/wp-content\/uploads\/sites\/10\/2019\/08\/smilie-495999_1920.jpg?resize=350%2C200&ssl=1 1x, https:\/\/i0.wp.com\/ws168.juntadeandalucia.es\/iaap\/gestiondelconocimiento\/wp-content\/uploads\/sites\/10\/2019\/08\/smilie-495999_1920.jpg?resize=525%2C300&ssl=1 1.5x, https:\/\/i0.wp.com\/ws168.juntadeandalucia.es\/iaap\/gestiondelconocimiento\/wp-content\/uploads\/sites\/10\/2019\/08\/smilie-495999_1920.jpg?resize=700%2C400&ssl=1 2x, https:\/\/i0.wp.com\/ws168.juntadeandalucia.es\/iaap\/gestiondelconocimiento\/wp-content\/uploads\/sites\/10\/2019\/08\/smilie-495999_1920.jpg?resize=1050%2C600&ssl=1 3x, https:\/\/i0.wp.com\/ws168.juntadeandalucia.es\/iaap\/gestiondelconocimiento\/wp-content\/uploads\/sites\/10\/2019\/08\/smilie-495999_1920.jpg?resize=1400%2C800&ssl=1 4x"},"classes":[]},{"id":4074,"url":"https:\/\/ws168.juntadeandalucia.es\/iaap\/gestiondelconocimiento\/edicion-2020-2021\/identificacion-del-conocimiento-critico\/","url_meta":{"origin":420,"position":5},"title":"IDENTIFICACI\u00d3N DEL CONOCIMIENTO CR\u00cdTICO","author":"beatrizsanchezgomez","date":"7 diciembre, 2021","format":false,"excerpt":"LOS MAPAS DE CONOCIMIENTO CR\u00cdTICO EN LA JUNTA DE ANDALUC\u00cdA Este proyecto evidencia que el necesario cambio en la Administraci\u00f3n en general y en la Junta de Andaluc\u00eda en particular es posible. No se necesita solo un cambio normativo y tecnol\u00f3gico, sino con mayor prioridad, un cambio cultural. Este cambio\u2026","rel":"","context":"Entrada similar","block_context":{"text":"Entrada similar","link":""},"img":{"alt_text":"","src":"https:\/\/i0.wp.com\/ws168.juntadeandalucia.es\/iaap\/gestiondelconocimiento\/wp-content\/uploads\/sites\/10\/2021\/11\/gotas-oro-manchas-aceite.jpg?resize=350%2C200&ssl=1","width":350,"height":200,"srcset":"https:\/\/i0.wp.com\/ws168.juntadeandalucia.es\/iaap\/gestiondelconocimiento\/wp-content\/uploads\/sites\/10\/2021\/11\/gotas-oro-manchas-aceite.jpg?resize=350%2C200&ssl=1 1x, https:\/\/i0.wp.com\/ws168.juntadeandalucia.es\/iaap\/gestiondelconocimiento\/wp-content\/uploads\/sites\/10\/2021\/11\/gotas-oro-manchas-aceite.jpg?resize=525%2C300&ssl=1 1.5x"},"classes":[]}],"jetpack_likes_enabled":true,"_links":{"self":[{"href":"https:\/\/ws168.juntadeandalucia.es\/iaap\/gestiondelconocimiento\/wp-json\/wp\/v2\/pages\/420","targetHints":{"allow":["GET"]}}],"collection":[{"href":"https:\/\/ws168.juntadeandalucia.es\/iaap\/gestiondelconocimiento\/wp-json\/wp\/v2\/pages"}],"about":[{"href":"https:\/\/ws168.juntadeandalucia.es\/iaap\/gestiondelconocimiento\/wp-json\/wp\/v2\/types\/page"}],"author":[{"embeddable":true,"href":"https:\/\/ws168.juntadeandalucia.es\/iaap\/gestiondelconocimiento\/wp-json\/wp\/v2\/users\/19"}],"replies":[{"embeddable":true,"href":"https:\/\/ws168.juntadeandalucia.es\/iaap\/gestiondelconocimiento\/wp-json\/wp\/v2\/comments?post=420"}],"version-history":[{"count":7,"href":"https:\/\/ws168.juntadeandalucia.es\/iaap\/gestiondelconocimiento\/wp-json\/wp\/v2\/pages\/420\/revisions"}],"predecessor-version":[{"id":815,"href":"https:\/\/ws168.juntadeandalucia.es\/iaap\/gestiondelconocimiento\/wp-json\/wp\/v2\/pages\/420\/revisions\/815"}],"up":[{"embeddable":true,"href":"https:\/\/ws168.juntadeandalucia.es\/iaap\/gestiondelconocimiento\/wp-json\/wp\/v2\/pages\/205"}],"wp:attachment":[{"href":"https:\/\/ws168.juntadeandalucia.es\/iaap\/gestiondelconocimiento\/wp-json\/wp\/v2\/media?parent=420"}],"curies":[{"name":"wp","href":"https:\/\/api.w.org\/{rel}","templated":true}]}}