{"id":4473,"date":"2023-02-23T19:08:20","date_gmt":"2023-02-23T18:08:20","guid":{"rendered":"https:\/\/ws168.juntadeandalucia.es\/iaap\/gestiondelconocimiento\/?page_id=4473"},"modified":"2024-02-06T11:09:47","modified_gmt":"2024-02-06T10:09:47","slug":"identificacion-del-conocimiento-critico-2022","status":"publish","type":"page","link":"https:\/\/ws168.juntadeandalucia.es\/iaap\/gestiondelconocimiento\/edicion-2022\/identificacion-del-conocimiento-critico-2022\/","title":{"rendered":"Identificaci\u00f3n del Conocimiento Cr\u00edtico 2022"},"content":{"rendered":"\t\t<div data-elementor-type=\"wp-page\" data-elementor-id=\"4473\" class=\"elementor elementor-4473\">\n\t\t\t\t\t\t<section class=\"elementor-section elementor-top-section elementor-element elementor-element-af27aac elementor-section-boxed elementor-section-height-default elementor-section-height-default\" data-id=\"af27aac\" data-element_type=\"section\" data-e-type=\"section\">\n\t\t\t\t\t\t<div class=\"elementor-container elementor-column-gap-default\">\n\t\t\t\t\t<div class=\"elementor-column elementor-col-100 elementor-top-column elementor-element elementor-element-56b58ca\" data-id=\"56b58ca\" data-element_type=\"column\" data-e-type=\"column\">\n\t\t\t<div class=\"elementor-widget-wrap elementor-element-populated\">\n\t\t\t\t\t\t<div class=\"elementor-element elementor-element-1c511d7 elementor-widget elementor-widget-text-editor\" data-id=\"1c511d7\" data-element_type=\"widget\" data-e-type=\"widget\" data-widget_type=\"text-editor.default\">\n\t\t\t\t<div class=\"elementor-widget-container\">\n\t\t\t\t\t\t\t\t\t<p style=\"text-align: justify\">A lo largo de estos cuatro a\u00f1os del Grupo de Conocimiento Cr\u00edtico hemos recorrido un camino que empez\u00f3 en 2019.<\/p><h5 style=\"text-align: justify\">A\u00f1o 2019 &#8211; 2020.- APRENDER &#8211; APRENDIENDO<\/h5><p style=\"text-align: justify\">Todo era nuevo y nos toco determinar qu\u00e9 era el conocimiento cr\u00edtico y por qu\u00e9 era importante conservarlo: \u201ctodo aquello que sabemos hacer, producto de nuestra formaci\u00f3n y nuestra experiencia, y que utilizamos para sacar adelante nuestro trabajo diario\u201d.<\/p><h5 style=\"text-align: justify\">A\u00f1o 2020 \u2013 2021.- APRENDER &#8211; ENSE\u00d1ANDO<\/h5><p style=\"text-align: justify\">El segundo a\u00f1o nos centramos en la metodolog\u00eda. Al igual que seguimos los\u00a0pasos de una receta de cocina para hacer una buena tortilla, siguiendo una metodolog\u00eda dise\u00f1ada como una sucesi\u00f3n de fases, pod\u00edamos llegar a plasmar el conocimiento cr\u00edtico en un documento que se transmite de quien lo tiene a quien lo necesita, o dicho de otro modo, del que se va al que llega.<\/p><h5 style=\"text-align: justify\">A\u00d1O 2021 \u2013 2022.- APRENDER &#8211; DIFUNDIENDO<\/h5><p style=\"text-align: justify\">Quisimos concienciar a nuestros compa\u00f1eros de lo importante que es saber por qu\u00e9 nos pagan, que no es otra cosa que por lo que sabemos hacer, por nuestro conocimiento y porque ten\u00edamos claro que \u201cEl conocimiento radica en las personas\u201d.<br \/><span style=\"font-size: 14px;color: var( --e-global-color-text )\">Para ello decidimos<\/span><span style=\"font-size: 14px;color: var( --e-global-color-text )\">\u00a0trabajar en las siguientes l\u00edneas:<\/span><\/p><p style=\"text-align: justify\"><strong>a. INFOGRAF\u00cdA<\/strong>: Aclarar el sentido y la metodolog\u00eda de la recopilaci\u00f3n del conocimiento cr\u00edtico con una imagen, una <a href=\"https:\/\/ws168.juntadeandalucia.es\/iaap\/gestiondelconocimiento\/wp-content\/uploads\/sites\/10\/2023\/02\/Infografia-Proceso-Mapas.pdf\" target=\"_blank\" rel=\"noopener\">infograf\u00eda descriptiva<\/a>.<\/p><p style=\"text-align: justify\"><br \/><strong>b. GLOSARIO<\/strong>: Definir aquellos t\u00e9rminos de la propia metodolog\u00eda para la identificaci\u00f3n del conocimiento cr\u00edtico, que puedan suponer una dificultad de comprensi\u00f3n a aquellas personas que se sumerjan en la elaboraci\u00f3n de uno de estos mapas y que est\u00e9n disponibles tanto desde el propio atlas como a trav\u00e9s de la <a href=\"https:\/\/ws168.juntadeandalucia.es\/wikigestionC\/index.php?title=Glosario_de_t%C3%A9rminos_de_Conocimiento_Cr%C3%ADtico\" target=\"_blank\" rel=\"noopener\">wiki<\/a>.<\/p><p style=\"text-align: justify\"><br \/><strong>c. AMPLIACI\u00d3N<\/strong>. Continuar aumentando las gotas de nuestro <a href=\"https:\/\/ws168.juntadeandalucia.es\/iaap\/gestiondelconocimiento\/atlasconocimientocritico\/\" target=\"_blank\" rel=\"noopener\">Atlas<\/a>, gotas que no son sino \u201cla definici\u00f3n del conocimiento cr\u00edtico de un empleado p\u00fablico, respecto a un aspecto vital\u00a0de la tarea que desarrolla\u201d, y que ampliaron nuestro MAPA con las aportaciones de los compa\u00f1eros que participaron en el curso de \u201c<strong>Elaboraci\u00f3n de mapas de conocimiento cr\u00edtico<\/strong>\u201d, contando con el apoyo de nuestro formador Javier Mart\u00ednez Aldanondo, nuestro maestro en esta nebulosa.<\/p><p style=\"text-align: justify\"><br \/><strong>d. DIFUSI\u00d3N<\/strong>. No renunciamos a la difusi\u00f3n de nuestro proyecto,\u00a0ni mucho menos, y usamos para ello una entrada en nuestra <a href=\"https:\/\/ws168.juntadeandalucia.es\/wikigestionC\/index.php?title=Mapa_de_Conocimiento_Cr%C3%ADtico\" target=\"_blank\" rel=\"noopener\">wiki<\/a>.<\/p><p style=\"text-align: justify\"><br \/><strong>e. IDENTIFICACI\u00d3N<\/strong>. Y sobre todo, la identificaci\u00f3n de \u00bfQui\u00e9n es Qui\u00e9n?. Detr\u00e1s de ese conocimiento hay un empleado p\u00fablico que debe ser reconocido, reconocible, porque de manera voluntaria comparte lo que sabe, colaborando de esta forma una mejora continua a la Administraci\u00f3n.<\/p><p style=\"text-align: justify\">No podemos olvidar en este a\u00f1o la colaboraci\u00f3n para la implantaci\u00f3n de la generaci\u00f3n de mapas de conocimiento cr\u00edtico con un grupo de funci\u00f3n p\u00fablica en Catalu\u00f1a.\u00a0<\/p><p>Puedes ver en el siguiente v\u00eddeo la presentaci\u00f3n de este grupo en la V Jornada de Gesti\u00f3n del Conocimiento en la Junta de Andaluc\u00eda:\u00a0<\/p>\t\t\t\t\t\t\t\t<\/div>\n\t\t\t\t<\/div>\n\t\t\t\t\t<\/div>\n\t\t<\/div>\n\t\t\t\t\t<\/div>\n\t\t<\/section>\n\t\t\t\t<section class=\"elementor-section elementor-top-section elementor-element elementor-element-62f25c3 elementor-section-boxed elementor-section-height-default elementor-section-height-default\" data-id=\"62f25c3\" data-element_type=\"section\" data-e-type=\"section\">\n\t\t\t\t\t\t<div class=\"elementor-container elementor-column-gap-default\">\n\t\t\t\t\t<div class=\"elementor-column elementor-col-100 elementor-top-column elementor-element elementor-element-a8d70fc\" data-id=\"a8d70fc\" data-element_type=\"column\" data-e-type=\"column\">\n\t\t\t<div class=\"elementor-widget-wrap elementor-element-populated\">\n\t\t\t\t\t\t<div class=\"elementor-element elementor-element-55ac61f elementor-widget elementor-widget-video\" data-id=\"55ac61f\" data-element_type=\"widget\" data-e-type=\"widget\" data-settings=\"{&quot;youtube_url&quot;:&quot;https:\\\/\\\/www.youtube.com\\\/watch?v=s8jkgbUXBLk&amp;list=PLj-bfbG2QZP4lG2JyZS3ZlfVjQQMMHwjZ&amp;index=3 &quot;,&quot;yt_privacy&quot;:&quot;yes&quot;,&quot;video_type&quot;:&quot;youtube&quot;,&quot;controls&quot;:&quot;yes&quot;}\" data-widget_type=\"video.default\">\n\t\t\t\t<div class=\"elementor-widget-container\">\n\t\t\t\t\t\t\t<div class=\"elementor-wrapper elementor-open-inline\">\n\t\t\t<div class=\"elementor-video\"><\/div>\t\t<\/div>\n\t\t\t\t\t\t<\/div>\n\t\t\t\t<\/div>\n\t\t\t\t\t<\/div>\n\t\t<\/div>\n\t\t\t\t\t<\/div>\n\t\t<\/section>\n\t\t\t\t<\/div>\n\t\t","protected":false},"excerpt":{"rendered":"<p>A lo largo de estos cuatro a\u00f1os del Grupo de Conocimiento Cr\u00edtico hemos recorrido un camino que empez\u00f3 en 2019. A\u00f1o 2019 &#8211; 2020.- APRENDER &#8211; APRENDIENDO Todo era nuevo y nos toco determinar qu\u00e9 era el conocimiento cr\u00edtico y por qu\u00e9 era importante conservarlo: \u201ctodo aquello que sabemos hacer, producto de nuestra formaci\u00f3n y [&hellip;]<\/p>\n","protected":false},"author":623,"featured_media":0,"parent":4389,"menu_order":2,"comment_status":"closed","ping_status":"closed","template":"","meta":{"jetpack_post_was_ever_published":false,"footnotes":""},"class_list":["post-4473","page","type-page","status-publish","hentry"],"jetpack_sharing_enabled":true,"jetpack_shortlink":"https:\/\/wp.me\/P9W7Se-1a9","jetpack-related-posts":[{"id":6153,"url":"https:\/\/ws168.juntadeandalucia.es\/iaap\/gestiondelconocimiento\/edicion-2024\/elaboracion-de-mapas-de-conocimiento-critico-2024\/","url_meta":{"origin":4473,"position":0},"title":"Elaboraci\u00f3n de Mapas de Conocimiento Cr\u00edtico 2024","author":"administrador","date":"17 octubre, 2024","format":false,"excerpt":"Una edici\u00f3n m\u00e1s, el proyecto de Elaboraci\u00f3n de mapas de conocimiento cr\u00edtico ha intentado localizar a las personas que poseen las capacidades y habilidades necesarias para hacer frente a una tarea concreta y poner en valor y a disposici\u00f3n de todo aquel que lo necesite su conocimiento.En 2024, el grupo\u2026","rel":"","context":"Entrada similar","block_context":{"text":"Entrada similar","link":""},"img":{"alt_text":"","src":"https:\/\/i0.wp.com\/ws168.juntadeandalucia.es\/iaap\/gestiondelconocimiento\/wp-content\/uploads\/sites\/10\/2024\/10\/Ficha-equipo-Mapas-Embajadores24-1536x1086.jpg?resize=350%2C200&ssl=1","width":350,"height":200,"srcset":"https:\/\/i0.wp.com\/ws168.juntadeandalucia.es\/iaap\/gestiondelconocimiento\/wp-content\/uploads\/sites\/10\/2024\/10\/Ficha-equipo-Mapas-Embajadores24-1536x1086.jpg?resize=350%2C200&ssl=1 1x, https:\/\/i0.wp.com\/ws168.juntadeandalucia.es\/iaap\/gestiondelconocimiento\/wp-content\/uploads\/sites\/10\/2024\/10\/Ficha-equipo-Mapas-Embajadores24-1536x1086.jpg?resize=525%2C300&ssl=1 1.5x"},"classes":[]},{"id":4074,"url":"https:\/\/ws168.juntadeandalucia.es\/iaap\/gestiondelconocimiento\/edicion-2020-2021\/identificacion-del-conocimiento-critico\/","url_meta":{"origin":4473,"position":1},"title":"IDENTIFICACI\u00d3N DEL CONOCIMIENTO CR\u00cdTICO","author":"beatrizsanchezgomez","date":"7 diciembre, 2021","format":false,"excerpt":"LOS MAPAS DE CONOCIMIENTO CR\u00cdTICO EN LA JUNTA DE ANDALUC\u00cdA Este proyecto evidencia que el necesario cambio en la Administraci\u00f3n en general y en la Junta de Andaluc\u00eda en particular es posible. No se necesita solo un cambio normativo y tecnol\u00f3gico, sino con mayor prioridad, un cambio cultural. Este cambio\u2026","rel":"","context":"Entrada similar","block_context":{"text":"Entrada similar","link":""},"img":{"alt_text":"","src":"https:\/\/i0.wp.com\/ws168.juntadeandalucia.es\/iaap\/gestiondelconocimiento\/wp-content\/uploads\/sites\/10\/2021\/11\/gotas-oro-manchas-aceite.jpg?resize=350%2C200&ssl=1","width":350,"height":200,"srcset":"https:\/\/i0.wp.com\/ws168.juntadeandalucia.es\/iaap\/gestiondelconocimiento\/wp-content\/uploads\/sites\/10\/2021\/11\/gotas-oro-manchas-aceite.jpg?resize=350%2C200&ssl=1 1x, https:\/\/i0.wp.com\/ws168.juntadeandalucia.es\/iaap\/gestiondelconocimiento\/wp-content\/uploads\/sites\/10\/2021\/11\/gotas-oro-manchas-aceite.jpg?resize=525%2C300&ssl=1 1.5x"},"classes":[]},{"id":2053,"url":"https:\/\/ws168.juntadeandalucia.es\/iaap\/gestiondelconocimiento\/proyectos\/edicion-2019-2020-edicion-2019-2020\/gc06-identificacion-del-conocimiento-critico\/","url_meta":{"origin":4473,"position":2},"title":"GC06 &#8211; Identificaci\u00f3n del Conocimiento Cr\u00edtico (2019-20)","author":"beatrizsanchezgomez","date":"23 febrero, 2020","format":false,"excerpt":"DESCRIPCI\u00d3NSe trata de identificar el conocimiento cr\u00edtico existente en la Junta de Andaluc\u00eda, dando respuesta a las preguntas:\u2022 \u00bfQu\u00e9 es lo que sabe la organizaci\u00f3n?\u2022 \u00bfDe eso qu\u00e9 es lo m\u00e1s importante?\u2022 \u00bfQui\u00e9n lo sabe?\u2022 \u00bfC\u00f3mo utilizamos lo que sabemos?OBJETIVOSElaborar un inventario categorizado del conocimiento existente en la Junta de\u2026","rel":"","context":"Entrada similar","block_context":{"text":"Entrada similar","link":""},"img":{"alt_text":"","src":"https:\/\/i0.wp.com\/ws168.juntadeandalucia.es\/iaap\/gestiondelconocimiento\/wp-content\/uploads\/sites\/10\/2019\/03\/screen2.png?resize=350%2C200&ssl=1","width":350,"height":200},"classes":[]},{"id":771,"url":"https:\/\/ws168.juntadeandalucia.es\/iaap\/gestiondelconocimiento\/proyectos\/edicion-2018-2019\/gc06-identificacion-del-conocimiento-critico\/","url_meta":{"origin":4473,"position":3},"title":"GC06 &#8211; Identificaci\u00f3n del Conocimiento Cr\u00edtico (2018-19)","author":"","date":"7 marzo, 2019","format":false,"excerpt":"DESCRIPCI\u00d3N Se trata de identificar el conocimiento cr\u00edtico existente en la Junta de Andaluc\u00eda, dando respuesta a las preguntas: \u2022 \u00bfQu\u00e9 sabemos en la organizaci\u00f3n? \u2022 \u00bfQu\u00e9 es lo m\u00e1s importante? \u2022 \u00bfQui\u00e9n lo sabe? \u2022 \u00bfQu\u00e9 hacemos con ello? OBJETIVOS Elaborar un inventario categorizado del conocimiento existente en la\u2026","rel":"","context":"Entrada similar","block_context":{"text":"Entrada similar","link":""},"img":{"alt_text":"","src":"https:\/\/i0.wp.com\/ws168.juntadeandalucia.es\/iaap\/gestiondelconocimiento\/wp-content\/uploads\/sites\/10\/2021\/01\/Captura-de-pantalla-2021-01-17-a-las-18.57.08.png?resize=350%2C200&ssl=1","width":350,"height":200,"srcset":"https:\/\/i0.wp.com\/ws168.juntadeandalucia.es\/iaap\/gestiondelconocimiento\/wp-content\/uploads\/sites\/10\/2021\/01\/Captura-de-pantalla-2021-01-17-a-las-18.57.08.png?resize=350%2C200&ssl=1 1x, https:\/\/i0.wp.com\/ws168.juntadeandalucia.es\/iaap\/gestiondelconocimiento\/wp-content\/uploads\/sites\/10\/2021\/01\/Captura-de-pantalla-2021-01-17-a-las-18.57.08.png?resize=525%2C300&ssl=1 1.5x"},"classes":[]},{"id":157,"url":"https:\/\/ws168.juntadeandalucia.es\/iaap\/gestiondelconocimiento\/proyectos\/","url_meta":{"origin":4473,"position":4},"title":"Ediciones","author":"","date":"21 mayo, 2018","format":false,"excerpt":"Gesti\u00f3n del Conocimiento s\u00ed, pero, \u00bfpara qu\u00e9?En 2017 se inicia la andadura en la disciplina de Gesti\u00f3n del Conocimiento en el IAAP, fijando un marco de referencia de base en el que se identificaron una serie de retos y problemas en la Junta de Andaluc\u00eda, que pod\u00edan ser atendidos con\u2026","rel":"","context":"Entrada similar","block_context":{"text":"Entrada similar","link":""},"img":{"alt_text":"","src":"https:\/\/i0.wp.com\/ws168.juntadeandalucia.es\/iaap\/gestiondelconocimiento\/wp-content\/uploads\/sites\/10\/2020\/02\/human-3131802_1280-300x208.jpg?resize=350%2C200&ssl=1","width":350,"height":200},"classes":[]},{"id":418,"url":"https:\/\/ws168.juntadeandalucia.es\/iaap\/gestiondelconocimiento\/embajadores-del-conocimiento\/","url_meta":{"origin":4473,"position":5},"title":"Programa Embajadores\/as del Conocimiento","author":"","date":"16 junio, 2018","format":false,"excerpt":"Embajadores del Conocimiento es un programa que inici\u00f3 su andadura en mayo de 2017 y del que forman parte un grupo de empleadas y empleados p\u00fablicos con clara vocaci\u00f3n de servicio p\u00fablico. Este naci\u00f3 con la idea de establecer una red de personas que colaborar\u00e1n, de manera totalmente desinteresada, con\u2026","rel":"","context":"Entrada similar","block_context":{"text":"Entrada similar","link":""},"img":{"alt_text":"","src":"https:\/\/i0.wp.com\/ws168.juntadeandalucia.es\/iaap\/gestiondelconocimiento\/wp-content\/uploads\/sites\/10\/2020\/01\/Embajadores-del-Conocimiento.-IAAP.-Junta-de-Andaluc%C3%ADa.jpg?resize=350%2C200&ssl=1","width":350,"height":200,"srcset":"https:\/\/i0.wp.com\/ws168.juntadeandalucia.es\/iaap\/gestiondelconocimiento\/wp-content\/uploads\/sites\/10\/2020\/01\/Embajadores-del-Conocimiento.-IAAP.-Junta-de-Andaluc%C3%ADa.jpg?resize=350%2C200&ssl=1 1x, https:\/\/i0.wp.com\/ws168.juntadeandalucia.es\/iaap\/gestiondelconocimiento\/wp-content\/uploads\/sites\/10\/2020\/01\/Embajadores-del-Conocimiento.-IAAP.-Junta-de-Andaluc%C3%ADa.jpg?resize=525%2C300&ssl=1 1.5x, https:\/\/i0.wp.com\/ws168.juntadeandalucia.es\/iaap\/gestiondelconocimiento\/wp-content\/uploads\/sites\/10\/2020\/01\/Embajadores-del-Conocimiento.-IAAP.-Junta-de-Andaluc%C3%ADa.jpg?resize=700%2C400&ssl=1 2x, https:\/\/i0.wp.com\/ws168.juntadeandalucia.es\/iaap\/gestiondelconocimiento\/wp-content\/uploads\/sites\/10\/2020\/01\/Embajadores-del-Conocimiento.-IAAP.-Junta-de-Andaluc%C3%ADa.jpg?resize=1050%2C600&ssl=1 3x, https:\/\/i0.wp.com\/ws168.juntadeandalucia.es\/iaap\/gestiondelconocimiento\/wp-content\/uploads\/sites\/10\/2020\/01\/Embajadores-del-Conocimiento.-IAAP.-Junta-de-Andaluc%C3%ADa.jpg?resize=1400%2C800&ssl=1 4x"},"classes":[]}],"jetpack_likes_enabled":true,"_links":{"self":[{"href":"https:\/\/ws168.juntadeandalucia.es\/iaap\/gestiondelconocimiento\/wp-json\/wp\/v2\/pages\/4473","targetHints":{"allow":["GET"]}}],"collection":[{"href":"https:\/\/ws168.juntadeandalucia.es\/iaap\/gestiondelconocimiento\/wp-json\/wp\/v2\/pages"}],"about":[{"href":"https:\/\/ws168.juntadeandalucia.es\/iaap\/gestiondelconocimiento\/wp-json\/wp\/v2\/types\/page"}],"author":[{"embeddable":true,"href":"https:\/\/ws168.juntadeandalucia.es\/iaap\/gestiondelconocimiento\/wp-json\/wp\/v2\/users\/623"}],"replies":[{"embeddable":true,"href":"https:\/\/ws168.juntadeandalucia.es\/iaap\/gestiondelconocimiento\/wp-json\/wp\/v2\/comments?post=4473"}],"version-history":[{"count":105,"href":"https:\/\/ws168.juntadeandalucia.es\/iaap\/gestiondelconocimiento\/wp-json\/wp\/v2\/pages\/4473\/revisions"}],"predecessor-version":[{"id":4577,"href":"https:\/\/ws168.juntadeandalucia.es\/iaap\/gestiondelconocimiento\/wp-json\/wp\/v2\/pages\/4473\/revisions\/4577"}],"up":[{"embeddable":true,"href":"https:\/\/ws168.juntadeandalucia.es\/iaap\/gestiondelconocimiento\/wp-json\/wp\/v2\/pages\/4389"}],"wp:attachment":[{"href":"https:\/\/ws168.juntadeandalucia.es\/iaap\/gestiondelconocimiento\/wp-json\/wp\/v2\/media?parent=4473"}],"curies":[{"name":"wp","href":"https:\/\/api.w.org\/{rel}","templated":true}]}}