{"id":4592,"date":"2023-02-24T13:36:23","date_gmt":"2023-02-24T12:36:23","guid":{"rendered":"https:\/\/ws168.juntadeandalucia.es\/iaap\/gestiondelconocimiento\/?page_id=4592"},"modified":"2024-02-06T11:09:48","modified_gmt":"2024-02-06T10:09:48","slug":"wiki-del-conocimiento-2022","status":"publish","type":"page","link":"https:\/\/ws168.juntadeandalucia.es\/iaap\/gestiondelconocimiento\/edicion-2022\/wiki-del-conocimiento-2022\/","title":{"rendered":"Wiki del Conocimiento"},"content":{"rendered":"\t\t<div data-elementor-type=\"wp-page\" data-elementor-id=\"4592\" class=\"elementor elementor-4592\">\n\t\t\t\t\t\t<section class=\"elementor-section elementor-top-section elementor-element elementor-element-1d7cca2 elementor-section-boxed elementor-section-height-default elementor-section-height-default\" data-id=\"1d7cca2\" data-element_type=\"section\" data-e-type=\"section\">\n\t\t\t\t\t\t<div class=\"elementor-container elementor-column-gap-default\">\n\t\t\t\t\t<div class=\"elementor-column elementor-col-100 elementor-top-column elementor-element elementor-element-37f5822\" data-id=\"37f5822\" data-element_type=\"column\" data-e-type=\"column\">\n\t\t\t<div class=\"elementor-widget-wrap elementor-element-populated\">\n\t\t\t\t\t\t<div class=\"elementor-element elementor-element-c5ca80b elementor-widget elementor-widget-text-editor\" data-id=\"c5ca80b\" data-element_type=\"widget\" data-e-type=\"widget\" data-widget_type=\"text-editor.default\">\n\t\t\t\t<div class=\"elementor-widget-container\">\n\t\t\t\t\t\t\t\t\t<p align=\"justify\">En este primer a\u00f1o de este proyecto nuestros compa\u00f1eros han puesto las bases para crear la Wiki de la Junta de Andaluc\u00eda.<\/p><p align=\"justify\">Con esta herramienta pretendemos recoger de manera colaborativa el conocimiento de utilidad de las personas que trabajamos en la Junta de Andaluc\u00eda.<\/p><p align=\"justify\">Accede desde <a href=\"https:\/\/ws168.juntadeandalucia.es\/wikigestionC\" target=\"_blank\" rel=\"noopener\">aqu\u00ed<\/a> y colabora con nosotros.<\/p><p align=\"justify\">Visualiza la presentaci\u00f3n del trabajo llevado a cabo por este grupo en las V Jornadas de Gesti\u00f3n del Conocimiento:<\/p>\t\t\t\t\t\t\t\t<\/div>\n\t\t\t\t<\/div>\n\t\t\t\t\t<\/div>\n\t\t<\/div>\n\t\t\t\t\t<\/div>\n\t\t<\/section>\n\t\t\t\t<section class=\"elementor-section elementor-top-section elementor-element elementor-element-09cde60 elementor-section-boxed elementor-section-height-default elementor-section-height-default\" data-id=\"09cde60\" data-element_type=\"section\" data-e-type=\"section\">\n\t\t\t\t\t\t<div class=\"elementor-container elementor-column-gap-default\">\n\t\t\t\t\t<div class=\"elementor-column elementor-col-100 elementor-top-column elementor-element elementor-element-27a94d0\" data-id=\"27a94d0\" data-element_type=\"column\" data-e-type=\"column\">\n\t\t\t<div class=\"elementor-widget-wrap elementor-element-populated\">\n\t\t\t\t\t\t<div class=\"elementor-element elementor-element-8b7494b elementor-widget elementor-widget-video\" data-id=\"8b7494b\" data-element_type=\"widget\" data-e-type=\"widget\" data-settings=\"{&quot;youtube_url&quot;:&quot;https:\\\/\\\/www.youtube.com\\\/watch?v=-jS-m4rxI5o&amp;list=PLj-bfbG2QZP4lG2JyZS3ZlfVjQQMMHwjZ&amp;index=5&quot;,&quot;video_type&quot;:&quot;youtube&quot;,&quot;controls&quot;:&quot;yes&quot;}\" data-widget_type=\"video.default\">\n\t\t\t\t<div class=\"elementor-widget-container\">\n\t\t\t\t\t\t\t<div class=\"elementor-wrapper elementor-open-inline\">\n\t\t\t<div class=\"elementor-video\"><\/div>\t\t<\/div>\n\t\t\t\t\t\t<\/div>\n\t\t\t\t<\/div>\n\t\t\t\t\t<\/div>\n\t\t<\/div>\n\t\t\t\t\t<\/div>\n\t\t<\/section>\n\t\t\t\t<\/div>\n\t\t","protected":false},"excerpt":{"rendered":"<p>En este primer a\u00f1o de este proyecto nuestros compa\u00f1eros han puesto las bases para crear la Wiki de la Junta de Andaluc\u00eda. Con esta herramienta pretendemos recoger de manera colaborativa el conocimiento de utilidad de las personas que trabajamos en la Junta de Andaluc\u00eda. Accede desde aqu\u00ed y colabora con nosotros. Visualiza la presentaci\u00f3n del [&hellip;]<\/p>\n","protected":false},"author":634,"featured_media":0,"parent":4389,"menu_order":5,"comment_status":"closed","ping_status":"closed","template":"","meta":{"jetpack_post_was_ever_published":false,"footnotes":""},"class_list":["post-4592","page","type-page","status-publish","hentry"],"jetpack_sharing_enabled":true,"jetpack_shortlink":"https:\/\/wp.me\/P9W7Se-1c4","jetpack-related-posts":[{"id":418,"url":"https:\/\/ws168.juntadeandalucia.es\/iaap\/gestiondelconocimiento\/embajadores-del-conocimiento\/","url_meta":{"origin":4592,"position":0},"title":"Programa Embajadores\/as del Conocimiento","author":"","date":"16 junio, 2018","format":false,"excerpt":"Embajadores del Conocimiento es un programa que inici\u00f3 su andadura en mayo de 2017 y del que forman parte un grupo de empleadas y empleados p\u00fablicos con clara vocaci\u00f3n de servicio p\u00fablico. Este naci\u00f3 con la idea de establecer una red de personas que colaborar\u00e1n, de manera totalmente desinteresada, con\u2026","rel":"","context":"Entrada similar","block_context":{"text":"Entrada similar","link":""},"img":{"alt_text":"","src":"https:\/\/i0.wp.com\/ws168.juntadeandalucia.es\/iaap\/gestiondelconocimiento\/wp-content\/uploads\/sites\/10\/2020\/01\/Embajadores-del-Conocimiento.-IAAP.-Junta-de-Andaluc%C3%ADa.jpg?resize=350%2C200&ssl=1","width":350,"height":200,"srcset":"https:\/\/i0.wp.com\/ws168.juntadeandalucia.es\/iaap\/gestiondelconocimiento\/wp-content\/uploads\/sites\/10\/2020\/01\/Embajadores-del-Conocimiento.-IAAP.-Junta-de-Andaluc%C3%ADa.jpg?resize=350%2C200&ssl=1 1x, https:\/\/i0.wp.com\/ws168.juntadeandalucia.es\/iaap\/gestiondelconocimiento\/wp-content\/uploads\/sites\/10\/2020\/01\/Embajadores-del-Conocimiento.-IAAP.-Junta-de-Andaluc%C3%ADa.jpg?resize=525%2C300&ssl=1 1.5x, https:\/\/i0.wp.com\/ws168.juntadeandalucia.es\/iaap\/gestiondelconocimiento\/wp-content\/uploads\/sites\/10\/2020\/01\/Embajadores-del-Conocimiento.-IAAP.-Junta-de-Andaluc%C3%ADa.jpg?resize=700%2C400&ssl=1 2x, https:\/\/i0.wp.com\/ws168.juntadeandalucia.es\/iaap\/gestiondelconocimiento\/wp-content\/uploads\/sites\/10\/2020\/01\/Embajadores-del-Conocimiento.-IAAP.-Junta-de-Andaluc%C3%ADa.jpg?resize=1050%2C600&ssl=1 3x, https:\/\/i0.wp.com\/ws168.juntadeandalucia.es\/iaap\/gestiondelconocimiento\/wp-content\/uploads\/sites\/10\/2020\/01\/Embajadores-del-Conocimiento.-IAAP.-Junta-de-Andaluc%C3%ADa.jpg?resize=1400%2C800&ssl=1 4x"},"classes":[]},{"id":6163,"url":"https:\/\/ws168.juntadeandalucia.es\/iaap\/gestiondelconocimiento\/edicion-2024\/nexum-la-wiki-del-conocimiento-2024\/","url_meta":{"origin":4592,"position":1},"title":"Nexum, la Wiki del Conocimiento 2024","author":"administrador","date":"17 octubre, 2024","format":false,"excerpt":"En las VI Jornadas de Gesti\u00f3n del Conocimiento, celebradas en octubre de 2023, asistimos al nacimiento de Nexum, la plataforma donde se pretende recopilar toda la informaci\u00f3n sobre los procedimientos administrativos que se ejecutan en la Junta de Andaluc\u00eda.En 2024, dos noveles en el Programa de Embajadores\/as del Conocimiento se\u2026","rel":"","context":"Entrada similar","block_context":{"text":"Entrada similar","link":""},"img":{"alt_text":"","src":"https:\/\/i0.wp.com\/ws168.juntadeandalucia.es\/iaap\/gestiondelconocimiento\/wp-content\/uploads\/sites\/10\/2024\/10\/Ficha-equipo-Nexum-Embajadores24-1536x1086.jpg?resize=350%2C200&ssl=1","width":350,"height":200,"srcset":"https:\/\/i0.wp.com\/ws168.juntadeandalucia.es\/iaap\/gestiondelconocimiento\/wp-content\/uploads\/sites\/10\/2024\/10\/Ficha-equipo-Nexum-Embajadores24-1536x1086.jpg?resize=350%2C200&ssl=1 1x, https:\/\/i0.wp.com\/ws168.juntadeandalucia.es\/iaap\/gestiondelconocimiento\/wp-content\/uploads\/sites\/10\/2024\/10\/Ficha-equipo-Nexum-Embajadores24-1536x1086.jpg?resize=525%2C300&ssl=1 1.5x"},"classes":[]},{"id":6139,"url":"https:\/\/ws168.juntadeandalucia.es\/iaap\/gestiondelconocimiento\/edicion-2024\/","url_meta":{"origin":4592,"position":2},"title":"EDICI\u00d3N 2024","author":"administrador","date":"8 octubre, 2024","format":false,"excerpt":"Estos son los proyectos que se han llevado a cabo en la VII edici\u00f3n del programa Embajadores\/as del Conocimiento:Revista Enred@2.0Elaboraci\u00f3n de Mapas de Conocimiento Cr\u00edticoEncuentros Intergeneracionales de la Junta de Andaluc\u00edaNexum, la Wiki del ConocimientoCroquetas de ConocimientoEncuentro Intergeneracional en el \u00e1rea de Subvenciones de la Junta de Andaluc\u00edaComunicaci\u00f3n y difusi\u00f3n\u2026","rel":"","context":"Entrada similar","block_context":{"text":"Entrada similar","link":""},"img":{"alt_text":"","src":"","width":0,"height":0},"classes":[]},{"id":157,"url":"https:\/\/ws168.juntadeandalucia.es\/iaap\/gestiondelconocimiento\/proyectos\/","url_meta":{"origin":4592,"position":3},"title":"Ediciones","author":"","date":"21 mayo, 2018","format":false,"excerpt":"Gesti\u00f3n del Conocimiento s\u00ed, pero, \u00bfpara qu\u00e9?En 2017 se inicia la andadura en la disciplina de Gesti\u00f3n del Conocimiento en el IAAP, fijando un marco de referencia de base en el que se identificaron una serie de retos y problemas en la Junta de Andaluc\u00eda, que pod\u00edan ser atendidos con\u2026","rel":"","context":"Entrada similar","block_context":{"text":"Entrada similar","link":""},"img":{"alt_text":"","src":"https:\/\/i0.wp.com\/ws168.juntadeandalucia.es\/iaap\/gestiondelconocimiento\/wp-content\/uploads\/sites\/10\/2020\/02\/human-3131802_1280-300x208.jpg?resize=350%2C200&ssl=1","width":350,"height":200},"classes":[]},{"id":5427,"url":"https:\/\/ws168.juntadeandalucia.es\/iaap\/gestiondelconocimiento\/edicion-2023\/","url_meta":{"origin":4592,"position":4},"title":"EDICI\u00d3N 2023","author":"","date":"1 diciembre, 2023","format":false,"excerpt":"Estos son los proyectos que se han llevado a cabo en la VI edici\u00f3n del programa Embajadores\/as del Conocimiento:Revista digital Enred@2.0Elaboraci\u00f3n de Mapas de Conocimiento Cr\u00edticoEncuentros Intergeneracionales en la Junta de Andaluc\u00edaSeguimiento del relevo generacional en el colectivo de Agentes de Salud P\u00fablicaWiki del ConocimientoCroquetas de ConocimientoComunicaci\u00f3n y Difusi\u00f3n de\u2026","rel":"","context":"Entrada similar","block_context":{"text":"Entrada similar","link":""},"img":{"alt_text":"","src":"","width":0,"height":0},"classes":[]},{"id":5529,"url":"https:\/\/ws168.juntadeandalucia.es\/iaap\/gestiondelconocimiento\/edicion-2023\/wiki-del-conocimiento-nexum\/","url_meta":{"origin":4592,"position":5},"title":"Wiki del Conocimiento \/ NEXUM","author":"administrador","date":"11 diciembre, 2023","format":false,"excerpt":"Si ha habido un proyecto que ha sufrido una gran revoluci\u00f3n, ese ha sido el de la Wiki de la Junta de Andaluc\u00eda.Tanto ha sido su evoluci\u00f3n que la plataforma ha pasado a llamarse Nexum.Nuestros compa\u00f1eros nos explicaron a la perfecci\u00f3n en qu\u00e9 va a consistir esta plataforma en la\u2026","rel":"","context":"Entrada similar","block_context":{"text":"Entrada similar","link":""},"img":{"alt_text":"","src":"","width":0,"height":0},"classes":[]}],"jetpack_likes_enabled":true,"_links":{"self":[{"href":"https:\/\/ws168.juntadeandalucia.es\/iaap\/gestiondelconocimiento\/wp-json\/wp\/v2\/pages\/4592","targetHints":{"allow":["GET"]}}],"collection":[{"href":"https:\/\/ws168.juntadeandalucia.es\/iaap\/gestiondelconocimiento\/wp-json\/wp\/v2\/pages"}],"about":[{"href":"https:\/\/ws168.juntadeandalucia.es\/iaap\/gestiondelconocimiento\/wp-json\/wp\/v2\/types\/page"}],"author":[{"embeddable":true,"href":"https:\/\/ws168.juntadeandalucia.es\/iaap\/gestiondelconocimiento\/wp-json\/wp\/v2\/users\/634"}],"replies":[{"embeddable":true,"href":"https:\/\/ws168.juntadeandalucia.es\/iaap\/gestiondelconocimiento\/wp-json\/wp\/v2\/comments?post=4592"}],"version-history":[{"count":15,"href":"https:\/\/ws168.juntadeandalucia.es\/iaap\/gestiondelconocimiento\/wp-json\/wp\/v2\/pages\/4592\/revisions"}],"predecessor-version":[{"id":4744,"href":"https:\/\/ws168.juntadeandalucia.es\/iaap\/gestiondelconocimiento\/wp-json\/wp\/v2\/pages\/4592\/revisions\/4744"}],"up":[{"embeddable":true,"href":"https:\/\/ws168.juntadeandalucia.es\/iaap\/gestiondelconocimiento\/wp-json\/wp\/v2\/pages\/4389"}],"wp:attachment":[{"href":"https:\/\/ws168.juntadeandalucia.es\/iaap\/gestiondelconocimiento\/wp-json\/wp\/v2\/media?parent=4592"}],"curies":[{"name":"wp","href":"https:\/\/api.w.org\/{rel}","templated":true}]}}