{"id":5494,"date":"2023-12-11T12:43:35","date_gmt":"2023-12-11T11:43:35","guid":{"rendered":"https:\/\/ws168.juntadeandalucia.es\/iaap\/gestiondelconocimiento\/?page_id=5494"},"modified":"2024-02-06T11:09:50","modified_gmt":"2024-02-06T10:09:50","slug":"encuentros-intergeneracionales-en-la-junta-de-andalucia-2023","status":"publish","type":"page","link":"https:\/\/ws168.juntadeandalucia.es\/iaap\/gestiondelconocimiento\/edicion-2023\/encuentros-intergeneracionales-en-la-junta-de-andalucia-2023\/","title":{"rendered":"Encuentros Intergeneracionales en la Junta de Andaluc\u00eda 2023"},"content":{"rendered":"\t\t<div data-elementor-type=\"wp-page\" data-elementor-id=\"5494\" class=\"elementor elementor-5494\">\n\t\t\t\t\t\t<section class=\"elementor-section elementor-top-section elementor-element elementor-element-25a4fd2 elementor-section-boxed elementor-section-height-default elementor-section-height-default\" data-id=\"25a4fd2\" data-element_type=\"section\" data-e-type=\"section\">\n\t\t\t\t\t\t<div class=\"elementor-container elementor-column-gap-default\">\n\t\t\t\t\t<div class=\"elementor-column elementor-col-100 elementor-top-column elementor-element elementor-element-3a29e80\" data-id=\"3a29e80\" data-element_type=\"column\" data-e-type=\"column\">\n\t\t\t<div class=\"elementor-widget-wrap elementor-element-populated\">\n\t\t\t\t\t\t<div class=\"elementor-element elementor-element-a73de59 elementor-widget elementor-widget-text-editor\" data-id=\"a73de59\" data-element_type=\"widget\" data-e-type=\"widget\" data-widget_type=\"text-editor.default\">\n\t\t\t\t<div class=\"elementor-widget-container\">\n\t\t\t\t\t\t\t\t\t<p style=\"text-align: justify\">El pasado 9 de octubre de 2023 se celebr\u00f3 el <strong>V Encuentro Intergeneracional de la Junta de Andaluc\u00eda<\/strong>, en esta ocasi\u00f3n, centrado en el colectivo de <strong>Agentes de Inspecci\u00f3n de prestaciones y servicios sanitarios.<\/strong><\/p>\t\t\t\t\t\t\t\t<\/div>\n\t\t\t\t<\/div>\n\t\t\t\t\t<\/div>\n\t\t<\/div>\n\t\t\t\t\t<\/div>\n\t\t<\/section>\n\t\t\t\t<section class=\"elementor-section elementor-top-section elementor-element elementor-element-d54e6d9 elementor-section-boxed elementor-section-height-default elementor-section-height-default\" data-id=\"d54e6d9\" data-element_type=\"section\" data-e-type=\"section\">\n\t\t\t\t\t\t<div class=\"elementor-container elementor-column-gap-default\">\n\t\t\t\t\t<div class=\"elementor-column elementor-col-100 elementor-top-column elementor-element elementor-element-367eaf9\" data-id=\"367eaf9\" data-element_type=\"column\" data-e-type=\"column\">\n\t\t\t<div class=\"elementor-widget-wrap elementor-element-populated\">\n\t\t\t\t\t\t<div class=\"elementor-element elementor-element-d9823c8 elementor-widget elementor-widget-text-editor\" data-id=\"d9823c8\" data-element_type=\"widget\" data-e-type=\"widget\" data-widget_type=\"text-editor.default\">\n\t\t\t\t<div class=\"elementor-widget-container\">\n\t\t\t\t\t\t\t\t\t<p>Ese Encuentro fue la culminaci\u00f3n del trabajo realizado a lo largo de todo el a\u00f1o por los componentes del grupo de trabajo que te presentamos en nuestro blog.<\/p>\t\t\t\t\t\t\t\t<\/div>\n\t\t\t\t<\/div>\n\t\t\t\t\t<\/div>\n\t\t<\/div>\n\t\t\t\t\t<\/div>\n\t\t<\/section>\n\t\t\t\t<section class=\"elementor-section elementor-top-section elementor-element elementor-element-4f752ad elementor-section-boxed elementor-section-height-default elementor-section-height-default\" data-id=\"4f752ad\" data-element_type=\"section\" data-e-type=\"section\">\n\t\t\t\t\t\t<div class=\"elementor-container elementor-column-gap-default\">\n\t\t\t\t\t<div class=\"elementor-column elementor-col-100 elementor-top-column elementor-element elementor-element-fd7dd49\" data-id=\"fd7dd49\" data-element_type=\"column\" data-e-type=\"column\">\n\t\t\t<div class=\"elementor-widget-wrap elementor-element-populated\">\n\t\t\t\t\t\t<div class=\"elementor-element elementor-element-5232702 elementor-widget elementor-widget-image\" data-id=\"5232702\" data-element_type=\"widget\" data-e-type=\"widget\" data-widget_type=\"image.default\">\n\t\t\t\t<div class=\"elementor-widget-container\">\n\t\t\t\t\t\t\t\t\t\t\t\t<figure class=\"wp-caption\">\n\t\t\t\t\t\t\t\t\t\t\t<a href=\"https:\/\/ws168.juntadeandalucia.es\/iaap\/gestiondelconocimiento\/encuentros-intergeneracionales-la-union-de-experiencia-e-ilusion\/\" target=\"_blank\">\n\t\t\t\t\t\t\t<img fetchpriority=\"high\" decoding=\"async\" data-attachment-id=\"5188\" data-permalink=\"https:\/\/ws168.juntadeandalucia.es\/iaap\/gestiondelconocimiento\/encuentros-intergeneracionales-la-union-de-experiencia-e-ilusion\/06_grupo-encuentros\/\" data-orig-file=\"https:\/\/ws168.juntadeandalucia.es\/iaap\/gestiondelconocimiento\/wp-content\/uploads\/sites\/10\/2023\/07\/06_Grupo-Encuentros.jpg\" data-orig-size=\"2245,1587\" data-comments-opened=\"0\" data-image-meta=\"{&quot;aperture&quot;:&quot;0&quot;,&quot;credit&quot;:&quot;&quot;,&quot;camera&quot;:&quot;&quot;,&quot;caption&quot;:&quot;&quot;,&quot;created_timestamp&quot;:&quot;0&quot;,&quot;copyright&quot;:&quot;&quot;,&quot;focal_length&quot;:&quot;0&quot;,&quot;iso&quot;:&quot;0&quot;,&quot;shutter_speed&quot;:&quot;0&quot;,&quot;title&quot;:&quot;&quot;,&quot;orientation&quot;:&quot;1&quot;}\" data-image-title=\"06_Grupo Encuentros\" data-image-description=\"\" data-image-caption=\"\" data-large-file=\"https:\/\/ws168.juntadeandalucia.es\/iaap\/gestiondelconocimiento\/wp-content\/uploads\/sites\/10\/2023\/07\/06_Grupo-Encuentros-1024x724.jpg\" width=\"2048\" height=\"1448\" src=\"https:\/\/ws168.juntadeandalucia.es\/iaap\/gestiondelconocimiento\/wp-content\/uploads\/sites\/10\/2023\/07\/06_Grupo-Encuentros-2048x1448.jpg\" class=\"attachment-2048x2048 size-2048x2048 wp-image-5188\" alt=\"Encuentros Intergeneracionales\" srcset=\"https:\/\/ws168.juntadeandalucia.es\/iaap\/gestiondelconocimiento\/wp-content\/uploads\/sites\/10\/2023\/07\/06_Grupo-Encuentros-2048x1448.jpg 2048w, https:\/\/ws168.juntadeandalucia.es\/iaap\/gestiondelconocimiento\/wp-content\/uploads\/sites\/10\/2023\/07\/06_Grupo-Encuentros-300x212.jpg 300w, https:\/\/ws168.juntadeandalucia.es\/iaap\/gestiondelconocimiento\/wp-content\/uploads\/sites\/10\/2023\/07\/06_Grupo-Encuentros-1024x724.jpg 1024w, https:\/\/ws168.juntadeandalucia.es\/iaap\/gestiondelconocimiento\/wp-content\/uploads\/sites\/10\/2023\/07\/06_Grupo-Encuentros-768x543.jpg 768w, https:\/\/ws168.juntadeandalucia.es\/iaap\/gestiondelconocimiento\/wp-content\/uploads\/sites\/10\/2023\/07\/06_Grupo-Encuentros-1536x1086.jpg 1536w, https:\/\/ws168.juntadeandalucia.es\/iaap\/gestiondelconocimiento\/wp-content\/uploads\/sites\/10\/2023\/07\/06_Grupo-Encuentros-1320x933.jpg 1320w\" sizes=\"(max-width: 2048px) 100vw, 2048px\" data-attachment-id=\"5188\" data-permalink=\"https:\/\/ws168.juntadeandalucia.es\/iaap\/gestiondelconocimiento\/encuentros-intergeneracionales-la-union-de-experiencia-e-ilusion\/06_grupo-encuentros\/\" data-orig-file=\"https:\/\/ws168.juntadeandalucia.es\/iaap\/gestiondelconocimiento\/wp-content\/uploads\/sites\/10\/2023\/07\/06_Grupo-Encuentros.jpg\" data-orig-size=\"2245,1587\" data-comments-opened=\"0\" data-image-meta=\"{&quot;aperture&quot;:&quot;0&quot;,&quot;credit&quot;:&quot;&quot;,&quot;camera&quot;:&quot;&quot;,&quot;caption&quot;:&quot;&quot;,&quot;created_timestamp&quot;:&quot;0&quot;,&quot;copyright&quot;:&quot;&quot;,&quot;focal_length&quot;:&quot;0&quot;,&quot;iso&quot;:&quot;0&quot;,&quot;shutter_speed&quot;:&quot;0&quot;,&quot;title&quot;:&quot;&quot;,&quot;orientation&quot;:&quot;1&quot;}\" data-image-title=\"06_Grupo Encuentros\" data-image-description=\"\" data-image-caption=\"\" data-large-file=\"https:\/\/ws168.juntadeandalucia.es\/iaap\/gestiondelconocimiento\/wp-content\/uploads\/sites\/10\/2023\/07\/06_Grupo-Encuentros-1024x724.jpg\" \/>\t\t\t\t\t\t\t\t<\/a>\n\t\t\t\t\t\t\t\t\t\t\t<figcaption class=\"widget-image-caption wp-caption-text\">Encuentros Intergeneracionales. La uni\u00f3n de experiencia e ilusi\u00f3n<\/figcaption>\n\t\t\t\t\t\t\t\t\t\t<\/figure>\n\t\t\t\t\t\t\t\t\t<\/div>\n\t\t\t\t<\/div>\n\t\t\t\t\t<\/div>\n\t\t<\/div>\n\t\t\t\t\t<\/div>\n\t\t<\/section>\n\t\t\t\t<section class=\"elementor-section elementor-top-section elementor-element elementor-element-23ffbf6 elementor-section-boxed elementor-section-height-default elementor-section-height-default\" data-id=\"23ffbf6\" data-element_type=\"section\" data-e-type=\"section\">\n\t\t\t\t\t\t<div class=\"elementor-container elementor-column-gap-default\">\n\t\t\t\t\t<div class=\"elementor-column elementor-col-100 elementor-top-column elementor-element elementor-element-19d3d71\" data-id=\"19d3d71\" data-element_type=\"column\" data-e-type=\"column\">\n\t\t\t<div class=\"elementor-widget-wrap elementor-element-populated\">\n\t\t\t\t\t\t<div class=\"elementor-element elementor-element-36a61c1 elementor-widget elementor-widget-text-editor\" data-id=\"36a61c1\" data-element_type=\"widget\" data-e-type=\"widget\" data-widget_type=\"text-editor.default\">\n\t\t\t\t<div class=\"elementor-widget-container\">\n\t\t\t\t\t\t\t\t\t<p style=\"text-align: justify\">En las <strong>VI Jornadas de Gesti\u00f3n del Conocimiento<\/strong>, tuvieron la ocasi\u00f3n de contarnos qu\u00e9 sucedi\u00f3 en el encuentro entre seniors y juniors de Inspecci\u00f3n de Servicios Sanitarios.<\/p>\t\t\t\t\t\t\t\t<\/div>\n\t\t\t\t<\/div>\n\t\t\t\t\t<\/div>\n\t\t<\/div>\n\t\t\t\t\t<\/div>\n\t\t<\/section>\n\t\t\t\t<section class=\"elementor-section elementor-top-section elementor-element elementor-element-4521239 elementor-section-boxed elementor-section-height-default elementor-section-height-default\" data-id=\"4521239\" data-element_type=\"section\" data-e-type=\"section\">\n\t\t\t\t\t\t<div class=\"elementor-container elementor-column-gap-default\">\n\t\t\t\t\t<div class=\"elementor-column elementor-col-100 elementor-top-column elementor-element elementor-element-0482485\" data-id=\"0482485\" data-element_type=\"column\" data-e-type=\"column\">\n\t\t\t<div class=\"elementor-widget-wrap elementor-element-populated\">\n\t\t\t\t\t\t<div class=\"elementor-element elementor-element-152b6f7 elementor-widget elementor-widget-video\" data-id=\"152b6f7\" data-element_type=\"widget\" data-e-type=\"widget\" data-settings=\"{&quot;youtube_url&quot;:&quot;https:\\\/\\\/www.youtube.com\\\/watch?v=JGO5xjEkbiA&amp;list=PLj-bfbG2QZP5U1ruJtu91F1Rilwr6JM0M&amp;index=2&quot;,&quot;start&quot;:&quot;15&quot;,&quot;end&quot;:&quot;839&quot;,&quot;video_type&quot;:&quot;youtube&quot;,&quot;controls&quot;:&quot;yes&quot;}\" data-widget_type=\"video.default\">\n\t\t\t\t<div class=\"elementor-widget-container\">\n\t\t\t\t\t\t\t<div class=\"elementor-wrapper elementor-open-inline\">\n\t\t\t<div class=\"elementor-video\"><\/div>\t\t<\/div>\n\t\t\t\t\t\t<\/div>\n\t\t\t\t<\/div>\n\t\t\t\t\t<\/div>\n\t\t<\/div>\n\t\t\t\t\t<\/div>\n\t\t<\/section>\n\t\t\t\t<section class=\"elementor-section elementor-top-section elementor-element elementor-element-5c7678b elementor-section-boxed elementor-section-height-default elementor-section-height-default\" data-id=\"5c7678b\" data-element_type=\"section\" data-e-type=\"section\">\n\t\t\t\t\t\t<div class=\"elementor-container elementor-column-gap-default\">\n\t\t\t\t\t<div class=\"elementor-column elementor-col-100 elementor-top-column elementor-element elementor-element-4234f7a\" data-id=\"4234f7a\" data-element_type=\"column\" data-e-type=\"column\">\n\t\t\t<div class=\"elementor-widget-wrap elementor-element-populated\">\n\t\t\t\t\t\t<div class=\"elementor-element elementor-element-76879aa elementor-widget elementor-widget-text-editor\" data-id=\"76879aa\" data-element_type=\"widget\" data-e-type=\"widget\" data-widget_type=\"text-editor.default\">\n\t\t\t\t<div class=\"elementor-widget-container\">\n\t\t\t\t\t\t\t\t\t<p style=\"text-align: justify\">En la <a href=\"https:\/\/ws168.juntadeandalucia.es\/iaap\/gestiondelconocimiento\/wp-content\/uploads\/sites\/10\/2023\/12\/V-Encuentro-Intergeneracional-Inspeccion-Servicios-Sanitarios.pdf\" target=\"_blank\" rel=\"noopener\">cosecha<\/a> que han redactado, podemos conocer las actividades que se realizaron en el V Encuentro Intergeneracional de la Junta de Andaluc\u00eda.<\/p>\t\t\t\t\t\t\t\t<\/div>\n\t\t\t\t<\/div>\n\t\t\t\t\t<\/div>\n\t\t<\/div>\n\t\t\t\t\t<\/div>\n\t\t<\/section>\n\t\t\t\t<\/div>\n\t\t","protected":false},"excerpt":{"rendered":"<p>El pasado 9 de octubre de 2023 se celebr\u00f3 el V Encuentro Intergeneracional de la Junta de Andaluc\u00eda, en esta ocasi\u00f3n, centrado en el colectivo de Agentes de Inspecci\u00f3n de prestaciones y servicios sanitarios. Ese Encuentro fue la culminaci\u00f3n del trabajo realizado a lo largo de todo el a\u00f1o por los componentes del grupo de [&hellip;]<\/p>\n","protected":false},"author":1,"featured_media":0,"parent":5427,"menu_order":3,"comment_status":"closed","ping_status":"closed","template":"","meta":{"jetpack_post_was_ever_published":false,"footnotes":""},"class_list":["post-5494","page","type-page","status-publish","hentry"],"jetpack_sharing_enabled":true,"jetpack_shortlink":"https:\/\/wp.me\/P9W7Se-1qC","jetpack-related-posts":[{"id":6158,"url":"https:\/\/ws168.juntadeandalucia.es\/iaap\/gestiondelconocimiento\/edicion-2024\/encuentros-intergeneracionales-en-la-junta-de-andalucia-2024\/","url_meta":{"origin":5494,"position":0},"title":"Encuentros Intergeneracionales en la Junta de Andaluc\u00eda 2024","author":"administrador","date":"17 octubre, 2024","format":false,"excerpt":"Uno de los proyectos m\u00e1s gratificantes es el de Encuentros Intergeneracionales, ya que se puede vivir su experiencia en primera persona y comprobar su repercusi\u00f3n en los asistentes de forma inmediata.Cinco personas pertenecientes a diferentes \u00e1reas de la Junta de Andaluc\u00eda se encomendaron en la labor de organizar el VI\u2026","rel":"","context":"Entrada similar","block_context":{"text":"Entrada similar","link":""},"img":{"alt_text":"","src":"https:\/\/i0.wp.com\/ws168.juntadeandalucia.es\/iaap\/gestiondelconocimiento\/wp-content\/uploads\/sites\/10\/2024\/10\/VI-Encuentro-Intergeneracional.jpg?resize=350%2C200&ssl=1","width":350,"height":200,"srcset":"https:\/\/i0.wp.com\/ws168.juntadeandalucia.es\/iaap\/gestiondelconocimiento\/wp-content\/uploads\/sites\/10\/2024\/10\/VI-Encuentro-Intergeneracional.jpg?resize=350%2C200&ssl=1 1x, https:\/\/i0.wp.com\/ws168.juntadeandalucia.es\/iaap\/gestiondelconocimiento\/wp-content\/uploads\/sites\/10\/2024\/10\/VI-Encuentro-Intergeneracional.jpg?resize=525%2C300&ssl=1 1.5x, https:\/\/i0.wp.com\/ws168.juntadeandalucia.es\/iaap\/gestiondelconocimiento\/wp-content\/uploads\/sites\/10\/2024\/10\/VI-Encuentro-Intergeneracional.jpg?resize=700%2C400&ssl=1 2x"},"classes":[]},{"id":4110,"url":"https:\/\/ws168.juntadeandalucia.es\/iaap\/gestiondelconocimiento\/edicion-2020-2021\/encuentros-intergeneracionales\/","url_meta":{"origin":5494,"position":1},"title":"ENCUENTROS INTERGENERACIONALES","author":"beatrizsanchezgomez","date":"2 diciembre, 2021","format":false,"excerpt":"ENCUENTRO ENTRE LOS AGENTES DE MEDIOAMBIENTE Este a\u00f1o el proyecto de Encuentros intergeneracionales se ha centrado en el colectivo de Agentes de Medioambientes de la Junta de Andaluc\u00eda. Adem\u00e1s del propio encuentro, han realizado una Recopilaci\u00f3n de vivencias personales como ejemplo de transferencia de conocimiento en el \u00e1mbito de los\u2026","rel":"","context":"Entrada similar","block_context":{"text":"Entrada similar","link":""},"img":{"alt_text":"","src":"","width":0,"height":0},"classes":[]},{"id":4583,"url":"https:\/\/ws168.juntadeandalucia.es\/iaap\/gestiondelconocimiento\/edicion-2022\/encuentros-intergeneracionales-2022\/","url_meta":{"origin":5494,"position":2},"title":"Encuentros Intergeneracionales 2022","author":"inmaculadamolinaruiz","date":"24 febrero, 2023","format":false,"excerpt":"Encuentros entre los Agentes de Salud Este a\u00f1o el proyecto de Encuentros intergeneracionales se ha centrado en el colectivo de Agentes de Salud de la Junta de Andaluc\u00eda.En el IV Encuentro Intergeneracional de la Junta de Andaluc\u00eda, Agentes de Salud P\u00fablica, promovido por este grupo de trabajo y celebrado en\u2026","rel":"","context":"Entrada similar","block_context":{"text":"Entrada similar","link":""},"img":{"alt_text":"","src":"","width":0,"height":0},"classes":[]},{"id":418,"url":"https:\/\/ws168.juntadeandalucia.es\/iaap\/gestiondelconocimiento\/embajadores-del-conocimiento\/","url_meta":{"origin":5494,"position":3},"title":"Programa Embajadores\/as del Conocimiento","author":"","date":"16 junio, 2018","format":false,"excerpt":"Embajadores del Conocimiento es un programa que inici\u00f3 su andadura en mayo de 2017 y del que forman parte un grupo de empleadas y empleados p\u00fablicos con clara vocaci\u00f3n de servicio p\u00fablico. Este naci\u00f3 con la idea de establecer una red de personas que colaborar\u00e1n, de manera totalmente desinteresada, con\u2026","rel":"","context":"Entrada similar","block_context":{"text":"Entrada similar","link":""},"img":{"alt_text":"","src":"https:\/\/i0.wp.com\/ws168.juntadeandalucia.es\/iaap\/gestiondelconocimiento\/wp-content\/uploads\/sites\/10\/2020\/01\/Embajadores-del-Conocimiento.-IAAP.-Junta-de-Andaluc%C3%ADa.jpg?resize=350%2C200&ssl=1","width":350,"height":200,"srcset":"https:\/\/i0.wp.com\/ws168.juntadeandalucia.es\/iaap\/gestiondelconocimiento\/wp-content\/uploads\/sites\/10\/2020\/01\/Embajadores-del-Conocimiento.-IAAP.-Junta-de-Andaluc%C3%ADa.jpg?resize=350%2C200&ssl=1 1x, https:\/\/i0.wp.com\/ws168.juntadeandalucia.es\/iaap\/gestiondelconocimiento\/wp-content\/uploads\/sites\/10\/2020\/01\/Embajadores-del-Conocimiento.-IAAP.-Junta-de-Andaluc%C3%ADa.jpg?resize=525%2C300&ssl=1 1.5x, https:\/\/i0.wp.com\/ws168.juntadeandalucia.es\/iaap\/gestiondelconocimiento\/wp-content\/uploads\/sites\/10\/2020\/01\/Embajadores-del-Conocimiento.-IAAP.-Junta-de-Andaluc%C3%ADa.jpg?resize=700%2C400&ssl=1 2x, https:\/\/i0.wp.com\/ws168.juntadeandalucia.es\/iaap\/gestiondelconocimiento\/wp-content\/uploads\/sites\/10\/2020\/01\/Embajadores-del-Conocimiento.-IAAP.-Junta-de-Andaluc%C3%ADa.jpg?resize=1050%2C600&ssl=1 3x, https:\/\/i0.wp.com\/ws168.juntadeandalucia.es\/iaap\/gestiondelconocimiento\/wp-content\/uploads\/sites\/10\/2020\/01\/Embajadores-del-Conocimiento.-IAAP.-Junta-de-Andaluc%C3%ADa.jpg?resize=1400%2C800&ssl=1 4x"},"classes":[]},{"id":157,"url":"https:\/\/ws168.juntadeandalucia.es\/iaap\/gestiondelconocimiento\/proyectos\/","url_meta":{"origin":5494,"position":4},"title":"Ediciones","author":"","date":"21 mayo, 2018","format":false,"excerpt":"Gesti\u00f3n del Conocimiento s\u00ed, pero, \u00bfpara qu\u00e9?En 2017 se inicia la andadura en la disciplina de Gesti\u00f3n del Conocimiento en el IAAP, fijando un marco de referencia de base en el que se identificaron una serie de retos y problemas en la Junta de Andaluc\u00eda, que pod\u00edan ser atendidos con\u2026","rel":"","context":"Entrada similar","block_context":{"text":"Entrada similar","link":""},"img":{"alt_text":"","src":"https:\/\/i0.wp.com\/ws168.juntadeandalucia.es\/iaap\/gestiondelconocimiento\/wp-content\/uploads\/sites\/10\/2020\/02\/human-3131802_1280-300x208.jpg?resize=350%2C200&ssl=1","width":350,"height":200},"classes":[]},{"id":3215,"url":"https:\/\/ws168.juntadeandalucia.es\/iaap\/gestiondelconocimiento\/proyectos\/edicion-2019-2020-edicion-2019-2020\/gc11-encuentros-intergeneracionales\/entregables-proyecto-encuentros-intergeneracionales\/","url_meta":{"origin":5494,"position":5},"title":"Entregables Proyecto Encuentros Intergeneracionales","author":"","date":"11 enero, 2021","format":false,"excerpt":"Encuentros Intergeneracionales (edici\u00f3n 2019-2020) Este grupo, a lo largo del desarrollo del proyecto, ha generado diversos entregables. Toda la documentaci\u00f3n elaborada supone un aporte de valor y un contenidos muy \u00fatil para toda la Comunidad Educativa. Las gu\u00edas y la infograf\u00eda est\u00e1n principalmente dirigidas al grupo de profesionales que forman\u2026","rel":"","context":"Entrada similar","block_context":{"text":"Entrada similar","link":""},"img":{"alt_text":"","src":"https:\/\/i0.wp.com\/ws168.juntadeandalucia.es\/iaap\/gestiondelconocimiento\/wp-content\/uploads\/sites\/10\/2021\/01\/Gu%C3%ADa-Profesional-de-la-Medicina-Escolar.jpg?resize=350%2C200&ssl=1","width":350,"height":200,"srcset":"https:\/\/i0.wp.com\/ws168.juntadeandalucia.es\/iaap\/gestiondelconocimiento\/wp-content\/uploads\/sites\/10\/2021\/01\/Gu%C3%ADa-Profesional-de-la-Medicina-Escolar.jpg?resize=350%2C200&ssl=1 1x, https:\/\/i0.wp.com\/ws168.juntadeandalucia.es\/iaap\/gestiondelconocimiento\/wp-content\/uploads\/sites\/10\/2021\/01\/Gu%C3%ADa-Profesional-de-la-Medicina-Escolar.jpg?resize=525%2C300&ssl=1 1.5x"},"classes":[]}],"jetpack_likes_enabled":true,"_links":{"self":[{"href":"https:\/\/ws168.juntadeandalucia.es\/iaap\/gestiondelconocimiento\/wp-json\/wp\/v2\/pages\/5494","targetHints":{"allow":["GET"]}}],"collection":[{"href":"https:\/\/ws168.juntadeandalucia.es\/iaap\/gestiondelconocimiento\/wp-json\/wp\/v2\/pages"}],"about":[{"href":"https:\/\/ws168.juntadeandalucia.es\/iaap\/gestiondelconocimiento\/wp-json\/wp\/v2\/types\/page"}],"author":[{"embeddable":true,"href":"https:\/\/ws168.juntadeandalucia.es\/iaap\/gestiondelconocimiento\/wp-json\/wp\/v2\/users\/1"}],"replies":[{"embeddable":true,"href":"https:\/\/ws168.juntadeandalucia.es\/iaap\/gestiondelconocimiento\/wp-json\/wp\/v2\/comments?post=5494"}],"version-history":[{"count":13,"href":"https:\/\/ws168.juntadeandalucia.es\/iaap\/gestiondelconocimiento\/wp-json\/wp\/v2\/pages\/5494\/revisions"}],"predecessor-version":[{"id":5509,"href":"https:\/\/ws168.juntadeandalucia.es\/iaap\/gestiondelconocimiento\/wp-json\/wp\/v2\/pages\/5494\/revisions\/5509"}],"up":[{"embeddable":true,"href":"https:\/\/ws168.juntadeandalucia.es\/iaap\/gestiondelconocimiento\/wp-json\/wp\/v2\/pages\/5427"}],"wp:attachment":[{"href":"https:\/\/ws168.juntadeandalucia.es\/iaap\/gestiondelconocimiento\/wp-json\/wp\/v2\/media?parent=5494"}],"curies":[{"name":"wp","href":"https:\/\/api.w.org\/{rel}","templated":true}]}}