{"id":5510,"date":"2023-12-11T13:02:14","date_gmt":"2023-12-11T12:02:14","guid":{"rendered":"https:\/\/ws168.juntadeandalucia.es\/iaap\/gestiondelconocimiento\/?page_id=5510"},"modified":"2024-02-06T11:09:51","modified_gmt":"2024-02-06T10:09:51","slug":"seguimiento-del-relevo-generacional-en-el-colectivo-de-agentes-de-salud-publica-2023","status":"publish","type":"page","link":"https:\/\/ws168.juntadeandalucia.es\/iaap\/gestiondelconocimiento\/edicion-2023\/seguimiento-del-relevo-generacional-en-el-colectivo-de-agentes-de-salud-publica-2023\/","title":{"rendered":"Seguimiento del relevo generacional en el colectivo de Agentes de Salud P\u00fablica 2023"},"content":{"rendered":"\t\t<div data-elementor-type=\"wp-page\" data-elementor-id=\"5510\" class=\"elementor elementor-5510\">\n\t\t\t\t\t\t<section class=\"elementor-section elementor-top-section elementor-element elementor-element-0dc6108 elementor-section-boxed elementor-section-height-default elementor-section-height-default\" data-id=\"0dc6108\" data-element_type=\"section\" data-e-type=\"section\">\n\t\t\t\t\t\t<div class=\"elementor-container elementor-column-gap-default\">\n\t\t\t\t\t<div class=\"elementor-column elementor-col-100 elementor-top-column elementor-element elementor-element-c1d383a\" data-id=\"c1d383a\" data-element_type=\"column\" data-e-type=\"column\">\n\t\t\t<div class=\"elementor-widget-wrap elementor-element-populated\">\n\t\t\t\t\t\t<div class=\"elementor-element elementor-element-a1a58d3 elementor-widget elementor-widget-text-editor\" data-id=\"a1a58d3\" data-element_type=\"widget\" data-e-type=\"widget\" data-widget_type=\"text-editor.default\">\n\t\t\t\t<div class=\"elementor-widget-container\">\n\t\t\t\t\t\t\t\t\t<p style=\"text-align: justify\">Si alguien puede demostrar lo gratificante que es participar en el <strong>Programa Embajadores y Embajadoras del Conocimiento<\/strong> son los miembros de este grupo, que han continuado una convocotaria m\u00e1s para profundizar en su proyecto.<\/p>\t\t\t\t\t\t\t\t<\/div>\n\t\t\t\t<\/div>\n\t\t\t\t\t<\/div>\n\t\t<\/div>\n\t\t\t\t\t<\/div>\n\t\t<\/section>\n\t\t\t\t<section class=\"elementor-section elementor-top-section elementor-element elementor-element-231255e elementor-section-boxed elementor-section-height-default elementor-section-height-default\" data-id=\"231255e\" data-element_type=\"section\" data-e-type=\"section\">\n\t\t\t\t\t\t<div class=\"elementor-container elementor-column-gap-default\">\n\t\t\t\t\t<div class=\"elementor-column elementor-col-100 elementor-top-column elementor-element elementor-element-8fd693b\" data-id=\"8fd693b\" data-element_type=\"column\" data-e-type=\"column\">\n\t\t\t<div class=\"elementor-widget-wrap elementor-element-populated\">\n\t\t\t\t\t\t<div class=\"elementor-element elementor-element-a8e075e elementor-widget elementor-widget-text-editor\" data-id=\"a8e075e\" data-element_type=\"widget\" data-e-type=\"widget\" data-widget_type=\"text-editor.default\">\n\t\t\t\t<div class=\"elementor-widget-container\">\n\t\t\t\t\t\t\t\t\t<p>En nuestro blog, te contamos de d\u00f3nde ven\u00edan y qu\u00e9 prop\u00f3sitos se hab\u00edan marcado en esta edici\u00f3n.<\/p>\t\t\t\t\t\t\t\t<\/div>\n\t\t\t\t<\/div>\n\t\t\t\t\t<\/div>\n\t\t<\/div>\n\t\t\t\t\t<\/div>\n\t\t<\/section>\n\t\t\t\t<section class=\"elementor-section elementor-top-section elementor-element elementor-element-ba2cdd4 elementor-section-boxed elementor-section-height-default elementor-section-height-default\" data-id=\"ba2cdd4\" data-element_type=\"section\" data-e-type=\"section\">\n\t\t\t\t\t\t<div class=\"elementor-container elementor-column-gap-default\">\n\t\t\t\t\t<div class=\"elementor-column elementor-col-100 elementor-top-column elementor-element elementor-element-dd4565a\" data-id=\"dd4565a\" data-element_type=\"column\" data-e-type=\"column\">\n\t\t\t<div class=\"elementor-widget-wrap elementor-element-populated\">\n\t\t\t\t\t\t<div class=\"elementor-element elementor-element-3de6a5c elementor-widget elementor-widget-image\" data-id=\"3de6a5c\" data-element_type=\"widget\" data-e-type=\"widget\" data-widget_type=\"image.default\">\n\t\t\t\t<div class=\"elementor-widget-container\">\n\t\t\t\t\t\t\t\t\t\t\t\t<figure class=\"wp-caption\">\n\t\t\t\t\t\t\t\t\t\t\t<a href=\"https:\/\/ws168.juntadeandalucia.es\/iaap\/gestiondelconocimiento\/seguimiento-del-relevo-generacional-en-el-colectivo-de-agentes-de-salud-publica\/\" target=\"_blank\">\n\t\t\t\t\t\t\t<img fetchpriority=\"high\" decoding=\"async\" data-attachment-id=\"5375\" data-permalink=\"https:\/\/ws168.juntadeandalucia.es\/iaap\/gestiondelconocimiento\/seguimiento-del-relevo-generacional-en-el-colectivo-de-agentes-de-salud-publica\/07_seguimiento-relevo-generacional\/\" data-orig-file=\"https:\/\/ws168.juntadeandalucia.es\/iaap\/gestiondelconocimiento\/wp-content\/uploads\/sites\/10\/2023\/10\/07_Seguimiento-relevo-generacional.jpg\" data-orig-size=\"2245,1587\" data-comments-opened=\"0\" data-image-meta=\"{&quot;aperture&quot;:&quot;0&quot;,&quot;credit&quot;:&quot;&quot;,&quot;camera&quot;:&quot;&quot;,&quot;caption&quot;:&quot;&quot;,&quot;created_timestamp&quot;:&quot;0&quot;,&quot;copyright&quot;:&quot;&quot;,&quot;focal_length&quot;:&quot;0&quot;,&quot;iso&quot;:&quot;0&quot;,&quot;shutter_speed&quot;:&quot;0&quot;,&quot;title&quot;:&quot;&quot;,&quot;orientation&quot;:&quot;1&quot;}\" data-image-title=\"07_Seguimiento relevo generacional\" data-image-description=\"\" data-image-caption=\"\" data-large-file=\"https:\/\/ws168.juntadeandalucia.es\/iaap\/gestiondelconocimiento\/wp-content\/uploads\/sites\/10\/2023\/10\/07_Seguimiento-relevo-generacional-1024x724.jpg\" width=\"2048\" height=\"1448\" src=\"https:\/\/ws168.juntadeandalucia.es\/iaap\/gestiondelconocimiento\/wp-content\/uploads\/sites\/10\/2023\/10\/07_Seguimiento-relevo-generacional-2048x1448.jpg\" class=\"attachment-2048x2048 size-2048x2048 wp-image-5375\" alt=\"Seguimiento relevo generacional\" srcset=\"https:\/\/ws168.juntadeandalucia.es\/iaap\/gestiondelconocimiento\/wp-content\/uploads\/sites\/10\/2023\/10\/07_Seguimiento-relevo-generacional-2048x1448.jpg 2048w, https:\/\/ws168.juntadeandalucia.es\/iaap\/gestiondelconocimiento\/wp-content\/uploads\/sites\/10\/2023\/10\/07_Seguimiento-relevo-generacional-300x212.jpg 300w, https:\/\/ws168.juntadeandalucia.es\/iaap\/gestiondelconocimiento\/wp-content\/uploads\/sites\/10\/2023\/10\/07_Seguimiento-relevo-generacional-1024x724.jpg 1024w, https:\/\/ws168.juntadeandalucia.es\/iaap\/gestiondelconocimiento\/wp-content\/uploads\/sites\/10\/2023\/10\/07_Seguimiento-relevo-generacional-768x543.jpg 768w, https:\/\/ws168.juntadeandalucia.es\/iaap\/gestiondelconocimiento\/wp-content\/uploads\/sites\/10\/2023\/10\/07_Seguimiento-relevo-generacional-1536x1086.jpg 1536w, https:\/\/ws168.juntadeandalucia.es\/iaap\/gestiondelconocimiento\/wp-content\/uploads\/sites\/10\/2023\/10\/07_Seguimiento-relevo-generacional-1320x933.jpg 1320w\" sizes=\"(max-width: 2048px) 100vw, 2048px\" data-attachment-id=\"5375\" data-permalink=\"https:\/\/ws168.juntadeandalucia.es\/iaap\/gestiondelconocimiento\/seguimiento-del-relevo-generacional-en-el-colectivo-de-agentes-de-salud-publica\/07_seguimiento-relevo-generacional\/\" data-orig-file=\"https:\/\/ws168.juntadeandalucia.es\/iaap\/gestiondelconocimiento\/wp-content\/uploads\/sites\/10\/2023\/10\/07_Seguimiento-relevo-generacional.jpg\" data-orig-size=\"2245,1587\" data-comments-opened=\"0\" data-image-meta=\"{&quot;aperture&quot;:&quot;0&quot;,&quot;credit&quot;:&quot;&quot;,&quot;camera&quot;:&quot;&quot;,&quot;caption&quot;:&quot;&quot;,&quot;created_timestamp&quot;:&quot;0&quot;,&quot;copyright&quot;:&quot;&quot;,&quot;focal_length&quot;:&quot;0&quot;,&quot;iso&quot;:&quot;0&quot;,&quot;shutter_speed&quot;:&quot;0&quot;,&quot;title&quot;:&quot;&quot;,&quot;orientation&quot;:&quot;1&quot;}\" data-image-title=\"07_Seguimiento relevo generacional\" data-image-description=\"\" data-image-caption=\"\" data-large-file=\"https:\/\/ws168.juntadeandalucia.es\/iaap\/gestiondelconocimiento\/wp-content\/uploads\/sites\/10\/2023\/10\/07_Seguimiento-relevo-generacional-1024x724.jpg\" \/>\t\t\t\t\t\t\t\t<\/a>\n\t\t\t\t\t\t\t\t\t\t\t<figcaption class=\"widget-image-caption wp-caption-text\">Segundas partes s\u00ed fueron buenas<\/figcaption>\n\t\t\t\t\t\t\t\t\t\t<\/figure>\n\t\t\t\t\t\t\t\t\t<\/div>\n\t\t\t\t<\/div>\n\t\t\t\t\t<\/div>\n\t\t<\/div>\n\t\t\t\t\t<\/div>\n\t\t<\/section>\n\t\t\t\t<section class=\"elementor-section elementor-top-section elementor-element elementor-element-d82c78e elementor-section-boxed elementor-section-height-default elementor-section-height-default\" data-id=\"d82c78e\" data-element_type=\"section\" data-e-type=\"section\">\n\t\t\t\t\t\t<div class=\"elementor-container elementor-column-gap-default\">\n\t\t\t\t\t<div class=\"elementor-column elementor-col-100 elementor-top-column elementor-element elementor-element-4576396\" data-id=\"4576396\" data-element_type=\"column\" data-e-type=\"column\">\n\t\t\t<div class=\"elementor-widget-wrap elementor-element-populated\">\n\t\t\t\t\t\t<div class=\"elementor-element elementor-element-1500c7e elementor-widget elementor-widget-text-editor\" data-id=\"1500c7e\" data-element_type=\"widget\" data-e-type=\"widget\" data-widget_type=\"text-editor.default\">\n\t\t\t\t<div class=\"elementor-widget-container\">\n\t\t\t\t\t\t\t\t\t<p style=\"text-align: justify\">En las <strong>VI Jornadas de Gesti\u00f3n del Conocimiento<\/strong>, nos presentaron el trabajo realizado gracias a la colaboraci\u00f3n de cuatro Agentes de Salud P\u00fablica, dos del cuerpo farmac\u00e9utico y dos del cuerpo de Veterinaria del Distrito de Jerez-Costa Noroeste.<\/p>\t\t\t\t\t\t\t\t<\/div>\n\t\t\t\t<\/div>\n\t\t\t\t\t<\/div>\n\t\t<\/div>\n\t\t\t\t\t<\/div>\n\t\t<\/section>\n\t\t\t\t<section class=\"elementor-section elementor-top-section elementor-element elementor-element-4587a55 elementor-section-boxed elementor-section-height-default elementor-section-height-default\" data-id=\"4587a55\" data-element_type=\"section\" data-e-type=\"section\">\n\t\t\t\t\t\t<div class=\"elementor-container elementor-column-gap-default\">\n\t\t\t\t\t<div class=\"elementor-column elementor-col-100 elementor-top-column elementor-element elementor-element-4381a93\" data-id=\"4381a93\" data-element_type=\"column\" data-e-type=\"column\">\n\t\t\t<div class=\"elementor-widget-wrap elementor-element-populated\">\n\t\t\t\t\t\t<div class=\"elementor-element elementor-element-a7b77ad elementor-widget elementor-widget-video\" data-id=\"a7b77ad\" data-element_type=\"widget\" data-e-type=\"widget\" data-settings=\"{&quot;youtube_url&quot;:&quot;https:\\\/\\\/www.youtube.com\\\/watch?v=JGO5xjEkbiA&amp;list=PLj-bfbG2QZP5U1ruJtu91F1Rilwr6JM0M&amp;index=2&quot;,&quot;start&quot;:&quot;890&quot;,&quot;end&quot;:&quot;1996&quot;,&quot;video_type&quot;:&quot;youtube&quot;,&quot;controls&quot;:&quot;yes&quot;}\" data-widget_type=\"video.default\">\n\t\t\t\t<div class=\"elementor-widget-container\">\n\t\t\t\t\t\t\t<div class=\"elementor-wrapper elementor-open-inline\">\n\t\t\t<div class=\"elementor-video\"><\/div>\t\t<\/div>\n\t\t\t\t\t\t<\/div>\n\t\t\t\t<\/div>\n\t\t\t\t\t<\/div>\n\t\t<\/div>\n\t\t\t\t\t<\/div>\n\t\t<\/section>\n\t\t\t\t<\/div>\n\t\t","protected":false},"excerpt":{"rendered":"<p>Si alguien puede demostrar lo gratificante que es participar en el Programa Embajadores y Embajadoras del Conocimiento son los miembros de este grupo, que han continuado una convocotaria m\u00e1s para profundizar en su proyecto. En nuestro blog, te contamos de d\u00f3nde ven\u00edan y qu\u00e9 prop\u00f3sitos se hab\u00edan marcado en esta edici\u00f3n. Segundas partes s\u00ed fueron [&hellip;]<\/p>\n","protected":false},"author":1,"featured_media":0,"parent":5427,"menu_order":4,"comment_status":"closed","ping_status":"closed","template":"","meta":{"jetpack_post_was_ever_published":false,"footnotes":""},"class_list":["post-5510","page","type-page","status-publish","hentry"],"jetpack_sharing_enabled":true,"jetpack_shortlink":"https:\/\/wp.me\/P9W7Se-1qS","jetpack-related-posts":[{"id":157,"url":"https:\/\/ws168.juntadeandalucia.es\/iaap\/gestiondelconocimiento\/proyectos\/","url_meta":{"origin":5510,"position":0},"title":"Ediciones","author":"","date":"21 mayo, 2018","format":false,"excerpt":"Gesti\u00f3n del Conocimiento s\u00ed, pero, \u00bfpara qu\u00e9?En 2017 se inicia la andadura en la disciplina de Gesti\u00f3n del Conocimiento en el IAAP, fijando un marco de referencia de base en el que se identificaron una serie de retos y problemas en la Junta de Andaluc\u00eda, que pod\u00edan ser atendidos con\u2026","rel":"","context":"Entrada similar","block_context":{"text":"Entrada similar","link":""},"img":{"alt_text":"","src":"https:\/\/i0.wp.com\/ws168.juntadeandalucia.es\/iaap\/gestiondelconocimiento\/wp-content\/uploads\/sites\/10\/2020\/02\/human-3131802_1280-300x208.jpg?resize=350%2C200&ssl=1","width":350,"height":200},"classes":[]},{"id":936,"url":"https:\/\/ws168.juntadeandalucia.es\/iaap\/gestiondelconocimiento\/guia-abierta\/por-que-y-para-que-la-gestion-del-conocimiento\/","url_meta":{"origin":5510,"position":1},"title":"Punto 1. \u00bfPor qu\u00e9 y para qu\u00e9 la Gesti\u00f3n del Conocimiento?","author":"","date":"21 mayo, 2019","format":false,"excerpt":"Concepto y finalidad \u00bfY qu\u00e9 es esto de la Gesti\u00f3n del Conocimiento?. Nuestra sociedad actual se define como la Sociedad del Conocimiento, superando ya la etapa de la sociedad de la informaci\u00f3n. O sociedad de la desinformaci\u00f3n. Pues a pesar\u00a0 de estar en el momento de la historia con acceso\u2026","rel":"","context":"Entrada similar","block_context":{"text":"Entrada similar","link":""},"img":{"alt_text":"","src":"https:\/\/i0.wp.com\/ws168.juntadeandalucia.es\/iaap\/gestiondelconocimiento\/wp-content\/uploads\/sites\/10\/2019\/08\/board-1273128_1920.jpg?resize=350%2C200&ssl=1","width":350,"height":200,"srcset":"https:\/\/i0.wp.com\/ws168.juntadeandalucia.es\/iaap\/gestiondelconocimiento\/wp-content\/uploads\/sites\/10\/2019\/08\/board-1273128_1920.jpg?resize=350%2C200&ssl=1 1x, https:\/\/i0.wp.com\/ws168.juntadeandalucia.es\/iaap\/gestiondelconocimiento\/wp-content\/uploads\/sites\/10\/2019\/08\/board-1273128_1920.jpg?resize=525%2C300&ssl=1 1.5x, https:\/\/i0.wp.com\/ws168.juntadeandalucia.es\/iaap\/gestiondelconocimiento\/wp-content\/uploads\/sites\/10\/2019\/08\/board-1273128_1920.jpg?resize=700%2C400&ssl=1 2x, https:\/\/i0.wp.com\/ws168.juntadeandalucia.es\/iaap\/gestiondelconocimiento\/wp-content\/uploads\/sites\/10\/2019\/08\/board-1273128_1920.jpg?resize=1050%2C600&ssl=1 3x, https:\/\/i0.wp.com\/ws168.juntadeandalucia.es\/iaap\/gestiondelconocimiento\/wp-content\/uploads\/sites\/10\/2019\/08\/board-1273128_1920.jpg?resize=1400%2C800&ssl=1 4x"},"classes":[]},{"id":4074,"url":"https:\/\/ws168.juntadeandalucia.es\/iaap\/gestiondelconocimiento\/edicion-2020-2021\/identificacion-del-conocimiento-critico\/","url_meta":{"origin":5510,"position":2},"title":"IDENTIFICACI\u00d3N DEL CONOCIMIENTO CR\u00cdTICO","author":"beatrizsanchezgomez","date":"7 diciembre, 2021","format":false,"excerpt":"LOS MAPAS DE CONOCIMIENTO CR\u00cdTICO EN LA JUNTA DE ANDALUC\u00cdA Este proyecto evidencia que el necesario cambio en la Administraci\u00f3n en general y en la Junta de Andaluc\u00eda en particular es posible. No se necesita solo un cambio normativo y tecnol\u00f3gico, sino con mayor prioridad, un cambio cultural. Este cambio\u2026","rel":"","context":"Entrada similar","block_context":{"text":"Entrada similar","link":""},"img":{"alt_text":"","src":"https:\/\/i0.wp.com\/ws168.juntadeandalucia.es\/iaap\/gestiondelconocimiento\/wp-content\/uploads\/sites\/10\/2021\/11\/gotas-oro-manchas-aceite.jpg?resize=350%2C200&ssl=1","width":350,"height":200,"srcset":"https:\/\/i0.wp.com\/ws168.juntadeandalucia.es\/iaap\/gestiondelconocimiento\/wp-content\/uploads\/sites\/10\/2021\/11\/gotas-oro-manchas-aceite.jpg?resize=350%2C200&ssl=1 1x, https:\/\/i0.wp.com\/ws168.juntadeandalucia.es\/iaap\/gestiondelconocimiento\/wp-content\/uploads\/sites\/10\/2021\/11\/gotas-oro-manchas-aceite.jpg?resize=525%2C300&ssl=1 1.5x"},"classes":[]},{"id":4154,"url":"https:\/\/ws168.juntadeandalucia.es\/iaap\/gestiondelconocimiento\/edicion-2020-2021\/comunicacion-y-difusion-de-la-gestion-del-conocimiento\/","url_meta":{"origin":5510,"position":3},"title":"COMUNICACI\u00d3N Y DIFUSI\u00d3N DE LA GESTI\u00d3N DEL CONOCIMIENTO","author":"beatrizsanchezgomez","date":"7 diciembre, 2021","format":false,"excerpt":"LO QUE NO SE COMUNICA, NO EXISTE, Y LO QUE NO SE COMPARTE, SE PIERDEEste es el lema de este equipo. El proyecto de Comunicaci\u00f3n y Difusi\u00f3n de la Gesti\u00f3n del Conocimiento lleva ya dos a\u00f1os formando parte del programa Embajadores y Embajadoras del Conocimiento. En esta edici\u00f3n, sus integrantes,\u2026","rel":"","context":"Entrada similar","block_context":{"text":"Entrada similar","link":""},"img":{"alt_text":"","src":"https:\/\/i0.wp.com\/ws168.juntadeandalucia.es\/iaap\/gestiondelconocimiento\/wp-content\/uploads\/sites\/10\/2021\/12\/IMG_9154.jpg?resize=350%2C200&ssl=1","width":350,"height":200,"srcset":"https:\/\/i0.wp.com\/ws168.juntadeandalucia.es\/iaap\/gestiondelconocimiento\/wp-content\/uploads\/sites\/10\/2021\/12\/IMG_9154.jpg?resize=350%2C200&ssl=1 1x, https:\/\/i0.wp.com\/ws168.juntadeandalucia.es\/iaap\/gestiondelconocimiento\/wp-content\/uploads\/sites\/10\/2021\/12\/IMG_9154.jpg?resize=525%2C300&ssl=1 1.5x, https:\/\/i0.wp.com\/ws168.juntadeandalucia.es\/iaap\/gestiondelconocimiento\/wp-content\/uploads\/sites\/10\/2021\/12\/IMG_9154.jpg?resize=700%2C400&ssl=1 2x, https:\/\/i0.wp.com\/ws168.juntadeandalucia.es\/iaap\/gestiondelconocimiento\/wp-content\/uploads\/sites\/10\/2021\/12\/IMG_9154.jpg?resize=1050%2C600&ssl=1 3x, https:\/\/i0.wp.com\/ws168.juntadeandalucia.es\/iaap\/gestiondelconocimiento\/wp-content\/uploads\/sites\/10\/2021\/12\/IMG_9154.jpg?resize=1400%2C800&ssl=1 4x"},"classes":[]},{"id":1908,"url":"https:\/\/ws168.juntadeandalucia.es\/iaap\/gestiondelconocimiento\/proyectos\/edicion-2019-2020-edicion-2019-2020\/gc10-comunicacion-y-difusion-de-la-gestion-del-conocimiento\/","url_meta":{"origin":5510,"position":4},"title":"GC10 &#8211; Comunicaci\u00f3n y difusi\u00f3n de la Gesti\u00f3n del Conocimiento (2019-20)","author":"beatrizsanchezgomez","date":"17 febrero, 2020","format":false,"excerpt":"DESCRIPCI\u00d3N Este proyecto surge en la tercera edici\u00f3n del programa. Se trata de un proyecto concebido para difundir la disciplina de la Gesti\u00f3n del Conocimiento entre las personas que trabajan en la Junta de Andaluc\u00eda. \u00a0OBJETIVOS: \u2022\u00a0 Descubrir las tendencias en la disciplina de Gesti\u00f3n del Conocimiento a nivel nacional\u2026","rel":"","context":"Entrada similar","block_context":{"text":"Entrada similar","link":""},"img":{"alt_text":"Equipo GC10","src":"https:\/\/i0.wp.com\/ws168.juntadeandalucia.es\/iaap\/gestiondelconocimiento\/wp-content\/uploads\/sites\/10\/2020\/01\/Comunicaci%C3%B3n.jpg?resize=350%2C200&ssl=1","width":350,"height":200},"classes":[]},{"id":196,"url":"https:\/\/ws168.juntadeandalucia.es\/iaap\/gestiondelconocimiento\/gestion-del-conocimiento\/que-es\/","url_meta":{"origin":5510,"position":5},"title":"\u00bfQU\u00c9 ES LA GESTI\u00d3N DEL CONOCIMIENTO?","author":"","date":"16 junio, 2018","format":false,"excerpt":"Para definir Gesti\u00f3n del Conocimiento (GC o KM) es necesario determinar la fuente de referencia de su estudio. Igualmente, la disciplina ser\u00e1 clave en dicha delimitaci\u00f3n, ya que estas pueden ser muy diversas y condicionan su definici\u00f3n. Se habla de GC en recursos humanos, documentaci\u00f3n, innovaci\u00f3n, gesti\u00f3n de proyectos, TIC,\u2026","rel":"","context":"Entrada similar","block_context":{"text":"Entrada similar","link":""},"img":{"alt_text":"","src":"https:\/\/i0.wp.com\/ws168.juntadeandalucia.es\/iaap\/gestiondelconocimiento\/wp-content\/uploads\/sites\/10\/2018\/06\/WhatsApp-Image-2017-11-27-at-14.12.37-2-300x300.jpeg?resize=350%2C200&ssl=1","width":350,"height":200},"classes":[]}],"jetpack_likes_enabled":true,"_links":{"self":[{"href":"https:\/\/ws168.juntadeandalucia.es\/iaap\/gestiondelconocimiento\/wp-json\/wp\/v2\/pages\/5510","targetHints":{"allow":["GET"]}}],"collection":[{"href":"https:\/\/ws168.juntadeandalucia.es\/iaap\/gestiondelconocimiento\/wp-json\/wp\/v2\/pages"}],"about":[{"href":"https:\/\/ws168.juntadeandalucia.es\/iaap\/gestiondelconocimiento\/wp-json\/wp\/v2\/types\/page"}],"author":[{"embeddable":true,"href":"https:\/\/ws168.juntadeandalucia.es\/iaap\/gestiondelconocimiento\/wp-json\/wp\/v2\/users\/1"}],"replies":[{"embeddable":true,"href":"https:\/\/ws168.juntadeandalucia.es\/iaap\/gestiondelconocimiento\/wp-json\/wp\/v2\/comments?post=5510"}],"version-history":[{"count":17,"href":"https:\/\/ws168.juntadeandalucia.es\/iaap\/gestiondelconocimiento\/wp-json\/wp\/v2\/pages\/5510\/revisions"}],"predecessor-version":[{"id":5528,"href":"https:\/\/ws168.juntadeandalucia.es\/iaap\/gestiondelconocimiento\/wp-json\/wp\/v2\/pages\/5510\/revisions\/5528"}],"up":[{"embeddable":true,"href":"https:\/\/ws168.juntadeandalucia.es\/iaap\/gestiondelconocimiento\/wp-json\/wp\/v2\/pages\/5427"}],"wp:attachment":[{"href":"https:\/\/ws168.juntadeandalucia.es\/iaap\/gestiondelconocimiento\/wp-json\/wp\/v2\/media?parent=5510"}],"curies":[{"name":"wp","href":"https:\/\/api.w.org\/{rel}","templated":true}]}}