{"id":5563,"date":"2023-12-11T13:53:52","date_gmt":"2023-12-11T12:53:52","guid":{"rendered":"https:\/\/ws168.juntadeandalucia.es\/iaap\/gestiondelconocimiento\/?page_id=5563"},"modified":"2024-02-06T11:09:54","modified_gmt":"2024-02-06T10:09:54","slug":"comunicacion-y-difusion-de-la-gestion-del-conocimiento-2023","status":"publish","type":"page","link":"https:\/\/ws168.juntadeandalucia.es\/iaap\/gestiondelconocimiento\/edicion-2023\/comunicacion-y-difusion-de-la-gestion-del-conocimiento-2023\/","title":{"rendered":"Comunicaci\u00f3n y difusi\u00f3n de la Gesti\u00f3n del Conocimiento 2023"},"content":{"rendered":"\t\t<div data-elementor-type=\"wp-page\" data-elementor-id=\"5563\" class=\"elementor elementor-5563\">\n\t\t\t\t\t\t<section class=\"elementor-section elementor-top-section elementor-element elementor-element-610a9b7 elementor-section-boxed elementor-section-height-default elementor-section-height-default\" data-id=\"610a9b7\" data-element_type=\"section\" data-e-type=\"section\">\n\t\t\t\t\t\t<div class=\"elementor-container elementor-column-gap-default\">\n\t\t\t\t\t<div class=\"elementor-column elementor-col-100 elementor-top-column elementor-element elementor-element-1a205db\" data-id=\"1a205db\" data-element_type=\"column\" data-e-type=\"column\">\n\t\t\t<div class=\"elementor-widget-wrap elementor-element-populated\">\n\t\t\t\t\t\t<div class=\"elementor-element elementor-element-eac4436 elementor-widget elementor-widget-text-editor\" data-id=\"eac4436\" data-element_type=\"widget\" data-e-type=\"widget\" data-widget_type=\"text-editor.default\">\n\t\t\t\t<div class=\"elementor-widget-container\">\n\t\t\t\t\t\t\t\t\t<p style=\"text-align: justify\">Desde el comienzo de la <strong>VI edici\u00f3n del Programa Embajadores\/as del Conocimiento<\/strong>, se marco como objetivo principal hacer llegar el d\u00eda a d\u00eda del programa a todo aquel que estuviese interesado.<\/p><p style=\"text-align: justify\">Esa ha sido la misi\u00f3n del grupo de <strong>Comunicaci\u00f3n y difusi\u00f3n de la Gesti\u00f3n del Conocimiento<\/strong>.<\/p><p>Lo primero que hicimos fue presentarnos y mostrar nuestra disponibilidad para difundir lo que el resto de participantes nos trasladasen.<\/p>\t\t\t\t\t\t\t\t<\/div>\n\t\t\t\t<\/div>\n\t\t\t\t\t<\/div>\n\t\t<\/div>\n\t\t\t\t\t<\/div>\n\t\t<\/section>\n\t\t\t\t<section class=\"elementor-section elementor-top-section elementor-element elementor-element-7172fe8 elementor-section-boxed elementor-section-height-default elementor-section-height-default\" data-id=\"7172fe8\" data-element_type=\"section\" data-e-type=\"section\">\n\t\t\t\t\t\t<div class=\"elementor-container elementor-column-gap-default\">\n\t\t\t\t\t<div class=\"elementor-column elementor-col-100 elementor-top-column elementor-element elementor-element-077e1b5\" data-id=\"077e1b5\" data-element_type=\"column\" data-e-type=\"column\">\n\t\t\t<div class=\"elementor-widget-wrap elementor-element-populated\">\n\t\t\t\t\t\t<div class=\"elementor-element elementor-element-211fcde elementor-widget elementor-widget-image\" data-id=\"211fcde\" data-element_type=\"widget\" data-e-type=\"widget\" data-widget_type=\"image.default\">\n\t\t\t\t<div class=\"elementor-widget-container\">\n\t\t\t\t\t\t\t\t\t\t\t\t<figure class=\"wp-caption\">\n\t\t\t\t\t\t\t\t\t\t\t<a href=\"https:\/\/ws168.juntadeandalucia.es\/iaap\/gestiondelconocimiento\/embajadores-del-conocimiento-2023-ya-esta-en-marcha\/\" target=\"_blank\">\n\t\t\t\t\t\t\t<img fetchpriority=\"high\" decoding=\"async\" data-attachment-id=\"4854\" data-permalink=\"https:\/\/ws168.juntadeandalucia.es\/iaap\/gestiondelconocimiento\/embajadores-del-conocimiento-2023-ya-esta-en-marcha\/01_grupo-comunicacion_sin-datos\/\" data-orig-file=\"https:\/\/ws168.juntadeandalucia.es\/iaap\/gestiondelconocimiento\/wp-content\/uploads\/sites\/10\/2023\/03\/01_Grupo-Comunicacion_sin-datos.jpg\" data-orig-size=\"2245,1587\" data-comments-opened=\"0\" data-image-meta=\"{&quot;aperture&quot;:&quot;0&quot;,&quot;credit&quot;:&quot;&quot;,&quot;camera&quot;:&quot;&quot;,&quot;caption&quot;:&quot;&quot;,&quot;created_timestamp&quot;:&quot;0&quot;,&quot;copyright&quot;:&quot;&quot;,&quot;focal_length&quot;:&quot;0&quot;,&quot;iso&quot;:&quot;0&quot;,&quot;shutter_speed&quot;:&quot;0&quot;,&quot;title&quot;:&quot;&quot;,&quot;orientation&quot;:&quot;1&quot;}\" data-image-title=\"01_Grupo Comunicaci\u00f3n_sin datos\" data-image-description=\"\" data-image-caption=\"\" data-large-file=\"https:\/\/ws168.juntadeandalucia.es\/iaap\/gestiondelconocimiento\/wp-content\/uploads\/sites\/10\/2023\/03\/01_Grupo-Comunicacion_sin-datos-1024x724.jpg\" width=\"2048\" height=\"1448\" src=\"https:\/\/ws168.juntadeandalucia.es\/iaap\/gestiondelconocimiento\/wp-content\/uploads\/sites\/10\/2023\/03\/01_Grupo-Comunicacion_sin-datos-2048x1448.jpg\" class=\"attachment-2048x2048 size-2048x2048 wp-image-4854\" alt=\"Comunicaci\u00f3n y difusi\u00f3n\" srcset=\"https:\/\/ws168.juntadeandalucia.es\/iaap\/gestiondelconocimiento\/wp-content\/uploads\/sites\/10\/2023\/03\/01_Grupo-Comunicacion_sin-datos-2048x1448.jpg 2048w, https:\/\/ws168.juntadeandalucia.es\/iaap\/gestiondelconocimiento\/wp-content\/uploads\/sites\/10\/2023\/03\/01_Grupo-Comunicacion_sin-datos-300x212.jpg 300w, https:\/\/ws168.juntadeandalucia.es\/iaap\/gestiondelconocimiento\/wp-content\/uploads\/sites\/10\/2023\/03\/01_Grupo-Comunicacion_sin-datos-1024x724.jpg 1024w, https:\/\/ws168.juntadeandalucia.es\/iaap\/gestiondelconocimiento\/wp-content\/uploads\/sites\/10\/2023\/03\/01_Grupo-Comunicacion_sin-datos-768x543.jpg 768w, https:\/\/ws168.juntadeandalucia.es\/iaap\/gestiondelconocimiento\/wp-content\/uploads\/sites\/10\/2023\/03\/01_Grupo-Comunicacion_sin-datos-600x424.jpg 600w, https:\/\/ws168.juntadeandalucia.es\/iaap\/gestiondelconocimiento\/wp-content\/uploads\/sites\/10\/2023\/03\/01_Grupo-Comunicacion_sin-datos-1536x1086.jpg 1536w, https:\/\/ws168.juntadeandalucia.es\/iaap\/gestiondelconocimiento\/wp-content\/uploads\/sites\/10\/2023\/03\/01_Grupo-Comunicacion_sin-datos-1320x933.jpg 1320w\" sizes=\"(max-width: 2048px) 100vw, 2048px\" data-attachment-id=\"4854\" data-permalink=\"https:\/\/ws168.juntadeandalucia.es\/iaap\/gestiondelconocimiento\/embajadores-del-conocimiento-2023-ya-esta-en-marcha\/01_grupo-comunicacion_sin-datos\/\" data-orig-file=\"https:\/\/ws168.juntadeandalucia.es\/iaap\/gestiondelconocimiento\/wp-content\/uploads\/sites\/10\/2023\/03\/01_Grupo-Comunicacion_sin-datos.jpg\" data-orig-size=\"2245,1587\" data-comments-opened=\"0\" data-image-meta=\"{&quot;aperture&quot;:&quot;0&quot;,&quot;credit&quot;:&quot;&quot;,&quot;camera&quot;:&quot;&quot;,&quot;caption&quot;:&quot;&quot;,&quot;created_timestamp&quot;:&quot;0&quot;,&quot;copyright&quot;:&quot;&quot;,&quot;focal_length&quot;:&quot;0&quot;,&quot;iso&quot;:&quot;0&quot;,&quot;shutter_speed&quot;:&quot;0&quot;,&quot;title&quot;:&quot;&quot;,&quot;orientation&quot;:&quot;1&quot;}\" data-image-title=\"01_Grupo Comunicaci\u00f3n_sin datos\" data-image-description=\"\" data-image-caption=\"\" data-large-file=\"https:\/\/ws168.juntadeandalucia.es\/iaap\/gestiondelconocimiento\/wp-content\/uploads\/sites\/10\/2023\/03\/01_Grupo-Comunicacion_sin-datos-1024x724.jpg\" \/>\t\t\t\t\t\t\t\t<\/a>\n\t\t\t\t\t\t\t\t\t\t\t<figcaption class=\"widget-image-caption wp-caption-text\">#Embajadores23 ya est\u00e1 en marcha<\/figcaption>\n\t\t\t\t\t\t\t\t\t\t<\/figure>\n\t\t\t\t\t\t\t\t\t<\/div>\n\t\t\t\t<\/div>\n\t\t\t\t\t<\/div>\n\t\t<\/div>\n\t\t\t\t\t<\/div>\n\t\t<\/section>\n\t\t\t\t<section class=\"elementor-section elementor-top-section elementor-element elementor-element-39fea30 elementor-section-boxed elementor-section-height-default elementor-section-height-default\" data-id=\"39fea30\" data-element_type=\"section\" data-e-type=\"section\">\n\t\t\t\t\t\t<div class=\"elementor-container elementor-column-gap-default\">\n\t\t\t\t\t<div class=\"elementor-column elementor-col-100 elementor-top-column elementor-element elementor-element-60d73c2\" data-id=\"60d73c2\" data-element_type=\"column\" data-e-type=\"column\">\n\t\t\t<div class=\"elementor-widget-wrap elementor-element-populated\">\n\t\t\t\t\t\t<div class=\"elementor-element elementor-element-1d80cd2 elementor-widget elementor-widget-text-editor\" data-id=\"1d80cd2\" data-element_type=\"widget\" data-e-type=\"widget\" data-widget_type=\"text-editor.default\">\n\t\t\t\t<div class=\"elementor-widget-container\">\n\t\t\t\t\t\t\t\t\t<p style=\"text-align: justify\">Adem\u00e1s de gestionar las <a href=\"https:\/\/twitter.com\/difusionKM\" target=\"_blank\" rel=\"noopener\">redes sociales<\/a> del programa, hemos elaborado una <a href=\"https:\/\/ws168.juntadeandalucia.es\/iaap\/gestiondelconocimiento\/wp-content\/uploads\/sites\/10\/2023\/12\/Hoja-de-ruta-Embajadores23.pdf\" target=\"_blank\" rel=\"noopener\">Hoja de ruta<\/a> en la que se detallan las herramientas con las que contamos y las acciones que se pueden realizar para difundir el programa de Gesti\u00f3n del Conocimiento.\u00a0<\/p>\t\t\t\t\t\t\t\t<\/div>\n\t\t\t\t<\/div>\n\t\t\t\t\t<\/div>\n\t\t<\/div>\n\t\t\t\t\t<\/div>\n\t\t<\/section>\n\t\t\t\t<section class=\"elementor-section elementor-top-section elementor-element elementor-element-38962ff elementor-section-boxed elementor-section-height-default elementor-section-height-default\" data-id=\"38962ff\" data-element_type=\"section\" data-e-type=\"section\">\n\t\t\t\t\t\t<div class=\"elementor-container elementor-column-gap-default\">\n\t\t\t\t\t<div class=\"elementor-column elementor-col-100 elementor-top-column elementor-element elementor-element-529aefe\" data-id=\"529aefe\" data-element_type=\"column\" data-e-type=\"column\">\n\t\t\t<div class=\"elementor-widget-wrap elementor-element-populated\">\n\t\t\t\t\t\t<div class=\"elementor-element elementor-element-9eb5eb3 elementor-widget elementor-widget-text-editor\" data-id=\"9eb5eb3\" data-element_type=\"widget\" data-e-type=\"widget\" data-widget_type=\"text-editor.default\">\n\t\t\t\t<div class=\"elementor-widget-container\">\n\t\t\t\t\t\t\t\t\t<p style=\"text-align: justify\">En las VI Jornadas de Gesti\u00f3n del Conocimiento, te contamos nuestro trabajo y nuestros logros.\u00a0<\/p>\t\t\t\t\t\t\t\t<\/div>\n\t\t\t\t<\/div>\n\t\t\t\t\t<\/div>\n\t\t<\/div>\n\t\t\t\t\t<\/div>\n\t\t<\/section>\n\t\t\t\t<section class=\"elementor-section elementor-top-section elementor-element elementor-element-05ca6bd elementor-section-boxed elementor-section-height-default elementor-section-height-default\" data-id=\"05ca6bd\" data-element_type=\"section\" data-e-type=\"section\">\n\t\t\t\t\t\t<div class=\"elementor-container elementor-column-gap-default\">\n\t\t\t\t\t<div class=\"elementor-column elementor-col-100 elementor-top-column elementor-element elementor-element-c168296\" data-id=\"c168296\" data-element_type=\"column\" data-e-type=\"column\">\n\t\t\t<div class=\"elementor-widget-wrap elementor-element-populated\">\n\t\t\t\t\t\t<div class=\"elementor-element elementor-element-7e5d8d7 elementor-widget elementor-widget-video\" data-id=\"7e5d8d7\" data-element_type=\"widget\" data-e-type=\"widget\" data-settings=\"{&quot;youtube_url&quot;:&quot;https:\\\/\\\/www.youtube.com\\\/watch?v=JGO5xjEkbiA&amp;list=PLj-bfbG2QZP5U1ruJtu91F1Rilwr6JM0M&amp;index=2&quot;,&quot;start&quot;:&quot;3275&quot;,&quot;end&quot;:&quot;4463&quot;,&quot;video_type&quot;:&quot;youtube&quot;,&quot;controls&quot;:&quot;yes&quot;}\" data-widget_type=\"video.default\">\n\t\t\t\t<div class=\"elementor-widget-container\">\n\t\t\t\t\t\t\t<div class=\"elementor-wrapper elementor-open-inline\">\n\t\t\t<div class=\"elementor-video\"><\/div>\t\t<\/div>\n\t\t\t\t\t\t<\/div>\n\t\t\t\t<\/div>\n\t\t\t\t\t<\/div>\n\t\t<\/div>\n\t\t\t\t\t<\/div>\n\t\t<\/section>\n\t\t\t\t<\/div>\n\t\t","protected":false},"excerpt":{"rendered":"<p>Desde el comienzo de la VI edici\u00f3n del Programa Embajadores\/as del Conocimiento, se marco como objetivo principal hacer llegar el d\u00eda a d\u00eda del programa a todo aquel que estuviese interesado. Esa ha sido la misi\u00f3n del grupo de Comunicaci\u00f3n y difusi\u00f3n de la Gesti\u00f3n del Conocimiento. Lo primero que hicimos fue presentarnos y mostrar [&hellip;]<\/p>\n","protected":false},"author":1,"featured_media":0,"parent":5427,"menu_order":6,"comment_status":"closed","ping_status":"closed","template":"","meta":{"jetpack_post_was_ever_published":false,"footnotes":""},"class_list":["post-5563","page","type-page","status-publish","hentry"],"jetpack_sharing_enabled":true,"jetpack_shortlink":"https:\/\/wp.me\/P9W7Se-1rJ","jetpack-related-posts":[{"id":6178,"url":"https:\/\/ws168.juntadeandalucia.es\/iaap\/gestiondelconocimiento\/edicion-2024\/comunicacion-y-difusion-de-la-gestion-del-conocimiento-2024\/","url_meta":{"origin":5563,"position":0},"title":"Comunicaci\u00f3n y difusi\u00f3n de la Gesti\u00f3n del Conocimiento 2024","author":"administrador","date":"17 octubre, 2024","format":false,"excerpt":"Bajo el lema de \"Lo que no se comunica, no existe\", una edici\u00f3n m\u00e1s el proyecto de Comunicaci\u00f3n y Difusi\u00f3n de la Gesti\u00f3n del Conocimiento ha tenido como objetivo principal divulgar todos los proyectos que se han estado llevando a cabo en esta VII edici\u00f3n del Programa Embajadores\/as del Conocimiento.Cinco\u2026","rel":"","context":"Entrada similar","block_context":{"text":"Entrada similar","link":""},"img":{"alt_text":"","src":"https:\/\/i0.wp.com\/ws168.juntadeandalucia.es\/iaap\/gestiondelconocimiento\/wp-content\/uploads\/sites\/10\/2024\/10\/Ficha-equipo-Comunicacion-y-difusion-de-la-gesttion-del-conocimiento-2024-1536x1086.jpg?resize=350%2C200&ssl=1","width":350,"height":200,"srcset":"https:\/\/i0.wp.com\/ws168.juntadeandalucia.es\/iaap\/gestiondelconocimiento\/wp-content\/uploads\/sites\/10\/2024\/10\/Ficha-equipo-Comunicacion-y-difusion-de-la-gesttion-del-conocimiento-2024-1536x1086.jpg?resize=350%2C200&ssl=1 1x, https:\/\/i0.wp.com\/ws168.juntadeandalucia.es\/iaap\/gestiondelconocimiento\/wp-content\/uploads\/sites\/10\/2024\/10\/Ficha-equipo-Comunicacion-y-difusion-de-la-gesttion-del-conocimiento-2024-1536x1086.jpg?resize=525%2C300&ssl=1 1.5x"},"classes":[]},{"id":4154,"url":"https:\/\/ws168.juntadeandalucia.es\/iaap\/gestiondelconocimiento\/edicion-2020-2021\/comunicacion-y-difusion-de-la-gestion-del-conocimiento\/","url_meta":{"origin":5563,"position":1},"title":"COMUNICACI\u00d3N Y DIFUSI\u00d3N DE LA GESTI\u00d3N DEL CONOCIMIENTO","author":"beatrizsanchezgomez","date":"7 diciembre, 2021","format":false,"excerpt":"LO QUE NO SE COMUNICA, NO EXISTE, Y LO QUE NO SE COMPARTE, SE PIERDEEste es el lema de este equipo. El proyecto de Comunicaci\u00f3n y Difusi\u00f3n de la Gesti\u00f3n del Conocimiento lleva ya dos a\u00f1os formando parte del programa Embajadores y Embajadoras del Conocimiento. En esta edici\u00f3n, sus integrantes,\u2026","rel":"","context":"Entrada similar","block_context":{"text":"Entrada similar","link":""},"img":{"alt_text":"","src":"https:\/\/i0.wp.com\/ws168.juntadeandalucia.es\/iaap\/gestiondelconocimiento\/wp-content\/uploads\/sites\/10\/2021\/12\/IMG_9154.jpg?resize=350%2C200&ssl=1","width":350,"height":200,"srcset":"https:\/\/i0.wp.com\/ws168.juntadeandalucia.es\/iaap\/gestiondelconocimiento\/wp-content\/uploads\/sites\/10\/2021\/12\/IMG_9154.jpg?resize=350%2C200&ssl=1 1x, https:\/\/i0.wp.com\/ws168.juntadeandalucia.es\/iaap\/gestiondelconocimiento\/wp-content\/uploads\/sites\/10\/2021\/12\/IMG_9154.jpg?resize=525%2C300&ssl=1 1.5x, https:\/\/i0.wp.com\/ws168.juntadeandalucia.es\/iaap\/gestiondelconocimiento\/wp-content\/uploads\/sites\/10\/2021\/12\/IMG_9154.jpg?resize=700%2C400&ssl=1 2x, https:\/\/i0.wp.com\/ws168.juntadeandalucia.es\/iaap\/gestiondelconocimiento\/wp-content\/uploads\/sites\/10\/2021\/12\/IMG_9154.jpg?resize=1050%2C600&ssl=1 3x, https:\/\/i0.wp.com\/ws168.juntadeandalucia.es\/iaap\/gestiondelconocimiento\/wp-content\/uploads\/sites\/10\/2021\/12\/IMG_9154.jpg?resize=1400%2C800&ssl=1 4x"},"classes":[]},{"id":7219,"url":"https:\/\/ws168.juntadeandalucia.es\/iaap\/gestiondelconocimiento\/comunicacion-y-difusion-de-la-gestion-del-conocimiento-2025\/","url_meta":{"origin":5563,"position":2},"title":"Comunicaci\u00f3n y difusi\u00f3n de la gesti\u00f3n del conocimiento 2025","author":"administrador","date":"14 octubre, 2025","format":false,"excerpt":"En la octava edici\u00f3n del Programa Embajadores\/as del Conocimiento, el grupo de Comunicaci\u00f3n y difusi\u00f3n se marc\u00f3 como objetivos principales elaborar materiales que aportasen en el desarrollo de la Gesti\u00f3n del Conocimiento en la Junta de Andaluc\u00eda y herramientas de difusi\u00f3n de f\u00e1cil transmisi\u00f3n y propagaci\u00f3n por multitud de medios\u2026","rel":"","context":"Entrada similar","block_context":{"text":"Entrada similar","link":""},"img":{"alt_text":"","src":"https:\/\/i0.wp.com\/ws168.juntadeandalucia.es\/iaap\/gestiondelconocimiento\/wp-content\/uploads\/sites\/10\/2025\/10\/2025-Ficha-equipo-Comunicacion-y-difusion-de-la-gestion-del-conocimiento-1536x1086.jpg?resize=350%2C200&ssl=1","width":350,"height":200,"srcset":"https:\/\/i0.wp.com\/ws168.juntadeandalucia.es\/iaap\/gestiondelconocimiento\/wp-content\/uploads\/sites\/10\/2025\/10\/2025-Ficha-equipo-Comunicacion-y-difusion-de-la-gestion-del-conocimiento-1536x1086.jpg?resize=350%2C200&ssl=1 1x, https:\/\/i0.wp.com\/ws168.juntadeandalucia.es\/iaap\/gestiondelconocimiento\/wp-content\/uploads\/sites\/10\/2025\/10\/2025-Ficha-equipo-Comunicacion-y-difusion-de-la-gestion-del-conocimiento-1536x1086.jpg?resize=525%2C300&ssl=1 1.5x"},"classes":[]},{"id":1908,"url":"https:\/\/ws168.juntadeandalucia.es\/iaap\/gestiondelconocimiento\/proyectos\/edicion-2019-2020-edicion-2019-2020\/gc10-comunicacion-y-difusion-de-la-gestion-del-conocimiento\/","url_meta":{"origin":5563,"position":3},"title":"GC10 &#8211; Comunicaci\u00f3n y difusi\u00f3n de la Gesti\u00f3n del Conocimiento (2019-20)","author":"beatrizsanchezgomez","date":"17 febrero, 2020","format":false,"excerpt":"DESCRIPCI\u00d3N Este proyecto surge en la tercera edici\u00f3n del programa. Se trata de un proyecto concebido para difundir la disciplina de la Gesti\u00f3n del Conocimiento entre las personas que trabajan en la Junta de Andaluc\u00eda. \u00a0OBJETIVOS: \u2022\u00a0 Descubrir las tendencias en la disciplina de Gesti\u00f3n del Conocimiento a nivel nacional\u2026","rel":"","context":"Entrada similar","block_context":{"text":"Entrada similar","link":""},"img":{"alt_text":"Equipo GC10","src":"https:\/\/i0.wp.com\/ws168.juntadeandalucia.es\/iaap\/gestiondelconocimiento\/wp-content\/uploads\/sites\/10\/2020\/01\/Comunicaci%C3%B3n.jpg?resize=350%2C200&ssl=1","width":350,"height":200},"classes":[]},{"id":157,"url":"https:\/\/ws168.juntadeandalucia.es\/iaap\/gestiondelconocimiento\/proyectos\/","url_meta":{"origin":5563,"position":4},"title":"Ediciones","author":"","date":"21 mayo, 2018","format":false,"excerpt":"Gesti\u00f3n del Conocimiento s\u00ed, pero, \u00bfpara qu\u00e9?En 2017 se inicia la andadura en la disciplina de Gesti\u00f3n del Conocimiento en el IAAP, fijando un marco de referencia de base en el que se identificaron una serie de retos y problemas en la Junta de Andaluc\u00eda, que pod\u00edan ser atendidos con\u2026","rel":"","context":"Entrada similar","block_context":{"text":"Entrada similar","link":""},"img":{"alt_text":"","src":"https:\/\/i0.wp.com\/ws168.juntadeandalucia.es\/iaap\/gestiondelconocimiento\/wp-content\/uploads\/sites\/10\/2020\/02\/human-3131802_1280-300x208.jpg?resize=350%2C200&ssl=1","width":350,"height":200},"classes":[]},{"id":418,"url":"https:\/\/ws168.juntadeandalucia.es\/iaap\/gestiondelconocimiento\/embajadores-del-conocimiento\/","url_meta":{"origin":5563,"position":5},"title":"Programa Embajadores\/as del Conocimiento","author":"","date":"16 junio, 2018","format":false,"excerpt":"Embajadores del Conocimiento es un programa que inici\u00f3 su andadura en mayo de 2017 y del que forman parte un grupo de empleadas y empleados p\u00fablicos con clara vocaci\u00f3n de servicio p\u00fablico. Este naci\u00f3 con la idea de establecer una red de personas que colaborar\u00e1n, de manera totalmente desinteresada, con\u2026","rel":"","context":"Entrada similar","block_context":{"text":"Entrada similar","link":""},"img":{"alt_text":"","src":"https:\/\/i0.wp.com\/ws168.juntadeandalucia.es\/iaap\/gestiondelconocimiento\/wp-content\/uploads\/sites\/10\/2020\/01\/Embajadores-del-Conocimiento.-IAAP.-Junta-de-Andaluc%C3%ADa.jpg?resize=350%2C200&ssl=1","width":350,"height":200,"srcset":"https:\/\/i0.wp.com\/ws168.juntadeandalucia.es\/iaap\/gestiondelconocimiento\/wp-content\/uploads\/sites\/10\/2020\/01\/Embajadores-del-Conocimiento.-IAAP.-Junta-de-Andaluc%C3%ADa.jpg?resize=350%2C200&ssl=1 1x, https:\/\/i0.wp.com\/ws168.juntadeandalucia.es\/iaap\/gestiondelconocimiento\/wp-content\/uploads\/sites\/10\/2020\/01\/Embajadores-del-Conocimiento.-IAAP.-Junta-de-Andaluc%C3%ADa.jpg?resize=525%2C300&ssl=1 1.5x, https:\/\/i0.wp.com\/ws168.juntadeandalucia.es\/iaap\/gestiondelconocimiento\/wp-content\/uploads\/sites\/10\/2020\/01\/Embajadores-del-Conocimiento.-IAAP.-Junta-de-Andaluc%C3%ADa.jpg?resize=700%2C400&ssl=1 2x, https:\/\/i0.wp.com\/ws168.juntadeandalucia.es\/iaap\/gestiondelconocimiento\/wp-content\/uploads\/sites\/10\/2020\/01\/Embajadores-del-Conocimiento.-IAAP.-Junta-de-Andaluc%C3%ADa.jpg?resize=1050%2C600&ssl=1 3x, https:\/\/i0.wp.com\/ws168.juntadeandalucia.es\/iaap\/gestiondelconocimiento\/wp-content\/uploads\/sites\/10\/2020\/01\/Embajadores-del-Conocimiento.-IAAP.-Junta-de-Andaluc%C3%ADa.jpg?resize=1400%2C800&ssl=1 4x"},"classes":[]}],"jetpack_likes_enabled":true,"_links":{"self":[{"href":"https:\/\/ws168.juntadeandalucia.es\/iaap\/gestiondelconocimiento\/wp-json\/wp\/v2\/pages\/5563","targetHints":{"allow":["GET"]}}],"collection":[{"href":"https:\/\/ws168.juntadeandalucia.es\/iaap\/gestiondelconocimiento\/wp-json\/wp\/v2\/pages"}],"about":[{"href":"https:\/\/ws168.juntadeandalucia.es\/iaap\/gestiondelconocimiento\/wp-json\/wp\/v2\/types\/page"}],"author":[{"embeddable":true,"href":"https:\/\/ws168.juntadeandalucia.es\/iaap\/gestiondelconocimiento\/wp-json\/wp\/v2\/users\/1"}],"replies":[{"embeddable":true,"href":"https:\/\/ws168.juntadeandalucia.es\/iaap\/gestiondelconocimiento\/wp-json\/wp\/v2\/comments?post=5563"}],"version-history":[{"count":11,"href":"https:\/\/ws168.juntadeandalucia.es\/iaap\/gestiondelconocimiento\/wp-json\/wp\/v2\/pages\/5563\/revisions"}],"predecessor-version":[{"id":5576,"href":"https:\/\/ws168.juntadeandalucia.es\/iaap\/gestiondelconocimiento\/wp-json\/wp\/v2\/pages\/5563\/revisions\/5576"}],"up":[{"embeddable":true,"href":"https:\/\/ws168.juntadeandalucia.es\/iaap\/gestiondelconocimiento\/wp-json\/wp\/v2\/pages\/5427"}],"wp:attachment":[{"href":"https:\/\/ws168.juntadeandalucia.es\/iaap\/gestiondelconocimiento\/wp-json\/wp\/v2\/media?parent=5563"}],"curies":[{"name":"wp","href":"https:\/\/api.w.org\/{rel}","templated":true}]}}