{"id":6147,"date":"2024-10-08T16:45:57","date_gmt":"2024-10-08T15:45:57","guid":{"rendered":"https:\/\/ws168.juntadeandalucia.es\/iaap\/gestiondelconocimiento\/?page_id=6147"},"modified":"2024-10-24T19:42:25","modified_gmt":"2024-10-24T18:42:25","slug":"revista-enred2-0-2024","status":"publish","type":"page","link":"https:\/\/ws168.juntadeandalucia.es\/iaap\/gestiondelconocimiento\/edicion-2024\/revista-enred2-0-2024\/","title":{"rendered":"Revista Enred@2.0 2024"},"content":{"rendered":"\t\t<div data-elementor-type=\"wp-page\" data-elementor-id=\"6147\" class=\"elementor elementor-6147\">\n\t\t\t\t\t\t<section class=\"elementor-section elementor-top-section elementor-element elementor-element-c257c9c elementor-section-boxed elementor-section-height-default elementor-section-height-default\" data-id=\"c257c9c\" data-element_type=\"section\" data-e-type=\"section\">\n\t\t\t\t\t\t<div class=\"elementor-container elementor-column-gap-default\">\n\t\t\t\t\t<div class=\"elementor-column elementor-col-100 elementor-top-column elementor-element elementor-element-0b65a40\" data-id=\"0b65a40\" data-element_type=\"column\" data-e-type=\"column\">\n\t\t\t<div class=\"elementor-widget-wrap elementor-element-populated\">\n\t\t\t\t\t\t<div class=\"elementor-element elementor-element-39bb101 elementor-widget elementor-widget-text-editor\" data-id=\"39bb101\" data-element_type=\"widget\" data-e-type=\"widget\" data-widget_type=\"text-editor.default\">\n\t\t\t\t<div class=\"elementor-widget-container\">\n\t\t\t\t\t\t\t\t\t<p>Un a\u00f1o m\u00e1s, la revista Enred@2.0 nos ha estado acompa\u00f1ando en el Programa de Embajadores\/as del Conocimiento.<\/p>\n<p>En esta edici\u00f3n, han sido un total de ocho participantes los que se han dedicado a buscar potenciales articulistas en todo lo largo y ancho de la Junta de Andaluc\u00eda, seleccionar textos, maquetarlos y publicar los completos y variados n\u00fameros.<\/p>\n<p>\u00a0<\/p>\t\t\t\t\t\t\t\t<\/div>\n\t\t\t\t<\/div>\n\t\t\t\t\t<\/div>\n\t\t<\/div>\n\t\t\t\t\t<\/div>\n\t\t<\/section>\n\t\t\t\t<section class=\"elementor-section elementor-top-section elementor-element elementor-element-185464f elementor-section-boxed elementor-section-height-default elementor-section-height-default\" data-id=\"185464f\" data-element_type=\"section\" data-e-type=\"section\">\n\t\t\t\t\t\t<div class=\"elementor-container elementor-column-gap-default\">\n\t\t\t\t\t<div class=\"elementor-column elementor-col-100 elementor-top-column elementor-element elementor-element-465cd60\" data-id=\"465cd60\" data-element_type=\"column\" data-e-type=\"column\">\n\t\t\t<div class=\"elementor-widget-wrap elementor-element-populated\">\n\t\t\t\t\t\t<div class=\"elementor-element elementor-element-f3f9768 elementor-widget elementor-widget-image\" data-id=\"f3f9768\" data-element_type=\"widget\" data-e-type=\"widget\" data-widget_type=\"image.default\">\n\t\t\t\t<div class=\"elementor-widget-container\">\n\t\t\t\t\t\t\t\t\t\t\t\t\t\t\t<img fetchpriority=\"high\" decoding=\"async\" data-attachment-id=\"6238\" data-permalink=\"https:\/\/ws168.juntadeandalucia.es\/iaap\/gestiondelconocimiento\/edicion-2024\/revista-enred2-0-2024\/ficha-equipo-revista-embajadores-2024\/\" data-orig-file=\"https:\/\/ws168.juntadeandalucia.es\/iaap\/gestiondelconocimiento\/wp-content\/uploads\/sites\/10\/2024\/10\/Ficha-equipo-Revista-Embajadores-2024.jpg\" data-orig-size=\"2245,1587\" data-comments-opened=\"0\" data-image-meta=\"{&quot;aperture&quot;:&quot;0&quot;,&quot;credit&quot;:&quot;&quot;,&quot;camera&quot;:&quot;&quot;,&quot;caption&quot;:&quot;&quot;,&quot;created_timestamp&quot;:&quot;0&quot;,&quot;copyright&quot;:&quot;&quot;,&quot;focal_length&quot;:&quot;0&quot;,&quot;iso&quot;:&quot;0&quot;,&quot;shutter_speed&quot;:&quot;0&quot;,&quot;title&quot;:&quot;&quot;,&quot;orientation&quot;:&quot;1&quot;}\" data-image-title=\"Ficha equipo Revista Embajadores 2024\" data-image-description=\"\" data-image-caption=\"\" data-large-file=\"https:\/\/ws168.juntadeandalucia.es\/iaap\/gestiondelconocimiento\/wp-content\/uploads\/sites\/10\/2024\/10\/Ficha-equipo-Revista-Embajadores-2024-1024x724.jpg\" width=\"1536\" height=\"1086\" src=\"https:\/\/ws168.juntadeandalucia.es\/iaap\/gestiondelconocimiento\/wp-content\/uploads\/sites\/10\/2024\/10\/Ficha-equipo-Revista-Embajadores-2024-1536x1086.jpg\" class=\"attachment-1536x1536 size-1536x1536 wp-image-6238\" alt=\"Equipo revista Enred@2.0 2024\" srcset=\"https:\/\/ws168.juntadeandalucia.es\/iaap\/gestiondelconocimiento\/wp-content\/uploads\/sites\/10\/2024\/10\/Ficha-equipo-Revista-Embajadores-2024-1536x1086.jpg 1536w, https:\/\/ws168.juntadeandalucia.es\/iaap\/gestiondelconocimiento\/wp-content\/uploads\/sites\/10\/2024\/10\/Ficha-equipo-Revista-Embajadores-2024-300x212.jpg 300w, https:\/\/ws168.juntadeandalucia.es\/iaap\/gestiondelconocimiento\/wp-content\/uploads\/sites\/10\/2024\/10\/Ficha-equipo-Revista-Embajadores-2024-1024x724.jpg 1024w, https:\/\/ws168.juntadeandalucia.es\/iaap\/gestiondelconocimiento\/wp-content\/uploads\/sites\/10\/2024\/10\/Ficha-equipo-Revista-Embajadores-2024-768x543.jpg 768w, https:\/\/ws168.juntadeandalucia.es\/iaap\/gestiondelconocimiento\/wp-content\/uploads\/sites\/10\/2024\/10\/Ficha-equipo-Revista-Embajadores-2024-2048x1448.jpg 2048w\" sizes=\"(max-width: 1536px) 100vw, 1536px\" data-attachment-id=\"6238\" data-permalink=\"https:\/\/ws168.juntadeandalucia.es\/iaap\/gestiondelconocimiento\/edicion-2024\/revista-enred2-0-2024\/ficha-equipo-revista-embajadores-2024\/\" data-orig-file=\"https:\/\/ws168.juntadeandalucia.es\/iaap\/gestiondelconocimiento\/wp-content\/uploads\/sites\/10\/2024\/10\/Ficha-equipo-Revista-Embajadores-2024.jpg\" data-orig-size=\"2245,1587\" data-comments-opened=\"0\" data-image-meta=\"{&quot;aperture&quot;:&quot;0&quot;,&quot;credit&quot;:&quot;&quot;,&quot;camera&quot;:&quot;&quot;,&quot;caption&quot;:&quot;&quot;,&quot;created_timestamp&quot;:&quot;0&quot;,&quot;copyright&quot;:&quot;&quot;,&quot;focal_length&quot;:&quot;0&quot;,&quot;iso&quot;:&quot;0&quot;,&quot;shutter_speed&quot;:&quot;0&quot;,&quot;title&quot;:&quot;&quot;,&quot;orientation&quot;:&quot;1&quot;}\" data-image-title=\"Ficha equipo Revista Embajadores 2024\" data-image-description=\"\" data-image-caption=\"\" data-large-file=\"https:\/\/ws168.juntadeandalucia.es\/iaap\/gestiondelconocimiento\/wp-content\/uploads\/sites\/10\/2024\/10\/Ficha-equipo-Revista-Embajadores-2024-1024x724.jpg\" \/>\t\t\t\t\t\t\t\t\t\t\t\t\t\t\t<\/div>\n\t\t\t\t<\/div>\n\t\t\t\t\t<\/div>\n\t\t<\/div>\n\t\t\t\t\t<\/div>\n\t\t<\/section>\n\t\t\t\t<section class=\"elementor-section elementor-top-section elementor-element elementor-element-262f32f elementor-section-boxed elementor-section-height-default elementor-section-height-default\" data-id=\"262f32f\" data-element_type=\"section\" data-e-type=\"section\">\n\t\t\t\t\t\t<div class=\"elementor-container elementor-column-gap-default\">\n\t\t\t\t\t<div class=\"elementor-column elementor-col-100 elementor-top-column elementor-element elementor-element-19c5037\" data-id=\"19c5037\" data-element_type=\"column\" data-e-type=\"column\">\n\t\t\t<div class=\"elementor-widget-wrap elementor-element-populated\">\n\t\t\t\t\t\t<div class=\"elementor-element elementor-element-1484ce3 elementor-widget elementor-widget-text-editor\" data-id=\"1484ce3\" data-element_type=\"widget\" data-e-type=\"widget\" data-widget_type=\"text-editor.default\">\n\t\t\t\t<div class=\"elementor-widget-container\">\n\t\t\t\t\t\t\t\t\t<p><span style=\"font-size: 8pt\">*** Los puestos de trabajo indicados en la ficha corresponden a los que se ocupaban al inicio de la VII edici\u00f3n de Embajadores\/as del Conocimiento<\/span><\/p>\t\t\t\t\t\t\t\t<\/div>\n\t\t\t\t<\/div>\n\t\t\t\t\t<\/div>\n\t\t<\/div>\n\t\t\t\t\t<\/div>\n\t\t<\/section>\n\t\t\t\t<section class=\"elementor-section elementor-top-section elementor-element elementor-element-ceaf41a elementor-section-boxed elementor-section-height-default elementor-section-height-default\" data-id=\"ceaf41a\" data-element_type=\"section\" data-e-type=\"section\">\n\t\t\t\t\t\t<div class=\"elementor-container elementor-column-gap-default\">\n\t\t\t\t\t<div class=\"elementor-column elementor-col-100 elementor-top-column elementor-element elementor-element-b72398e\" data-id=\"b72398e\" data-element_type=\"column\" data-e-type=\"column\">\n\t\t\t<div class=\"elementor-widget-wrap elementor-element-populated\">\n\t\t\t\t\t\t<div class=\"elementor-element elementor-element-91f3b6c elementor-widget elementor-widget-text-editor\" data-id=\"91f3b6c\" data-element_type=\"widget\" data-e-type=\"widget\" data-widget_type=\"text-editor.default\">\n\t\t\t\t<div class=\"elementor-widget-container\">\n\t\t\t\t\t\t\t\t\t<p>Durante 2024 han publicado los siguientes n\u00fameros:<\/p><ul><li><a href=\"https:\/\/ws168.juntadeandalucia.es\/iaap\/revista\/numeros\/no-17-diciembre-2023-abril-2024\/\" target=\"_blank\" rel=\"noopener\">N\u00famero 17 (diciembre 2023 &#8211; abril 2024)<\/a><\/li><li><a href=\"https:\/\/ws168.juntadeandalucia.es\/iaap\/revista\/numeros\/no-18-mayo-2024-julio-2024\/\" target=\"_blank\" rel=\"noopener\">N\u00famero 18 (mayo 2024 &#8211; julio 2024)<\/a><\/li><li><a href=\"https:\/\/ws168.juntadeandalucia.es\/iaap\/revista\/numeros\/no-19-agosto-2024-octubre-2024\/\" target=\"_blank\" rel=\"noopener\">N\u00famero 19 (agosto 2024 &#8211; octubre 2024)<\/a><\/li><\/ul>\t\t\t\t\t\t\t\t<\/div>\n\t\t\t\t<\/div>\n\t\t\t\t\t<\/div>\n\t\t<\/div>\n\t\t\t\t\t<\/div>\n\t\t<\/section>\n\t\t\t\t<section class=\"elementor-section elementor-top-section elementor-element elementor-element-70e74a1 elementor-section-boxed elementor-section-height-default elementor-section-height-default\" data-id=\"70e74a1\" data-element_type=\"section\" data-e-type=\"section\">\n\t\t\t\t\t\t<div class=\"elementor-container elementor-column-gap-default\">\n\t\t\t\t\t<div class=\"elementor-column elementor-col-100 elementor-top-column elementor-element elementor-element-397fc31\" data-id=\"397fc31\" data-element_type=\"column\" data-e-type=\"column\">\n\t\t\t<div class=\"elementor-widget-wrap elementor-element-populated\">\n\t\t\t\t\t\t<div class=\"elementor-element elementor-element-60d09ca elementor-widget elementor-widget-text-editor\" data-id=\"60d09ca\" data-element_type=\"widget\" data-e-type=\"widget\" data-widget_type=\"text-editor.default\">\n\t\t\t\t<div class=\"elementor-widget-container\">\n\t\t\t\t\t\t\t\t\t<p style=\"text-align: justify\">Puedes visualizar la presentaci\u00f3n del proyecto en las\u00a0<strong>VII Jornadas de Gesti\u00f3n del Conocimiento<\/strong>\u00a0en el siguiente v\u00eddeo:<\/p>\t\t\t\t\t\t\t\t<\/div>\n\t\t\t\t<\/div>\n\t\t\t\t\t<\/div>\n\t\t<\/div>\n\t\t\t\t\t<\/div>\n\t\t<\/section>\n\t\t\t\t<section class=\"elementor-section elementor-top-section elementor-element elementor-element-8c540ee elementor-section-boxed elementor-section-height-default elementor-section-height-default\" data-id=\"8c540ee\" data-element_type=\"section\" data-e-type=\"section\">\n\t\t\t\t\t\t<div class=\"elementor-container elementor-column-gap-default\">\n\t\t\t\t\t<div class=\"elementor-column elementor-col-100 elementor-top-column elementor-element elementor-element-9b70eb1\" data-id=\"9b70eb1\" data-element_type=\"column\" data-e-type=\"column\">\n\t\t\t<div class=\"elementor-widget-wrap elementor-element-populated\">\n\t\t\t\t\t\t<div class=\"elementor-element elementor-element-a85f486 elementor-widget elementor-widget-video\" data-id=\"a85f486\" data-element_type=\"widget\" data-e-type=\"widget\" data-settings=\"{&quot;youtube_url&quot;:&quot;https:\\\/\\\/www.youtube.com\\\/watch?v=7y8QpLSu5iQ&amp;list=PLj-bfbG2QZP7H5FksdjTs5z5V1FWXVnr1&amp;index=1&quot;,&quot;start&quot;:&quot;1301&quot;,&quot;end&quot;:&quot;2014&quot;,&quot;video_type&quot;:&quot;youtube&quot;,&quot;controls&quot;:&quot;yes&quot;}\" data-widget_type=\"video.default\">\n\t\t\t\t<div class=\"elementor-widget-container\">\n\t\t\t\t\t\t\t<div class=\"elementor-wrapper elementor-open-inline\">\n\t\t\t<div class=\"elementor-video\"><\/div>\t\t<\/div>\n\t\t\t\t\t\t<\/div>\n\t\t\t\t<\/div>\n\t\t\t\t\t<\/div>\n\t\t<\/div>\n\t\t\t\t\t<\/div>\n\t\t<\/section>\n\t\t\t\t<\/div>\n\t\t","protected":false},"excerpt":{"rendered":"<p>Un a\u00f1o m\u00e1s, la revista Enred@2.0 nos ha estado acompa\u00f1ando en el Programa de Embajadores\/as del Conocimiento. En esta edici\u00f3n, han sido un total de ocho participantes los que se han dedicado a buscar potenciales articulistas en todo lo largo y ancho de la Junta de Andaluc\u00eda, seleccionar textos, maquetarlos y publicar los completos y [&hellip;]<\/p>\n","protected":false},"author":1,"featured_media":0,"parent":6139,"menu_order":1,"comment_status":"closed","ping_status":"closed","template":"","meta":{"jetpack_post_was_ever_published":false,"footnotes":""},"class_list":["post-6147","page","type-page","status-publish","hentry"],"jetpack_sharing_enabled":true,"jetpack_shortlink":"https:\/\/wp.me\/P9W7Se-1B9","jetpack-related-posts":[{"id":7158,"url":"https:\/\/ws168.juntadeandalucia.es\/iaap\/gestiondelconocimiento\/revista-enred2-0-2025\/","url_meta":{"origin":6147,"position":0},"title":"Revista Enred@2.0 2025","author":"administrador","date":"13 octubre, 2025","format":false,"excerpt":"En la octava edici\u00f3n del Programa Embajadores\/as del Conocimiento, la revista Enred@2.0 se marc\u00f3 como objetivo principal poner en valor a los y las profesionales de la Junta de Andaluc\u00eda d\u00e1ndoles un espacio para que difundiesen su labor. Todo ello sin perder de vista su faceta m\u00e1s emocional y cotidiana.En\u2026","rel":"","context":"Entrada similar","block_context":{"text":"Entrada similar","link":""},"img":{"alt_text":"","src":"https:\/\/i0.wp.com\/ws168.juntadeandalucia.es\/iaap\/gestiondelconocimiento\/wp-content\/uploads\/sites\/10\/2025\/10\/2025-Ficha-equipo-Revista-1536x1086.jpg?resize=350%2C200&ssl=1","width":350,"height":200,"srcset":"https:\/\/i0.wp.com\/ws168.juntadeandalucia.es\/iaap\/gestiondelconocimiento\/wp-content\/uploads\/sites\/10\/2025\/10\/2025-Ficha-equipo-Revista-1536x1086.jpg?resize=350%2C200&ssl=1 1x, https:\/\/i0.wp.com\/ws168.juntadeandalucia.es\/iaap\/gestiondelconocimiento\/wp-content\/uploads\/sites\/10\/2025\/10\/2025-Ficha-equipo-Revista-1536x1086.jpg?resize=525%2C300&ssl=1 1.5x"},"classes":[]},{"id":4119,"url":"https:\/\/ws168.juntadeandalucia.es\/iaap\/gestiondelconocimiento\/edicion-2020-2021\/revista-enredados\/","url_meta":{"origin":6147,"position":1},"title":"REVISTA ENREDADOS","author":"beatrizsanchezgomez","date":"29 noviembre, 2021","format":false,"excerpt":"LA TUYA, LA M\u00cdA, LA NUESTRALa revista EnRed@2.0 es el proyecto m\u00e1s veterano y consolidado de gesti\u00f3n del conocimiento. Este proyecto lleva desarroll\u00e1ndose desde la primera edici\u00f3n del programa Embajadores y Embajadoras del conocimiento en la Junta de Andaluc\u00eda y ya son 10 los n\u00fameros publicados.\u00a0En el siguiente video puedes\u2026","rel":"","context":"Entrada similar","block_context":{"text":"Entrada similar","link":""},"img":{"alt_text":"","src":"","width":0,"height":0},"classes":[]},{"id":418,"url":"https:\/\/ws168.juntadeandalucia.es\/iaap\/gestiondelconocimiento\/embajadores-del-conocimiento\/","url_meta":{"origin":6147,"position":2},"title":"Programa Embajadores\/as del Conocimiento","author":"","date":"16 junio, 2018","format":false,"excerpt":"Embajadores del Conocimiento es un programa que inici\u00f3 su andadura en mayo de 2017 y del que forman parte un grupo de empleadas y empleados p\u00fablicos con clara vocaci\u00f3n de servicio p\u00fablico. Este naci\u00f3 con la idea de establecer una red de personas que colaborar\u00e1n, de manera totalmente desinteresada, con\u2026","rel":"","context":"Entrada similar","block_context":{"text":"Entrada similar","link":""},"img":{"alt_text":"","src":"https:\/\/i0.wp.com\/ws168.juntadeandalucia.es\/iaap\/gestiondelconocimiento\/wp-content\/uploads\/sites\/10\/2020\/01\/Embajadores-del-Conocimiento.-IAAP.-Junta-de-Andaluc%C3%ADa.jpg?resize=350%2C200&ssl=1","width":350,"height":200,"srcset":"https:\/\/i0.wp.com\/ws168.juntadeandalucia.es\/iaap\/gestiondelconocimiento\/wp-content\/uploads\/sites\/10\/2020\/01\/Embajadores-del-Conocimiento.-IAAP.-Junta-de-Andaluc%C3%ADa.jpg?resize=350%2C200&ssl=1 1x, https:\/\/i0.wp.com\/ws168.juntadeandalucia.es\/iaap\/gestiondelconocimiento\/wp-content\/uploads\/sites\/10\/2020\/01\/Embajadores-del-Conocimiento.-IAAP.-Junta-de-Andaluc%C3%ADa.jpg?resize=525%2C300&ssl=1 1.5x, https:\/\/i0.wp.com\/ws168.juntadeandalucia.es\/iaap\/gestiondelconocimiento\/wp-content\/uploads\/sites\/10\/2020\/01\/Embajadores-del-Conocimiento.-IAAP.-Junta-de-Andaluc%C3%ADa.jpg?resize=700%2C400&ssl=1 2x, https:\/\/i0.wp.com\/ws168.juntadeandalucia.es\/iaap\/gestiondelconocimiento\/wp-content\/uploads\/sites\/10\/2020\/01\/Embajadores-del-Conocimiento.-IAAP.-Junta-de-Andaluc%C3%ADa.jpg?resize=1050%2C600&ssl=1 3x, https:\/\/i0.wp.com\/ws168.juntadeandalucia.es\/iaap\/gestiondelconocimiento\/wp-content\/uploads\/sites\/10\/2020\/01\/Embajadores-del-Conocimiento.-IAAP.-Junta-de-Andaluc%C3%ADa.jpg?resize=1400%2C800&ssl=1 4x"},"classes":[]},{"id":5437,"url":"https:\/\/ws168.juntadeandalucia.es\/iaap\/gestiondelconocimiento\/edicion-2023\/revista-enred2-0\/","url_meta":{"origin":6147,"position":3},"title":"Revista Enred@2.0 2023","author":"","date":"11 diciembre, 2023","format":false,"excerpt":"En la VI edici\u00f3n del Programa Embajadores\/as del Conocimiento hemos presenciado la evoluci\u00f3n de nuestra revista a un formato m\u00e1s actual y profesional.\u00a0En nuestro blog te presentamos a los componentes del Comit\u00e9 editorial y te contamos cuales eran sus objetivos en esta edici\u00f3n. Nuevos aires en la revista Enred@2.0 Adem\u00e1s,\u2026","rel":"","context":"Entrada similar","block_context":{"text":"Entrada similar","link":""},"img":{"alt_text":"Revista Enredados","src":"https:\/\/i0.wp.com\/ws168.juntadeandalucia.es\/iaap\/gestiondelconocimiento\/wp-content\/uploads\/sites\/10\/2023\/11\/05_Grupo-Revista-1-2048x1448.jpg?resize=350%2C200&ssl=1","width":350,"height":200,"srcset":"https:\/\/i0.wp.com\/ws168.juntadeandalucia.es\/iaap\/gestiondelconocimiento\/wp-content\/uploads\/sites\/10\/2023\/11\/05_Grupo-Revista-1-2048x1448.jpg?resize=350%2C200&ssl=1 1x, https:\/\/i0.wp.com\/ws168.juntadeandalucia.es\/iaap\/gestiondelconocimiento\/wp-content\/uploads\/sites\/10\/2023\/11\/05_Grupo-Revista-1-2048x1448.jpg?resize=525%2C300&ssl=1 1.5x"},"classes":[]},{"id":5427,"url":"https:\/\/ws168.juntadeandalucia.es\/iaap\/gestiondelconocimiento\/edicion-2023\/","url_meta":{"origin":6147,"position":4},"title":"EDICI\u00d3N 2023","author":"","date":"1 diciembre, 2023","format":false,"excerpt":"Estos son los proyectos que se han llevado a cabo en la VI edici\u00f3n del programa Embajadores\/as del Conocimiento:Revista digital Enred@2.0Elaboraci\u00f3n de Mapas de Conocimiento Cr\u00edticoEncuentros Intergeneracionales en la Junta de Andaluc\u00edaSeguimiento del relevo generacional en el colectivo de Agentes de Salud P\u00fablicaWiki del ConocimientoCroquetas de ConocimientoComunicaci\u00f3n y Difusi\u00f3n de\u2026","rel":"","context":"Entrada similar","block_context":{"text":"Entrada similar","link":""},"img":{"alt_text":"","src":"","width":0,"height":0},"classes":[]},{"id":3394,"url":"https:\/\/ws168.juntadeandalucia.es\/iaap\/gestiondelconocimiento\/edicion-2020-2021\/","url_meta":{"origin":6147,"position":5},"title":"\u2014 EDICI\u00d3N 2020- 2021","author":"","date":"9 marzo, 2021","format":false,"excerpt":"\u00bfDe verdad quieres saber qu\u00e9 se ha hecho en cada uno de los proyectos de esta edici\u00f3n?Los proyectos que se han llevado a cabo en esta IV edici\u00f3n del programa Embajadores\/as del Conocimiento han sido los siguientes. Has clic en cada uno de ellos y conocer\u00e1s en qu\u00e9 han consistido:Revista\u2026","rel":"","context":"Entrada similar","block_context":{"text":"Entrada similar","link":""},"img":{"alt_text":"","src":"","width":0,"height":0},"classes":[]}],"jetpack_likes_enabled":true,"_links":{"self":[{"href":"https:\/\/ws168.juntadeandalucia.es\/iaap\/gestiondelconocimiento\/wp-json\/wp\/v2\/pages\/6147","targetHints":{"allow":["GET"]}}],"collection":[{"href":"https:\/\/ws168.juntadeandalucia.es\/iaap\/gestiondelconocimiento\/wp-json\/wp\/v2\/pages"}],"about":[{"href":"https:\/\/ws168.juntadeandalucia.es\/iaap\/gestiondelconocimiento\/wp-json\/wp\/v2\/types\/page"}],"author":[{"embeddable":true,"href":"https:\/\/ws168.juntadeandalucia.es\/iaap\/gestiondelconocimiento\/wp-json\/wp\/v2\/users\/1"}],"replies":[{"embeddable":true,"href":"https:\/\/ws168.juntadeandalucia.es\/iaap\/gestiondelconocimiento\/wp-json\/wp\/v2\/comments?post=6147"}],"version-history":[{"count":20,"href":"https:\/\/ws168.juntadeandalucia.es\/iaap\/gestiondelconocimiento\/wp-json\/wp\/v2\/pages\/6147\/revisions"}],"predecessor-version":[{"id":6545,"href":"https:\/\/ws168.juntadeandalucia.es\/iaap\/gestiondelconocimiento\/wp-json\/wp\/v2\/pages\/6147\/revisions\/6545"}],"up":[{"embeddable":true,"href":"https:\/\/ws168.juntadeandalucia.es\/iaap\/gestiondelconocimiento\/wp-json\/wp\/v2\/pages\/6139"}],"wp:attachment":[{"href":"https:\/\/ws168.juntadeandalucia.es\/iaap\/gestiondelconocimiento\/wp-json\/wp\/v2\/media?parent=6147"}],"curies":[{"name":"wp","href":"https:\/\/api.w.org\/{rel}","templated":true}]}}