{"id":6153,"date":"2024-10-17T16:48:25","date_gmt":"2024-10-17T15:48:25","guid":{"rendered":"https:\/\/ws168.juntadeandalucia.es\/iaap\/gestiondelconocimiento\/?page_id=6153"},"modified":"2024-10-24T19:12:37","modified_gmt":"2024-10-24T18:12:37","slug":"elaboracion-de-mapas-de-conocimiento-critico-2024","status":"publish","type":"page","link":"https:\/\/ws168.juntadeandalucia.es\/iaap\/gestiondelconocimiento\/edicion-2024\/elaboracion-de-mapas-de-conocimiento-critico-2024\/","title":{"rendered":"Elaboraci\u00f3n de Mapas de Conocimiento Cr\u00edtico 2024"},"content":{"rendered":"\t\t<div data-elementor-type=\"wp-page\" data-elementor-id=\"6153\" class=\"elementor elementor-6153\">\n\t\t\t\t\t\t<section class=\"elementor-section elementor-top-section elementor-element elementor-element-93cdd9f elementor-section-boxed elementor-section-height-default elementor-section-height-default\" data-id=\"93cdd9f\" data-element_type=\"section\" data-e-type=\"section\">\n\t\t\t\t\t\t<div class=\"elementor-container elementor-column-gap-default\">\n\t\t\t\t\t<div class=\"elementor-column elementor-col-100 elementor-top-column elementor-element elementor-element-3d3e344\" data-id=\"3d3e344\" data-element_type=\"column\" data-e-type=\"column\">\n\t\t\t<div class=\"elementor-widget-wrap elementor-element-populated\">\n\t\t\t\t\t\t<div class=\"elementor-element elementor-element-949764a elementor-widget elementor-widget-text-editor\" data-id=\"949764a\" data-element_type=\"widget\" data-e-type=\"widget\" data-widget_type=\"text-editor.default\">\n\t\t\t\t<div class=\"elementor-widget-container\">\n\t\t\t\t\t\t\t\t\t<p style=\"text-align: justify\">Una edici\u00f3n m\u00e1s, el proyecto de Elaboraci\u00f3n de mapas de conocimiento cr\u00edtico ha intentado localizar a las personas que poseen las capacidades y habilidades necesarias para hacer frente a una tarea concreta y poner en valor y a disposici\u00f3n de todo aquel que lo necesite su conocimiento.<\/p><p>En 2024, el grupo de trabajo ha estado compuesta por cuatro mujeres, la mayor\u00eda pertenecientes al Servicio Andaluz de Empleo.<\/p>\t\t\t\t\t\t\t\t<\/div>\n\t\t\t\t<\/div>\n\t\t\t\t\t<\/div>\n\t\t<\/div>\n\t\t\t\t\t<\/div>\n\t\t<\/section>\n\t\t\t\t<section class=\"elementor-section elementor-top-section elementor-element elementor-element-5974629 elementor-section-boxed elementor-section-height-default elementor-section-height-default\" data-id=\"5974629\" data-element_type=\"section\" data-e-type=\"section\">\n\t\t\t\t\t\t<div class=\"elementor-container elementor-column-gap-default\">\n\t\t\t\t\t<div class=\"elementor-column elementor-col-100 elementor-top-column elementor-element elementor-element-be1b19d\" data-id=\"be1b19d\" data-element_type=\"column\" data-e-type=\"column\">\n\t\t\t<div class=\"elementor-widget-wrap elementor-element-populated\">\n\t\t\t\t\t\t<div class=\"elementor-element elementor-element-a76a654 elementor-widget elementor-widget-image\" data-id=\"a76a654\" data-element_type=\"widget\" data-e-type=\"widget\" data-widget_type=\"image.default\">\n\t\t\t\t<div class=\"elementor-widget-container\">\n\t\t\t\t\t\t\t\t\t\t\t\t\t\t\t<img fetchpriority=\"high\" decoding=\"async\" data-attachment-id=\"6396\" data-permalink=\"https:\/\/ws168.juntadeandalucia.es\/iaap\/gestiondelconocimiento\/edicion-2024\/elaboracion-de-mapas-de-conocimiento-critico-2024\/ficha-equipo-mapas-embajadores24\/\" data-orig-file=\"https:\/\/ws168.juntadeandalucia.es\/iaap\/gestiondelconocimiento\/wp-content\/uploads\/sites\/10\/2024\/10\/Ficha-equipo-Mapas-Embajadores24.jpg\" data-orig-size=\"2245,1587\" data-comments-opened=\"0\" data-image-meta=\"{&quot;aperture&quot;:&quot;0&quot;,&quot;credit&quot;:&quot;&quot;,&quot;camera&quot;:&quot;&quot;,&quot;caption&quot;:&quot;&quot;,&quot;created_timestamp&quot;:&quot;0&quot;,&quot;copyright&quot;:&quot;&quot;,&quot;focal_length&quot;:&quot;0&quot;,&quot;iso&quot;:&quot;0&quot;,&quot;shutter_speed&quot;:&quot;0&quot;,&quot;title&quot;:&quot;&quot;,&quot;orientation&quot;:&quot;1&quot;}\" data-image-title=\"Ficha equipo Mapas Embajadores24\" data-image-description=\"\" data-image-caption=\"\" data-large-file=\"https:\/\/ws168.juntadeandalucia.es\/iaap\/gestiondelconocimiento\/wp-content\/uploads\/sites\/10\/2024\/10\/Ficha-equipo-Mapas-Embajadores24-1024x724.jpg\" width=\"1536\" height=\"1086\" src=\"https:\/\/ws168.juntadeandalucia.es\/iaap\/gestiondelconocimiento\/wp-content\/uploads\/sites\/10\/2024\/10\/Ficha-equipo-Mapas-Embajadores24-1536x1086.jpg\" class=\"attachment-1536x1536 size-1536x1536 wp-image-6396\" alt=\"\" srcset=\"https:\/\/ws168.juntadeandalucia.es\/iaap\/gestiondelconocimiento\/wp-content\/uploads\/sites\/10\/2024\/10\/Ficha-equipo-Mapas-Embajadores24-1536x1086.jpg 1536w, https:\/\/ws168.juntadeandalucia.es\/iaap\/gestiondelconocimiento\/wp-content\/uploads\/sites\/10\/2024\/10\/Ficha-equipo-Mapas-Embajadores24-300x212.jpg 300w, https:\/\/ws168.juntadeandalucia.es\/iaap\/gestiondelconocimiento\/wp-content\/uploads\/sites\/10\/2024\/10\/Ficha-equipo-Mapas-Embajadores24-1024x724.jpg 1024w, https:\/\/ws168.juntadeandalucia.es\/iaap\/gestiondelconocimiento\/wp-content\/uploads\/sites\/10\/2024\/10\/Ficha-equipo-Mapas-Embajadores24-768x543.jpg 768w, https:\/\/ws168.juntadeandalucia.es\/iaap\/gestiondelconocimiento\/wp-content\/uploads\/sites\/10\/2024\/10\/Ficha-equipo-Mapas-Embajadores24-2048x1448.jpg 2048w\" sizes=\"(max-width: 1536px) 100vw, 1536px\" data-attachment-id=\"6396\" data-permalink=\"https:\/\/ws168.juntadeandalucia.es\/iaap\/gestiondelconocimiento\/edicion-2024\/elaboracion-de-mapas-de-conocimiento-critico-2024\/ficha-equipo-mapas-embajadores24\/\" data-orig-file=\"https:\/\/ws168.juntadeandalucia.es\/iaap\/gestiondelconocimiento\/wp-content\/uploads\/sites\/10\/2024\/10\/Ficha-equipo-Mapas-Embajadores24.jpg\" data-orig-size=\"2245,1587\" data-comments-opened=\"0\" data-image-meta=\"{&quot;aperture&quot;:&quot;0&quot;,&quot;credit&quot;:&quot;&quot;,&quot;camera&quot;:&quot;&quot;,&quot;caption&quot;:&quot;&quot;,&quot;created_timestamp&quot;:&quot;0&quot;,&quot;copyright&quot;:&quot;&quot;,&quot;focal_length&quot;:&quot;0&quot;,&quot;iso&quot;:&quot;0&quot;,&quot;shutter_speed&quot;:&quot;0&quot;,&quot;title&quot;:&quot;&quot;,&quot;orientation&quot;:&quot;1&quot;}\" data-image-title=\"Ficha equipo Mapas Embajadores24\" data-image-description=\"\" data-image-caption=\"\" data-large-file=\"https:\/\/ws168.juntadeandalucia.es\/iaap\/gestiondelconocimiento\/wp-content\/uploads\/sites\/10\/2024\/10\/Ficha-equipo-Mapas-Embajadores24-1024x724.jpg\" \/>\t\t\t\t\t\t\t\t\t\t\t\t\t\t\t<\/div>\n\t\t\t\t<\/div>\n\t\t\t\t\t<\/div>\n\t\t<\/div>\n\t\t\t\t\t<\/div>\n\t\t<\/section>\n\t\t\t\t<section class=\"elementor-section elementor-top-section elementor-element elementor-element-773c69c elementor-section-boxed elementor-section-height-default elementor-section-height-default\" data-id=\"773c69c\" data-element_type=\"section\" data-e-type=\"section\">\n\t\t\t\t\t\t<div class=\"elementor-container elementor-column-gap-default\">\n\t\t\t\t\t<div class=\"elementor-column elementor-col-100 elementor-top-column elementor-element elementor-element-9462b92\" data-id=\"9462b92\" data-element_type=\"column\" data-e-type=\"column\">\n\t\t\t<div class=\"elementor-widget-wrap elementor-element-populated\">\n\t\t\t\t\t\t<div class=\"elementor-element elementor-element-9b4b8c8 elementor-widget elementor-widget-text-editor\" data-id=\"9b4b8c8\" data-element_type=\"widget\" data-e-type=\"widget\" data-widget_type=\"text-editor.default\">\n\t\t\t\t<div class=\"elementor-widget-container\">\n\t\t\t\t\t\t\t\t\t<section class=\"elementor-section elementor-top-section elementor-element elementor-element-262f32f elementor-section-boxed elementor-section-height-default elementor-section-height-default\" data-id=\"262f32f\" data-element_type=\"section\"><div class=\"elementor-container elementor-column-gap-default\"><div class=\"elementor-column elementor-col-100 elementor-top-column elementor-element elementor-element-19c5037\" data-id=\"19c5037\" data-element_type=\"column\"><div class=\"elementor-widget-wrap elementor-element-populated\"><div class=\"elementor-element elementor-element-1484ce3 elementor-widget elementor-widget-text-editor\" data-id=\"1484ce3\" data-element_type=\"widget\" data-widget_type=\"text-editor.default\"><div class=\"elementor-widget-container\"><p style=\"text-align: justify\"><span style=\"font-size: 8pt\">*** Los puestos de trabajo indicados en la ficha corresponden a los que se ocupaban al inicio de la VII edici\u00f3n de Embajadores\/as del Conocimiento<\/span><\/p><\/div><\/div><\/div><\/div><\/div><\/section>\t\t\t\t\t\t\t\t<\/div>\n\t\t\t\t<\/div>\n\t\t\t\t\t<\/div>\n\t\t<\/div>\n\t\t\t\t\t<\/div>\n\t\t<\/section>\n\t\t\t\t<section class=\"elementor-section elementor-top-section elementor-element elementor-element-cecd036 elementor-section-boxed elementor-section-height-default elementor-section-height-default\" data-id=\"cecd036\" data-element_type=\"section\" data-e-type=\"section\">\n\t\t\t\t\t\t<div class=\"elementor-container elementor-column-gap-default\">\n\t\t\t\t\t<div class=\"elementor-column elementor-col-100 elementor-top-column elementor-element elementor-element-e4fe959\" data-id=\"e4fe959\" data-element_type=\"column\" data-e-type=\"column\">\n\t\t\t<div class=\"elementor-widget-wrap elementor-element-populated\">\n\t\t\t\t\t\t<div class=\"elementor-element elementor-element-108630e elementor-widget elementor-widget-text-editor\" data-id=\"108630e\" data-element_type=\"widget\" data-e-type=\"widget\" data-widget_type=\"text-editor.default\">\n\t\t\t\t<div class=\"elementor-widget-container\">\n\t\t\t\t\t\t\t\t\t<p style=\"text-align: justify\">Tras la formaci\u00f3n recibida por parte de <strong>Javier Aldanondo<\/strong>, elabor\u00f3 cada una un Mapa de Conocimiento Cr\u00edtico que se sumar\u00e1 al Atlas de Conocimiento Cr\u00edtico de la Junta de Andaluc\u00eda.<\/p><p style=\"text-align: justify\">Pero quisieron hacer algo m\u00e1s.<\/p><p style=\"text-align: justify\">Por un lado, Luc\u00eda Ib\u00e1\u00f1ez detect\u00f3 en su Oficina de Empleo la existencia de una persona clave en el \u00e1mbito de las <strong>Acreditaci\u00f3nes Profesionales<\/strong> y que est\u00e1 pr\u00f3xima a jubilarse y se plante\u00f3 c\u00f3mo se podr\u00eda recoger todo ese conocimiento.<\/p><p style=\"text-align: justify\">Javier Aldanondo le recomend\u00f3 la siguiente <strong>metodolog\u00eda<\/strong> centrada en cuatro factores:<\/p><ul><li style=\"text-align: justify\"><strong>Conocimiento t\u00e1cito<\/strong>: donde se realiza un an\u00e1lisis de las historias que nos pueda contar, los errores cometidos, las recomendaciones y los ejemplos.<\/li><li style=\"text-align: justify\"><strong>Conocimiento expl\u00edcito<\/strong>: se estudia que artefactos, productos, procedimientos o sistemas utiliza nuestra compa\u00f1era y va a dejarnos en la oficina una vez que se jubile.<\/li><li style=\"text-align: justify\"><strong>Relaciones<\/strong>: en este apartado se debe investigar con qu\u00e9 contactos, proyectos, comunidades o docencia cuenta nuestra compa\u00f1era.<\/li><li style=\"text-align: justify\"><strong>Fuentes<\/strong>: Se analiza con qu\u00e9 fuentes de informaci\u00f3n cuenta mi compa\u00f1era, si cuenta con alguna herramienta o un software espec\u00edfico.<\/li><\/ul><p style=\"text-align: justify\">El resultado fue la <strong>entrevista<\/strong> de la que os hablamos en esta entrada del <a href=\"https:\/\/ws168.juntadeandalucia.es\/iaap\/gestiondelconocimiento\/una-historia-de-vida\/\" target=\"_blank\" rel=\"noopener\">blog<\/a>.<\/p>\t\t\t\t\t\t\t\t<\/div>\n\t\t\t\t<\/div>\n\t\t\t\t\t<\/div>\n\t\t<\/div>\n\t\t\t\t\t<\/div>\n\t\t<\/section>\n\t\t\t\t<section class=\"elementor-section elementor-top-section elementor-element elementor-element-2a7ed31 elementor-section-boxed elementor-section-height-default elementor-section-height-default\" data-id=\"2a7ed31\" data-element_type=\"section\" data-e-type=\"section\">\n\t\t\t\t\t\t<div class=\"elementor-container elementor-column-gap-default\">\n\t\t\t\t\t<div class=\"elementor-column elementor-col-100 elementor-top-column elementor-element elementor-element-34aac92\" data-id=\"34aac92\" data-element_type=\"column\" data-e-type=\"column\">\n\t\t\t<div class=\"elementor-widget-wrap elementor-element-populated\">\n\t\t\t\t\t\t<div class=\"elementor-element elementor-element-6928448 elementor-widget elementor-widget-text-editor\" data-id=\"6928448\" data-element_type=\"widget\" data-e-type=\"widget\" data-widget_type=\"text-editor.default\">\n\t\t\t\t<div class=\"elementor-widget-container\">\n\t\t\t\t\t\t\t\t\t<p style=\"text-align: justify\">Por otro lado, las compa\u00f1eras del <strong>Campo de Gibraltar<\/strong>, conocedoras de que a partir de junio de 2024 iba a ser obligatorio que todo el personal de las Oficinas de empleo actuasen como <strong>Orientadores para el empleo<\/strong>, detectaron la falta de conocimientos espec\u00edficos en ese \u00e1mbito por parte del personal.<\/p><p style=\"text-align: justify\">Localizaron personas expertas que pudiesen orientar al resto y organizaron sesiones de formaci\u00f3n que fueron gratamente valoradas por todo el personal.<\/p><p style=\"text-align: justify\">De esa experiencia, surgieron varias <strong>infograf\u00edas<\/strong> en las que se pretende plasmar los pasos a realizar en la Orientaci\u00f3n para el empleo.<\/p><p style=\"text-align: justify\">As\u00ed, presentan los siguientes materiales:<\/p><p style=\"text-align: justify\">&#8211; <a href=\"https:\/\/ws168.juntadeandalucia.es\/iaap\/gestiondelconocimiento\/wp-content\/uploads\/sites\/10\/2024\/10\/Recursos-para-la-orientacion.pdf\" target=\"_blank\" rel=\"noopener\">Recursos para la orientaci\u00f3n para el empleo<\/a><\/p><p style=\"text-align: justify\">&#8211; <a href=\"https:\/\/ws168.juntadeandalucia.es\/iaap\/gestiondelconocimiento\/wp-content\/uploads\/sites\/10\/2024\/10\/Competencias-clave.pdf\" target=\"_blank\" rel=\"noopener\">Competencias clave<\/a><\/p><p style=\"text-align: justify\">&#8211; <a href=\"https:\/\/ws168.juntadeandalucia.es\/iaap\/gestiondelconocimiento\/wp-content\/uploads\/sites\/10\/2024\/10\/Entrevista-Inicial-para-la-orientacion.pdf\" target=\"_blank\" rel=\"noopener\">Estructura de la entrevista inicial al demandante de empleo<\/a><\/p><p style=\"text-align: justify\">&#8211; <a href=\"https:\/\/ws168.juntadeandalucia.es\/iaap\/gestiondelconocimiento\/wp-content\/uploads\/sites\/10\/2024\/10\/Acreditacion-de-Competencias.pdf\" target=\"_blank\" rel=\"noopener\">Pasos a seguir en la atenci\u00f3n al usuario sobre la Acreditaci\u00f3n de competencias<\/a><\/p>\t\t\t\t\t\t\t\t<\/div>\n\t\t\t\t<\/div>\n\t\t\t\t\t<\/div>\n\t\t<\/div>\n\t\t\t\t\t<\/div>\n\t\t<\/section>\n\t\t\t\t<section class=\"elementor-section elementor-top-section elementor-element elementor-element-1da47f0 elementor-section-boxed elementor-section-height-default elementor-section-height-default\" data-id=\"1da47f0\" data-element_type=\"section\" data-e-type=\"section\">\n\t\t\t\t\t\t<div class=\"elementor-container elementor-column-gap-default\">\n\t\t\t\t\t<div class=\"elementor-column elementor-col-100 elementor-top-column elementor-element elementor-element-8141f3d\" data-id=\"8141f3d\" data-element_type=\"column\" data-e-type=\"column\">\n\t\t\t<div class=\"elementor-widget-wrap elementor-element-populated\">\n\t\t\t\t\t\t<div class=\"elementor-element elementor-element-6c61b8b elementor-widget elementor-widget-text-editor\" data-id=\"6c61b8b\" data-element_type=\"widget\" data-e-type=\"widget\" data-widget_type=\"text-editor.default\">\n\t\t\t\t<div class=\"elementor-widget-container\">\n\t\t\t\t\t\t\t\t\t<p style=\"text-align: justify\">Puedes visualizar la presentaci\u00f3n del proyecto en las <strong>VII Jornadas de Gesti\u00f3n del Conocimiento<\/strong> en el siguiente v\u00eddeo:<\/p>\t\t\t\t\t\t\t\t<\/div>\n\t\t\t\t<\/div>\n\t\t\t\t\t<\/div>\n\t\t<\/div>\n\t\t\t\t\t<\/div>\n\t\t<\/section>\n\t\t\t\t<section class=\"elementor-section elementor-top-section elementor-element elementor-element-26ca169 elementor-section-boxed elementor-section-height-default elementor-section-height-default\" data-id=\"26ca169\" data-element_type=\"section\" data-e-type=\"section\">\n\t\t\t\t\t\t<div class=\"elementor-container elementor-column-gap-default\">\n\t\t\t\t\t<div class=\"elementor-column elementor-col-100 elementor-top-column elementor-element elementor-element-fa678fb\" data-id=\"fa678fb\" data-element_type=\"column\" data-e-type=\"column\">\n\t\t\t<div class=\"elementor-widget-wrap elementor-element-populated\">\n\t\t\t\t\t\t<div class=\"elementor-element elementor-element-f2050a5 elementor-widget elementor-widget-video\" data-id=\"f2050a5\" data-element_type=\"widget\" data-e-type=\"widget\" data-settings=\"{&quot;youtube_url&quot;:&quot;https:\\\/\\\/www.youtube.com\\\/watch?v=qar1nT4zOlQ&amp;list=PLj-bfbG2QZP7H5FksdjTs5z5V1FWXVnr1&amp;index=2&quot;,&quot;start&quot;:&quot;2311&quot;,&quot;end&quot;:&quot;3238&quot;,&quot;video_type&quot;:&quot;youtube&quot;,&quot;controls&quot;:&quot;yes&quot;}\" data-widget_type=\"video.default\">\n\t\t\t\t<div class=\"elementor-widget-container\">\n\t\t\t\t\t\t\t<div class=\"elementor-wrapper elementor-open-inline\">\n\t\t\t<div class=\"elementor-video\"><\/div>\t\t<\/div>\n\t\t\t\t\t\t<\/div>\n\t\t\t\t<\/div>\n\t\t\t\t\t<\/div>\n\t\t<\/div>\n\t\t\t\t\t<\/div>\n\t\t<\/section>\n\t\t\t\t<\/div>\n\t\t","protected":false},"excerpt":{"rendered":"<p>Una edici\u00f3n m\u00e1s, el proyecto de Elaboraci\u00f3n de mapas de conocimiento cr\u00edtico ha intentado localizar a las personas que poseen las capacidades y habilidades necesarias para hacer frente a una tarea concreta y poner en valor y a disposici\u00f3n de todo aquel que lo necesite su conocimiento. En 2024, el grupo de trabajo ha estado [&hellip;]<\/p>\n","protected":false},"author":1,"featured_media":0,"parent":6139,"menu_order":2,"comment_status":"closed","ping_status":"closed","template":"","meta":{"jetpack_post_was_ever_published":false,"footnotes":""},"class_list":["post-6153","page","type-page","status-publish","hentry"],"jetpack_sharing_enabled":true,"jetpack_shortlink":"https:\/\/wp.me\/P9W7Se-1Bf","jetpack-related-posts":[{"id":7178,"url":"https:\/\/ws168.juntadeandalucia.es\/iaap\/gestiondelconocimiento\/elaboracion-de-mapas-de-conocimiento-critico-2025\/","url_meta":{"origin":6153,"position":0},"title":"Elaboraci\u00f3n de mapas de conocimiento cr\u00edtico 2025","author":"administrador","date":"13 octubre, 2025","format":false,"excerpt":"Uno de los proyectos m\u00e1s veteranos del Programa Embajadores\/as del Conocimiento ha conseguido renovarse en esta edici\u00f3n gracias al trabajo de estos seis participantes. Una vez realizado el curso impartido por Javier Mart\u00ednez Aldanondo, \"Dise\u00f1o de mapas de conocimiento cr\u00edtico\", y recopilados los mapas creados en esta edici\u00f3n, decidieron ahondar\u2026","rel":"","context":"Entrada similar","block_context":{"text":"Entrada similar","link":""},"img":{"alt_text":"","src":"https:\/\/i0.wp.com\/ws168.juntadeandalucia.es\/iaap\/gestiondelconocimiento\/wp-content\/uploads\/sites\/10\/2025\/10\/2025-Ficha-equipo-Mapas-1536x1086.jpg?resize=350%2C200&ssl=1","width":350,"height":200,"srcset":"https:\/\/i0.wp.com\/ws168.juntadeandalucia.es\/iaap\/gestiondelconocimiento\/wp-content\/uploads\/sites\/10\/2025\/10\/2025-Ficha-equipo-Mapas-1536x1086.jpg?resize=350%2C200&ssl=1 1x, https:\/\/i0.wp.com\/ws168.juntadeandalucia.es\/iaap\/gestiondelconocimiento\/wp-content\/uploads\/sites\/10\/2025\/10\/2025-Ficha-equipo-Mapas-1536x1086.jpg?resize=525%2C300&ssl=1 1.5x"},"classes":[]},{"id":5467,"url":"https:\/\/ws168.juntadeandalucia.es\/iaap\/gestiondelconocimiento\/edicion-2023\/elaboracion-de-mapas-de-conocimiento-critico-2023\/","url_meta":{"origin":6153,"position":1},"title":"Elaboraci\u00f3n de mapas de conocimiento cr\u00edtico 2023","author":"administrador","date":"11 diciembre, 2023","format":false,"excerpt":"El proyecto de Elaboraci\u00f3n de mapas del conocimiento cr\u00edtico es uno de los veteranos en el programa de Gesti\u00f3n del Conocimiento.Al comienzo de esta edici\u00f3n, te presentamos a los integrantes del grupo de trabajo que ha conseguido a\u00f1adir diez mapas nuevos al Atlas de Conocimiento Cr\u00edtico de la Junta de\u2026","rel":"","context":"Entrada similar","block_context":{"text":"Entrada similar","link":""},"img":{"alt_text":"Mapas de Conocimiento Cr\u00edtico","src":"https:\/\/i0.wp.com\/ws168.juntadeandalucia.es\/iaap\/gestiondelconocimiento\/wp-content\/uploads\/sites\/10\/2023\/03\/02_Grupo-Mapas-1-2048x1448.jpg?resize=350%2C200&ssl=1","width":350,"height":200,"srcset":"https:\/\/i0.wp.com\/ws168.juntadeandalucia.es\/iaap\/gestiondelconocimiento\/wp-content\/uploads\/sites\/10\/2023\/03\/02_Grupo-Mapas-1-2048x1448.jpg?resize=350%2C200&ssl=1 1x, https:\/\/i0.wp.com\/ws168.juntadeandalucia.es\/iaap\/gestiondelconocimiento\/wp-content\/uploads\/sites\/10\/2023\/03\/02_Grupo-Mapas-1-2048x1448.jpg?resize=525%2C300&ssl=1 1.5x"},"classes":[]},{"id":157,"url":"https:\/\/ws168.juntadeandalucia.es\/iaap\/gestiondelconocimiento\/proyectos\/","url_meta":{"origin":6153,"position":2},"title":"Ediciones","author":"","date":"21 mayo, 2018","format":false,"excerpt":"Gesti\u00f3n del Conocimiento s\u00ed, pero, \u00bfpara qu\u00e9?En 2017 se inicia la andadura en la disciplina de Gesti\u00f3n del Conocimiento en el IAAP, fijando un marco de referencia de base en el que se identificaron una serie de retos y problemas en la Junta de Andaluc\u00eda, que pod\u00edan ser atendidos con\u2026","rel":"","context":"Entrada similar","block_context":{"text":"Entrada similar","link":""},"img":{"alt_text":"","src":"https:\/\/i0.wp.com\/ws168.juntadeandalucia.es\/iaap\/gestiondelconocimiento\/wp-content\/uploads\/sites\/10\/2020\/02\/human-3131802_1280-300x208.jpg?resize=350%2C200&ssl=1","width":350,"height":200},"classes":[]},{"id":4473,"url":"https:\/\/ws168.juntadeandalucia.es\/iaap\/gestiondelconocimiento\/edicion-2022\/identificacion-del-conocimiento-critico-2022\/","url_meta":{"origin":6153,"position":3},"title":"Identificaci\u00f3n del Conocimiento Cr\u00edtico 2022","author":"pedroblanco","date":"23 febrero, 2023","format":false,"excerpt":"A lo largo de estos cuatro a\u00f1os del Grupo de Conocimiento Cr\u00edtico hemos recorrido un camino que empez\u00f3 en 2019.A\u00f1o 2019 - 2020.- APRENDER - APRENDIENDOTodo era nuevo y nos toco determinar qu\u00e9 era el conocimiento cr\u00edtico y por qu\u00e9 era importante conservarlo: \u201ctodo aquello que sabemos hacer, producto de\u2026","rel":"","context":"Entrada similar","block_context":{"text":"Entrada similar","link":""},"img":{"alt_text":"","src":"","width":0,"height":0},"classes":[]},{"id":418,"url":"https:\/\/ws168.juntadeandalucia.es\/iaap\/gestiondelconocimiento\/embajadores-del-conocimiento\/","url_meta":{"origin":6153,"position":4},"title":"Programa Embajadores\/as del Conocimiento","author":"","date":"16 junio, 2018","format":false,"excerpt":"Embajadores del Conocimiento es un programa que inici\u00f3 su andadura en mayo de 2017 y del que forman parte un grupo de empleadas y empleados p\u00fablicos con clara vocaci\u00f3n de servicio p\u00fablico. Este naci\u00f3 con la idea de establecer una red de personas que colaborar\u00e1n, de manera totalmente desinteresada, con\u2026","rel":"","context":"Entrada similar","block_context":{"text":"Entrada similar","link":""},"img":{"alt_text":"","src":"https:\/\/i0.wp.com\/ws168.juntadeandalucia.es\/iaap\/gestiondelconocimiento\/wp-content\/uploads\/sites\/10\/2020\/01\/Embajadores-del-Conocimiento.-IAAP.-Junta-de-Andaluc%C3%ADa.jpg?resize=350%2C200&ssl=1","width":350,"height":200,"srcset":"https:\/\/i0.wp.com\/ws168.juntadeandalucia.es\/iaap\/gestiondelconocimiento\/wp-content\/uploads\/sites\/10\/2020\/01\/Embajadores-del-Conocimiento.-IAAP.-Junta-de-Andaluc%C3%ADa.jpg?resize=350%2C200&ssl=1 1x, https:\/\/i0.wp.com\/ws168.juntadeandalucia.es\/iaap\/gestiondelconocimiento\/wp-content\/uploads\/sites\/10\/2020\/01\/Embajadores-del-Conocimiento.-IAAP.-Junta-de-Andaluc%C3%ADa.jpg?resize=525%2C300&ssl=1 1.5x, https:\/\/i0.wp.com\/ws168.juntadeandalucia.es\/iaap\/gestiondelconocimiento\/wp-content\/uploads\/sites\/10\/2020\/01\/Embajadores-del-Conocimiento.-IAAP.-Junta-de-Andaluc%C3%ADa.jpg?resize=700%2C400&ssl=1 2x, https:\/\/i0.wp.com\/ws168.juntadeandalucia.es\/iaap\/gestiondelconocimiento\/wp-content\/uploads\/sites\/10\/2020\/01\/Embajadores-del-Conocimiento.-IAAP.-Junta-de-Andaluc%C3%ADa.jpg?resize=1050%2C600&ssl=1 3x, https:\/\/i0.wp.com\/ws168.juntadeandalucia.es\/iaap\/gestiondelconocimiento\/wp-content\/uploads\/sites\/10\/2020\/01\/Embajadores-del-Conocimiento.-IAAP.-Junta-de-Andaluc%C3%ADa.jpg?resize=1400%2C800&ssl=1 4x"},"classes":[]},{"id":2053,"url":"https:\/\/ws168.juntadeandalucia.es\/iaap\/gestiondelconocimiento\/proyectos\/edicion-2019-2020-edicion-2019-2020\/gc06-identificacion-del-conocimiento-critico\/","url_meta":{"origin":6153,"position":5},"title":"GC06 &#8211; Identificaci\u00f3n del Conocimiento Cr\u00edtico (2019-20)","author":"beatrizsanchezgomez","date":"23 febrero, 2020","format":false,"excerpt":"DESCRIPCI\u00d3NSe trata de identificar el conocimiento cr\u00edtico existente en la Junta de Andaluc\u00eda, dando respuesta a las preguntas:\u2022 \u00bfQu\u00e9 es lo que sabe la organizaci\u00f3n?\u2022 \u00bfDe eso qu\u00e9 es lo m\u00e1s importante?\u2022 \u00bfQui\u00e9n lo sabe?\u2022 \u00bfC\u00f3mo utilizamos lo que sabemos?OBJETIVOSElaborar un inventario categorizado del conocimiento existente en la Junta de\u2026","rel":"","context":"Entrada similar","block_context":{"text":"Entrada similar","link":""},"img":{"alt_text":"","src":"https:\/\/i0.wp.com\/ws168.juntadeandalucia.es\/iaap\/gestiondelconocimiento\/wp-content\/uploads\/sites\/10\/2019\/03\/screen2.png?resize=350%2C200&ssl=1","width":350,"height":200},"classes":[]}],"jetpack_likes_enabled":true,"_links":{"self":[{"href":"https:\/\/ws168.juntadeandalucia.es\/iaap\/gestiondelconocimiento\/wp-json\/wp\/v2\/pages\/6153","targetHints":{"allow":["GET"]}}],"collection":[{"href":"https:\/\/ws168.juntadeandalucia.es\/iaap\/gestiondelconocimiento\/wp-json\/wp\/v2\/pages"}],"about":[{"href":"https:\/\/ws168.juntadeandalucia.es\/iaap\/gestiondelconocimiento\/wp-json\/wp\/v2\/types\/page"}],"author":[{"embeddable":true,"href":"https:\/\/ws168.juntadeandalucia.es\/iaap\/gestiondelconocimiento\/wp-json\/wp\/v2\/users\/1"}],"replies":[{"embeddable":true,"href":"https:\/\/ws168.juntadeandalucia.es\/iaap\/gestiondelconocimiento\/wp-json\/wp\/v2\/comments?post=6153"}],"version-history":[{"count":22,"href":"https:\/\/ws168.juntadeandalucia.es\/iaap\/gestiondelconocimiento\/wp-json\/wp\/v2\/pages\/6153\/revisions"}],"predecessor-version":[{"id":6519,"href":"https:\/\/ws168.juntadeandalucia.es\/iaap\/gestiondelconocimiento\/wp-json\/wp\/v2\/pages\/6153\/revisions\/6519"}],"up":[{"embeddable":true,"href":"https:\/\/ws168.juntadeandalucia.es\/iaap\/gestiondelconocimiento\/wp-json\/wp\/v2\/pages\/6139"}],"wp:attachment":[{"href":"https:\/\/ws168.juntadeandalucia.es\/iaap\/gestiondelconocimiento\/wp-json\/wp\/v2\/media?parent=6153"}],"curies":[{"name":"wp","href":"https:\/\/api.w.org\/{rel}","templated":true}]}}