{"id":6178,"date":"2024-10-17T16:56:19","date_gmt":"2024-10-17T15:56:19","guid":{"rendered":"https:\/\/ws168.juntadeandalucia.es\/iaap\/gestiondelconocimiento\/?page_id=6178"},"modified":"2024-10-24T19:48:23","modified_gmt":"2024-10-24T18:48:23","slug":"comunicacion-y-difusion-de-la-gestion-del-conocimiento-2024","status":"publish","type":"page","link":"https:\/\/ws168.juntadeandalucia.es\/iaap\/gestiondelconocimiento\/edicion-2024\/comunicacion-y-difusion-de-la-gestion-del-conocimiento-2024\/","title":{"rendered":"Comunicaci\u00f3n y difusi\u00f3n de la Gesti\u00f3n del Conocimiento 2024"},"content":{"rendered":"\t\t<div data-elementor-type=\"wp-page\" data-elementor-id=\"6178\" class=\"elementor elementor-6178\">\n\t\t\t\t\t\t<section class=\"elementor-section elementor-top-section elementor-element elementor-element-1563b95 elementor-section-boxed elementor-section-height-default elementor-section-height-default\" data-id=\"1563b95\" data-element_type=\"section\" data-e-type=\"section\">\n\t\t\t\t\t\t<div class=\"elementor-container elementor-column-gap-default\">\n\t\t\t\t\t<div class=\"elementor-column elementor-col-100 elementor-top-column elementor-element elementor-element-7cf01ed\" data-id=\"7cf01ed\" data-element_type=\"column\" data-e-type=\"column\">\n\t\t\t<div class=\"elementor-widget-wrap elementor-element-populated\">\n\t\t\t\t\t\t<div class=\"elementor-element elementor-element-de8175b elementor-widget elementor-widget-text-editor\" data-id=\"de8175b\" data-element_type=\"widget\" data-e-type=\"widget\" data-widget_type=\"text-editor.default\">\n\t\t\t\t<div class=\"elementor-widget-container\">\n\t\t\t\t\t\t\t\t\t<p style=\"text-align: justify\">Bajo el lema de \u00abLo que no se comunica, no existe\u00bb, una edici\u00f3n m\u00e1s el proyecto de Comunicaci\u00f3n y Difusi\u00f3n de la Gesti\u00f3n del Conocimiento ha tenido como objetivo principal divulgar todos los proyectos que se han estado llevando a cabo en esta <strong>VII edici\u00f3n del Programa Embajadores\/as del Conocimiento<\/strong>.<\/p><p style=\"text-align: justify\">Cinco participantes han unido sus habilidades, creatividad y experiencia en el mundo de la comunicaci\u00f3n para poder cumplir este objetivo.<\/p>\t\t\t\t\t\t\t\t<\/div>\n\t\t\t\t<\/div>\n\t\t\t\t\t<\/div>\n\t\t<\/div>\n\t\t\t\t\t<\/div>\n\t\t<\/section>\n\t\t\t\t<section class=\"elementor-section elementor-top-section elementor-element elementor-element-206b7f0 elementor-section-boxed elementor-section-height-default elementor-section-height-default\" data-id=\"206b7f0\" data-element_type=\"section\" data-e-type=\"section\">\n\t\t\t\t\t\t<div class=\"elementor-container elementor-column-gap-default\">\n\t\t\t\t\t<div class=\"elementor-column elementor-col-100 elementor-top-column elementor-element elementor-element-2ccdc80\" data-id=\"2ccdc80\" data-element_type=\"column\" data-e-type=\"column\">\n\t\t\t<div class=\"elementor-widget-wrap elementor-element-populated\">\n\t\t\t\t\t\t<div class=\"elementor-element elementor-element-77b401d elementor-widget elementor-widget-image\" data-id=\"77b401d\" data-element_type=\"widget\" data-e-type=\"widget\" data-widget_type=\"image.default\">\n\t\t\t\t<div class=\"elementor-widget-container\">\n\t\t\t\t\t\t\t\t\t\t\t\t\t\t\t<img fetchpriority=\"high\" decoding=\"async\" data-attachment-id=\"6465\" data-permalink=\"https:\/\/ws168.juntadeandalucia.es\/iaap\/gestiondelconocimiento\/edicion-2024\/comunicacion-y-difusion-de-la-gestion-del-conocimiento-2024\/ficha-equipo-comunicacion-y-difusion-de-la-gesttion-del-conocimiento-2024\/\" data-orig-file=\"https:\/\/ws168.juntadeandalucia.es\/iaap\/gestiondelconocimiento\/wp-content\/uploads\/sites\/10\/2024\/10\/Ficha-equipo-Comunicacion-y-difusion-de-la-gesttion-del-conocimiento-2024.jpg\" data-orig-size=\"2245,1587\" data-comments-opened=\"0\" data-image-meta=\"{&quot;aperture&quot;:&quot;0&quot;,&quot;credit&quot;:&quot;&quot;,&quot;camera&quot;:&quot;&quot;,&quot;caption&quot;:&quot;&quot;,&quot;created_timestamp&quot;:&quot;0&quot;,&quot;copyright&quot;:&quot;&quot;,&quot;focal_length&quot;:&quot;0&quot;,&quot;iso&quot;:&quot;0&quot;,&quot;shutter_speed&quot;:&quot;0&quot;,&quot;title&quot;:&quot;&quot;,&quot;orientation&quot;:&quot;1&quot;}\" data-image-title=\"Ficha equipo Comunicaci\u00f3n y difusi\u00f3n de la gestti\u00f3n del conocimiento 2024\" data-image-description=\"\" data-image-caption=\"\" data-large-file=\"https:\/\/ws168.juntadeandalucia.es\/iaap\/gestiondelconocimiento\/wp-content\/uploads\/sites\/10\/2024\/10\/Ficha-equipo-Comunicacion-y-difusion-de-la-gesttion-del-conocimiento-2024-1024x724.jpg\" width=\"1536\" height=\"1086\" src=\"https:\/\/ws168.juntadeandalucia.es\/iaap\/gestiondelconocimiento\/wp-content\/uploads\/sites\/10\/2024\/10\/Ficha-equipo-Comunicacion-y-difusion-de-la-gesttion-del-conocimiento-2024-1536x1086.jpg\" class=\"attachment-1536x1536 size-1536x1536 wp-image-6465\" alt=\"\" srcset=\"https:\/\/ws168.juntadeandalucia.es\/iaap\/gestiondelconocimiento\/wp-content\/uploads\/sites\/10\/2024\/10\/Ficha-equipo-Comunicacion-y-difusion-de-la-gesttion-del-conocimiento-2024-1536x1086.jpg 1536w, https:\/\/ws168.juntadeandalucia.es\/iaap\/gestiondelconocimiento\/wp-content\/uploads\/sites\/10\/2024\/10\/Ficha-equipo-Comunicacion-y-difusion-de-la-gesttion-del-conocimiento-2024-300x212.jpg 300w, https:\/\/ws168.juntadeandalucia.es\/iaap\/gestiondelconocimiento\/wp-content\/uploads\/sites\/10\/2024\/10\/Ficha-equipo-Comunicacion-y-difusion-de-la-gesttion-del-conocimiento-2024-1024x724.jpg 1024w, https:\/\/ws168.juntadeandalucia.es\/iaap\/gestiondelconocimiento\/wp-content\/uploads\/sites\/10\/2024\/10\/Ficha-equipo-Comunicacion-y-difusion-de-la-gesttion-del-conocimiento-2024-768x543.jpg 768w, https:\/\/ws168.juntadeandalucia.es\/iaap\/gestiondelconocimiento\/wp-content\/uploads\/sites\/10\/2024\/10\/Ficha-equipo-Comunicacion-y-difusion-de-la-gesttion-del-conocimiento-2024-2048x1448.jpg 2048w\" sizes=\"(max-width: 1536px) 100vw, 1536px\" data-attachment-id=\"6465\" data-permalink=\"https:\/\/ws168.juntadeandalucia.es\/iaap\/gestiondelconocimiento\/edicion-2024\/comunicacion-y-difusion-de-la-gestion-del-conocimiento-2024\/ficha-equipo-comunicacion-y-difusion-de-la-gesttion-del-conocimiento-2024\/\" data-orig-file=\"https:\/\/ws168.juntadeandalucia.es\/iaap\/gestiondelconocimiento\/wp-content\/uploads\/sites\/10\/2024\/10\/Ficha-equipo-Comunicacion-y-difusion-de-la-gesttion-del-conocimiento-2024.jpg\" data-orig-size=\"2245,1587\" data-comments-opened=\"0\" data-image-meta=\"{&quot;aperture&quot;:&quot;0&quot;,&quot;credit&quot;:&quot;&quot;,&quot;camera&quot;:&quot;&quot;,&quot;caption&quot;:&quot;&quot;,&quot;created_timestamp&quot;:&quot;0&quot;,&quot;copyright&quot;:&quot;&quot;,&quot;focal_length&quot;:&quot;0&quot;,&quot;iso&quot;:&quot;0&quot;,&quot;shutter_speed&quot;:&quot;0&quot;,&quot;title&quot;:&quot;&quot;,&quot;orientation&quot;:&quot;1&quot;}\" data-image-title=\"Ficha equipo Comunicaci\u00f3n y difusi\u00f3n de la gestti\u00f3n del conocimiento 2024\" data-image-description=\"\" data-image-caption=\"\" data-large-file=\"https:\/\/ws168.juntadeandalucia.es\/iaap\/gestiondelconocimiento\/wp-content\/uploads\/sites\/10\/2024\/10\/Ficha-equipo-Comunicacion-y-difusion-de-la-gesttion-del-conocimiento-2024-1024x724.jpg\" \/>\t\t\t\t\t\t\t\t\t\t\t\t\t\t\t<\/div>\n\t\t\t\t<\/div>\n\t\t\t\t\t<\/div>\n\t\t<\/div>\n\t\t\t\t\t<\/div>\n\t\t<\/section>\n\t\t\t\t<section class=\"elementor-section elementor-top-section elementor-element elementor-element-09c3912 elementor-section-boxed elementor-section-height-default elementor-section-height-default\" data-id=\"09c3912\" data-element_type=\"section\" data-e-type=\"section\">\n\t\t\t\t\t\t<div class=\"elementor-container elementor-column-gap-default\">\n\t\t\t\t\t<div class=\"elementor-column elementor-col-100 elementor-top-column elementor-element elementor-element-00b063b\" data-id=\"00b063b\" data-element_type=\"column\" data-e-type=\"column\">\n\t\t\t<div class=\"elementor-widget-wrap elementor-element-populated\">\n\t\t\t\t\t\t<div class=\"elementor-element elementor-element-57c12a9 elementor-widget elementor-widget-text-editor\" data-id=\"57c12a9\" data-element_type=\"widget\" data-e-type=\"widget\" data-widget_type=\"text-editor.default\">\n\t\t\t\t<div class=\"elementor-widget-container\">\n\t\t\t\t\t\t\t\t\t<section class=\"elementor-section elementor-top-section elementor-element elementor-element-7bf25b7 elementor-section-boxed elementor-section-height-default elementor-section-height-default\" data-id=\"7bf25b7\" data-element_type=\"section\"><div class=\"elementor-container elementor-column-gap-default\"><div class=\"elementor-column elementor-col-100 elementor-top-column elementor-element elementor-element-a11653e\" data-id=\"a11653e\" data-element_type=\"column\"><div class=\"elementor-widget-wrap elementor-element-populated\"><div class=\"elementor-element elementor-element-17dc161 elementor-widget elementor-widget-text-editor\" data-id=\"17dc161\" data-element_type=\"widget\" data-widget_type=\"text-editor.default\"><div class=\"elementor-widget-container\"><section class=\"elementor-section elementor-top-section elementor-element elementor-element-262f32f elementor-section-boxed elementor-section-height-default elementor-section-height-default\" data-id=\"262f32f\" data-element_type=\"section\"><div class=\"elementor-container elementor-column-gap-default\"><div class=\"elementor-column elementor-col-100 elementor-top-column elementor-element elementor-element-19c5037\" data-id=\"19c5037\" data-element_type=\"column\"><div class=\"elementor-widget-wrap elementor-element-populated\"><div class=\"elementor-element elementor-element-1484ce3 elementor-widget elementor-widget-text-editor\" data-id=\"1484ce3\" data-element_type=\"widget\" data-widget_type=\"text-editor.default\"><div class=\"elementor-widget-container\"><p style=\"text-align: justify\"><span style=\"font-size: 8pt\">*** Los puestos de trabajo indicados en la ficha corresponden a los que se ocupaban al inicio de la VII edici\u00f3n de Embajadores\/as del Conocimiento<\/span><\/p><\/div><\/div><\/div><\/div><\/div><\/section><\/div><\/div><\/div><\/div><\/div><\/section>\t\t\t\t\t\t\t\t<\/div>\n\t\t\t\t<\/div>\n\t\t\t\t\t<\/div>\n\t\t<\/div>\n\t\t\t\t\t<\/div>\n\t\t<\/section>\n\t\t\t\t<section class=\"elementor-section elementor-top-section elementor-element elementor-element-2211e02 elementor-section-boxed elementor-section-height-default elementor-section-height-default\" data-id=\"2211e02\" data-element_type=\"section\" data-e-type=\"section\">\n\t\t\t\t\t\t<div class=\"elementor-container elementor-column-gap-default\">\n\t\t\t\t\t<div class=\"elementor-column elementor-col-100 elementor-top-column elementor-element elementor-element-2b5c6a4\" data-id=\"2b5c6a4\" data-element_type=\"column\" data-e-type=\"column\">\n\t\t\t<div class=\"elementor-widget-wrap elementor-element-populated\">\n\t\t\t\t\t\t<div class=\"elementor-element elementor-element-d8f2a88 elementor-widget elementor-widget-text-editor\" data-id=\"d8f2a88\" data-element_type=\"widget\" data-e-type=\"widget\" data-widget_type=\"text-editor.default\">\n\t\t\t\t<div class=\"elementor-widget-container\">\n\t\t\t\t\t\t\t\t\t<p style=\"text-align: justify\">Adem\u00e1s de mantener el <strong>blog<\/strong> y gestionar el <strong>perfil de X<\/strong> de <a href=\"https:\/\/x.com\/difusionKM\" target=\"_blank\" rel=\"noopener\">Embajadores\/as del Conocimiento<\/a> , en esta edici\u00f3n se ha querido llevar el programa a la red <strong>Linkedin<\/strong> desde los perfiles personales de los participantes, siempre bajo nuestras etiquetas de <strong>#Embajadores24<\/strong> y <strong>#Gesti\u00f3nDelConocimiento<\/strong>.<\/p><p style=\"text-align: justify\">Tambi\u00e9n se ha propuesto un <strong>Plan de Marketing<\/strong> al Instituto Andaluz de Administraci\u00f3n P\u00fablica para hacer llegar el programa a otros entes, cruciales tambi\u00e9n en la Gesti\u00f3n del Conocimiento.<\/p>\t\t\t\t\t\t\t\t<\/div>\n\t\t\t\t<\/div>\n\t\t\t\t\t<\/div>\n\t\t<\/div>\n\t\t\t\t\t<\/div>\n\t\t<\/section>\n\t\t\t\t<section class=\"elementor-section elementor-top-section elementor-element elementor-element-b484d8c elementor-section-boxed elementor-section-height-default elementor-section-height-default\" data-id=\"b484d8c\" data-element_type=\"section\" data-e-type=\"section\">\n\t\t\t\t\t\t<div class=\"elementor-container elementor-column-gap-default\">\n\t\t\t\t\t<div class=\"elementor-column elementor-col-100 elementor-top-column elementor-element elementor-element-8fd91ce\" data-id=\"8fd91ce\" data-element_type=\"column\" data-e-type=\"column\">\n\t\t\t<div class=\"elementor-widget-wrap elementor-element-populated\">\n\t\t\t\t\t\t<div class=\"elementor-element elementor-element-9613bc0 elementor-widget elementor-widget-video\" data-id=\"9613bc0\" data-element_type=\"widget\" data-e-type=\"widget\" data-settings=\"{&quot;video_type&quot;:&quot;hosted&quot;,&quot;controls&quot;:&quot;yes&quot;}\" data-widget_type=\"video.default\">\n\t\t\t\t<div class=\"elementor-widget-container\">\n\t\t\t\t\t\t\t<div class=\"e-hosted-video elementor-wrapper elementor-open-inline\">\n\t\t\t\t\t<video class=\"elementor-video\" src=\"https:\/\/ws168.juntadeandalucia.es\/iaap\/gestiondelconocimiento\/wp-content\/uploads\/sites\/10\/2024\/10\/PLAN-MARKETING-EMBAJADORES.mp4\" controls=\"\" preload=\"metadata\" controlsList=\"nodownload\" poster=\"https:\/\/ws168.juntadeandalucia.es\/iaap\/gestiondelconocimiento\/wp-content\/uploads\/sites\/10\/2024\/10\/1.jpg\"><\/video>\n\t\t\t\t<\/div>\n\t\t\t\t\t\t<\/div>\n\t\t\t\t<\/div>\n\t\t\t\t\t<\/div>\n\t\t<\/div>\n\t\t\t\t\t<\/div>\n\t\t<\/section>\n\t\t\t\t<section class=\"elementor-section elementor-top-section elementor-element elementor-element-e2ec047 elementor-section-boxed elementor-section-height-default elementor-section-height-default\" data-id=\"e2ec047\" data-element_type=\"section\" data-e-type=\"section\">\n\t\t\t\t\t\t<div class=\"elementor-container elementor-column-gap-default\">\n\t\t\t\t\t<div class=\"elementor-column elementor-col-100 elementor-top-column elementor-element elementor-element-84e9619\" data-id=\"84e9619\" data-element_type=\"column\" data-e-type=\"column\">\n\t\t\t<div class=\"elementor-widget-wrap elementor-element-populated\">\n\t\t\t\t\t\t<div class=\"elementor-element elementor-element-3f09529 elementor-widget elementor-widget-text-editor\" data-id=\"3f09529\" data-element_type=\"widget\" data-e-type=\"widget\" data-widget_type=\"text-editor.default\">\n\t\t\t\t<div class=\"elementor-widget-container\">\n\t\t\t\t\t\t\t\t\t<p>Como broche final, se han elaborado los siguientes materiales que servir\u00e1n de gu\u00eda para los integrantes de este proyecto en pr\u00f3ximas ediciones:<\/p><ul><li><a href=\"https:\/\/ws168.juntadeandalucia.es\/iaap\/gestiondelconocimiento\/wp-content\/uploads\/sites\/10\/2024\/10\/Dossieer-de-Prensa-Programa-Embajadores-del-Conocimiento.pdf\" target=\"_blank\" rel=\"noopener\">Dossier de Prensa<\/a><\/li><li>Benchmarking: Revisi\u00f3n bibliogr\u00e1fica y buenas pr\u00e1cticas en Gesti\u00f3n del Conocimiento.<\/li><\/ul>\t\t\t\t\t\t\t\t<\/div>\n\t\t\t\t<\/div>\n\t\t\t\t\t<\/div>\n\t\t<\/div>\n\t\t\t\t\t<\/div>\n\t\t<\/section>\n\t\t\t\t<section class=\"elementor-section elementor-top-section elementor-element elementor-element-2daed0a elementor-section-boxed elementor-section-height-default elementor-section-height-default\" data-id=\"2daed0a\" data-element_type=\"section\" data-e-type=\"section\">\n\t\t\t\t\t\t<div class=\"elementor-container elementor-column-gap-default\">\n\t\t\t\t\t<div class=\"elementor-column elementor-col-100 elementor-top-column elementor-element elementor-element-aaca4a5\" data-id=\"aaca4a5\" data-element_type=\"column\" data-e-type=\"column\">\n\t\t\t<div class=\"elementor-widget-wrap elementor-element-populated\">\n\t\t\t\t\t\t<div class=\"elementor-element elementor-element-49863a5 elementor-widget elementor-widget-text-editor\" data-id=\"49863a5\" data-element_type=\"widget\" data-e-type=\"widget\" data-widget_type=\"text-editor.default\">\n\t\t\t\t<div class=\"elementor-widget-container\">\n\t\t\t\t\t\t\t\t\t<section class=\"elementor-section elementor-top-section elementor-element elementor-element-70e74a1 elementor-section-boxed elementor-section-height-default elementor-section-height-default\" data-id=\"70e74a1\" data-element_type=\"section\"><div class=\"elementor-container elementor-column-gap-default\"><div class=\"elementor-column elementor-col-100 elementor-top-column elementor-element elementor-element-397fc31\" data-id=\"397fc31\" data-element_type=\"column\"><div class=\"elementor-widget-wrap elementor-element-populated\"><div class=\"elementor-element elementor-element-60d09ca elementor-widget elementor-widget-text-editor\" data-id=\"60d09ca\" data-element_type=\"widget\" data-widget_type=\"text-editor.default\"><div class=\"elementor-widget-container\"><p>Puedes visualizar la presentaci\u00f3n del proyecto en las\u00a0<strong>VII Jornadas de Gesti\u00f3n del Conocimiento<\/strong> en el siguiente v\u00eddeo:<\/p><\/div><\/div><\/div><\/div><\/div><\/section>\t\t\t\t\t\t\t\t<\/div>\n\t\t\t\t<\/div>\n\t\t\t\t\t<\/div>\n\t\t<\/div>\n\t\t\t\t\t<\/div>\n\t\t<\/section>\n\t\t\t\t<section class=\"elementor-section elementor-top-section elementor-element elementor-element-857dfbe elementor-section-boxed elementor-section-height-default elementor-section-height-default\" data-id=\"857dfbe\" data-element_type=\"section\" data-e-type=\"section\">\n\t\t\t\t\t\t<div class=\"elementor-container elementor-column-gap-default\">\n\t\t\t\t\t<div class=\"elementor-column elementor-col-100 elementor-top-column elementor-element elementor-element-6800f9a\" data-id=\"6800f9a\" data-element_type=\"column\" data-e-type=\"column\">\n\t\t\t<div class=\"elementor-widget-wrap elementor-element-populated\">\n\t\t\t\t\t\t<div class=\"elementor-element elementor-element-e76dcd5 elementor-widget elementor-widget-video\" data-id=\"e76dcd5\" data-element_type=\"widget\" data-e-type=\"widget\" data-settings=\"{&quot;youtube_url&quot;:&quot;https:\\\/\\\/www.youtube.com\\\/watch?v=7y8QpLSu5iQ&amp;list=PLj-bfbG2QZP7H5FksdjTs5z5V1FWXVnr1&amp;index=1&quot;,&quot;start&quot;:&quot;2020&quot;,&quot;end&quot;:&quot;2826&quot;,&quot;video_type&quot;:&quot;youtube&quot;,&quot;controls&quot;:&quot;yes&quot;}\" data-widget_type=\"video.default\">\n\t\t\t\t<div class=\"elementor-widget-container\">\n\t\t\t\t\t\t\t<div class=\"elementor-wrapper elementor-open-inline\">\n\t\t\t<div class=\"elementor-video\"><\/div>\t\t<\/div>\n\t\t\t\t\t\t<\/div>\n\t\t\t\t<\/div>\n\t\t\t\t\t<\/div>\n\t\t<\/div>\n\t\t\t\t\t<\/div>\n\t\t<\/section>\n\t\t\t\t<\/div>\n\t\t","protected":false},"excerpt":{"rendered":"<p>Bajo el lema de \u00abLo que no se comunica, no existe\u00bb, una edici\u00f3n m\u00e1s el proyecto de Comunicaci\u00f3n y Difusi\u00f3n de la Gesti\u00f3n del Conocimiento ha tenido como objetivo principal divulgar todos los proyectos que se han estado llevando a cabo en esta VII edici\u00f3n del Programa Embajadores\/as del Conocimiento. Cinco participantes han unido sus [&hellip;]<\/p>\n","protected":false},"author":1,"featured_media":0,"parent":6139,"menu_order":7,"comment_status":"closed","ping_status":"closed","template":"","meta":{"jetpack_post_was_ever_published":false,"footnotes":""},"class_list":["post-6178","page","type-page","status-publish","hentry"],"jetpack_sharing_enabled":true,"jetpack_shortlink":"https:\/\/wp.me\/P9W7Se-1BE","jetpack-related-posts":[{"id":7219,"url":"https:\/\/ws168.juntadeandalucia.es\/iaap\/gestiondelconocimiento\/comunicacion-y-difusion-de-la-gestion-del-conocimiento-2025\/","url_meta":{"origin":6178,"position":0},"title":"Comunicaci\u00f3n y difusi\u00f3n de la gesti\u00f3n del conocimiento 2025","author":"administrador","date":"14 octubre, 2025","format":false,"excerpt":"En la octava edici\u00f3n del Programa Embajadores\/as del Conocimiento, el grupo de Comunicaci\u00f3n y difusi\u00f3n se marc\u00f3 como objetivos principales elaborar materiales que aportasen en el desarrollo de la Gesti\u00f3n del Conocimiento en la Junta de Andaluc\u00eda y herramientas de difusi\u00f3n de f\u00e1cil transmisi\u00f3n y propagaci\u00f3n por multitud de medios\u2026","rel":"","context":"Entrada similar","block_context":{"text":"Entrada similar","link":""},"img":{"alt_text":"","src":"https:\/\/i0.wp.com\/ws168.juntadeandalucia.es\/iaap\/gestiondelconocimiento\/wp-content\/uploads\/sites\/10\/2025\/10\/2025-Ficha-equipo-Comunicacion-y-difusion-de-la-gestion-del-conocimiento-1536x1086.jpg?resize=350%2C200&ssl=1","width":350,"height":200,"srcset":"https:\/\/i0.wp.com\/ws168.juntadeandalucia.es\/iaap\/gestiondelconocimiento\/wp-content\/uploads\/sites\/10\/2025\/10\/2025-Ficha-equipo-Comunicacion-y-difusion-de-la-gestion-del-conocimiento-1536x1086.jpg?resize=350%2C200&ssl=1 1x, https:\/\/i0.wp.com\/ws168.juntadeandalucia.es\/iaap\/gestiondelconocimiento\/wp-content\/uploads\/sites\/10\/2025\/10\/2025-Ficha-equipo-Comunicacion-y-difusion-de-la-gestion-del-conocimiento-1536x1086.jpg?resize=525%2C300&ssl=1 1.5x"},"classes":[]},{"id":418,"url":"https:\/\/ws168.juntadeandalucia.es\/iaap\/gestiondelconocimiento\/embajadores-del-conocimiento\/","url_meta":{"origin":6178,"position":1},"title":"Programa Embajadores\/as del Conocimiento","author":"","date":"16 junio, 2018","format":false,"excerpt":"Embajadores del Conocimiento es un programa que inici\u00f3 su andadura en mayo de 2017 y del que forman parte un grupo de empleadas y empleados p\u00fablicos con clara vocaci\u00f3n de servicio p\u00fablico. Este naci\u00f3 con la idea de establecer una red de personas que colaborar\u00e1n, de manera totalmente desinteresada, con\u2026","rel":"","context":"Entrada similar","block_context":{"text":"Entrada similar","link":""},"img":{"alt_text":"","src":"https:\/\/i0.wp.com\/ws168.juntadeandalucia.es\/iaap\/gestiondelconocimiento\/wp-content\/uploads\/sites\/10\/2020\/01\/Embajadores-del-Conocimiento.-IAAP.-Junta-de-Andaluc%C3%ADa.jpg?resize=350%2C200&ssl=1","width":350,"height":200,"srcset":"https:\/\/i0.wp.com\/ws168.juntadeandalucia.es\/iaap\/gestiondelconocimiento\/wp-content\/uploads\/sites\/10\/2020\/01\/Embajadores-del-Conocimiento.-IAAP.-Junta-de-Andaluc%C3%ADa.jpg?resize=350%2C200&ssl=1 1x, https:\/\/i0.wp.com\/ws168.juntadeandalucia.es\/iaap\/gestiondelconocimiento\/wp-content\/uploads\/sites\/10\/2020\/01\/Embajadores-del-Conocimiento.-IAAP.-Junta-de-Andaluc%C3%ADa.jpg?resize=525%2C300&ssl=1 1.5x, https:\/\/i0.wp.com\/ws168.juntadeandalucia.es\/iaap\/gestiondelconocimiento\/wp-content\/uploads\/sites\/10\/2020\/01\/Embajadores-del-Conocimiento.-IAAP.-Junta-de-Andaluc%C3%ADa.jpg?resize=700%2C400&ssl=1 2x, https:\/\/i0.wp.com\/ws168.juntadeandalucia.es\/iaap\/gestiondelconocimiento\/wp-content\/uploads\/sites\/10\/2020\/01\/Embajadores-del-Conocimiento.-IAAP.-Junta-de-Andaluc%C3%ADa.jpg?resize=1050%2C600&ssl=1 3x, https:\/\/i0.wp.com\/ws168.juntadeandalucia.es\/iaap\/gestiondelconocimiento\/wp-content\/uploads\/sites\/10\/2020\/01\/Embajadores-del-Conocimiento.-IAAP.-Junta-de-Andaluc%C3%ADa.jpg?resize=1400%2C800&ssl=1 4x"},"classes":[]},{"id":5563,"url":"https:\/\/ws168.juntadeandalucia.es\/iaap\/gestiondelconocimiento\/edicion-2023\/comunicacion-y-difusion-de-la-gestion-del-conocimiento-2023\/","url_meta":{"origin":6178,"position":2},"title":"Comunicaci\u00f3n y difusi\u00f3n de la Gesti\u00f3n del Conocimiento 2023","author":"administrador","date":"11 diciembre, 2023","format":false,"excerpt":"Desde el comienzo de la VI edici\u00f3n del Programa Embajadores\/as del Conocimiento, se marco como objetivo principal hacer llegar el d\u00eda a d\u00eda del programa a todo aquel que estuviese interesado. Esa ha sido la misi\u00f3n del grupo de Comunicaci\u00f3n y difusi\u00f3n de la Gesti\u00f3n del Conocimiento. Lo primero que\u2026","rel":"","context":"Entrada similar","block_context":{"text":"Entrada similar","link":""},"img":{"alt_text":"Comunicaci\u00f3n y difusi\u00f3n","src":"https:\/\/i0.wp.com\/ws168.juntadeandalucia.es\/iaap\/gestiondelconocimiento\/wp-content\/uploads\/sites\/10\/2023\/03\/01_Grupo-Comunicacion_sin-datos-2048x1448.jpg?resize=350%2C200&ssl=1","width":350,"height":200,"srcset":"https:\/\/i0.wp.com\/ws168.juntadeandalucia.es\/iaap\/gestiondelconocimiento\/wp-content\/uploads\/sites\/10\/2023\/03\/01_Grupo-Comunicacion_sin-datos-2048x1448.jpg?resize=350%2C200&ssl=1 1x, https:\/\/i0.wp.com\/ws168.juntadeandalucia.es\/iaap\/gestiondelconocimiento\/wp-content\/uploads\/sites\/10\/2023\/03\/01_Grupo-Comunicacion_sin-datos-2048x1448.jpg?resize=525%2C300&ssl=1 1.5x"},"classes":[]},{"id":6139,"url":"https:\/\/ws168.juntadeandalucia.es\/iaap\/gestiondelconocimiento\/edicion-2024\/","url_meta":{"origin":6178,"position":3},"title":"EDICI\u00d3N 2024","author":"administrador","date":"8 octubre, 2024","format":false,"excerpt":"Estos son los proyectos que se han llevado a cabo en la VII edici\u00f3n del programa Embajadores\/as del Conocimiento:Revista Enred@2.0Elaboraci\u00f3n de Mapas de Conocimiento Cr\u00edticoEncuentros Intergeneracionales de la Junta de Andaluc\u00edaNexum, la Wiki del ConocimientoCroquetas de ConocimientoEncuentro Intergeneracional en el \u00e1rea de Subvenciones de la Junta de Andaluc\u00edaComunicaci\u00f3n y difusi\u00f3n\u2026","rel":"","context":"Entrada similar","block_context":{"text":"Entrada similar","link":""},"img":{"alt_text":"","src":"","width":0,"height":0},"classes":[]},{"id":4154,"url":"https:\/\/ws168.juntadeandalucia.es\/iaap\/gestiondelconocimiento\/edicion-2020-2021\/comunicacion-y-difusion-de-la-gestion-del-conocimiento\/","url_meta":{"origin":6178,"position":4},"title":"COMUNICACI\u00d3N Y DIFUSI\u00d3N DE LA GESTI\u00d3N DEL CONOCIMIENTO","author":"beatrizsanchezgomez","date":"7 diciembre, 2021","format":false,"excerpt":"LO QUE NO SE COMUNICA, NO EXISTE, Y LO QUE NO SE COMPARTE, SE PIERDEEste es el lema de este equipo. El proyecto de Comunicaci\u00f3n y Difusi\u00f3n de la Gesti\u00f3n del Conocimiento lleva ya dos a\u00f1os formando parte del programa Embajadores y Embajadoras del Conocimiento. En esta edici\u00f3n, sus integrantes,\u2026","rel":"","context":"Entrada similar","block_context":{"text":"Entrada similar","link":""},"img":{"alt_text":"","src":"https:\/\/i0.wp.com\/ws168.juntadeandalucia.es\/iaap\/gestiondelconocimiento\/wp-content\/uploads\/sites\/10\/2021\/12\/IMG_9154.jpg?resize=350%2C200&ssl=1","width":350,"height":200,"srcset":"https:\/\/i0.wp.com\/ws168.juntadeandalucia.es\/iaap\/gestiondelconocimiento\/wp-content\/uploads\/sites\/10\/2021\/12\/IMG_9154.jpg?resize=350%2C200&ssl=1 1x, https:\/\/i0.wp.com\/ws168.juntadeandalucia.es\/iaap\/gestiondelconocimiento\/wp-content\/uploads\/sites\/10\/2021\/12\/IMG_9154.jpg?resize=525%2C300&ssl=1 1.5x, https:\/\/i0.wp.com\/ws168.juntadeandalucia.es\/iaap\/gestiondelconocimiento\/wp-content\/uploads\/sites\/10\/2021\/12\/IMG_9154.jpg?resize=700%2C400&ssl=1 2x, https:\/\/i0.wp.com\/ws168.juntadeandalucia.es\/iaap\/gestiondelconocimiento\/wp-content\/uploads\/sites\/10\/2021\/12\/IMG_9154.jpg?resize=1050%2C600&ssl=1 3x, https:\/\/i0.wp.com\/ws168.juntadeandalucia.es\/iaap\/gestiondelconocimiento\/wp-content\/uploads\/sites\/10\/2021\/12\/IMG_9154.jpg?resize=1400%2C800&ssl=1 4x"},"classes":[]},{"id":3394,"url":"https:\/\/ws168.juntadeandalucia.es\/iaap\/gestiondelconocimiento\/edicion-2020-2021\/","url_meta":{"origin":6178,"position":5},"title":"\u2014 EDICI\u00d3N 2020- 2021","author":"","date":"9 marzo, 2021","format":false,"excerpt":"\u00bfDe verdad quieres saber qu\u00e9 se ha hecho en cada uno de los proyectos de esta edici\u00f3n?Los proyectos que se han llevado a cabo en esta IV edici\u00f3n del programa Embajadores\/as del Conocimiento han sido los siguientes. Has clic en cada uno de ellos y conocer\u00e1s en qu\u00e9 han consistido:Revista\u2026","rel":"","context":"Entrada similar","block_context":{"text":"Entrada similar","link":""},"img":{"alt_text":"","src":"","width":0,"height":0},"classes":[]}],"jetpack_likes_enabled":true,"_links":{"self":[{"href":"https:\/\/ws168.juntadeandalucia.es\/iaap\/gestiondelconocimiento\/wp-json\/wp\/v2\/pages\/6178","targetHints":{"allow":["GET"]}}],"collection":[{"href":"https:\/\/ws168.juntadeandalucia.es\/iaap\/gestiondelconocimiento\/wp-json\/wp\/v2\/pages"}],"about":[{"href":"https:\/\/ws168.juntadeandalucia.es\/iaap\/gestiondelconocimiento\/wp-json\/wp\/v2\/types\/page"}],"author":[{"embeddable":true,"href":"https:\/\/ws168.juntadeandalucia.es\/iaap\/gestiondelconocimiento\/wp-json\/wp\/v2\/users\/1"}],"replies":[{"embeddable":true,"href":"https:\/\/ws168.juntadeandalucia.es\/iaap\/gestiondelconocimiento\/wp-json\/wp\/v2\/comments?post=6178"}],"version-history":[{"count":46,"href":"https:\/\/ws168.juntadeandalucia.es\/iaap\/gestiondelconocimiento\/wp-json\/wp\/v2\/pages\/6178\/revisions"}],"predecessor-version":[{"id":6552,"href":"https:\/\/ws168.juntadeandalucia.es\/iaap\/gestiondelconocimiento\/wp-json\/wp\/v2\/pages\/6178\/revisions\/6552"}],"up":[{"embeddable":true,"href":"https:\/\/ws168.juntadeandalucia.es\/iaap\/gestiondelconocimiento\/wp-json\/wp\/v2\/pages\/6139"}],"wp:attachment":[{"href":"https:\/\/ws168.juntadeandalucia.es\/iaap\/gestiondelconocimiento\/wp-json\/wp\/v2\/media?parent=6178"}],"curies":[{"name":"wp","href":"https:\/\/api.w.org\/{rel}","templated":true}]}}