{"id":6912,"date":"2025-04-25T17:41:55","date_gmt":"2025-04-25T16:41:55","guid":{"rendered":"https:\/\/ws168.juntadeandalucia.es\/iaap\/gestiondelconocimiento\/?page_id=6912"},"modified":"2025-11-10T20:44:00","modified_gmt":"2025-11-10T19:44:00","slug":"edicion-2025","status":"publish","type":"page","link":"https:\/\/ws168.juntadeandalucia.es\/iaap\/gestiondelconocimiento\/edicion-2025\/","title":{"rendered":"EDICI\u00d3N 2025"},"content":{"rendered":"\t\t<div data-elementor-type=\"wp-page\" data-elementor-id=\"6912\" class=\"elementor elementor-6912\">\n\t\t\t\t\t\t<section class=\"elementor-section elementor-top-section elementor-element elementor-element-22b90ed elementor-section-boxed elementor-section-height-default elementor-section-height-default\" data-id=\"22b90ed\" data-element_type=\"section\" data-e-type=\"section\">\n\t\t\t\t\t\t<div class=\"elementor-container elementor-column-gap-default\">\n\t\t\t\t\t<div class=\"elementor-column elementor-col-100 elementor-top-column elementor-element elementor-element-47519ab\" data-id=\"47519ab\" data-element_type=\"column\" data-e-type=\"column\">\n\t\t\t<div class=\"elementor-widget-wrap elementor-element-populated\">\n\t\t\t\t\t\t<div class=\"elementor-element elementor-element-2017b2e elementor-widget elementor-widget-text-editor\" data-id=\"2017b2e\" data-element_type=\"widget\" data-e-type=\"widget\" data-widget_type=\"text-editor.default\">\n\t\t\t\t<div class=\"elementor-widget-container\">\n\t\t\t\t\t\t\t\t\t<p style=\"text-align: justify\">Durante la VIII edici\u00f3n del Programa Embajadores\/as del Conocimiento se han llevado a cabo los siguientes proyectos:&nbsp;<\/p>\t\t\t\t\t\t\t\t<\/div>\n\t\t\t\t<\/div>\n\t\t\t\t\t<\/div>\n\t\t<\/div>\n\t\t\t\t\t<\/div>\n\t\t<\/section>\n\t\t\t\t<section class=\"elementor-section elementor-top-section elementor-element elementor-element-2a6b8d4 elementor-section-boxed elementor-section-height-default elementor-section-height-default\" data-id=\"2a6b8d4\" data-element_type=\"section\" data-e-type=\"section\">\n\t\t\t\t\t\t<div class=\"elementor-container elementor-column-gap-default\">\n\t\t\t\t\t<div class=\"elementor-column elementor-col-100 elementor-top-column elementor-element elementor-element-53ae65a\" data-id=\"53ae65a\" data-element_type=\"column\" data-e-type=\"column\">\n\t\t\t<div class=\"elementor-widget-wrap elementor-element-populated\">\n\t\t\t\t\t\t<div class=\"elementor-element elementor-element-9971dbc elementor-widget elementor-widget-text-editor\" data-id=\"9971dbc\" data-element_type=\"widget\" data-e-type=\"widget\" data-widget_type=\"text-editor.default\">\n\t\t\t\t<div class=\"elementor-widget-container\">\n\t\t\t\t\t\t\t\t\t<ul style=\"list-style-type: circle\"><li style=\"text-align: justify\"><a href=\"https:\/\/ws168.juntadeandalucia.es\/iaap\/gestiondelconocimiento\/revista-enred2-0-2025\/\" target=\"_blank\" rel=\"noopener\">Revista Enred@2.0<\/a><\/li><li style=\"text-align: justify\"><a href=\"https:\/\/ws168.juntadeandalucia.es\/iaap\/gestiondelconocimiento\/elaboracion-de-mapas-de-conocimiento-critico-2025\/\" target=\"_blank\" rel=\"noopener\">Elaboraci\u00f3n de Mapas de Conocimiento Cr\u00edtico<\/a><\/li><li style=\"text-align: justify\"><a href=\"https:\/\/ws168.juntadeandalucia.es\/iaap\/gestiondelconocimiento\/encuentro-intergeneracional-en-el-area-de-contratacion-de-la-junta-de-andalucia\/\" target=\"_blank\" rel=\"noopener\">Encuentros Intergeneracionales de la Junta de Andaluc\u00eda en el \u00e1rea de Contrataci\u00f3n<\/a><\/li><li style=\"text-align: justify\"><a href=\"https:\/\/ws168.juntadeandalucia.es\/iaap\/gestiondelconocimiento\/croquetas-de-conocimiento-2025\/\" target=\"_blank\" rel=\"noopener\">Croquetas de Conocimiento<\/a><\/li><li style=\"text-align: justify\"><a href=\"https:\/\/ws168.juntadeandalucia.es\/iaap\/gestiondelconocimiento\/transfer-ia\/\" target=\"_blank\" rel=\"noopener\">TRANSFER-IA<\/a><\/li><li style=\"text-align: justify\"><a href=\"https:\/\/ws168.juntadeandalucia.es\/iaap\/gestiondelconocimiento\/comunicacion-y-difusion-de-la-gestion-del-conocimiento-2025\/\" target=\"_blank\" rel=\"noopener\">Comunicaci\u00f3n y difusi\u00f3n de la Gesti\u00f3n del Conocimiento<\/a><\/li><\/ul>\t\t\t\t\t\t\t\t<\/div>\n\t\t\t\t<\/div>\n\t\t\t\t\t<\/div>\n\t\t<\/div>\n\t\t\t\t\t<\/div>\n\t\t<\/section>\n\t\t\t\t<section class=\"elementor-section elementor-top-section elementor-element elementor-element-473e8d3 elementor-section-boxed elementor-section-height-default elementor-section-height-default\" data-id=\"473e8d3\" data-element_type=\"section\" data-e-type=\"section\">\n\t\t\t\t\t\t<div class=\"elementor-container elementor-column-gap-default\">\n\t\t\t\t\t<div class=\"elementor-column elementor-col-100 elementor-top-column elementor-element elementor-element-c86a35c\" data-id=\"c86a35c\" data-element_type=\"column\" data-e-type=\"column\">\n\t\t\t<div class=\"elementor-widget-wrap elementor-element-populated\">\n\t\t\t\t\t\t<div class=\"elementor-element elementor-element-87e37c9 elementor-widget elementor-widget-text-editor\" data-id=\"87e37c9\" data-element_type=\"widget\" data-e-type=\"widget\" data-widget_type=\"text-editor.default\">\n\t\t\t\t<div class=\"elementor-widget-container\">\n\t\t\t\t\t\t\t\t\t<p style=\"text-align: justify\">Puedes visualizar las presentaciones de cada proyecto en las\u00a0<strong>VIII Jornadas de Gesti\u00f3n del Conocimiento<\/strong>\u00a0en el canal de\u00a0<a href=\"https:\/\/www.youtube.com\/playlist?list=PLj-bfbG2QZP69b5qVit5VQCojViSXlv27\" target=\"_blank\" rel=\"noopener\">Youtube<\/a> del IAAP.<\/p>\t\t\t\t\t\t\t\t<\/div>\n\t\t\t\t<\/div>\n\t\t\t\t\t<\/div>\n\t\t<\/div>\n\t\t\t\t\t<\/div>\n\t\t<\/section>\n\t\t\t\t<section class=\"elementor-section elementor-top-section elementor-element elementor-element-7608010 elementor-section-boxed elementor-section-height-default elementor-section-height-default\" data-id=\"7608010\" data-element_type=\"section\" data-e-type=\"section\">\n\t\t\t\t\t\t<div class=\"elementor-container elementor-column-gap-default\">\n\t\t\t\t\t<div class=\"elementor-column elementor-col-100 elementor-top-column elementor-element elementor-element-a8bf175\" data-id=\"a8bf175\" data-element_type=\"column\" data-e-type=\"column\">\n\t\t\t<div class=\"elementor-widget-wrap elementor-element-populated\">\n\t\t\t\t\t\t<div class=\"elementor-element elementor-element-d25ab07 elementor-widget elementor-widget-video\" data-id=\"d25ab07\" data-element_type=\"widget\" data-e-type=\"widget\" data-settings=\"{&quot;youtube_url&quot;:&quot;https:\\\/\\\/www.youtube.com\\\/watch?v=Wr4uXenWVFs&amp;list=PLj-bfbG2QZP69b5qVit5VQCojViSXlv27&amp;index=1&quot;,&quot;video_type&quot;:&quot;youtube&quot;,&quot;controls&quot;:&quot;yes&quot;}\" data-widget_type=\"video.default\">\n\t\t\t\t<div class=\"elementor-widget-container\">\n\t\t\t\t\t\t\t<div class=\"elementor-wrapper elementor-open-inline\">\n\t\t\t<div class=\"elementor-video\"><\/div>\t\t<\/div>\n\t\t\t\t\t\t<\/div>\n\t\t\t\t<\/div>\n\t\t\t\t\t<\/div>\n\t\t<\/div>\n\t\t\t\t\t<\/div>\n\t\t<\/section>\n\t\t\t\t<\/div>\n\t\t","protected":false},"excerpt":{"rendered":"<p>Durante la VIII edici\u00f3n del Programa Embajadores\/as del Conocimiento se han llevado a cabo los siguientes proyectos:&nbsp; Revista Enred@2.0 Elaboraci\u00f3n de Mapas de Conocimiento Cr\u00edtico Encuentros Intergeneracionales de la Junta de Andaluc\u00eda en el \u00e1rea de Contrataci\u00f3n Croquetas de Conocimiento TRANSFER-IA Comunicaci\u00f3n y difusi\u00f3n de la Gesti\u00f3n del Conocimiento Puedes visualizar las presentaciones de cada [&hellip;]<\/p>\n","protected":false},"author":1,"featured_media":0,"parent":0,"menu_order":0,"comment_status":"closed","ping_status":"closed","template":"","meta":{"jetpack_post_was_ever_published":false,"footnotes":""},"class_list":["post-6912","page","type-page","status-publish","hentry"],"jetpack_sharing_enabled":true,"jetpack_shortlink":"https:\/\/wp.me\/P9W7Se-1Nu","jetpack-related-posts":[{"id":2053,"url":"https:\/\/ws168.juntadeandalucia.es\/iaap\/gestiondelconocimiento\/proyectos\/edicion-2019-2020-edicion-2019-2020\/gc06-identificacion-del-conocimiento-critico\/","url_meta":{"origin":6912,"position":0},"title":"GC06 &#8211; Identificaci\u00f3n del Conocimiento Cr\u00edtico (2019-20)","author":"beatrizsanchezgomez","date":"23 febrero, 2020","format":false,"excerpt":"DESCRIPCI\u00d3NSe trata de identificar el conocimiento cr\u00edtico existente en la Junta de Andaluc\u00eda, dando respuesta a las preguntas:\u2022 \u00bfQu\u00e9 es lo que sabe la organizaci\u00f3n?\u2022 \u00bfDe eso qu\u00e9 es lo m\u00e1s importante?\u2022 \u00bfQui\u00e9n lo sabe?\u2022 \u00bfC\u00f3mo utilizamos lo que sabemos?OBJETIVOSElaborar un inventario categorizado del conocimiento existente en la Junta de\u2026","rel":"","context":"Entrada similar","block_context":{"text":"Entrada similar","link":""},"img":{"alt_text":"","src":"https:\/\/i0.wp.com\/ws168.juntadeandalucia.es\/iaap\/gestiondelconocimiento\/wp-content\/uploads\/sites\/10\/2019\/03\/screen2.png?resize=350%2C200&ssl=1","width":350,"height":200},"classes":[]},{"id":6139,"url":"https:\/\/ws168.juntadeandalucia.es\/iaap\/gestiondelconocimiento\/edicion-2024\/","url_meta":{"origin":6912,"position":1},"title":"EDICI\u00d3N 2024","author":"administrador","date":"8 octubre, 2024","format":false,"excerpt":"Estos son los proyectos que se han llevado a cabo en la VII edici\u00f3n del programa Embajadores\/as del Conocimiento:Revista Enred@2.0Elaboraci\u00f3n de Mapas de Conocimiento Cr\u00edticoEncuentros Intergeneracionales de la Junta de Andaluc\u00edaNexum, la Wiki del ConocimientoCroquetas de ConocimientoEncuentro Intergeneracional en el \u00e1rea de Subvenciones de la Junta de Andaluc\u00edaComunicaci\u00f3n y difusi\u00f3n\u2026","rel":"","context":"Entrada similar","block_context":{"text":"Entrada similar","link":""},"img":{"alt_text":"","src":"","width":0,"height":0},"classes":[]},{"id":157,"url":"https:\/\/ws168.juntadeandalucia.es\/iaap\/gestiondelconocimiento\/proyectos\/","url_meta":{"origin":6912,"position":2},"title":"Ediciones","author":"","date":"21 mayo, 2018","format":false,"excerpt":"Gesti\u00f3n del Conocimiento s\u00ed, pero, \u00bfpara qu\u00e9?En 2017 se inicia la andadura en la disciplina de Gesti\u00f3n del Conocimiento en el IAAP, fijando un marco de referencia de base en el que se identificaron una serie de retos y problemas en la Junta de Andaluc\u00eda, que pod\u00edan ser atendidos con\u2026","rel":"","context":"Entrada similar","block_context":{"text":"Entrada similar","link":""},"img":{"alt_text":"","src":"https:\/\/i0.wp.com\/ws168.juntadeandalucia.es\/iaap\/gestiondelconocimiento\/wp-content\/uploads\/sites\/10\/2020\/02\/human-3131802_1280-300x208.jpg?resize=350%2C200&ssl=1","width":350,"height":200},"classes":[]},{"id":5427,"url":"https:\/\/ws168.juntadeandalucia.es\/iaap\/gestiondelconocimiento\/edicion-2023\/","url_meta":{"origin":6912,"position":3},"title":"EDICI\u00d3N 2023","author":"","date":"1 diciembre, 2023","format":false,"excerpt":"Estos son los proyectos que se han llevado a cabo en la VI edici\u00f3n del programa Embajadores\/as del Conocimiento:Revista digital Enred@2.0Elaboraci\u00f3n de Mapas de Conocimiento Cr\u00edticoEncuentros Intergeneracionales en la Junta de Andaluc\u00edaSeguimiento del relevo generacional en el colectivo de Agentes de Salud P\u00fablicaWiki del ConocimientoCroquetas de ConocimientoComunicaci\u00f3n y Difusi\u00f3n de\u2026","rel":"","context":"Entrada similar","block_context":{"text":"Entrada similar","link":""},"img":{"alt_text":"","src":"","width":0,"height":0},"classes":[]},{"id":418,"url":"https:\/\/ws168.juntadeandalucia.es\/iaap\/gestiondelconocimiento\/embajadores-del-conocimiento\/","url_meta":{"origin":6912,"position":4},"title":"Programa Embajadores\/as del Conocimiento","author":"","date":"16 junio, 2018","format":false,"excerpt":"Embajadores del Conocimiento es un programa que inici\u00f3 su andadura en mayo de 2017 y del que forman parte un grupo de empleadas y empleados p\u00fablicos con clara vocaci\u00f3n de servicio p\u00fablico. Este naci\u00f3 con la idea de establecer una red de personas que colaborar\u00e1n, de manera totalmente desinteresada, con\u2026","rel":"","context":"Entrada similar","block_context":{"text":"Entrada similar","link":""},"img":{"alt_text":"","src":"https:\/\/i0.wp.com\/ws168.juntadeandalucia.es\/iaap\/gestiondelconocimiento\/wp-content\/uploads\/sites\/10\/2020\/01\/Embajadores-del-Conocimiento.-IAAP.-Junta-de-Andaluc%C3%ADa.jpg?resize=350%2C200&ssl=1","width":350,"height":200,"srcset":"https:\/\/i0.wp.com\/ws168.juntadeandalucia.es\/iaap\/gestiondelconocimiento\/wp-content\/uploads\/sites\/10\/2020\/01\/Embajadores-del-Conocimiento.-IAAP.-Junta-de-Andaluc%C3%ADa.jpg?resize=350%2C200&ssl=1 1x, https:\/\/i0.wp.com\/ws168.juntadeandalucia.es\/iaap\/gestiondelconocimiento\/wp-content\/uploads\/sites\/10\/2020\/01\/Embajadores-del-Conocimiento.-IAAP.-Junta-de-Andaluc%C3%ADa.jpg?resize=525%2C300&ssl=1 1.5x, https:\/\/i0.wp.com\/ws168.juntadeandalucia.es\/iaap\/gestiondelconocimiento\/wp-content\/uploads\/sites\/10\/2020\/01\/Embajadores-del-Conocimiento.-IAAP.-Junta-de-Andaluc%C3%ADa.jpg?resize=700%2C400&ssl=1 2x, https:\/\/i0.wp.com\/ws168.juntadeandalucia.es\/iaap\/gestiondelconocimiento\/wp-content\/uploads\/sites\/10\/2020\/01\/Embajadores-del-Conocimiento.-IAAP.-Junta-de-Andaluc%C3%ADa.jpg?resize=1050%2C600&ssl=1 3x, https:\/\/i0.wp.com\/ws168.juntadeandalucia.es\/iaap\/gestiondelconocimiento\/wp-content\/uploads\/sites\/10\/2020\/01\/Embajadores-del-Conocimiento.-IAAP.-Junta-de-Andaluc%C3%ADa.jpg?resize=1400%2C800&ssl=1 4x"},"classes":[]},{"id":4389,"url":"https:\/\/ws168.juntadeandalucia.es\/iaap\/gestiondelconocimiento\/edicion-2022\/","url_meta":{"origin":6912,"position":5},"title":"EDICI\u00d3N 2022","author":"javierdominguez","date":"17 noviembre, 2022","format":false,"excerpt":"Estos son los proyectos que se han llevado a cabo en la V edici\u00f3n del programa Embajadores\/as del Conocimiento:Revista digital EnRed@2.0Identificaci\u00f3n del Conocimiento Cr\u00edticoImplantando la Cultura AudiovisualEncuentros IntergeneracionalesWiki del ConocimientoComunicaci\u00f3n y Difusi\u00f3n de la Gesti\u00f3n del ConocimientoTodos ellos se presentaron en las V Jornadas de Gesti\u00f3n del Conocimiento, celebradas a\u2026","rel":"","context":"Entrada similar","block_context":{"text":"Entrada similar","link":""},"img":{"alt_text":"","src":"","width":0,"height":0},"classes":[]}],"jetpack_likes_enabled":true,"_links":{"self":[{"href":"https:\/\/ws168.juntadeandalucia.es\/iaap\/gestiondelconocimiento\/wp-json\/wp\/v2\/pages\/6912","targetHints":{"allow":["GET"]}}],"collection":[{"href":"https:\/\/ws168.juntadeandalucia.es\/iaap\/gestiondelconocimiento\/wp-json\/wp\/v2\/pages"}],"about":[{"href":"https:\/\/ws168.juntadeandalucia.es\/iaap\/gestiondelconocimiento\/wp-json\/wp\/v2\/types\/page"}],"author":[{"embeddable":true,"href":"https:\/\/ws168.juntadeandalucia.es\/iaap\/gestiondelconocimiento\/wp-json\/wp\/v2\/users\/1"}],"replies":[{"embeddable":true,"href":"https:\/\/ws168.juntadeandalucia.es\/iaap\/gestiondelconocimiento\/wp-json\/wp\/v2\/comments?post=6912"}],"version-history":[{"count":34,"href":"https:\/\/ws168.juntadeandalucia.es\/iaap\/gestiondelconocimiento\/wp-json\/wp\/v2\/pages\/6912\/revisions"}],"predecessor-version":[{"id":7503,"href":"https:\/\/ws168.juntadeandalucia.es\/iaap\/gestiondelconocimiento\/wp-json\/wp\/v2\/pages\/6912\/revisions\/7503"}],"wp:attachment":[{"href":"https:\/\/ws168.juntadeandalucia.es\/iaap\/gestiondelconocimiento\/wp-json\/wp\/v2\/media?parent=6912"}],"curies":[{"name":"wp","href":"https:\/\/api.w.org\/{rel}","templated":true}]}}