{"id":7219,"date":"2025-10-14T11:49:13","date_gmt":"2025-10-14T10:49:13","guid":{"rendered":"https:\/\/ws168.juntadeandalucia.es\/iaap\/gestiondelconocimiento\/?page_id=7219"},"modified":"2025-11-10T20:56:01","modified_gmt":"2025-11-10T19:56:01","slug":"comunicacion-y-difusion-de-la-gestion-del-conocimiento-2025","status":"publish","type":"page","link":"https:\/\/ws168.juntadeandalucia.es\/iaap\/gestiondelconocimiento\/comunicacion-y-difusion-de-la-gestion-del-conocimiento-2025\/","title":{"rendered":"Comunicaci\u00f3n y difusi\u00f3n de la gesti\u00f3n del conocimiento 2025"},"content":{"rendered":"\t\t<div data-elementor-type=\"wp-page\" data-elementor-id=\"7219\" class=\"elementor elementor-7219\">\n\t\t\t\t\t\t<section class=\"elementor-section elementor-top-section elementor-element elementor-element-0acfd84 elementor-section-boxed elementor-section-height-default elementor-section-height-default\" data-id=\"0acfd84\" data-element_type=\"section\" data-e-type=\"section\">\n\t\t\t\t\t\t<div class=\"elementor-container elementor-column-gap-default\">\n\t\t\t\t\t<div class=\"elementor-column elementor-col-100 elementor-top-column elementor-element elementor-element-cefb4bf\" data-id=\"cefb4bf\" data-element_type=\"column\" data-e-type=\"column\">\n\t\t\t<div class=\"elementor-widget-wrap elementor-element-populated\">\n\t\t\t\t\t\t<div class=\"elementor-element elementor-element-fac9bf5 elementor-widget elementor-widget-text-editor\" data-id=\"fac9bf5\" data-element_type=\"widget\" data-e-type=\"widget\" data-widget_type=\"text-editor.default\">\n\t\t\t\t<div class=\"elementor-widget-container\">\n\t\t\t\t\t\t\t\t\t<p style=\"text-align: justify\">En la octava edici\u00f3n del Programa Embajadores\/as del Conocimiento, el grupo de Comunicaci\u00f3n y difusi\u00f3n se marc\u00f3 como objetivos principales elaborar materiales que aportasen en el desarrollo de la Gesti\u00f3n del Conocimiento en la Junta de Andaluc\u00eda y herramientas de difusi\u00f3n de f\u00e1cil transmisi\u00f3n y propagaci\u00f3n por multitud de medios de comunicaci\u00f3n.<\/p><p style=\"text-align: justify\">El grupo ha estado compuesto por cinco integrantes que han aunado creatividad y experiencia en el \u00e1mbito de la comunicaci\u00f3n.<\/p>\t\t\t\t\t\t\t\t<\/div>\n\t\t\t\t<\/div>\n\t\t\t\t\t<\/div>\n\t\t<\/div>\n\t\t\t\t\t<\/div>\n\t\t<\/section>\n\t\t\t\t<section class=\"elementor-section elementor-top-section elementor-element elementor-element-3391655 elementor-section-boxed elementor-section-height-default elementor-section-height-default\" data-id=\"3391655\" data-element_type=\"section\" data-e-type=\"section\">\n\t\t\t\t\t\t<div class=\"elementor-container elementor-column-gap-default\">\n\t\t\t\t\t<div class=\"elementor-column elementor-col-100 elementor-top-column elementor-element elementor-element-98190d9\" data-id=\"98190d9\" data-element_type=\"column\" data-e-type=\"column\">\n\t\t\t<div class=\"elementor-widget-wrap elementor-element-populated\">\n\t\t\t\t\t\t<div class=\"elementor-element elementor-element-e37472a elementor-widget elementor-widget-image\" data-id=\"e37472a\" data-element_type=\"widget\" data-e-type=\"widget\" data-widget_type=\"image.default\">\n\t\t\t\t<div class=\"elementor-widget-container\">\n\t\t\t\t\t\t\t\t\t\t\t\t\t\t\t<img fetchpriority=\"high\" decoding=\"async\" data-attachment-id=\"7222\" data-permalink=\"https:\/\/ws168.juntadeandalucia.es\/iaap\/gestiondelconocimiento\/comunicacion-y-difusion-de-la-gestion-del-conocimiento-2025\/2025-ficha-equipo-comunicacion-y-difusion-de-la-gestion-del-conocimiento\/\" data-orig-file=\"https:\/\/ws168.juntadeandalucia.es\/iaap\/gestiondelconocimiento\/wp-content\/uploads\/sites\/10\/2025\/10\/2025-Ficha-equipo-Comunicacion-y-difusion-de-la-gestion-del-conocimiento.jpg\" data-orig-size=\"2245,1587\" data-comments-opened=\"0\" data-image-meta=\"{&quot;aperture&quot;:&quot;0&quot;,&quot;credit&quot;:&quot;&quot;,&quot;camera&quot;:&quot;&quot;,&quot;caption&quot;:&quot;&quot;,&quot;created_timestamp&quot;:&quot;0&quot;,&quot;copyright&quot;:&quot;&quot;,&quot;focal_length&quot;:&quot;0&quot;,&quot;iso&quot;:&quot;0&quot;,&quot;shutter_speed&quot;:&quot;0&quot;,&quot;title&quot;:&quot;&quot;,&quot;orientation&quot;:&quot;1&quot;}\" data-image-title=\"2025 Ficha equipo Comunicaci\u00f3n y difusi\u00f3n de la gesti\u00f3n del conocimiento\" data-image-description=\"\" data-image-caption=\"\" data-large-file=\"https:\/\/ws168.juntadeandalucia.es\/iaap\/gestiondelconocimiento\/wp-content\/uploads\/sites\/10\/2025\/10\/2025-Ficha-equipo-Comunicacion-y-difusion-de-la-gestion-del-conocimiento-1024x724.jpg\" width=\"1536\" height=\"1086\" src=\"https:\/\/ws168.juntadeandalucia.es\/iaap\/gestiondelconocimiento\/wp-content\/uploads\/sites\/10\/2025\/10\/2025-Ficha-equipo-Comunicacion-y-difusion-de-la-gestion-del-conocimiento-1536x1086.jpg\" class=\"attachment-1536x1536 size-1536x1536 wp-image-7222\" alt=\"\" srcset=\"https:\/\/ws168.juntadeandalucia.es\/iaap\/gestiondelconocimiento\/wp-content\/uploads\/sites\/10\/2025\/10\/2025-Ficha-equipo-Comunicacion-y-difusion-de-la-gestion-del-conocimiento-1536x1086.jpg 1536w, https:\/\/ws168.juntadeandalucia.es\/iaap\/gestiondelconocimiento\/wp-content\/uploads\/sites\/10\/2025\/10\/2025-Ficha-equipo-Comunicacion-y-difusion-de-la-gestion-del-conocimiento-300x212.jpg 300w, https:\/\/ws168.juntadeandalucia.es\/iaap\/gestiondelconocimiento\/wp-content\/uploads\/sites\/10\/2025\/10\/2025-Ficha-equipo-Comunicacion-y-difusion-de-la-gestion-del-conocimiento-1024x724.jpg 1024w, https:\/\/ws168.juntadeandalucia.es\/iaap\/gestiondelconocimiento\/wp-content\/uploads\/sites\/10\/2025\/10\/2025-Ficha-equipo-Comunicacion-y-difusion-de-la-gestion-del-conocimiento-768x543.jpg 768w, https:\/\/ws168.juntadeandalucia.es\/iaap\/gestiondelconocimiento\/wp-content\/uploads\/sites\/10\/2025\/10\/2025-Ficha-equipo-Comunicacion-y-difusion-de-la-gestion-del-conocimiento-2048x1448.jpg 2048w, https:\/\/ws168.juntadeandalucia.es\/iaap\/gestiondelconocimiento\/wp-content\/uploads\/sites\/10\/2025\/10\/2025-Ficha-equipo-Comunicacion-y-difusion-de-la-gestion-del-conocimiento-1320x933.jpg 1320w\" sizes=\"(max-width: 1536px) 100vw, 1536px\" data-attachment-id=\"7222\" data-permalink=\"https:\/\/ws168.juntadeandalucia.es\/iaap\/gestiondelconocimiento\/comunicacion-y-difusion-de-la-gestion-del-conocimiento-2025\/2025-ficha-equipo-comunicacion-y-difusion-de-la-gestion-del-conocimiento\/\" data-orig-file=\"https:\/\/ws168.juntadeandalucia.es\/iaap\/gestiondelconocimiento\/wp-content\/uploads\/sites\/10\/2025\/10\/2025-Ficha-equipo-Comunicacion-y-difusion-de-la-gestion-del-conocimiento.jpg\" data-orig-size=\"2245,1587\" data-comments-opened=\"0\" data-image-meta=\"{&quot;aperture&quot;:&quot;0&quot;,&quot;credit&quot;:&quot;&quot;,&quot;camera&quot;:&quot;&quot;,&quot;caption&quot;:&quot;&quot;,&quot;created_timestamp&quot;:&quot;0&quot;,&quot;copyright&quot;:&quot;&quot;,&quot;focal_length&quot;:&quot;0&quot;,&quot;iso&quot;:&quot;0&quot;,&quot;shutter_speed&quot;:&quot;0&quot;,&quot;title&quot;:&quot;&quot;,&quot;orientation&quot;:&quot;1&quot;}\" data-image-title=\"2025 Ficha equipo Comunicaci\u00f3n y difusi\u00f3n de la gesti\u00f3n del conocimiento\" data-image-description=\"\" data-image-caption=\"\" data-large-file=\"https:\/\/ws168.juntadeandalucia.es\/iaap\/gestiondelconocimiento\/wp-content\/uploads\/sites\/10\/2025\/10\/2025-Ficha-equipo-Comunicacion-y-difusion-de-la-gestion-del-conocimiento-1024x724.jpg\" \/>\t\t\t\t\t\t\t\t\t\t\t\t\t\t\t<\/div>\n\t\t\t\t<\/div>\n\t\t\t\t\t<\/div>\n\t\t<\/div>\n\t\t\t\t\t<\/div>\n\t\t<\/section>\n\t\t\t\t<section class=\"elementor-section elementor-top-section elementor-element elementor-element-26bbc14 elementor-section-boxed elementor-section-height-default elementor-section-height-default\" data-id=\"26bbc14\" data-element_type=\"section\" data-e-type=\"section\">\n\t\t\t\t\t\t<div class=\"elementor-container elementor-column-gap-default\">\n\t\t\t\t\t<div class=\"elementor-column elementor-col-100 elementor-top-column elementor-element elementor-element-a04cb76\" data-id=\"a04cb76\" data-element_type=\"column\" data-e-type=\"column\">\n\t\t\t<div class=\"elementor-widget-wrap elementor-element-populated\">\n\t\t\t\t\t\t<div class=\"elementor-element elementor-element-6d92524 elementor-widget elementor-widget-text-editor\" data-id=\"6d92524\" data-element_type=\"widget\" data-e-type=\"widget\" data-widget_type=\"text-editor.default\">\n\t\t\t\t<div class=\"elementor-widget-container\">\n\t\t\t\t\t\t\t\t\t<p style=\"text-align: justify\">Aprovechando el trabajo que se comenz\u00f3 a realizar en la edici\u00f3n pasada, el grupo ha redactado el <a href=\"https:\/\/ws168.juntadeandalucia.es\/iaap\/gestiondelconocimiento\/wp-content\/uploads\/sites\/10\/2025\/05\/Informe-de-buenas-practicas-Gestion-Conocimiento.pdf\" target=\"_blank\" rel=\"noopener\">Informe de buenas pr\u00e1cticas en gesti\u00f3n del conocimiento<\/a>, aportando, adem\u00e1s sus investigaciones sobre qu\u00e9 se est\u00e1 haciendo a nivel nacional e internacional en torno a la gesti\u00f3n del conocimiento.<\/p><p style=\"text-align: justify\">En esta <a href=\"https:\/\/ws168.juntadeandalucia.es\/iaap\/gestiondelconocimiento\/tu-cerebro-en-la-administracion-publica-asi-gestionamos-el-conocimiento-para-no-perder-ni-una-idea-brillante\/\" target=\"_blank\" rel=\"noopener\">entrada<\/a> del blog te hicimos un peque\u00f1o resumen.<\/p>\t\t\t\t\t\t\t\t<\/div>\n\t\t\t\t<\/div>\n\t\t\t\t\t<\/div>\n\t\t<\/div>\n\t\t\t\t\t<\/div>\n\t\t<\/section>\n\t\t\t\t<section class=\"elementor-section elementor-top-section elementor-element elementor-element-9fe02c0 elementor-section-boxed elementor-section-height-default elementor-section-height-default\" data-id=\"9fe02c0\" data-element_type=\"section\" data-e-type=\"section\">\n\t\t\t\t\t\t<div class=\"elementor-container elementor-column-gap-default\">\n\t\t\t\t\t<div class=\"elementor-column elementor-col-100 elementor-top-column elementor-element elementor-element-3a0038a\" data-id=\"3a0038a\" data-element_type=\"column\" data-e-type=\"column\">\n\t\t\t<div class=\"elementor-widget-wrap elementor-element-populated\">\n\t\t\t\t\t\t<div class=\"elementor-element elementor-element-e79aa8f elementor-widget elementor-widget-text-editor\" data-id=\"e79aa8f\" data-element_type=\"widget\" data-e-type=\"widget\" data-widget_type=\"text-editor.default\">\n\t\t\t\t<div class=\"elementor-widget-container\">\n\t\t\t\t\t\t\t\t\t<p style=\"text-align: justify\">Paralelamente, durante toda la edici\u00f3n han estado enriqueciendo el <a href=\"https:\/\/ws168.juntadeandalucia.es\/iaap\/gestiondelconocimiento\/blog\/\" target=\"_blank\" rel=\"noopener\">blog<\/a> con entradas sobre los diferentes talleres que se han celebrado e informando sobre el desarrollo de los proyectos como Mapas de conocimiento cr\u00edtico, Revista, Encuentros intergeneracionales, etc.<\/p>\t\t\t\t\t\t\t\t<\/div>\n\t\t\t\t<\/div>\n\t\t\t\t\t<\/div>\n\t\t<\/div>\n\t\t\t\t\t<\/div>\n\t\t<\/section>\n\t\t\t\t<section class=\"elementor-section elementor-top-section elementor-element elementor-element-bb7961c elementor-section-boxed elementor-section-height-default elementor-section-height-default\" data-id=\"bb7961c\" data-element_type=\"section\" data-e-type=\"section\">\n\t\t\t\t\t\t<div class=\"elementor-container elementor-column-gap-default\">\n\t\t\t\t\t<div class=\"elementor-column elementor-col-33 elementor-top-column elementor-element elementor-element-e40a4ce\" data-id=\"e40a4ce\" data-element_type=\"column\" data-e-type=\"column\">\n\t\t\t<div class=\"elementor-widget-wrap elementor-element-populated\">\n\t\t\t\t\t\t<div class=\"elementor-element elementor-element-d0096a8 elementor-widget elementor-widget-image\" data-id=\"d0096a8\" data-element_type=\"widget\" data-e-type=\"widget\" data-widget_type=\"image.default\">\n\t\t\t\t<div class=\"elementor-widget-container\">\n\t\t\t\t\t\t\t\t\t\t\t\t\t\t\t<img decoding=\"async\" data-attachment-id=\"7416\" data-permalink=\"https:\/\/ws168.juntadeandalucia.es\/iaap\/gestiondelconocimiento\/comunicacion-y-difusion-de-la-gestion-del-conocimiento-2025\/maleta_marcapaginas\/\" data-orig-file=\"https:\/\/ws168.juntadeandalucia.es\/iaap\/gestiondelconocimiento\/wp-content\/uploads\/sites\/10\/2025\/10\/Maleta_marcapaginas.jpg\" data-orig-size=\"87,361\" data-comments-opened=\"0\" data-image-meta=\"{&quot;aperture&quot;:&quot;0&quot;,&quot;credit&quot;:&quot;&quot;,&quot;camera&quot;:&quot;&quot;,&quot;caption&quot;:&quot;&quot;,&quot;created_timestamp&quot;:&quot;0&quot;,&quot;copyright&quot;:&quot;&quot;,&quot;focal_length&quot;:&quot;0&quot;,&quot;iso&quot;:&quot;0&quot;,&quot;shutter_speed&quot;:&quot;0&quot;,&quot;title&quot;:&quot;&quot;,&quot;orientation&quot;:&quot;1&quot;}\" data-image-title=\"Maleta_marcap\u00e1ginas\" data-image-description=\"\" data-image-caption=\"\" data-large-file=\"https:\/\/ws168.juntadeandalucia.es\/iaap\/gestiondelconocimiento\/wp-content\/uploads\/sites\/10\/2025\/10\/Maleta_marcapaginas.jpg\" width=\"87\" height=\"361\" src=\"https:\/\/ws168.juntadeandalucia.es\/iaap\/gestiondelconocimiento\/wp-content\/uploads\/sites\/10\/2025\/10\/Maleta_marcapaginas.jpg\" class=\"attachment-2048x2048 size-2048x2048 wp-image-7416\" alt=\"\" srcset=\"https:\/\/ws168.juntadeandalucia.es\/iaap\/gestiondelconocimiento\/wp-content\/uploads\/sites\/10\/2025\/10\/Maleta_marcapaginas.jpg 87w, https:\/\/ws168.juntadeandalucia.es\/iaap\/gestiondelconocimiento\/wp-content\/uploads\/sites\/10\/2025\/10\/Maleta_marcapaginas-72x300.jpg 72w\" sizes=\"(max-width: 87px) 100vw, 87px\" data-attachment-id=\"7416\" data-permalink=\"https:\/\/ws168.juntadeandalucia.es\/iaap\/gestiondelconocimiento\/comunicacion-y-difusion-de-la-gestion-del-conocimiento-2025\/maleta_marcapaginas\/\" data-orig-file=\"https:\/\/ws168.juntadeandalucia.es\/iaap\/gestiondelconocimiento\/wp-content\/uploads\/sites\/10\/2025\/10\/Maleta_marcapaginas.jpg\" data-orig-size=\"87,361\" data-comments-opened=\"0\" data-image-meta=\"{&quot;aperture&quot;:&quot;0&quot;,&quot;credit&quot;:&quot;&quot;,&quot;camera&quot;:&quot;&quot;,&quot;caption&quot;:&quot;&quot;,&quot;created_timestamp&quot;:&quot;0&quot;,&quot;copyright&quot;:&quot;&quot;,&quot;focal_length&quot;:&quot;0&quot;,&quot;iso&quot;:&quot;0&quot;,&quot;shutter_speed&quot;:&quot;0&quot;,&quot;title&quot;:&quot;&quot;,&quot;orientation&quot;:&quot;1&quot;}\" data-image-title=\"Maleta_marcap\u00e1ginas\" data-image-description=\"\" data-image-caption=\"\" data-large-file=\"https:\/\/ws168.juntadeandalucia.es\/iaap\/gestiondelconocimiento\/wp-content\/uploads\/sites\/10\/2025\/10\/Maleta_marcapaginas.jpg\" \/>\t\t\t\t\t\t\t\t\t\t\t\t\t\t\t<\/div>\n\t\t\t\t<\/div>\n\t\t\t\t\t<\/div>\n\t\t<\/div>\n\t\t\t\t<div class=\"elementor-column elementor-col-66 elementor-top-column elementor-element elementor-element-0387e22\" data-id=\"0387e22\" data-element_type=\"column\" data-e-type=\"column\">\n\t\t\t<div class=\"elementor-widget-wrap elementor-element-populated\">\n\t\t\t\t\t\t<div class=\"elementor-element elementor-element-8c314de elementor-widget elementor-widget-text-editor\" data-id=\"8c314de\" data-element_type=\"widget\" data-e-type=\"widget\" data-widget_type=\"text-editor.default\">\n\t\t\t\t<div class=\"elementor-widget-container\">\n\t\t\t\t\t\t\t\t\t<p style=\"text-align: justify\">El objetivo m\u00e1s desafiante ha sido crear una <a href=\"https:\/\/view.genially.com\/6825e0dbf354e19027fda549\" target=\"_blank\" rel=\"noopener\"><em>maleta<\/em><\/a> donde se ha guardado toda la informaci\u00f3n referente al programa Embajadores\/as del Conocimiento y que puede viajar mediante correos electr\u00f3nicos, conversaciones de whatsapp, nuestro propio blog y estos maravillosos marcap\u00e1ginas que se han dise\u00f1ado.<\/p><p style=\"text-align: justify\">Revisando la maleta se resolver\u00e1n todas las dudas sobre todos los proyectos, ya que recoge todos sus puntos claves de una manera muy visual e interactiva.<\/p><p style=\"text-align: justify\">Al estar todo disponible desde un \u00fanico enlace se tiene acceso a toda la informaci\u00f3n en un solo clic.<\/p><p style=\"text-align: justify\">El grupo de Comunicaci\u00f3n y difusi\u00f3n de la gesti\u00f3n del conocimiento ha elaborado esta maleta con la intenci\u00f3n y el deseo de que viaje a cada rinc\u00f3n de la Junta de Andaluc\u00eda y m\u00e1s all\u00e1.<\/p>\t\t\t\t\t\t\t\t<\/div>\n\t\t\t\t<\/div>\n\t\t\t\t\t<\/div>\n\t\t<\/div>\n\t\t\t\t\t<\/div>\n\t\t<\/section>\n\t\t\t\t<section class=\"elementor-section elementor-top-section elementor-element elementor-element-11dfe4d elementor-section-boxed elementor-section-height-default elementor-section-height-default\" data-id=\"11dfe4d\" data-element_type=\"section\" data-e-type=\"section\">\n\t\t\t\t\t\t<div class=\"elementor-container elementor-column-gap-default\">\n\t\t\t\t\t<div class=\"elementor-column elementor-col-100 elementor-top-column elementor-element elementor-element-4e9fd47\" data-id=\"4e9fd47\" data-element_type=\"column\" data-e-type=\"column\">\n\t\t\t<div class=\"elementor-widget-wrap elementor-element-populated\">\n\t\t\t\t\t\t<div class=\"elementor-element elementor-element-fe4646a elementor-widget elementor-widget-text-editor\" data-id=\"fe4646a\" data-element_type=\"widget\" data-e-type=\"widget\" data-widget_type=\"text-editor.default\">\n\t\t\t\t<div class=\"elementor-widget-container\">\n\t\t\t\t\t\t\t\t\t<p style=\"text-align: justify\"><span style=\"font-size: 12pt;font-family: georgia, palatino, serif\">Puedes visualizar la presentaci\u00f3n del proyecto en las\u00a0<strong>VIII Jornadas de Gesti\u00f3n del Conocimiento<\/strong>\u00a0en el siguiente v\u00eddeo:<\/span><\/p>\t\t\t\t\t\t\t\t<\/div>\n\t\t\t\t<\/div>\n\t\t\t\t\t<\/div>\n\t\t<\/div>\n\t\t\t\t\t<\/div>\n\t\t<\/section>\n\t\t\t\t<section class=\"elementor-section elementor-top-section elementor-element elementor-element-5f19208 elementor-section-boxed elementor-section-height-default elementor-section-height-default\" data-id=\"5f19208\" data-element_type=\"section\" data-e-type=\"section\">\n\t\t\t\t\t\t<div class=\"elementor-container elementor-column-gap-default\">\n\t\t\t\t\t<div class=\"elementor-column elementor-col-100 elementor-top-column elementor-element elementor-element-0affe56\" data-id=\"0affe56\" data-element_type=\"column\" data-e-type=\"column\">\n\t\t\t<div class=\"elementor-widget-wrap elementor-element-populated\">\n\t\t\t\t\t\t<div class=\"elementor-element elementor-element-2f81623 elementor-widget elementor-widget-video\" data-id=\"2f81623\" data-element_type=\"widget\" data-e-type=\"widget\" data-settings=\"{&quot;youtube_url&quot;:&quot;https:\\\/\\\/www.youtube.com\\\/watch?v=XS0DuJBO_Q0&amp;list=PLj-bfbG2QZP69b5qVit5VQCojViSXlv27&amp;index=8&quot;,&quot;video_type&quot;:&quot;youtube&quot;,&quot;controls&quot;:&quot;yes&quot;}\" data-widget_type=\"video.default\">\n\t\t\t\t<div class=\"elementor-widget-container\">\n\t\t\t\t\t\t\t<div class=\"elementor-wrapper elementor-open-inline\">\n\t\t\t<div class=\"elementor-video\"><\/div>\t\t<\/div>\n\t\t\t\t\t\t<\/div>\n\t\t\t\t<\/div>\n\t\t\t\t\t<\/div>\n\t\t<\/div>\n\t\t\t\t\t<\/div>\n\t\t<\/section>\n\t\t\t\t<\/div>\n\t\t","protected":false},"excerpt":{"rendered":"<p>En la octava edici\u00f3n del Programa Embajadores\/as del Conocimiento, el grupo de Comunicaci\u00f3n y difusi\u00f3n se marc\u00f3 como objetivos principales elaborar materiales que aportasen en el desarrollo de la Gesti\u00f3n del Conocimiento en la Junta de Andaluc\u00eda y herramientas de difusi\u00f3n de f\u00e1cil transmisi\u00f3n y propagaci\u00f3n por multitud de medios de comunicaci\u00f3n. El grupo ha [&hellip;]<\/p>\n","protected":false},"author":1,"featured_media":0,"parent":0,"menu_order":0,"comment_status":"closed","ping_status":"closed","template":"","meta":{"jetpack_post_was_ever_published":false,"footnotes":""},"class_list":["post-7219","page","type-page","status-publish","hentry"],"jetpack_sharing_enabled":true,"jetpack_shortlink":"https:\/\/wp.me\/P9W7Se-1Sr","jetpack-related-posts":[{"id":5563,"url":"https:\/\/ws168.juntadeandalucia.es\/iaap\/gestiondelconocimiento\/edicion-2023\/comunicacion-y-difusion-de-la-gestion-del-conocimiento-2023\/","url_meta":{"origin":7219,"position":0},"title":"Comunicaci\u00f3n y difusi\u00f3n de la Gesti\u00f3n del Conocimiento 2023","author":"administrador","date":"11 diciembre, 2023","format":false,"excerpt":"Desde el comienzo de la VI edici\u00f3n del Programa Embajadores\/as del Conocimiento, se marco como objetivo principal hacer llegar el d\u00eda a d\u00eda del programa a todo aquel que estuviese interesado. Esa ha sido la misi\u00f3n del grupo de Comunicaci\u00f3n y difusi\u00f3n de la Gesti\u00f3n del Conocimiento. Lo primero que\u2026","rel":"","context":"Entrada similar","block_context":{"text":"Entrada similar","link":""},"img":{"alt_text":"Comunicaci\u00f3n y difusi\u00f3n","src":"https:\/\/i0.wp.com\/ws168.juntadeandalucia.es\/iaap\/gestiondelconocimiento\/wp-content\/uploads\/sites\/10\/2023\/03\/01_Grupo-Comunicacion_sin-datos-2048x1448.jpg?resize=350%2C200&ssl=1","width":350,"height":200,"srcset":"https:\/\/i0.wp.com\/ws168.juntadeandalucia.es\/iaap\/gestiondelconocimiento\/wp-content\/uploads\/sites\/10\/2023\/03\/01_Grupo-Comunicacion_sin-datos-2048x1448.jpg?resize=350%2C200&ssl=1 1x, https:\/\/i0.wp.com\/ws168.juntadeandalucia.es\/iaap\/gestiondelconocimiento\/wp-content\/uploads\/sites\/10\/2023\/03\/01_Grupo-Comunicacion_sin-datos-2048x1448.jpg?resize=525%2C300&ssl=1 1.5x"},"classes":[]},{"id":4754,"url":"https:\/\/ws168.juntadeandalucia.es\/iaap\/gestiondelconocimiento\/edicion-2022\/comunicacion-y-difusion-de-la-gestion-del-conocimiento\/","url_meta":{"origin":7219,"position":1},"title":"Comunicaci\u00f3n y difusi\u00f3n de la Gesti\u00f3n del Conocimiento","author":"","date":"25 febrero, 2023","format":false,"excerpt":"El grupo de Comunicaci\u00f3n y Difusi\u00f3n hace un balance de los proyectos que se han realizado en esta edici\u00f3n y pone en valor la colaboraci\u00f3n entre todos los participantes.Podemos visualizar su presentaci\u00f3n en las V Jornadas de Gesti\u00f3n del Conocimiento en el siguiente v\u00eddeo:https:\/\/www.youtube.com\/watch?v=N4EzL7_uMm8&list=PLj-bfbG2QZP4lG2JyZS3ZlfVjQQMMHwjZ&index=8","rel":"","context":"Entrada similar","block_context":{"text":"Entrada similar","link":""},"img":{"alt_text":"","src":"","width":0,"height":0},"classes":[]},{"id":157,"url":"https:\/\/ws168.juntadeandalucia.es\/iaap\/gestiondelconocimiento\/proyectos\/","url_meta":{"origin":7219,"position":2},"title":"Ediciones","author":"","date":"21 mayo, 2018","format":false,"excerpt":"Gesti\u00f3n del Conocimiento s\u00ed, pero, \u00bfpara qu\u00e9?En 2017 se inicia la andadura en la disciplina de Gesti\u00f3n del Conocimiento en el IAAP, fijando un marco de referencia de base en el que se identificaron una serie de retos y problemas en la Junta de Andaluc\u00eda, que pod\u00edan ser atendidos con\u2026","rel":"","context":"Entrada similar","block_context":{"text":"Entrada similar","link":""},"img":{"alt_text":"","src":"https:\/\/i0.wp.com\/ws168.juntadeandalucia.es\/iaap\/gestiondelconocimiento\/wp-content\/uploads\/sites\/10\/2020\/02\/human-3131802_1280-300x208.jpg?resize=350%2C200&ssl=1","width":350,"height":200},"classes":[]},{"id":418,"url":"https:\/\/ws168.juntadeandalucia.es\/iaap\/gestiondelconocimiento\/embajadores-del-conocimiento\/","url_meta":{"origin":7219,"position":3},"title":"Programa Embajadores\/as del Conocimiento","author":"","date":"16 junio, 2018","format":false,"excerpt":"Embajadores del Conocimiento es un programa que inici\u00f3 su andadura en mayo de 2017 y del que forman parte un grupo de empleadas y empleados p\u00fablicos con clara vocaci\u00f3n de servicio p\u00fablico. Este naci\u00f3 con la idea de establecer una red de personas que colaborar\u00e1n, de manera totalmente desinteresada, con\u2026","rel":"","context":"Entrada similar","block_context":{"text":"Entrada similar","link":""},"img":{"alt_text":"","src":"https:\/\/i0.wp.com\/ws168.juntadeandalucia.es\/iaap\/gestiondelconocimiento\/wp-content\/uploads\/sites\/10\/2020\/01\/Embajadores-del-Conocimiento.-IAAP.-Junta-de-Andaluc%C3%ADa.jpg?resize=350%2C200&ssl=1","width":350,"height":200,"srcset":"https:\/\/i0.wp.com\/ws168.juntadeandalucia.es\/iaap\/gestiondelconocimiento\/wp-content\/uploads\/sites\/10\/2020\/01\/Embajadores-del-Conocimiento.-IAAP.-Junta-de-Andaluc%C3%ADa.jpg?resize=350%2C200&ssl=1 1x, https:\/\/i0.wp.com\/ws168.juntadeandalucia.es\/iaap\/gestiondelconocimiento\/wp-content\/uploads\/sites\/10\/2020\/01\/Embajadores-del-Conocimiento.-IAAP.-Junta-de-Andaluc%C3%ADa.jpg?resize=525%2C300&ssl=1 1.5x, https:\/\/i0.wp.com\/ws168.juntadeandalucia.es\/iaap\/gestiondelconocimiento\/wp-content\/uploads\/sites\/10\/2020\/01\/Embajadores-del-Conocimiento.-IAAP.-Junta-de-Andaluc%C3%ADa.jpg?resize=700%2C400&ssl=1 2x, https:\/\/i0.wp.com\/ws168.juntadeandalucia.es\/iaap\/gestiondelconocimiento\/wp-content\/uploads\/sites\/10\/2020\/01\/Embajadores-del-Conocimiento.-IAAP.-Junta-de-Andaluc%C3%ADa.jpg?resize=1050%2C600&ssl=1 3x, https:\/\/i0.wp.com\/ws168.juntadeandalucia.es\/iaap\/gestiondelconocimiento\/wp-content\/uploads\/sites\/10\/2020\/01\/Embajadores-del-Conocimiento.-IAAP.-Junta-de-Andaluc%C3%ADa.jpg?resize=1400%2C800&ssl=1 4x"},"classes":[]},{"id":6178,"url":"https:\/\/ws168.juntadeandalucia.es\/iaap\/gestiondelconocimiento\/edicion-2024\/comunicacion-y-difusion-de-la-gestion-del-conocimiento-2024\/","url_meta":{"origin":7219,"position":4},"title":"Comunicaci\u00f3n y difusi\u00f3n de la Gesti\u00f3n del Conocimiento 2024","author":"administrador","date":"17 octubre, 2024","format":false,"excerpt":"Bajo el lema de \"Lo que no se comunica, no existe\", una edici\u00f3n m\u00e1s el proyecto de Comunicaci\u00f3n y Difusi\u00f3n de la Gesti\u00f3n del Conocimiento ha tenido como objetivo principal divulgar todos los proyectos que se han estado llevando a cabo en esta VII edici\u00f3n del Programa Embajadores\/as del Conocimiento.Cinco\u2026","rel":"","context":"Entrada similar","block_context":{"text":"Entrada similar","link":""},"img":{"alt_text":"","src":"https:\/\/i0.wp.com\/ws168.juntadeandalucia.es\/iaap\/gestiondelconocimiento\/wp-content\/uploads\/sites\/10\/2024\/10\/Ficha-equipo-Comunicacion-y-difusion-de-la-gesttion-del-conocimiento-2024-1536x1086.jpg?resize=350%2C200&ssl=1","width":350,"height":200,"srcset":"https:\/\/i0.wp.com\/ws168.juntadeandalucia.es\/iaap\/gestiondelconocimiento\/wp-content\/uploads\/sites\/10\/2024\/10\/Ficha-equipo-Comunicacion-y-difusion-de-la-gesttion-del-conocimiento-2024-1536x1086.jpg?resize=350%2C200&ssl=1 1x, https:\/\/i0.wp.com\/ws168.juntadeandalucia.es\/iaap\/gestiondelconocimiento\/wp-content\/uploads\/sites\/10\/2024\/10\/Ficha-equipo-Comunicacion-y-difusion-de-la-gesttion-del-conocimiento-2024-1536x1086.jpg?resize=525%2C300&ssl=1 1.5x"},"classes":[]},{"id":4154,"url":"https:\/\/ws168.juntadeandalucia.es\/iaap\/gestiondelconocimiento\/edicion-2020-2021\/comunicacion-y-difusion-de-la-gestion-del-conocimiento\/","url_meta":{"origin":7219,"position":5},"title":"COMUNICACI\u00d3N Y DIFUSI\u00d3N DE LA GESTI\u00d3N DEL CONOCIMIENTO","author":"beatrizsanchezgomez","date":"7 diciembre, 2021","format":false,"excerpt":"LO QUE NO SE COMUNICA, NO EXISTE, Y LO QUE NO SE COMPARTE, SE PIERDEEste es el lema de este equipo. El proyecto de Comunicaci\u00f3n y Difusi\u00f3n de la Gesti\u00f3n del Conocimiento lleva ya dos a\u00f1os formando parte del programa Embajadores y Embajadoras del Conocimiento. En esta edici\u00f3n, sus integrantes,\u2026","rel":"","context":"Entrada similar","block_context":{"text":"Entrada similar","link":""},"img":{"alt_text":"","src":"https:\/\/i0.wp.com\/ws168.juntadeandalucia.es\/iaap\/gestiondelconocimiento\/wp-content\/uploads\/sites\/10\/2021\/12\/IMG_9154.jpg?resize=350%2C200&ssl=1","width":350,"height":200,"srcset":"https:\/\/i0.wp.com\/ws168.juntadeandalucia.es\/iaap\/gestiondelconocimiento\/wp-content\/uploads\/sites\/10\/2021\/12\/IMG_9154.jpg?resize=350%2C200&ssl=1 1x, https:\/\/i0.wp.com\/ws168.juntadeandalucia.es\/iaap\/gestiondelconocimiento\/wp-content\/uploads\/sites\/10\/2021\/12\/IMG_9154.jpg?resize=525%2C300&ssl=1 1.5x, https:\/\/i0.wp.com\/ws168.juntadeandalucia.es\/iaap\/gestiondelconocimiento\/wp-content\/uploads\/sites\/10\/2021\/12\/IMG_9154.jpg?resize=700%2C400&ssl=1 2x, https:\/\/i0.wp.com\/ws168.juntadeandalucia.es\/iaap\/gestiondelconocimiento\/wp-content\/uploads\/sites\/10\/2021\/12\/IMG_9154.jpg?resize=1050%2C600&ssl=1 3x, https:\/\/i0.wp.com\/ws168.juntadeandalucia.es\/iaap\/gestiondelconocimiento\/wp-content\/uploads\/sites\/10\/2021\/12\/IMG_9154.jpg?resize=1400%2C800&ssl=1 4x"},"classes":[]}],"jetpack_likes_enabled":true,"_links":{"self":[{"href":"https:\/\/ws168.juntadeandalucia.es\/iaap\/gestiondelconocimiento\/wp-json\/wp\/v2\/pages\/7219","targetHints":{"allow":["GET"]}}],"collection":[{"href":"https:\/\/ws168.juntadeandalucia.es\/iaap\/gestiondelconocimiento\/wp-json\/wp\/v2\/pages"}],"about":[{"href":"https:\/\/ws168.juntadeandalucia.es\/iaap\/gestiondelconocimiento\/wp-json\/wp\/v2\/types\/page"}],"author":[{"embeddable":true,"href":"https:\/\/ws168.juntadeandalucia.es\/iaap\/gestiondelconocimiento\/wp-json\/wp\/v2\/users\/1"}],"replies":[{"embeddable":true,"href":"https:\/\/ws168.juntadeandalucia.es\/iaap\/gestiondelconocimiento\/wp-json\/wp\/v2\/comments?post=7219"}],"version-history":[{"count":43,"href":"https:\/\/ws168.juntadeandalucia.es\/iaap\/gestiondelconocimiento\/wp-json\/wp\/v2\/pages\/7219\/revisions"}],"predecessor-version":[{"id":7521,"href":"https:\/\/ws168.juntadeandalucia.es\/iaap\/gestiondelconocimiento\/wp-json\/wp\/v2\/pages\/7219\/revisions\/7521"}],"wp:attachment":[{"href":"https:\/\/ws168.juntadeandalucia.es\/iaap\/gestiondelconocimiento\/wp-json\/wp\/v2\/media?parent=7219"}],"curies":[{"name":"wp","href":"https:\/\/api.w.org\/{rel}","templated":true}]}}