{"id":776,"date":"2019-03-07T13:20:21","date_gmt":"2019-03-07T13:20:21","guid":{"rendered":"https:\/\/ws168.juntadeandalucia.es\/iaap\/gestiondelconocimiento\/?page_id=776"},"modified":"2020-05-22T11:09:20","modified_gmt":"2020-05-22T11:09:20","slug":"gc09-pilotaje-de-proyectos-km","status":"publish","type":"page","link":"https:\/\/ws168.juntadeandalucia.es\/iaap\/gestiondelconocimiento\/proyectos\/edicion-2018-2019\/gc09-pilotaje-de-proyectos-km\/","title":{"rendered":"GC09 &#8211; Pilotaje de proyectos KM (2018-19)"},"content":{"rendered":"\t\t<div data-elementor-type=\"wp-post\" data-elementor-id=\"776\" class=\"elementor elementor-776 elementor-bc-flex-widget\">\n\t\t\t\t\t\t<section class=\"elementor-section elementor-top-section elementor-element elementor-element-78fa0cc0 elementor-section-boxed elementor-section-height-default elementor-section-height-default\" data-id=\"78fa0cc0\" data-element_type=\"section\" data-e-type=\"section\">\n\t\t\t\t\t\t<div class=\"elementor-container elementor-column-gap-default\">\n\t\t\t\t\t<div class=\"elementor-column elementor-col-100 elementor-top-column elementor-element elementor-element-74ff7796\" data-id=\"74ff7796\" data-element_type=\"column\" data-e-type=\"column\">\n\t\t\t<div class=\"elementor-widget-wrap elementor-element-populated\">\n\t\t\t\t\t\t<div class=\"elementor-element elementor-element-5d81b1b2 elementor-widget elementor-widget-text-editor\" data-id=\"5d81b1b2\" data-element_type=\"widget\" data-e-type=\"widget\" data-widget_type=\"text-editor.default\">\n\t\t\t\t<div class=\"elementor-widget-container\">\n\t\t\t\t\t\t\t\t\t<p><img decoding=\"async\" data-attachment-id=\"2617\" data-permalink=\"https:\/\/ws168.juntadeandalucia.es\/iaap\/gestiondelconocimiento\/logotipo-gc09-pilotaje-de-proyectos-de-gestion-del-conocimiento\/\" data-orig-file=\"https:\/\/ws168.juntadeandalucia.es\/iaap\/gestiondelconocimiento\/wp-content\/uploads\/sites\/10\/2020\/04\/logotipo-gc09-pilotaje-de-proyectos-de-gestio\u0301n-del-conocimiento.png\" data-orig-size=\"500,500\" data-comments-opened=\"0\" data-image-meta=\"{&quot;aperture&quot;:&quot;0&quot;,&quot;credit&quot;:&quot;&quot;,&quot;camera&quot;:&quot;&quot;,&quot;caption&quot;:&quot;&quot;,&quot;created_timestamp&quot;:&quot;0&quot;,&quot;copyright&quot;:&quot;&quot;,&quot;focal_length&quot;:&quot;0&quot;,&quot;iso&quot;:&quot;0&quot;,&quot;shutter_speed&quot;:&quot;0&quot;,&quot;title&quot;:&quot;&quot;,&quot;orientation&quot;:&quot;0&quot;}\" data-image-title=\"logotipo-gc09- pilotaje de proyectos de gestio\u0301n del conocimiento\" data-image-description=\"\" data-image-caption=\"\" data-large-file=\"https:\/\/ws168.juntadeandalucia.es\/iaap\/gestiondelconocimiento\/wp-content\/uploads\/sites\/10\/2020\/04\/logotipo-gc09-pilotaje-de-proyectos-de-gestio\u0301n-del-conocimiento.png\" class=\"wp-image-2617 aligncenter\" src=\"https:\/\/ws168.juntadeandalucia.es\/iaap\/gestiondelconocimiento\/wp-content\/uploads\/sites\/10\/2020\/04\/logotipo-gc09-pilotaje-de-proyectos-de-gestio\u0301n-del-conocimiento-300x300.png\" alt=\"\" width=\"186\" height=\"186\" srcset=\"https:\/\/ws168.juntadeandalucia.es\/iaap\/gestiondelconocimiento\/wp-content\/uploads\/sites\/10\/2020\/04\/logotipo-gc09-pilotaje-de-proyectos-de-gestio\u0301n-del-conocimiento-300x300.png 300w, https:\/\/ws168.juntadeandalucia.es\/iaap\/gestiondelconocimiento\/wp-content\/uploads\/sites\/10\/2020\/04\/logotipo-gc09-pilotaje-de-proyectos-de-gestio\u0301n-del-conocimiento-150x150.png 150w, https:\/\/ws168.juntadeandalucia.es\/iaap\/gestiondelconocimiento\/wp-content\/uploads\/sites\/10\/2020\/04\/logotipo-gc09-pilotaje-de-proyectos-de-gestio\u0301n-del-conocimiento.png 500w\" sizes=\"(max-width: 186px) 100vw, 186px\" \/><\/p><h4>DESCRIPCI\u00d3N<\/h4><p><span style=\"font-weight: 400;\">Definici\u00f3n de procesos o pasos de gesti\u00f3n del proyectos GC que permitan documentar, aplicar, sistematizar y facilitar la implementaci\u00f3n de proyectos de gesti\u00f3n del conocimiento en la Junta de Andaluc\u00eda.<\/span><\/p><p><span style=\"color: #3d3d3d; font-family: Roboto, sans-serif; font-size: 20px; font-weight: bold;\">OBJETIVOS<\/span><\/p><ul><li style=\"font-weight: 400;\"><span style=\"font-weight: 400;\">Dise\u00f1ar e implementar sesiones presenciales de gesti\u00f3n del conocimiento en el marco del programa <i>.<\/i><\/span><\/li><li style=\"font-weight: 400;\"><span style=\"font-weight: 400;\">Definir un dec\u00e1logo en base a la experiencia de los dinamizadores y participantes de las dos ediciones recogidas a trav\u00e9s de cuestionarios.<\/span><\/li><li style=\"font-weight: 400;\"><span style=\"font-weight: 400;\">Construir una gu\u00eda abierta para la implantaci\u00f3n de proyectos de de Gesti\u00f3n de Conocimiento en la administraci\u00f3n de la Junta de Andaluc\u00eda.<\/span><\/li><\/ul><h4>ENTREGABLES<\/h4><ul><li><p><a href=\"https:\/\/ws168.juntadeandalucia.es\/iaap\/gestiondelconocimiento\/wp-content\/uploads\/sites\/10\/2020\/05\/2019-03-24-Resultados-encuesta-DINAMIZACIO\u0301N-PROYECTOS-GC.pdf\" target=\"_blank\" rel=\"noopener\">An\u00e1lisis de resultados de la encuesta realizada sobre Dinamizaci\u00f3n de proyectos de Gesti\u00f3n del Conocimiento.<\/a><\/p><\/li><li><p><span style=\"font-weight: 400;\"><a href=\"https:\/\/ws168.juntadeandalucia.es\/iaap\/gestiondelconocimiento\/wp-content\/uploads\/sites\/10\/2020\/05\/Decalogo-de-la-DINAMIZACION-DE-PROYECTOS.pdf\" target=\"_blank\" rel=\"noopener\">Dec\u00e1logo de la dinamizaci\u00f3n de proyectos de Gesti\u00f3n del Conocimiento.<\/a><\/span><\/p><\/li><li><p><a href=\"https:\/\/ws168.juntadeandalucia.es\/iaap\/gestiondelconocimiento\/wp-content\/uploads\/sites\/10\/2020\/05\/INFOGRAFI\u0301A-DECA\u0301LOGO-DE-LA-E-DINAMIZACIO\u0301N.pdf\" target=\"_blank\" rel=\"noopener\">Infograf\u00eda breve del dec\u00e1logo<\/a>.<\/p><\/li><li><span style=\"font-weight: 400; font-size: 12pt; color: #c71cc7;\">Gu\u00eda abierta para la implantaci\u00f3n de proyectos de Gesti\u00f3n de Conocimiento en la Administraci\u00f3n de la Junta de Andaluc\u00eda.<\/span><\/li><\/ul>\t\t\t\t\t\t\t\t<\/div>\n\t\t\t\t<\/div>\n\t\t\t\t\t<\/div>\n\t\t<\/div>\n\t\t\t\t\t<\/div>\n\t\t<\/section>\n\t\t\t\t<section class=\"elementor-section elementor-top-section elementor-element elementor-element-527d5d3 elementor-section-boxed elementor-section-height-default elementor-section-height-default\" data-id=\"527d5d3\" data-element_type=\"section\" data-e-type=\"section\">\n\t\t\t\t\t\t<div class=\"elementor-container elementor-column-gap-default\">\n\t\t\t\t\t<div class=\"elementor-column elementor-col-100 elementor-top-column elementor-element elementor-element-c2507ef\" data-id=\"c2507ef\" data-element_type=\"column\" data-e-type=\"column\">\n\t\t\t<div class=\"elementor-widget-wrap elementor-element-populated\">\n\t\t\t\t\t\t<div class=\"elementor-element elementor-element-719db3c elementor-button-info elementor-widget elementor-widget-button\" data-id=\"719db3c\" data-element_type=\"widget\" data-e-type=\"widget\" data-widget_type=\"button.default\">\n\t\t\t\t<div class=\"elementor-widget-container\">\n\t\t\t\t\t\t\t\t\t<div class=\"elementor-button-wrapper\">\n\t\t\t\t\t<a class=\"elementor-button elementor-button-link elementor-size-sm\" href=\"https:\/\/ws168.juntadeandalucia.es\/iaap\/gestiondelconocimiento\/?page_id=973&#038;preview=true\" target=\"_blank\">\n\t\t\t\t\t\t<span class=\"elementor-button-content-wrapper\">\n\t\t\t\t\t\t\t\t\t<span class=\"elementor-button-text\">Accede a la Gu\u00eda<\/span>\n\t\t\t\t\t<\/span>\n\t\t\t\t\t<\/a>\n\t\t\t\t<\/div>\n\t\t\t\t\t\t\t\t<\/div>\n\t\t\t\t<\/div>\n\t\t\t\t\t<\/div>\n\t\t<\/div>\n\t\t\t\t\t<\/div>\n\t\t<\/section>\n\t\t\t\t<section class=\"elementor-section elementor-top-section elementor-element elementor-element-f116ca8 elementor-section-boxed elementor-section-height-default elementor-section-height-default\" data-id=\"f116ca8\" data-element_type=\"section\" data-e-type=\"section\">\n\t\t\t\t\t\t<div class=\"elementor-container elementor-column-gap-default\">\n\t\t\t\t\t<div class=\"elementor-column elementor-col-100 elementor-top-column elementor-element elementor-element-5466c3b\" data-id=\"5466c3b\" data-element_type=\"column\" data-e-type=\"column\">\n\t\t\t<div class=\"elementor-widget-wrap elementor-element-populated\">\n\t\t\t\t\t\t<div class=\"elementor-element elementor-element-9c347a7 elementor-widget elementor-widget-text-editor\" data-id=\"9c347a7\" data-element_type=\"widget\" data-e-type=\"widget\" data-widget_type=\"text-editor.default\">\n\t\t\t\t<div class=\"elementor-widget-container\">\n\t\t\t\t\t\t\t\t\t<p>Te presentamos aqu\u00ed un mini resumen de la implementaci\u00f3n de este proyecto.<\/p>\t\t\t\t\t\t\t\t<\/div>\n\t\t\t\t<\/div>\n\t\t\t\t\t<\/div>\n\t\t<\/div>\n\t\t\t\t\t<\/div>\n\t\t<\/section>\n\t\t\t\t<section class=\"elementor-section elementor-top-section elementor-element elementor-element-cbfd1aa elementor-section-boxed elementor-section-height-default elementor-section-height-default\" data-id=\"cbfd1aa\" data-element_type=\"section\" data-e-type=\"section\">\n\t\t\t\t\t\t<div class=\"elementor-container elementor-column-gap-default\">\n\t\t\t\t\t<div class=\"elementor-column elementor-col-100 elementor-top-column elementor-element elementor-element-6d489b4\" data-id=\"6d489b4\" data-element_type=\"column\" data-e-type=\"column\">\n\t\t\t<div class=\"elementor-widget-wrap elementor-element-populated\">\n\t\t\t\t\t\t<div class=\"elementor-element elementor-element-5dfb23f elementor-widget elementor-widget-video\" data-id=\"5dfb23f\" data-element_type=\"widget\" data-e-type=\"widget\" data-settings=\"{&quot;youtube_url&quot;:&quot;https:\\\/\\\/youtu.be\\\/clUGvyL2OYA&quot;,&quot;video_type&quot;:&quot;youtube&quot;,&quot;controls&quot;:&quot;yes&quot;}\" data-widget_type=\"video.default\">\n\t\t\t\t<div class=\"elementor-widget-container\">\n\t\t\t\t\t\t\t<div class=\"elementor-wrapper elementor-open-inline\">\n\t\t\t<div class=\"elementor-video\"><\/div>\t\t<\/div>\n\t\t\t\t\t\t<\/div>\n\t\t\t\t<\/div>\n\t\t\t\t\t<\/div>\n\t\t<\/div>\n\t\t\t\t\t<\/div>\n\t\t<\/section>\n\t\t\t\t<\/div>\n\t\t","protected":false},"excerpt":{"rendered":"<p>DESCRIPCI\u00d3N Definici\u00f3n de procesos o pasos de gesti\u00f3n del proyectos GC que permitan documentar, aplicar, sistematizar y facilitar la implementaci\u00f3n de proyectos de gesti\u00f3n del conocimiento en la Junta de Andaluc\u00eda. OBJETIVOS Dise\u00f1ar e implementar sesiones presenciales de gesti\u00f3n del conocimiento en el marco del programa . Definir un dec\u00e1logo en base a la experiencia [&hellip;]<\/p>\n","protected":false},"author":19,"featured_media":1924,"parent":2011,"menu_order":7,"comment_status":"closed","ping_status":"closed","template":"","meta":{"jetpack_post_was_ever_published":false,"footnotes":""},"class_list":["post-776","page","type-page","status-publish","has-post-thumbnail","hentry"],"jetpack_sharing_enabled":true,"jetpack_shortlink":"https:\/\/wp.me\/P9W7Se-cw","jetpack-related-posts":[{"id":418,"url":"https:\/\/ws168.juntadeandalucia.es\/iaap\/gestiondelconocimiento\/embajadores-del-conocimiento\/","url_meta":{"origin":776,"position":0},"title":"Programa Embajadores\/as del Conocimiento","author":"","date":"16 junio, 2018","format":false,"excerpt":"Embajadores del Conocimiento es un programa que inici\u00f3 su andadura en mayo de 2017 y del que forman parte un grupo de empleadas y empleados p\u00fablicos con clara vocaci\u00f3n de servicio p\u00fablico. Este naci\u00f3 con la idea de establecer una red de personas que colaborar\u00e1n, de manera totalmente desinteresada, con\u2026","rel":"","context":"Entrada similar","block_context":{"text":"Entrada similar","link":""},"img":{"alt_text":"","src":"https:\/\/i0.wp.com\/ws168.juntadeandalucia.es\/iaap\/gestiondelconocimiento\/wp-content\/uploads\/sites\/10\/2020\/01\/Embajadores-del-Conocimiento.-IAAP.-Junta-de-Andaluc%C3%ADa.jpg?resize=350%2C200&ssl=1","width":350,"height":200,"srcset":"https:\/\/i0.wp.com\/ws168.juntadeandalucia.es\/iaap\/gestiondelconocimiento\/wp-content\/uploads\/sites\/10\/2020\/01\/Embajadores-del-Conocimiento.-IAAP.-Junta-de-Andaluc%C3%ADa.jpg?resize=350%2C200&ssl=1 1x, https:\/\/i0.wp.com\/ws168.juntadeandalucia.es\/iaap\/gestiondelconocimiento\/wp-content\/uploads\/sites\/10\/2020\/01\/Embajadores-del-Conocimiento.-IAAP.-Junta-de-Andaluc%C3%ADa.jpg?resize=525%2C300&ssl=1 1.5x, https:\/\/i0.wp.com\/ws168.juntadeandalucia.es\/iaap\/gestiondelconocimiento\/wp-content\/uploads\/sites\/10\/2020\/01\/Embajadores-del-Conocimiento.-IAAP.-Junta-de-Andaluc%C3%ADa.jpg?resize=700%2C400&ssl=1 2x, https:\/\/i0.wp.com\/ws168.juntadeandalucia.es\/iaap\/gestiondelconocimiento\/wp-content\/uploads\/sites\/10\/2020\/01\/Embajadores-del-Conocimiento.-IAAP.-Junta-de-Andaluc%C3%ADa.jpg?resize=1050%2C600&ssl=1 3x, https:\/\/i0.wp.com\/ws168.juntadeandalucia.es\/iaap\/gestiondelconocimiento\/wp-content\/uploads\/sites\/10\/2020\/01\/Embajadores-del-Conocimiento.-IAAP.-Junta-de-Andaluc%C3%ADa.jpg?resize=1400%2C800&ssl=1 4x"},"classes":[]},{"id":157,"url":"https:\/\/ws168.juntadeandalucia.es\/iaap\/gestiondelconocimiento\/proyectos\/","url_meta":{"origin":776,"position":1},"title":"Ediciones","author":"","date":"21 mayo, 2018","format":false,"excerpt":"Gesti\u00f3n del Conocimiento s\u00ed, pero, \u00bfpara qu\u00e9?En 2017 se inicia la andadura en la disciplina de Gesti\u00f3n del Conocimiento en el IAAP, fijando un marco de referencia de base en el que se identificaron una serie de retos y problemas en la Junta de Andaluc\u00eda, que pod\u00edan ser atendidos con\u2026","rel":"","context":"Entrada similar","block_context":{"text":"Entrada similar","link":""},"img":{"alt_text":"","src":"https:\/\/i0.wp.com\/ws168.juntadeandalucia.es\/iaap\/gestiondelconocimiento\/wp-content\/uploads\/sites\/10\/2020\/02\/human-3131802_1280-300x208.jpg?resize=350%2C200&ssl=1","width":350,"height":200},"classes":[]},{"id":1908,"url":"https:\/\/ws168.juntadeandalucia.es\/iaap\/gestiondelconocimiento\/proyectos\/edicion-2019-2020-edicion-2019-2020\/gc10-comunicacion-y-difusion-de-la-gestion-del-conocimiento\/","url_meta":{"origin":776,"position":2},"title":"GC10 &#8211; Comunicaci\u00f3n y difusi\u00f3n de la Gesti\u00f3n del Conocimiento (2019-20)","author":"beatrizsanchezgomez","date":"17 febrero, 2020","format":false,"excerpt":"DESCRIPCI\u00d3N Este proyecto surge en la tercera edici\u00f3n del programa. Se trata de un proyecto concebido para difundir la disciplina de la Gesti\u00f3n del Conocimiento entre las personas que trabajan en la Junta de Andaluc\u00eda. \u00a0OBJETIVOS: \u2022\u00a0 Descubrir las tendencias en la disciplina de Gesti\u00f3n del Conocimiento a nivel nacional\u2026","rel":"","context":"Entrada similar","block_context":{"text":"Entrada similar","link":""},"img":{"alt_text":"Equipo GC10","src":"https:\/\/i0.wp.com\/ws168.juntadeandalucia.es\/iaap\/gestiondelconocimiento\/wp-content\/uploads\/sites\/10\/2020\/01\/Comunicaci%C3%B3n.jpg?resize=350%2C200&ssl=1","width":350,"height":200},"classes":[]},{"id":196,"url":"https:\/\/ws168.juntadeandalucia.es\/iaap\/gestiondelconocimiento\/gestion-del-conocimiento\/que-es\/","url_meta":{"origin":776,"position":3},"title":"\u00bfQU\u00c9 ES LA GESTI\u00d3N DEL CONOCIMIENTO?","author":"","date":"16 junio, 2018","format":false,"excerpt":"Para definir Gesti\u00f3n del Conocimiento (GC o KM) es necesario determinar la fuente de referencia de su estudio. Igualmente, la disciplina ser\u00e1 clave en dicha delimitaci\u00f3n, ya que estas pueden ser muy diversas y condicionan su definici\u00f3n. Se habla de GC en recursos humanos, documentaci\u00f3n, innovaci\u00f3n, gesti\u00f3n de proyectos, TIC,\u2026","rel":"","context":"Entrada similar","block_context":{"text":"Entrada similar","link":""},"img":{"alt_text":"","src":"https:\/\/i0.wp.com\/ws168.juntadeandalucia.es\/iaap\/gestiondelconocimiento\/wp-content\/uploads\/sites\/10\/2018\/06\/WhatsApp-Image-2017-11-27-at-14.12.37-2-300x300.jpeg?resize=350%2C200&ssl=1","width":350,"height":200},"classes":[]},{"id":3394,"url":"https:\/\/ws168.juntadeandalucia.es\/iaap\/gestiondelconocimiento\/edicion-2020-2021\/","url_meta":{"origin":776,"position":4},"title":"\u2014 EDICI\u00d3N 2020- 2021","author":"","date":"9 marzo, 2021","format":false,"excerpt":"\u00bfDe verdad quieres saber qu\u00e9 se ha hecho en cada uno de los proyectos de esta edici\u00f3n?Los proyectos que se han llevado a cabo en esta IV edici\u00f3n del programa Embajadores\/as del Conocimiento han sido los siguientes. Has clic en cada uno de ellos y conocer\u00e1s en qu\u00e9 han consistido:Revista\u2026","rel":"","context":"Entrada similar","block_context":{"text":"Entrada similar","link":""},"img":{"alt_text":"","src":"","width":0,"height":0},"classes":[]},{"id":207,"url":"https:\/\/ws168.juntadeandalucia.es\/iaap\/gestiondelconocimiento\/proyectos\/edicion-2017-2018\/curacion-de-contenidos\/","url_meta":{"origin":776,"position":5},"title":"GC04 &#8211; Curaci\u00f3n de contenidos (2017-18)","author":"","date":"16 junio, 2018","format":false,"excerpt":"DESCRIPCI\u00d3N Este proyecto se concibe para buscar c\u00f3mo se est\u00e1 construyendo la Gesti\u00f3n del Conocimiento en otros lugares. Sin limites geogr\u00e1ficos. \u00bfQu\u00e9 est\u00e1 pasando en Gesti\u00f3n del Conocimiento por el mundo? OBJETIVOS Mostrar qu\u00e9 es la Curaci\u00f3n de Contenidos, que hemos entendido como el \"arte\" de buscar, seleccionar, completar y\u2026","rel":"","context":"Entrada similar","block_context":{"text":"Entrada similar","link":""},"img":{"alt_text":"","src":"","width":0,"height":0},"classes":[]}],"jetpack_likes_enabled":true,"_links":{"self":[{"href":"https:\/\/ws168.juntadeandalucia.es\/iaap\/gestiondelconocimiento\/wp-json\/wp\/v2\/pages\/776","targetHints":{"allow":["GET"]}}],"collection":[{"href":"https:\/\/ws168.juntadeandalucia.es\/iaap\/gestiondelconocimiento\/wp-json\/wp\/v2\/pages"}],"about":[{"href":"https:\/\/ws168.juntadeandalucia.es\/iaap\/gestiondelconocimiento\/wp-json\/wp\/v2\/types\/page"}],"author":[{"embeddable":true,"href":"https:\/\/ws168.juntadeandalucia.es\/iaap\/gestiondelconocimiento\/wp-json\/wp\/v2\/users\/19"}],"replies":[{"embeddable":true,"href":"https:\/\/ws168.juntadeandalucia.es\/iaap\/gestiondelconocimiento\/wp-json\/wp\/v2\/comments?post=776"}],"version-history":[{"count":21,"href":"https:\/\/ws168.juntadeandalucia.es\/iaap\/gestiondelconocimiento\/wp-json\/wp\/v2\/pages\/776\/revisions"}],"predecessor-version":[{"id":2780,"href":"https:\/\/ws168.juntadeandalucia.es\/iaap\/gestiondelconocimiento\/wp-json\/wp\/v2\/pages\/776\/revisions\/2780"}],"up":[{"embeddable":true,"href":"https:\/\/ws168.juntadeandalucia.es\/iaap\/gestiondelconocimiento\/wp-json\/wp\/v2\/pages\/2011"}],"wp:featuredmedia":[{"embeddable":true,"href":"https:\/\/ws168.juntadeandalucia.es\/iaap\/gestiondelconocimiento\/wp-json\/wp\/v2\/media\/1924"}],"wp:attachment":[{"href":"https:\/\/ws168.juntadeandalucia.es\/iaap\/gestiondelconocimiento\/wp-json\/wp\/v2\/media?parent=776"}],"curies":[{"name":"wp","href":"https:\/\/api.w.org\/{rel}","templated":true}]}}