{"id":944,"date":"2019-05-21T09:42:11","date_gmt":"2019-05-21T09:42:11","guid":{"rendered":"https:\/\/ws168.juntadeandalucia.es\/iaap\/gestiondelconocimiento\/?page_id=944"},"modified":"2020-05-28T17:48:24","modified_gmt":"2020-05-28T17:48:24","slug":"punto-5-dificultades-habituales","status":"publish","type":"page","link":"https:\/\/ws168.juntadeandalucia.es\/iaap\/gestiondelconocimiento\/guia-abierta\/punto-5-dificultades-habituales\/","title":{"rendered":"Punto 5. Dificultades habituales"},"content":{"rendered":"\t\t<div data-elementor-type=\"wp-post\" data-elementor-id=\"944\" class=\"elementor elementor-944 elementor-bc-flex-widget\">\n\t\t\t\t\t\t<section class=\"elementor-section elementor-top-section elementor-element elementor-element-4c1626c elementor-section-boxed elementor-section-height-default elementor-section-height-default\" data-id=\"4c1626c\" data-element_type=\"section\" data-e-type=\"section\">\n\t\t\t\t\t\t<div class=\"elementor-container elementor-column-gap-default\">\n\t\t\t\t\t<div class=\"elementor-column elementor-col-33 elementor-top-column elementor-element elementor-element-a46b68e\" data-id=\"a46b68e\" data-element_type=\"column\" data-e-type=\"column\">\n\t\t\t<div class=\"elementor-widget-wrap elementor-element-populated\">\n\t\t\t\t\t\t<div class=\"elementor-element elementor-element-d75c465 elementor-widget elementor-widget-image\" data-id=\"d75c465\" data-element_type=\"widget\" data-e-type=\"widget\" data-widget_type=\"image.default\">\n\t\t\t\t<div class=\"elementor-widget-container\">\n\t\t\t\t\t\t\t\t\t\t\t\t\t\t\t<img decoding=\"async\" src=\"https:\/\/ws168.juntadeandalucia.es\/iaap\/gestiondelconocimiento\/wp-content\/uploads\/sites\/10\/2019\/08\/together-2643652_1920-430x430.jpg\" title=\"together-2643652_1920\" alt=\"together-2643652_1920\" loading=\"lazy\" \/>\t\t\t\t\t\t\t\t\t\t\t\t\t\t\t<\/div>\n\t\t\t\t<\/div>\n\t\t\t\t\t<\/div>\n\t\t<\/div>\n\t\t\t\t<div class=\"elementor-column elementor-col-66 elementor-top-column elementor-element elementor-element-8eaeb2d\" data-id=\"8eaeb2d\" data-element_type=\"column\" data-e-type=\"column\">\n\t\t\t<div class=\"elementor-widget-wrap elementor-element-populated\">\n\t\t\t\t\t\t<div class=\"elementor-element elementor-element-3d88a1f elementor-widget elementor-widget-text-editor\" data-id=\"3d88a1f\" data-element_type=\"widget\" data-e-type=\"widget\" data-widget_type=\"text-editor.default\">\n\t\t\t\t<div class=\"elementor-widget-container\">\n\t\t\t\t\t\t\t\t\t<p><span style=\"font-size: 14pt; color: #00ccff;\"><strong>Motivaci\u00f3n y compromiso<\/strong><\/span><\/p><p><span style=\"font-weight: 400;\">Como ya hemos dejado entrever en el punto anterior, uno de los principales retos que tendr\u00e1s que afrontar si te embarcas en un proyecto de Gesti\u00f3n del Conocimiento es mantener a qui\u00e9nes participan en ellos \u201cenganchad@s\u201d desde el principio hasta el final. Si buscas qu\u00e9 significa motivaci\u00f3n en la RAE encontrar\u00e1s que la define como el <strong>\u201cconjunto de factores internos o externos que determinan en parte las acciones de una persona\u201d<\/strong>, y aqu\u00ed podr\u00edamos hacernos la pregunta: \u00bfqu\u00e9 es lo que mantiene a una persona empleada p\u00fablica involucrada en un proyecto de Gesti\u00f3n del Conocimiento? y, asimismo, cuestionarnos la situaci\u00f3n inversa: \u00bfpor qu\u00e9 se produce el abandono en los proyectos?<\/span><\/p>\t\t\t\t\t\t\t\t<\/div>\n\t\t\t\t<\/div>\n\t\t\t\t\t<\/div>\n\t\t<\/div>\n\t\t\t\t\t<\/div>\n\t\t<\/section>\n\t\t\t\t<section class=\"elementor-section elementor-top-section elementor-element elementor-element-94c6740 elementor-section-boxed elementor-section-height-default elementor-section-height-default\" data-id=\"94c6740\" data-element_type=\"section\" data-e-type=\"section\">\n\t\t\t\t\t\t<div class=\"elementor-container elementor-column-gap-default\">\n\t\t\t\t\t<div class=\"elementor-column elementor-col-100 elementor-top-column elementor-element elementor-element-1cb628e\" data-id=\"1cb628e\" data-element_type=\"column\" data-e-type=\"column\">\n\t\t\t<div class=\"elementor-widget-wrap elementor-element-populated\">\n\t\t\t\t\t\t<div class=\"elementor-element elementor-element-293a314 elementor-widget elementor-widget-text-editor\" data-id=\"293a314\" data-element_type=\"widget\" data-e-type=\"widget\" data-widget_type=\"text-editor.default\">\n\t\t\t\t<div class=\"elementor-widget-container\">\n\t\t\t\t\t\t\t\t\t<p><span style=\"font-weight: 400;\">El personal de la Administraci\u00f3n que se embarca en proyectos de Gesti\u00f3n del Conocimiento suele hacerlo de forma voluntaria, tambi\u00e9n puede darse el caso, claro est\u00e1, de que una persona haya sido \u201cnominada\u201d para formar parte o liderar alguno, pero generalmente, al no estar presente la Gesti\u00f3n del Conocimiento en la estructura y din\u00e1mica organizativa de las distintas unidades y servicios, lo m\u00e1s habitual es que se realice por decisi\u00f3n propia. Y aqu\u00ed entramos en la parte dif\u00edcil: mantener esa motivaci\u00f3n y el compromiso hasta el final del proyecto.<\/span><\/p><p>\u00a0<\/p><p><span style=\"font-weight: 400;\">A partir de la experiencia descrita por compa\u00f1eros y compa\u00f1eras que han participado en ellos se infiere que los principales factores que han contribuido a la continuidad en los proyectos, a pesar de las muchas dificultades surgidas, han sido principalmente: las relaciones personales establecidas, el contacto y colaboraci\u00f3n con otr@s compa\u00f1er@s, el sentimiento de pertenencia y contribuci\u00f3n con su propio granito de arena al cambio necesario, la oportunidad de experimentar un nuevo modelo organizacional: d\u00f3nde tiene m\u00e1s cabida el elemento creativo, la horizontalidad de los procesos y relaciones y la interdisciplinariedad de los perfiles profesionales, el hecho de ver materializados los productos finales de cada uno de los proyectos desarrollados y un alto grado de compromiso personal consigo mismos, con el proyecto, y en \u00faltima instancia con la organizaci\u00f3n. En este sentido, algunos aspectos que pueden ser significativos para el \u201c\u00e9xito\u201d de los proyectos y los equipos son las relaciones personales que se van generando entre los miembros del equipo, la necesaria confianza de cada uno de los participantes con respecto al trabajo realizado por el resto, el hecho de sentirse parte esencial, o al menos relevante, en el desarrollo del proyecto, el reconocimiento por el trabajo realizado, la apertura a las cr\u00edticas constructivas que nos puedan hacer que se interpreten no como una amenaza ni un ataque, sino como una oportunidad para aprender y mejorar.<\/span><\/p>\t\t\t\t\t\t\t\t<\/div>\n\t\t\t\t<\/div>\n\t\t\t\t\t<\/div>\n\t\t<\/div>\n\t\t\t\t\t<\/div>\n\t\t<\/section>\n\t\t\t\t<section class=\"elementor-section elementor-top-section elementor-element elementor-element-c78a3ea elementor-section-boxed elementor-section-height-default elementor-section-height-default\" data-id=\"c78a3ea\" data-element_type=\"section\" data-e-type=\"section\">\n\t\t\t\t\t\t<div class=\"elementor-container elementor-column-gap-default\">\n\t\t\t\t\t<div class=\"elementor-column elementor-col-33 elementor-top-column elementor-element elementor-element-64233c9\" data-id=\"64233c9\" data-element_type=\"column\" data-e-type=\"column\">\n\t\t\t<div class=\"elementor-widget-wrap elementor-element-populated\">\n\t\t\t\t\t\t<div class=\"elementor-element elementor-element-ac317b1 elementor-widget elementor-widget-text-editor\" data-id=\"ac317b1\" data-element_type=\"widget\" data-e-type=\"widget\" data-widget_type=\"text-editor.default\">\n\t\t\t\t<div class=\"elementor-widget-container\">\n\t\t\t\t\t\t\t\t\t<p><span style=\"color: #ff6600;\"><strong>\u00bfPero qu\u00e9 pasa si alguien deja el proyecto?<\/strong><\/span><\/p><p>Cuando en el seno de los equipos y grupos hay personas que se retiran, se produce una situaci\u00f3n de \u201cdescoloque\u201d o \u201cdesconcierto\u201d que es necesario saber gestionar adecuadamente para que no suponga el abandono del proyecto por parte del resto del equipo.<\/p>\t\t\t\t\t\t\t\t<\/div>\n\t\t\t\t<\/div>\n\t\t\t\t\t<\/div>\n\t\t<\/div>\n\t\t\t\t<div class=\"elementor-column elementor-col-66 elementor-top-column elementor-element elementor-element-ea1f247\" data-id=\"ea1f247\" data-element_type=\"column\" data-e-type=\"column\">\n\t\t\t<div class=\"elementor-widget-wrap elementor-element-populated\">\n\t\t\t\t\t\t<div class=\"elementor-element elementor-element-30260af elementor-widget elementor-widget-image\" data-id=\"30260af\" data-element_type=\"widget\" data-e-type=\"widget\" data-widget_type=\"image.default\">\n\t\t\t\t<div class=\"elementor-widget-container\">\n\t\t\t\t\t\t\t\t\t\t\t\t\t\t\t<img decoding=\"async\" src=\"https:\/\/ws168.juntadeandalucia.es\/iaap\/gestiondelconocimiento\/wp-content\/uploads\/sites\/10\/2019\/08\/burnout-90345_1920-272x182.jpg\" title=\"burnout-90345_1920\" alt=\"burnout-90345_1920\" loading=\"lazy\" \/>\t\t\t\t\t\t\t\t\t\t\t\t\t\t\t<\/div>\n\t\t\t\t<\/div>\n\t\t\t\t\t<\/div>\n\t\t<\/div>\n\t\t\t\t\t<\/div>\n\t\t<\/section>\n\t\t\t\t<section class=\"elementor-section elementor-top-section elementor-element elementor-element-c2bcde8 elementor-section-boxed elementor-section-height-default elementor-section-height-default\" data-id=\"c2bcde8\" data-element_type=\"section\" data-e-type=\"section\">\n\t\t\t\t\t\t<div class=\"elementor-container elementor-column-gap-default\">\n\t\t\t\t\t<div class=\"elementor-column elementor-col-100 elementor-top-column elementor-element elementor-element-2001f1e\" data-id=\"2001f1e\" data-element_type=\"column\" data-e-type=\"column\">\n\t\t\t<div class=\"elementor-widget-wrap elementor-element-populated\">\n\t\t\t\t\t\t<div class=\"elementor-element elementor-element-ad99de5 elementor-widget elementor-widget-text-editor\" data-id=\"ad99de5\" data-element_type=\"widget\" data-e-type=\"widget\" data-widget_type=\"text-editor.default\">\n\t\t\t\t<div class=\"elementor-widget-container\">\n\t\t\t\t\t\t\t\t\t<p>Este aspecto que lo hemos considerado como una dificultad que te puedes encontrar a la hora de llevar a cabo un proyecto de gesti\u00f3n del conocimiento tiene, a su vez, una connotaci\u00f3n positiva y es el necesario aprendizaje que hemos de desarrollar para adaptarnos a entornos y situaciones extremadamente cambiantes. Si eso sucede en tu equipo, es mejor no dramatizar, ser respetuoso con la decisi\u00f3n de quien decide abandonar y buscar de forma \u00e1gil y r\u00e1pida soluciones creativas y nuevas alternativas que contribuyan al mejor funcionamiento del grupo y la consecuci\u00f3n de los objetivos.<\/p><p>Puede que sea necesario volver a replantear objetivos, re-asignar roles, redistribuir tareas, plantear la inclusi\u00f3n de una nueva persona, cambiar el producto final o los entregables intermedios, etc., en aras de que el equipo se recomponga y siga avanzando en el desarrollo del proyecto de forma coherente a su nueva composici\u00f3n y realidad.<\/p>\t\t\t\t\t\t\t\t<\/div>\n\t\t\t\t<\/div>\n\t\t\t\t\t<\/div>\n\t\t<\/div>\n\t\t\t\t\t<\/div>\n\t\t<\/section>\n\t\t\t\t<section class=\"elementor-section elementor-top-section elementor-element elementor-element-3400593 elementor-section-boxed elementor-section-height-default elementor-section-height-default\" data-id=\"3400593\" data-element_type=\"section\" data-e-type=\"section\">\n\t\t\t\t\t\t<div class=\"elementor-container elementor-column-gap-default\">\n\t\t\t\t\t<div class=\"elementor-column elementor-col-66 elementor-top-column elementor-element elementor-element-7df94ac\" data-id=\"7df94ac\" data-element_type=\"column\" data-e-type=\"column\">\n\t\t\t<div class=\"elementor-widget-wrap elementor-element-populated\">\n\t\t\t\t\t\t<div class=\"elementor-element elementor-element-5528b16 elementor-widget elementor-widget-image\" data-id=\"5528b16\" data-element_type=\"widget\" data-e-type=\"widget\" data-widget_type=\"image.default\">\n\t\t\t\t<div class=\"elementor-widget-container\">\n\t\t\t\t\t\t\t\t\t\t\t\t\t\t\t<img decoding=\"async\" data-attachment-id=\"1157\" data-permalink=\"https:\/\/ws168.juntadeandalucia.es\/iaap\/gestiondelconocimiento\/guia-abierta\/punto-5-dificultades-habituales\/businessman-1899109_1920\/\" data-orig-file=\"https:\/\/ws168.juntadeandalucia.es\/iaap\/gestiondelconocimiento\/wp-content\/uploads\/sites\/10\/2019\/08\/businessman-1899109_1920.jpg\" data-orig-size=\"1358,1920\" data-comments-opened=\"0\" data-image-meta=\"{&quot;aperture&quot;:&quot;0&quot;,&quot;credit&quot;:&quot;&quot;,&quot;camera&quot;:&quot;&quot;,&quot;caption&quot;:&quot;&quot;,&quot;created_timestamp&quot;:&quot;0&quot;,&quot;copyright&quot;:&quot;&quot;,&quot;focal_length&quot;:&quot;0&quot;,&quot;iso&quot;:&quot;0&quot;,&quot;shutter_speed&quot;:&quot;0&quot;,&quot;title&quot;:&quot;&quot;,&quot;orientation&quot;:&quot;0&quot;}\" data-image-title=\"businessman-1899109_1920\" data-image-description=\"\" data-image-caption=\"\" data-large-file=\"https:\/\/ws168.juntadeandalucia.es\/iaap\/gestiondelconocimiento\/wp-content\/uploads\/sites\/10\/2019\/08\/businessman-1899109_1920-724x1024.jpg\" width=\"150\" height=\"150\" src=\"https:\/\/ws168.juntadeandalucia.es\/iaap\/gestiondelconocimiento\/wp-content\/uploads\/sites\/10\/2019\/08\/businessman-1899109_1920-150x150.jpg\" class=\"attachment-thumbnail size-thumbnail wp-image-1157\" alt=\"\" srcset=\"https:\/\/ws168.juntadeandalucia.es\/iaap\/gestiondelconocimiento\/wp-content\/uploads\/sites\/10\/2019\/08\/businessman-1899109_1920-150x150.jpg 150w, https:\/\/ws168.juntadeandalucia.es\/iaap\/gestiondelconocimiento\/wp-content\/uploads\/sites\/10\/2019\/08\/businessman-1899109_1920-250x250.jpg 250w, https:\/\/ws168.juntadeandalucia.es\/iaap\/gestiondelconocimiento\/wp-content\/uploads\/sites\/10\/2019\/08\/businessman-1899109_1920-125x125.jpg 125w, https:\/\/ws168.juntadeandalucia.es\/iaap\/gestiondelconocimiento\/wp-content\/uploads\/sites\/10\/2019\/08\/businessman-1899109_1920-110x110.jpg 110w, https:\/\/ws168.juntadeandalucia.es\/iaap\/gestiondelconocimiento\/wp-content\/uploads\/sites\/10\/2019\/08\/businessman-1899109_1920-420x420.jpg 420w\" sizes=\"(max-width: 150px) 100vw, 150px\" data-attachment-id=\"1157\" data-permalink=\"https:\/\/ws168.juntadeandalucia.es\/iaap\/gestiondelconocimiento\/guia-abierta\/punto-5-dificultades-habituales\/businessman-1899109_1920\/\" data-orig-file=\"https:\/\/ws168.juntadeandalucia.es\/iaap\/gestiondelconocimiento\/wp-content\/uploads\/sites\/10\/2019\/08\/businessman-1899109_1920.jpg\" data-orig-size=\"1358,1920\" data-comments-opened=\"0\" data-image-meta=\"{&quot;aperture&quot;:&quot;0&quot;,&quot;credit&quot;:&quot;&quot;,&quot;camera&quot;:&quot;&quot;,&quot;caption&quot;:&quot;&quot;,&quot;created_timestamp&quot;:&quot;0&quot;,&quot;copyright&quot;:&quot;&quot;,&quot;focal_length&quot;:&quot;0&quot;,&quot;iso&quot;:&quot;0&quot;,&quot;shutter_speed&quot;:&quot;0&quot;,&quot;title&quot;:&quot;&quot;,&quot;orientation&quot;:&quot;0&quot;}\" data-image-title=\"businessman-1899109_1920\" data-image-description=\"\" data-image-caption=\"\" data-large-file=\"https:\/\/ws168.juntadeandalucia.es\/iaap\/gestiondelconocimiento\/wp-content\/uploads\/sites\/10\/2019\/08\/businessman-1899109_1920-724x1024.jpg\" \/>\t\t\t\t\t\t\t\t\t\t\t\t\t\t\t<\/div>\n\t\t\t\t<\/div>\n\t\t\t\t\t<\/div>\n\t\t<\/div>\n\t\t\t\t<div class=\"elementor-column elementor-col-33 elementor-top-column elementor-element elementor-element-d537415\" data-id=\"d537415\" data-element_type=\"column\" data-e-type=\"column\">\n\t\t\t<div class=\"elementor-widget-wrap elementor-element-populated\">\n\t\t\t\t\t\t<div class=\"elementor-element elementor-element-5838db7 elementor-widget elementor-widget-text-editor\" data-id=\"5838db7\" data-element_type=\"widget\" data-e-type=\"widget\" data-widget_type=\"text-editor.default\">\n\t\t\t\t<div class=\"elementor-widget-container\">\n\t\t\t\t\t\t\t\t\t<p><span style=\"color: #ff6600;\"><strong>\u00bfY si hay una nueva incorporaci\u00f3n en el proyecto?<\/strong><\/span><\/p><p><span style=\"font-weight: 400;\">Tambi\u00e9n se puede dar la situaci\u00f3n contraria: en lugar de personas que abandonen el proyecto, te puedes encontrar con personas que se incorporan una vez el equipo est\u00e1 creado y el proyecto en desarrollo.<\/span><\/p>\t\t\t\t\t\t\t\t<\/div>\n\t\t\t\t<\/div>\n\t\t\t\t\t<\/div>\n\t\t<\/div>\n\t\t\t\t\t<\/div>\n\t\t<\/section>\n\t\t\t\t<section class=\"elementor-section elementor-top-section elementor-element elementor-element-7d66622 elementor-section-boxed elementor-section-height-default elementor-section-height-default\" data-id=\"7d66622\" data-element_type=\"section\" data-e-type=\"section\">\n\t\t\t\t\t\t<div class=\"elementor-container elementor-column-gap-default\">\n\t\t\t\t\t<div class=\"elementor-column elementor-col-100 elementor-top-column elementor-element elementor-element-acc61a7\" data-id=\"acc61a7\" data-element_type=\"column\" data-e-type=\"column\">\n\t\t\t<div class=\"elementor-widget-wrap elementor-element-populated\">\n\t\t\t\t\t\t<div class=\"elementor-element elementor-element-20cfbde elementor-widget elementor-widget-text-editor\" data-id=\"20cfbde\" data-element_type=\"widget\" data-e-type=\"widget\" data-widget_type=\"text-editor.default\">\n\t\t\t\t<div class=\"elementor-widget-container\">\n\t\t\t\t\t\t\t\t\t<p><span style=\"font-weight: 400;\">En estos casos, tambi\u00e9n ser\u00e1 necesario un periodo de readaptaci\u00f3n del grupo, habr\u00e1 que saber transmitir cu\u00e1les son los objetivos que se persiguen y los entregables que se quieren conseguir as\u00ed como volver a abordar los mecanismos de coordinaci\u00f3n, las herramientas utilizadas o la organizaci\u00f3n de las tareas, por ejemplo, para facilitar la m\u00e1xima comprensi\u00f3n e integraci\u00f3n de la persona que se incorpora, haciendo los reajustes que sean necesarios. Ten en cuenta que es importante ser capaces, a nivel de equipo, de recoger la visi\u00f3n, las propuestas y las ideas de la misma, teniendo en cuenta que su perspectiva, que puede estar m\u00e1s alejada del foco inicial y compartido por el resto, puede aportar una imagen menos sesgada y m\u00e1s neutral que sin duda va a enriquecer el proyecto.<\/span><\/p>\t\t\t\t\t\t\t\t<\/div>\n\t\t\t\t<\/div>\n\t\t\t\t\t<\/div>\n\t\t<\/div>\n\t\t\t\t\t<\/div>\n\t\t<\/section>\n\t\t\t\t<section class=\"elementor-section elementor-top-section elementor-element elementor-element-c0b8da1 elementor-section-boxed elementor-section-height-default elementor-section-height-default\" data-id=\"c0b8da1\" data-element_type=\"section\" data-e-type=\"section\">\n\t\t\t\t\t\t<div class=\"elementor-container elementor-column-gap-default\">\n\t\t\t\t\t<div class=\"elementor-column elementor-col-100 elementor-top-column elementor-element elementor-element-e89dcb6\" data-id=\"e89dcb6\" data-element_type=\"column\" data-e-type=\"column\">\n\t\t\t<div class=\"elementor-widget-wrap elementor-element-populated\">\n\t\t\t\t\t\t<div class=\"elementor-element elementor-element-7d333aa elementor-widget elementor-widget-text-editor\" data-id=\"7d333aa\" data-element_type=\"widget\" data-e-type=\"widget\" data-widget_type=\"text-editor.default\">\n\t\t\t\t<div class=\"elementor-widget-container\">\n\t\t\t\t\t\t\t\t\t<p><span style=\"color: #ff6600;\"><strong>La importancia del compromiso<\/strong><\/span><\/p><p><span style=\"font-weight: 400;\">Con relaci\u00f3n al compromiso o a la falta de compromiso de aquellas personas que en su d\u00eda dijeron su s\u00ed a todo, pero cuya participaci\u00f3n luego se va diluyendo o se acaba suprimiendo y que, como hemos visto anteriormente, ocasionan verdaderos trastornos en los proyectos, puede ayudar el hecho que desde el principio los compromisos que suscribe cada persona participante quede por escrito reflejados en el Canvas del Proyecto, lo cual ayuda a poner de manifiesto a qu\u00e9 nos hemos comprometido cada uno de nosotr@s y nos \u201cobliga\u201d a cumplirlos.<\/span><\/p>\t\t\t\t\t\t\t\t<\/div>\n\t\t\t\t<\/div>\n\t\t\t\t\t<\/div>\n\t\t<\/div>\n\t\t\t\t\t<\/div>\n\t\t<\/section>\n\t\t\t\t<section class=\"elementor-section elementor-top-section elementor-element elementor-element-a6c886d elementor-section-boxed elementor-section-height-default elementor-section-height-default\" data-id=\"a6c886d\" data-element_type=\"section\" data-e-type=\"section\">\n\t\t\t\t\t\t<div class=\"elementor-container elementor-column-gap-default\">\n\t\t\t\t\t<div class=\"elementor-column elementor-col-100 elementor-top-column elementor-element elementor-element-b666b61\" data-id=\"b666b61\" data-element_type=\"column\" data-e-type=\"column\">\n\t\t\t<div class=\"elementor-widget-wrap elementor-element-populated\">\n\t\t\t\t\t\t<div class=\"elementor-element elementor-element-a664e36 elementor-widget elementor-widget-text-editor\" data-id=\"a664e36\" data-element_type=\"widget\" data-e-type=\"widget\" data-widget_type=\"text-editor.default\">\n\t\t\t\t<div class=\"elementor-widget-container\">\n\t\t\t\t\t\t\t\t\t<p><span style=\"font-weight: 400;\">El <\/span><b>Modelo CANVAS<\/b><span style=\"font-weight: 400;\">, trata de hacer que el proceso de desarrollo de un proyecto contemple todos los elementos clave que se han de tener en cuenta permitiendo su visualizaci\u00f3n de forma integrada en un gr\u00e1fico. Para ello, el modelo se divide en distintas secciones b\u00e1sicas que reflejan la l\u00f3gica que seguir\u00e1 el desarrollo del proyecto poniendo el foco en aspectos clave como son los objetivos, las personas que componen el equipo, las responsabilidades que asumir\u00e1 cada una de ellas, el producto que se quiere conseguir, los entregables intermedios en los que se va a materializar, los recursos y herramientas necesarios, los tiempos de desarrollo, la forma en la que se va a organizar el equipo, etc. que ser\u00e1n el inicio y la base en la que se ir\u00e1 sustentando el proyecto. Los miembros del equipo han de ir configurando de manera colaborativa en un lienzo o tabl\u00f3n estos aspectos que se abordan de forma diferenciada en cada una de las secciones en las que se componga. Te mostramos a continuaci\u00f3n el Canvas que utiliz\u00f3 el IAAP en el lanzamiento de proyectos en la edici\u00f3n 2018-19.<\/span><\/p>\t\t\t\t\t\t\t\t<\/div>\n\t\t\t\t<\/div>\n\t\t\t\t\t<\/div>\n\t\t<\/div>\n\t\t\t\t\t<\/div>\n\t\t<\/section>\n\t\t\t\t<section class=\"elementor-section elementor-top-section elementor-element elementor-element-268d2e1 elementor-section-boxed elementor-section-height-default elementor-section-height-default\" data-id=\"268d2e1\" data-element_type=\"section\" data-e-type=\"section\">\n\t\t\t\t\t\t<div class=\"elementor-container elementor-column-gap-default\">\n\t\t\t\t\t<div class=\"elementor-column elementor-col-100 elementor-top-column elementor-element elementor-element-2a9715a\" data-id=\"2a9715a\" data-element_type=\"column\" data-e-type=\"column\">\n\t\t\t<div class=\"elementor-widget-wrap elementor-element-populated\">\n\t\t\t\t\t\t<div class=\"elementor-element elementor-element-1ebf1a2 elementor-widget elementor-widget-image\" data-id=\"1ebf1a2\" data-element_type=\"widget\" data-e-type=\"widget\" data-widget_type=\"image.default\">\n\t\t\t\t<div class=\"elementor-widget-container\">\n\t\t\t\t\t\t\t\t\t\t\t\t\t\t\t<img fetchpriority=\"high\" decoding=\"async\" data-attachment-id=\"1185\" data-permalink=\"https:\/\/ws168.juntadeandalucia.es\/iaap\/gestiondelconocimiento\/guia-abierta\/punto-5-dificultades-habituales\/captura-de-pantalla-2019-08-26-a-las-17-52-19\/\" data-orig-file=\"https:\/\/ws168.juntadeandalucia.es\/iaap\/gestiondelconocimiento\/wp-content\/uploads\/sites\/10\/2019\/08\/Captura-de-pantalla-2019-08-26-a-las-17.52.19.png\" data-orig-size=\"962,679\" data-comments-opened=\"0\" data-image-meta=\"{&quot;aperture&quot;:&quot;0&quot;,&quot;credit&quot;:&quot;&quot;,&quot;camera&quot;:&quot;&quot;,&quot;caption&quot;:&quot;&quot;,&quot;created_timestamp&quot;:&quot;0&quot;,&quot;copyright&quot;:&quot;&quot;,&quot;focal_length&quot;:&quot;0&quot;,&quot;iso&quot;:&quot;0&quot;,&quot;shutter_speed&quot;:&quot;0&quot;,&quot;title&quot;:&quot;&quot;,&quot;orientation&quot;:&quot;0&quot;}\" data-image-title=\"Captura de pantalla 2019-08-26 a las 17.52.19\" data-image-description=\"\" data-image-caption=\"\" data-large-file=\"https:\/\/ws168.juntadeandalucia.es\/iaap\/gestiondelconocimiento\/wp-content\/uploads\/sites\/10\/2019\/08\/Captura-de-pantalla-2019-08-26-a-las-17.52.19.png\" width=\"640\" height=\"452\" src=\"https:\/\/ws168.juntadeandalucia.es\/iaap\/gestiondelconocimiento\/wp-content\/uploads\/sites\/10\/2019\/08\/Captura-de-pantalla-2019-08-26-a-las-17.52.19.png\" class=\"attachment-large size-large wp-image-1185\" alt=\"\" srcset=\"https:\/\/ws168.juntadeandalucia.es\/iaap\/gestiondelconocimiento\/wp-content\/uploads\/sites\/10\/2019\/08\/Captura-de-pantalla-2019-08-26-a-las-17.52.19.png 962w, https:\/\/ws168.juntadeandalucia.es\/iaap\/gestiondelconocimiento\/wp-content\/uploads\/sites\/10\/2019\/08\/Captura-de-pantalla-2019-08-26-a-las-17.52.19-300x212.png 300w, https:\/\/ws168.juntadeandalucia.es\/iaap\/gestiondelconocimiento\/wp-content\/uploads\/sites\/10\/2019\/08\/Captura-de-pantalla-2019-08-26-a-las-17.52.19-768x542.png 768w, https:\/\/ws168.juntadeandalucia.es\/iaap\/gestiondelconocimiento\/wp-content\/uploads\/sites\/10\/2019\/08\/Captura-de-pantalla-2019-08-26-a-las-17.52.19-600x423.png 600w, https:\/\/ws168.juntadeandalucia.es\/iaap\/gestiondelconocimiento\/wp-content\/uploads\/sites\/10\/2019\/08\/Captura-de-pantalla-2019-08-26-a-las-17.52.19-110x78.png 110w, https:\/\/ws168.juntadeandalucia.es\/iaap\/gestiondelconocimiento\/wp-content\/uploads\/sites\/10\/2019\/08\/Captura-de-pantalla-2019-08-26-a-las-17.52.19-420x296.png 420w, https:\/\/ws168.juntadeandalucia.es\/iaap\/gestiondelconocimiento\/wp-content\/uploads\/sites\/10\/2019\/08\/Captura-de-pantalla-2019-08-26-a-las-17.52.19-609x430.png 609w\" sizes=\"(max-width: 640px) 100vw, 640px\" data-attachment-id=\"1185\" data-permalink=\"https:\/\/ws168.juntadeandalucia.es\/iaap\/gestiondelconocimiento\/guia-abierta\/punto-5-dificultades-habituales\/captura-de-pantalla-2019-08-26-a-las-17-52-19\/\" data-orig-file=\"https:\/\/ws168.juntadeandalucia.es\/iaap\/gestiondelconocimiento\/wp-content\/uploads\/sites\/10\/2019\/08\/Captura-de-pantalla-2019-08-26-a-las-17.52.19.png\" data-orig-size=\"962,679\" data-comments-opened=\"0\" data-image-meta=\"{&quot;aperture&quot;:&quot;0&quot;,&quot;credit&quot;:&quot;&quot;,&quot;camera&quot;:&quot;&quot;,&quot;caption&quot;:&quot;&quot;,&quot;created_timestamp&quot;:&quot;0&quot;,&quot;copyright&quot;:&quot;&quot;,&quot;focal_length&quot;:&quot;0&quot;,&quot;iso&quot;:&quot;0&quot;,&quot;shutter_speed&quot;:&quot;0&quot;,&quot;title&quot;:&quot;&quot;,&quot;orientation&quot;:&quot;0&quot;}\" data-image-title=\"Captura de pantalla 2019-08-26 a las 17.52.19\" data-image-description=\"\" data-image-caption=\"\" data-large-file=\"https:\/\/ws168.juntadeandalucia.es\/iaap\/gestiondelconocimiento\/wp-content\/uploads\/sites\/10\/2019\/08\/Captura-de-pantalla-2019-08-26-a-las-17.52.19.png\" \/>\t\t\t\t\t\t\t\t\t\t\t\t\t\t\t<\/div>\n\t\t\t\t<\/div>\n\t\t\t\t\t<\/div>\n\t\t<\/div>\n\t\t\t\t\t<\/div>\n\t\t<\/section>\n\t\t\t\t<section class=\"elementor-section elementor-top-section elementor-element elementor-element-623d822 elementor-section-boxed elementor-section-height-default elementor-section-height-default\" data-id=\"623d822\" data-element_type=\"section\" data-e-type=\"section\">\n\t\t\t\t\t\t<div class=\"elementor-container elementor-column-gap-default\">\n\t\t\t\t\t<div class=\"elementor-column elementor-col-100 elementor-top-column elementor-element elementor-element-10d0a7b\" data-id=\"10d0a7b\" data-element_type=\"column\" data-e-type=\"column\">\n\t\t\t<div class=\"elementor-widget-wrap elementor-element-populated\">\n\t\t\t\t\t\t<div class=\"elementor-element elementor-element-ae9003b elementor-widget elementor-widget-text-editor\" data-id=\"ae9003b\" data-element_type=\"widget\" data-e-type=\"widget\" data-widget_type=\"text-editor.default\">\n\t\t\t\t<div class=\"elementor-widget-container\">\n\t\t\t\t\t\t\t\t\t<p><span style=\"font-weight: 400;\">A este respecto, nos parece importante se\u00f1alar que cuando nos comprometemos con nuestros compa\u00f1eros, con la organizaci\u00f3n y con nosotr@s mism@s a desarrollar un proyecto de gesti\u00f3n del conocimiento hemos de ser conscientes que es necesario asumir la responsabilidad que con ese compromiso adquirimos.<\/span><\/p>\t\t\t\t\t\t\t\t<\/div>\n\t\t\t\t<\/div>\n\t\t\t\t\t<\/div>\n\t\t<\/div>\n\t\t\t\t\t<\/div>\n\t\t<\/section>\n\t\t\t\t<section class=\"elementor-section elementor-top-section elementor-element elementor-element-c938b9f elementor-section-boxed elementor-section-height-default elementor-section-height-default\" data-id=\"c938b9f\" data-element_type=\"section\" data-e-type=\"section\">\n\t\t\t\t\t\t<div class=\"elementor-container elementor-column-gap-default\">\n\t\t\t\t\t<div class=\"elementor-column elementor-col-100 elementor-top-column elementor-element elementor-element-9d2514a\" data-id=\"9d2514a\" data-element_type=\"column\" data-e-type=\"column\">\n\t\t\t<div class=\"elementor-widget-wrap elementor-element-populated\">\n\t\t\t\t\t\t<div class=\"elementor-element elementor-element-031f8ea elementor-widget elementor-widget-text-editor\" data-id=\"031f8ea\" data-element_type=\"widget\" data-e-type=\"widget\" data-widget_type=\"text-editor.default\">\n\t\t\t\t<div class=\"elementor-widget-container\">\n\t\t\t\t\t\t\t\t\t<p><span style=\"color: #ff6600;\"><strong>C\u00f3mo combatir el \u201cefecto gaseosa\u201d<\/strong><\/span><\/p><p><span style=\"font-weight: 400;\">Como ya hemos comentado, gran parte de la motivaci\u00f3n y la adherencia con un proyecto lo marca la buena conexi\u00f3n y sinton\u00eda con las dem\u00e1s personas del equipo. En este sentido, suele ocurrir que tras los encuentros presenciales, el contacto f\u00edsico, las sinergias y las buenas sensaciones que se experimentan y la recarga de energ\u00eda que estos encuentros nos provoca suele seguirle un periodo en el que progresivamente podemos perder algo de ilusi\u00f3n e ir desconect\u00e1ndonos poco a poco del proyecto. Una forma de contrarrestar este efecto es mantener ese contacto permanente, aunque no sea presencial e <strong>ir promoviendo momentos de encuentro<\/strong>, aunque sean virtuales y breves, pero continuos. Otro momento que puede generar m\u00e1s aislamiento es la etapa en la que el proyecto demanda m\u00e1s trabajo individual de cada uno de los miembros, por lo que seguir manteniendo espacios para el intercambiando ideas, propuestas y aspectos relativos al avance del proyecto nos puede ayudar a sentirnos \u201cconectad@s\u201d.<\/span><\/p>\t\t\t\t\t\t\t\t<\/div>\n\t\t\t\t<\/div>\n\t\t\t\t\t<\/div>\n\t\t<\/div>\n\t\t\t\t\t<\/div>\n\t\t<\/section>\n\t\t\t\t<section class=\"elementor-section elementor-top-section elementor-element elementor-element-2e35a1e elementor-section-boxed elementor-section-height-default elementor-section-height-default\" data-id=\"2e35a1e\" data-element_type=\"section\" data-e-type=\"section\">\n\t\t\t\t\t\t<div class=\"elementor-container elementor-column-gap-default\">\n\t\t\t\t\t<div class=\"elementor-column elementor-col-66 elementor-top-column elementor-element elementor-element-b4ad4a3\" data-id=\"b4ad4a3\" data-element_type=\"column\" data-e-type=\"column\">\n\t\t\t<div class=\"elementor-widget-wrap elementor-element-populated\">\n\t\t\t\t\t\t<div class=\"elementor-element elementor-element-96a055a elementor-widget elementor-widget-text-editor\" data-id=\"96a055a\" data-element_type=\"widget\" data-e-type=\"widget\" data-widget_type=\"text-editor.default\">\n\t\t\t\t<div class=\"elementor-widget-container\">\n\t\t\t\t\t\t\t\t\t<p><strong><span style=\"color: #ff6600;\">La definici\u00f3n y concreci\u00f3n tanto de los objetivos como de los entregables<\/span><\/strong><\/p><p><span style=\"font-weight: 400;\">Uno los aspectos m\u00e1s importantes del desarrollo de proyectos de gesti\u00f3n del conocimiento, bueno en realidad en cualquier proyecto, es la claridad en la definici\u00f3n de los objetivos. Es fundamental que tengas muy claro qu\u00e9 quer\u00e9is conseguir y para qu\u00e9 y que sea compartido por todo el equipo. La falta de definici\u00f3n o concreci\u00f3n es algo que ralentiza el avance y hace que se pierda productividad en la ejecuci\u00f3n, por ello <strong>es muy importante que al principio se le dedique todo el tiempo que sea necesario para reflexionar sobre ellos<\/strong>, dialogar entre todos\/as e intercambiar las visiones y opiniones para llegar a un consenso de equipo. <\/span><\/p>\t\t\t\t\t\t\t\t<\/div>\n\t\t\t\t<\/div>\n\t\t\t\t\t<\/div>\n\t\t<\/div>\n\t\t\t\t<div class=\"elementor-column elementor-col-33 elementor-top-column elementor-element elementor-element-693a788\" data-id=\"693a788\" data-element_type=\"column\" data-e-type=\"column\">\n\t\t\t<div class=\"elementor-widget-wrap elementor-element-populated\">\n\t\t\t\t\t\t<div class=\"elementor-element elementor-element-5d36e88 elementor-widget elementor-widget-image\" data-id=\"5d36e88\" data-element_type=\"widget\" data-e-type=\"widget\" data-widget_type=\"image.default\">\n\t\t\t\t<div class=\"elementor-widget-container\">\n\t\t\t\t\t\t\t\t\t\t\t\t\t\t\t<img decoding=\"async\" src=\"https:\/\/ws168.juntadeandalucia.es\/iaap\/gestiondelconocimiento\/wp-content\/uploads\/sites\/10\/2019\/08\/magnify-145895_1280-272x182.png\" title=\"magnify-145895_1280\" alt=\"magnify-145895_1280\" loading=\"lazy\" \/>\t\t\t\t\t\t\t\t\t\t\t\t\t\t\t<\/div>\n\t\t\t\t<\/div>\n\t\t\t\t\t<\/div>\n\t\t<\/div>\n\t\t\t\t\t<\/div>\n\t\t<\/section>\n\t\t\t\t<section class=\"elementor-section elementor-top-section elementor-element elementor-element-48e452e elementor-section-boxed elementor-section-height-default elementor-section-height-default\" data-id=\"48e452e\" data-element_type=\"section\" data-e-type=\"section\">\n\t\t\t\t\t\t<div class=\"elementor-container elementor-column-gap-default\">\n\t\t\t\t\t<div class=\"elementor-column elementor-col-100 elementor-top-column elementor-element elementor-element-e2a117a\" data-id=\"e2a117a\" data-element_type=\"column\" data-e-type=\"column\">\n\t\t\t<div class=\"elementor-widget-wrap elementor-element-populated\">\n\t\t\t\t\t\t<div class=\"elementor-element elementor-element-5e3cc9e elementor-widget elementor-widget-text-editor\" data-id=\"5e3cc9e\" data-element_type=\"widget\" data-e-type=\"widget\" data-widget_type=\"text-editor.default\">\n\t\t\t\t<div class=\"elementor-widget-container\">\n\t\t\t\t\t\t\t\t\t<p><span style=\"font-weight: 400;\">Lo mismo ocurre con respecto al entregable que vais a crear y que ser\u00e1, de alguna manera, el medio que os permita conseguir aquello que queremos. Ser\u00e1 necesario reflexionar y tomar muchas decisiones acerca de c\u00f3mo quer\u00e9is que sea, qu\u00e9 formato va a tener, con qu\u00e9 (herramientas, aplicaciones, materiales, etc.) lo vamos a hacer. Y es necesario que todo est\u00e9 muy bien descrito y comprendido por todas las personas del equipo. A veces creemos que lo que tenemos en nuestra cabeza y transmitimos es lo que los dem\u00e1s est\u00e1n entendiendo y suele no ser as\u00ed, por lo que la retroalimentaci\u00f3n ha de ser continua (feedback). Imaginemos un proyecto que pretende hacer \u201cuna gu\u00eda\u201d y entre los recursos que alguien propone utilizar se menciona una determinada herramienta o aplicaci\u00f3n, en ese momento hay que especificar muy bien en qu\u00e9 consiste dicha herramienta (requerimientos de uso, conocimientos necesarios, requisitos t\u00e9cnicos, resultados que ofrece, etc). Si por ejemplo, se propone utilizar \u201cInDesign\u201d para realizar la gu\u00eda, habr\u00eda que exponer\u00a0 que se trata<\/span><span style=\"font-weight: 400;\"> de una aplicaci\u00f3n para la composici\u00f3n digital de p\u00e1ginas, todos han de saber <\/span><span style=\"font-weight: 400;\">que el resultado final de dicha composici\u00f3n ser\u00eda algo maquetado en formato papel y no en un formato de p\u00e1gina web como alguien podr\u00eda haberse imaginado. Y es que cuando hablamos de aplicaciones o herramientas hay que tener en cuenta que el nivel de conocimiento de las mismas no es universal, como si habl\u00e1ramos del concepto \u201cagua\u201d.<\/span><\/p>\t\t\t\t\t\t\t\t<\/div>\n\t\t\t\t<\/div>\n\t\t\t\t\t<\/div>\n\t\t<\/div>\n\t\t\t\t\t<\/div>\n\t\t<\/section>\n\t\t\t\t<section class=\"elementor-section elementor-top-section elementor-element elementor-element-689b3e3 elementor-section-boxed elementor-section-height-default elementor-section-height-default\" data-id=\"689b3e3\" data-element_type=\"section\" data-e-type=\"section\">\n\t\t\t\t\t\t<div class=\"elementor-container elementor-column-gap-default\">\n\t\t\t\t\t<div class=\"elementor-column elementor-col-66 elementor-top-column elementor-element elementor-element-7c4a58d\" data-id=\"7c4a58d\" data-element_type=\"column\" data-e-type=\"column\">\n\t\t\t<div class=\"elementor-widget-wrap elementor-element-populated\">\n\t\t\t\t\t\t<div class=\"elementor-element elementor-element-9f77f1f elementor-widget elementor-widget-text-editor\" data-id=\"9f77f1f\" data-element_type=\"widget\" data-e-type=\"widget\" data-widget_type=\"text-editor.default\">\n\t\t\t\t<div class=\"elementor-widget-container\">\n\t\t\t\t\t\t\t\t\t<p><span style=\"color: #00ccff; font-size: 14pt;\"><strong>Dinamizaci\u00f3n del equipo<\/strong><\/span><\/p><p><span style=\"font-weight: 400;\">Las personas que participan en Proyectos de Gesti\u00f3n del Conocimiento han de desempe\u00f1ar un determinado rol, o se espera de ellas que lo desempe\u00f1en.<\/span><\/p><p><span style=\"font-weight: 400;\">En el programa \u201cEmbajadores\/as del Conocimiento\u201d en su edici\u00f3n 2018- 2019 ya se clarifican los roles de participaci\u00f3n, un rol para la persona \u201cEmbajador\/a del conocimiento\u201d y otro para quien es \u201cDinamizador\/ de un grupo de Trabajo\u201d:<\/span><\/p>\t\t\t\t\t\t\t\t<\/div>\n\t\t\t\t<\/div>\n\t\t\t\t\t<\/div>\n\t\t<\/div>\n\t\t\t\t<div class=\"elementor-column elementor-col-33 elementor-top-column elementor-element elementor-element-0ab35c5\" data-id=\"0ab35c5\" data-element_type=\"column\" data-e-type=\"column\">\n\t\t\t<div class=\"elementor-widget-wrap elementor-element-populated\">\n\t\t\t\t\t\t<div class=\"elementor-element elementor-element-7f97301 elementor-widget elementor-widget-image\" data-id=\"7f97301\" data-element_type=\"widget\" data-e-type=\"widget\" data-widget_type=\"image.default\">\n\t\t\t\t<div class=\"elementor-widget-container\">\n\t\t\t\t\t\t\t\t\t\t\t\t\t\t\t<img decoding=\"async\" data-attachment-id=\"1161\" data-permalink=\"https:\/\/ws168.juntadeandalucia.es\/iaap\/gestiondelconocimiento\/guia-abierta\/punto-5-dificultades-habituales\/businessman-1492563_1920\/\" data-orig-file=\"https:\/\/ws168.juntadeandalucia.es\/iaap\/gestiondelconocimiento\/wp-content\/uploads\/sites\/10\/2019\/08\/businessman-1492563_1920.jpg\" data-orig-size=\"1920,842\" data-comments-opened=\"0\" data-image-meta=\"{&quot;aperture&quot;:&quot;0&quot;,&quot;credit&quot;:&quot;&quot;,&quot;camera&quot;:&quot;&quot;,&quot;caption&quot;:&quot;&quot;,&quot;created_timestamp&quot;:&quot;0&quot;,&quot;copyright&quot;:&quot;&quot;,&quot;focal_length&quot;:&quot;0&quot;,&quot;iso&quot;:&quot;0&quot;,&quot;shutter_speed&quot;:&quot;0&quot;,&quot;title&quot;:&quot;&quot;,&quot;orientation&quot;:&quot;0&quot;}\" data-image-title=\"businessman-1492563_1920\" data-image-description=\"\" data-image-caption=\"\" data-large-file=\"https:\/\/ws168.juntadeandalucia.es\/iaap\/gestiondelconocimiento\/wp-content\/uploads\/sites\/10\/2019\/08\/businessman-1492563_1920-1024x449.jpg\" width=\"300\" height=\"132\" src=\"https:\/\/ws168.juntadeandalucia.es\/iaap\/gestiondelconocimiento\/wp-content\/uploads\/sites\/10\/2019\/08\/businessman-1492563_1920-300x132.jpg\" class=\"attachment-medium size-medium wp-image-1161\" alt=\"\" srcset=\"https:\/\/ws168.juntadeandalucia.es\/iaap\/gestiondelconocimiento\/wp-content\/uploads\/sites\/10\/2019\/08\/businessman-1492563_1920-300x132.jpg 300w, https:\/\/ws168.juntadeandalucia.es\/iaap\/gestiondelconocimiento\/wp-content\/uploads\/sites\/10\/2019\/08\/businessman-1492563_1920-768x337.jpg 768w, https:\/\/ws168.juntadeandalucia.es\/iaap\/gestiondelconocimiento\/wp-content\/uploads\/sites\/10\/2019\/08\/businessman-1492563_1920-1024x449.jpg 1024w, https:\/\/ws168.juntadeandalucia.es\/iaap\/gestiondelconocimiento\/wp-content\/uploads\/sites\/10\/2019\/08\/businessman-1492563_1920-600x263.jpg 600w, https:\/\/ws168.juntadeandalucia.es\/iaap\/gestiondelconocimiento\/wp-content\/uploads\/sites\/10\/2019\/08\/businessman-1492563_1920-110x48.jpg 110w, https:\/\/ws168.juntadeandalucia.es\/iaap\/gestiondelconocimiento\/wp-content\/uploads\/sites\/10\/2019\/08\/businessman-1492563_1920-420x184.jpg 420w, https:\/\/ws168.juntadeandalucia.es\/iaap\/gestiondelconocimiento\/wp-content\/uploads\/sites\/10\/2019\/08\/businessman-1492563_1920-770x338.jpg 770w, https:\/\/ws168.juntadeandalucia.es\/iaap\/gestiondelconocimiento\/wp-content\/uploads\/sites\/10\/2019\/08\/businessman-1492563_1920.jpg 1920w\" sizes=\"(max-width: 300px) 100vw, 300px\" data-attachment-id=\"1161\" data-permalink=\"https:\/\/ws168.juntadeandalucia.es\/iaap\/gestiondelconocimiento\/guia-abierta\/punto-5-dificultades-habituales\/businessman-1492563_1920\/\" data-orig-file=\"https:\/\/ws168.juntadeandalucia.es\/iaap\/gestiondelconocimiento\/wp-content\/uploads\/sites\/10\/2019\/08\/businessman-1492563_1920.jpg\" data-orig-size=\"1920,842\" data-comments-opened=\"0\" data-image-meta=\"{&quot;aperture&quot;:&quot;0&quot;,&quot;credit&quot;:&quot;&quot;,&quot;camera&quot;:&quot;&quot;,&quot;caption&quot;:&quot;&quot;,&quot;created_timestamp&quot;:&quot;0&quot;,&quot;copyright&quot;:&quot;&quot;,&quot;focal_length&quot;:&quot;0&quot;,&quot;iso&quot;:&quot;0&quot;,&quot;shutter_speed&quot;:&quot;0&quot;,&quot;title&quot;:&quot;&quot;,&quot;orientation&quot;:&quot;0&quot;}\" data-image-title=\"businessman-1492563_1920\" data-image-description=\"\" data-image-caption=\"\" data-large-file=\"https:\/\/ws168.juntadeandalucia.es\/iaap\/gestiondelconocimiento\/wp-content\/uploads\/sites\/10\/2019\/08\/businessman-1492563_1920-1024x449.jpg\" \/>\t\t\t\t\t\t\t\t\t\t\t\t\t\t\t<\/div>\n\t\t\t\t<\/div>\n\t\t\t\t\t<\/div>\n\t\t<\/div>\n\t\t\t\t\t<\/div>\n\t\t<\/section>\n\t\t\t\t<section class=\"elementor-section elementor-top-section elementor-element elementor-element-f1adb96 elementor-section-boxed elementor-section-height-default elementor-section-height-default\" data-id=\"f1adb96\" data-element_type=\"section\" data-e-type=\"section\">\n\t\t\t\t\t\t<div class=\"elementor-container elementor-column-gap-default\">\n\t\t\t\t\t<div class=\"elementor-column elementor-col-100 elementor-top-column elementor-element elementor-element-4f6990b\" data-id=\"4f6990b\" data-element_type=\"column\" data-e-type=\"column\">\n\t\t\t<div class=\"elementor-widget-wrap elementor-element-populated\">\n\t\t\t\t\t\t<div class=\"elementor-element elementor-element-9adf0a4 elementor-widget elementor-widget-text-editor\" data-id=\"9adf0a4\" data-element_type=\"widget\" data-e-type=\"widget\" data-widget_type=\"text-editor.default\">\n\t\t\t\t<div class=\"elementor-widget-container\">\n\t\t\t\t\t\t\t\t\t<ul style=\"list-style-type: disc;\"><li><span style=\"font-weight: 400;\"><strong>Embajador\/a del Conocimiento.<\/strong> Su cometido es participar activamente en el desarrollo de las tareas del grupo en el que est\u00e1 colaborando. La participaci\u00f3n debe ser (pro)activa, coordinada con el resto de compa\u00f1eros\/as del grupo, y siguiendo las directrices acordadas con el\/la dinamizador\/a. Un\/a embajador\/a del conocimiento tambi\u00e9n traslada lo aprendido y experimentado a su puesto de trabajo y su entorno m\u00e1s cercano, a la vez que observa las demandas y retos existentes en la administraci\u00f3n p\u00fablica, con la nueva \u00f3ptica de trabajo que va adquiriendo en este programa.<\/span><\/li><li style=\"font-weight: 400;\"><span style=\"font-weight: 400;\"><strong>Dinamizador\/a de un Grupo de Trabajo.<\/strong> Su cometido es facilitar el cumplimiento de los compromisos acordados en el Momento KM 0, coordinando los trabajo del grupo, priorizando las tareas e interlocutando con el IAAP durante los per\u00edodos de trabajo on-line. Debe tener capacidades participativas, practicar la escucha activa y la empat\u00eda, a la vez que habilidades para la organizaci\u00f3n y direcci\u00f3n de trabajos<\/span><span style=\"font-weight: 400;\">.<\/span><\/li><\/ul>\t\t\t\t\t\t\t\t<\/div>\n\t\t\t\t<\/div>\n\t\t\t\t\t<\/div>\n\t\t<\/div>\n\t\t\t\t\t<\/div>\n\t\t<\/section>\n\t\t\t\t<section class=\"elementor-section elementor-top-section elementor-element elementor-element-3f30cd3 elementor-section-boxed elementor-section-height-default elementor-section-height-default\" data-id=\"3f30cd3\" data-element_type=\"section\" data-e-type=\"section\">\n\t\t\t\t\t\t<div class=\"elementor-container elementor-column-gap-default\">\n\t\t\t\t\t<div class=\"elementor-column elementor-col-100 elementor-top-column elementor-element elementor-element-0c8f6f4\" data-id=\"0c8f6f4\" data-element_type=\"column\" data-e-type=\"column\">\n\t\t\t<div class=\"elementor-widget-wrap elementor-element-populated\">\n\t\t\t\t\t\t<div class=\"elementor-element elementor-element-5b5bded elementor-widget elementor-widget-text-editor\" data-id=\"5b5bded\" data-element_type=\"widget\" data-e-type=\"widget\" data-widget_type=\"text-editor.default\">\n\t\t\t\t<div class=\"elementor-widget-container\">\n\t\t\t\t\t\t\t\t\t<p><span style=\"font-weight: 400;\">Cada grupo de gesti\u00f3n del conocimiento elige a la persona que desempe\u00f1ar\u00e1 las tareas de dinamizaci\u00f3n y se auto-organiza de la forma que considera m\u00e1s adecuada para lograr el cumplimiento de sus fines.\u00a0<\/span><\/p><p><span style=\"font-weight: 400;\">A nosotros nos gusta m\u00e1s llamarnos \u201cequipo\u201d en lugar de \u201cgrupo\u201d. Nos hemos identificado mejor con este t\u00e9rmino por el \u00e9nfasis en la co-responsabilidad y sentido de pertenencia con respecto al proyecto y a los logros y objetivos alcanzados, siendo plenamente conscientes de que son los resultados del esfuerzo y del trabajo colectivo y colaborativo. El proyecto no es s\u00f3lo de uno\/a que tiene que tirar del resto para desarrollarlo sino que el proyecto es de TOD@S y se consigue con la contribuci\u00f3n de TOD@S, con independencia de que se puedan asumir o repartir determinadas tareas y adoptar distinto rol seg\u00fan sea necesario.\u00a0<\/span><\/p><p><span style=\"font-weight: 400;\">Pensamos que la labor de la persona que dinamiza es muy importante para el buen funcionamiento de los proyectos pero no se deber\u00eda considerar que ha de recaer en esta persona, la responsabilidad exclusiva del \u00e9xito del proyecto. Esta funci\u00f3n de dinamizaci\u00f3n se puede realizar entre dos personas, se puede plantear una dinamizaci\u00f3n rotativa entre todos los miembros del equipo o de algunos de ellos, una dinamizaci\u00f3n realizada por un agente de apoyo externo,\u2026 ser\u00e1 una elecci\u00f3n de los propios equipos.<\/span><\/p><p><span style=\"font-weight: 400;\">La tarea de dinamizaci\u00f3n de un equipo de estas caracter\u00edsticas conlleva una carga de trabajo a\u00f1adida y supone una mayor necesidad de implicaci\u00f3n y compromiso con el proyecto.\u00a0 <\/span><\/p><p><strong>\u00bfQuieres conocer qu\u00e9 reflexiones se han realizado sobre la dinamizaci\u00f3n de proyectos? <\/strong><\/p>\t\t\t\t\t\t\t\t<\/div>\n\t\t\t\t<\/div>\n\t\t\t\t\t<\/div>\n\t\t<\/div>\n\t\t\t\t\t<\/div>\n\t\t<\/section>\n\t\t\t\t<section class=\"elementor-section elementor-top-section elementor-element elementor-element-89ebfc0 elementor-section-boxed elementor-section-height-default elementor-section-height-default\" data-id=\"89ebfc0\" data-element_type=\"section\" data-e-type=\"section\">\n\t\t\t\t\t\t<div class=\"elementor-container elementor-column-gap-default\">\n\t\t\t\t\t<div class=\"elementor-column elementor-col-100 elementor-top-column elementor-element elementor-element-3bc9129\" data-id=\"3bc9129\" data-element_type=\"column\" data-e-type=\"column\">\n\t\t\t<div class=\"elementor-widget-wrap elementor-element-populated\">\n\t\t\t\t\t\t<div class=\"elementor-element elementor-element-1a26225 elementor-widget elementor-widget-html\" data-id=\"1a26225\" data-element_type=\"widget\" data-e-type=\"widget\" data-widget_type=\"html.default\">\n\t\t\t\t<div class=\"elementor-widget-container\">\n\t\t\t\t\t<div style=\"width: 100%;\"><div style=\"position: relative; padding-bottom: 56.25%; padding-top: 0; height: 0;\"><iframe frameborder=\"0\" width=\"1200px\" height=\"675px\" style=\"position: absolute; top: 0; left: 0; width: 100%; height: 100%;\" src=\"https:\/\/view.genial.ly\/5d6403e47791bd0f88c4fdad\" type=\"text\/html\" allowscriptaccess=\"always\" allowfullscreen=\"true\" scrolling=\"yes\" allownetworking=\"all\"><\/iframe> <\/div> <\/div>\t\t\t\t<\/div>\n\t\t\t\t<\/div>\n\t\t\t\t\t<\/div>\n\t\t<\/div>\n\t\t\t\t\t<\/div>\n\t\t<\/section>\n\t\t\t\t<section class=\"elementor-section elementor-top-section elementor-element elementor-element-646d818 elementor-section-boxed elementor-section-height-default elementor-section-height-default\" data-id=\"646d818\" data-element_type=\"section\" data-e-type=\"section\">\n\t\t\t\t\t\t<div class=\"elementor-container elementor-column-gap-default\">\n\t\t\t\t\t<div class=\"elementor-column elementor-col-100 elementor-top-column elementor-element elementor-element-c599f50\" data-id=\"c599f50\" data-element_type=\"column\" data-e-type=\"column\">\n\t\t\t<div class=\"elementor-widget-wrap elementor-element-populated\">\n\t\t\t\t\t\t<div class=\"elementor-element elementor-element-1cdb6a3 elementor-widget elementor-widget-text-editor\" data-id=\"1cdb6a3\" data-element_type=\"widget\" data-e-type=\"widget\" data-widget_type=\"text-editor.default\">\n\t\t\t\t<div class=\"elementor-widget-container\">\n\t\t\t\t\t\t\t\t\t<p style=\"text-align: justify;\">Son cuestiones sobre las que ser\u00e1 interesante seguir reflexionando y profundizando para recoger las experiencias y valoraciones de aquellas personas involucradas en proyectos de gesti\u00f3n del conocimiento que quieran compartir su pr\u00e1ctica y pericia en la dinamizaci\u00f3n de grupos y equipos.<\/p><p style=\"text-align: justify;\">Para ti que quieres lanzarte en un proyecto de gesti\u00f3n del conocimiento, te proponemos un dec\u00e1logo de dinamizaci\u00f3n que ayude a tener en mente algunos aspectos claves a considerar para un buen funcionamiento del equipo y del proyecto.<\/p>\t\t\t\t\t\t\t\t<\/div>\n\t\t\t\t<\/div>\n\t\t\t\t\t<\/div>\n\t\t<\/div>\n\t\t\t\t\t<\/div>\n\t\t<\/section>\n\t\t\t\t<section class=\"elementor-section elementor-top-section elementor-element elementor-element-d2859b9 elementor-section-boxed elementor-section-height-default elementor-section-height-default\" data-id=\"d2859b9\" data-element_type=\"section\" data-e-type=\"section\">\n\t\t\t\t\t\t<div class=\"elementor-container elementor-column-gap-default\">\n\t\t\t\t\t<div class=\"elementor-column elementor-col-100 elementor-top-column elementor-element elementor-element-e4a83aa\" data-id=\"e4a83aa\" data-element_type=\"column\" data-e-type=\"column\">\n\t\t\t<div class=\"elementor-widget-wrap elementor-element-populated\">\n\t\t\t\t\t\t<div class=\"elementor-element elementor-element-5ac370c elementor-widget elementor-widget-text-editor\" data-id=\"5ac370c\" data-element_type=\"widget\" data-e-type=\"widget\" data-widget_type=\"text-editor.default\">\n\t\t\t\t<div class=\"elementor-widget-container\">\n\t\t\t\t\t\t\t\t\t<p><a href=\"https:\/\/ws168.juntadeandalucia.es\/iaap\/gestiondelconocimiento\/wp-content\/uploads\/sites\/10\/2020\/05\/Decalogo-de-la-DINAMIZACION-DE-PROYECTOS.pdf\" target=\"_blank\" rel=\"noopener\"><strong>Dec\u00e1logo de la Dinamizaci\u00f3n <\/strong><\/a>(se abre en una nueva pesta\u00f1a).<\/p>\t\t\t\t\t\t\t\t<\/div>\n\t\t\t\t<\/div>\n\t\t\t\t\t<\/div>\n\t\t<\/div>\n\t\t\t\t\t<\/div>\n\t\t<\/section>\n\t\t\t\t<section class=\"elementor-section elementor-top-section elementor-element elementor-element-946d3c1 elementor-section-boxed elementor-section-height-default elementor-section-height-default\" data-id=\"946d3c1\" data-element_type=\"section\" data-e-type=\"section\">\n\t\t\t\t\t\t<div class=\"elementor-container elementor-column-gap-default\">\n\t\t\t\t\t<div class=\"elementor-column elementor-col-100 elementor-top-column elementor-element elementor-element-a710413\" data-id=\"a710413\" data-element_type=\"column\" data-e-type=\"column\">\n\t\t\t<div class=\"elementor-widget-wrap elementor-element-populated\">\n\t\t\t\t\t\t<div class=\"elementor-element elementor-element-eea91bb elementor-widget elementor-widget-text-editor\" data-id=\"eea91bb\" data-element_type=\"widget\" data-e-type=\"widget\" data-widget_type=\"text-editor.default\">\n\t\t\t\t<div class=\"elementor-widget-container\">\n\t\t\t\t\t\t\t\t\t<p><span style=\"font-size: 14pt; color: #00ccff;\"><strong>Adquisici\u00f3n de conocimientos necesarios<\/strong><\/span><\/p><p><span style=\"font-weight: 400;\">Parece demostrado que la mayor parte del aprendizaje que necesitamos para el desempe\u00f1o profesional se produce en el propio puesto de trabajo, a partir de preguntas a compa\u00f1eros y resolviendo en el propio entorno laboral las dudas que nos surgen. Parte de la esencia del ser humano est\u00e1 en ayudar a otros a conocer lo que no saben y es que el hecho de compartir el conocimiento viene de alguna manera predeterminado en nuestros c\u00f3digos gen\u00e9ticos. Este aprendizaje informal en las organizaciones se da siempre y de forma natural, lo cual no quita que nos encontremos en un momento oportuno para desarrollar nuevas metodolog\u00edas que de forma intencionada favorezcan un aprendizaje basado en un mejor aprovechamiento de la experiencia de nuestra organizaci\u00f3n y todo el conocimiento acumulado para su transferencia entre iguales.<\/span><\/p>\t\t\t\t\t\t\t\t<\/div>\n\t\t\t\t<\/div>\n\t\t\t\t\t<\/div>\n\t\t<\/div>\n\t\t\t\t\t<\/div>\n\t\t<\/section>\n\t\t\t\t<section class=\"elementor-section elementor-top-section elementor-element elementor-element-9f97521 elementor-section-boxed elementor-section-height-default elementor-section-height-default\" data-id=\"9f97521\" data-element_type=\"section\" data-e-type=\"section\">\n\t\t\t\t\t\t<div class=\"elementor-container elementor-column-gap-default\">\n\t\t\t\t\t<div class=\"elementor-column elementor-col-50 elementor-top-column elementor-element elementor-element-bd39c92\" data-id=\"bd39c92\" data-element_type=\"column\" data-e-type=\"column\">\n\t\t\t<div class=\"elementor-widget-wrap elementor-element-populated\">\n\t\t\t\t\t\t<div class=\"elementor-element elementor-element-c3a95fa elementor-widget elementor-widget-image\" data-id=\"c3a95fa\" data-element_type=\"widget\" data-e-type=\"widget\" data-widget_type=\"image.default\">\n\t\t\t\t<div class=\"elementor-widget-container\">\n\t\t\t\t\t\t\t\t\t\t\t\t\t\t\t<img decoding=\"async\" src=\"https:\/\/ws168.juntadeandalucia.es\/iaap\/gestiondelconocimiento\/wp-content\/uploads\/sites\/10\/2019\/08\/alphabet-379221_1920-272x182.jpg\" title=\"alphabet-379221_1920\" alt=\"alphabet-379221_1920\" loading=\"lazy\" \/>\t\t\t\t\t\t\t\t\t\t\t\t\t\t\t<\/div>\n\t\t\t\t<\/div>\n\t\t\t\t\t<\/div>\n\t\t<\/div>\n\t\t\t\t<div class=\"elementor-column elementor-col-50 elementor-top-column elementor-element elementor-element-2bc2aba\" data-id=\"2bc2aba\" data-element_type=\"column\" data-e-type=\"column\">\n\t\t\t<div class=\"elementor-widget-wrap elementor-element-populated\">\n\t\t\t\t\t\t<div class=\"elementor-element elementor-element-a822c4c elementor-widget elementor-widget-text-editor\" data-id=\"a822c4c\" data-element_type=\"widget\" data-e-type=\"widget\" data-widget_type=\"text-editor.default\">\n\t\t\t\t<div class=\"elementor-widget-container\">\n\t\t\t\t\t\t\t\t\t<p><span style=\"font-weight: 400;\">El desarrollo de proyectos de gesti\u00f3n del conocimiento, avanza en un modelo en el que ponemos a disposici\u00f3n de otros el propio conocimiento y nos servimos del conocimiento de otros para enriquecer el nuestro; y se pretende que el aprendizaje generado a lo largo del proceso pueda ser capturado, sistematizado y organizado para que a su vez les resulte \u00fatil a otros.<\/span><\/p>\t\t\t\t\t\t\t\t<\/div>\n\t\t\t\t<\/div>\n\t\t\t\t\t<\/div>\n\t\t<\/div>\n\t\t\t\t\t<\/div>\n\t\t<\/section>\n\t\t\t\t<section class=\"elementor-section elementor-top-section elementor-element elementor-element-709c86e elementor-section-boxed elementor-section-height-default elementor-section-height-default\" data-id=\"709c86e\" data-element_type=\"section\" data-e-type=\"section\">\n\t\t\t\t\t\t<div class=\"elementor-container elementor-column-gap-default\">\n\t\t\t\t\t<div class=\"elementor-column elementor-col-100 elementor-top-column elementor-element elementor-element-9f586e5\" data-id=\"9f586e5\" data-element_type=\"column\" data-e-type=\"column\">\n\t\t\t<div class=\"elementor-widget-wrap elementor-element-populated\">\n\t\t\t\t\t\t<div class=\"elementor-element elementor-element-be682aa elementor-widget elementor-widget-text-editor\" data-id=\"be682aa\" data-element_type=\"widget\" data-e-type=\"widget\" data-widget_type=\"text-editor.default\">\n\t\t\t\t<div class=\"elementor-widget-container\">\n\t\t\t\t\t\t\t\t\t<p><span style=\"font-weight: 400;\">A lo largo del desarrollo del proyecto, es m\u00e1s que probable que necesitemos desarrollar nuevas competencias, adquirir nuevos conocimientos y entrenar nuevas habilidades que a lo mejor no pose\u00edamos por lo que habr\u00e1 que tener una mente abierta y tener una actitud investigadora, curiosa y \u00e1vida de aprender movilizando los recursos personales de forma proactiva para conseguir saber hacer aquello que requiera el proyecto.<\/span><\/p>\t\t\t\t\t\t\t\t<\/div>\n\t\t\t\t<\/div>\n\t\t\t\t\t<\/div>\n\t\t<\/div>\n\t\t\t\t\t<\/div>\n\t\t<\/section>\n\t\t\t\t<section class=\"elementor-section elementor-top-section elementor-element elementor-element-6f832aa elementor-section-boxed elementor-section-height-default elementor-section-height-default\" data-id=\"6f832aa\" data-element_type=\"section\" data-e-type=\"section\">\n\t\t\t\t\t\t<div class=\"elementor-container elementor-column-gap-default\">\n\t\t\t\t\t<div class=\"elementor-column elementor-col-66 elementor-top-column elementor-element elementor-element-7e056fe\" data-id=\"7e056fe\" data-element_type=\"column\" data-e-type=\"column\">\n\t\t\t<div class=\"elementor-widget-wrap elementor-element-populated\">\n\t\t\t\t\t\t<div class=\"elementor-element elementor-element-487037a elementor-widget elementor-widget-text-editor\" data-id=\"487037a\" data-element_type=\"widget\" data-e-type=\"widget\" data-widget_type=\"text-editor.default\">\n\t\t\t\t<div class=\"elementor-widget-container\">\n\t\t\t\t\t\t\t\t\t<p><span style=\"font-size: 14pt; color: #00ccff;\"><strong>Medios materiales\u00a0<\/strong><\/span><\/p><p><span style=\"font-weight: 400;\">La reflexi\u00f3n sobre los medios materiales es necesario realizarla en los comienzos del proyecto pues nos podemos encontrar que no podamos ejecutarlo porque nos falten los medios materiales o est\u00e9n pero no los tengamos disponibles, lo cual viene a ser lo mismo\u00a0<strong>\u00bfQu\u00e9 necesita el proyecto?<\/strong><\/span><\/p>\t\t\t\t\t\t\t\t<\/div>\n\t\t\t\t<\/div>\n\t\t\t\t\t<\/div>\n\t\t<\/div>\n\t\t\t\t<div class=\"elementor-column elementor-col-33 elementor-top-column elementor-element elementor-element-432ea85\" data-id=\"432ea85\" data-element_type=\"column\" data-e-type=\"column\">\n\t\t\t<div class=\"elementor-widget-wrap elementor-element-populated\">\n\t\t\t\t\t\t<div class=\"elementor-element elementor-element-76f2b31 elementor-widget elementor-widget-image\" data-id=\"76f2b31\" data-element_type=\"widget\" data-e-type=\"widget\" data-widget_type=\"image.default\">\n\t\t\t\t<div class=\"elementor-widget-container\">\n\t\t\t\t\t\t\t\t\t\t\t\t\t\t\t<img decoding=\"async\" src=\"https:\/\/ws168.juntadeandalucia.es\/iaap\/gestiondelconocimiento\/wp-content\/uploads\/sites\/10\/2019\/08\/long-shadow-1312718_1280-272x182.png\" title=\"long-shadow-1312718_1280\" alt=\"long-shadow-1312718_1280\" loading=\"lazy\" \/>\t\t\t\t\t\t\t\t\t\t\t\t\t\t\t<\/div>\n\t\t\t\t<\/div>\n\t\t\t\t\t<\/div>\n\t\t<\/div>\n\t\t\t\t\t<\/div>\n\t\t<\/section>\n\t\t\t\t<section class=\"elementor-section elementor-top-section elementor-element elementor-element-06c1437 elementor-section-boxed elementor-section-height-default elementor-section-height-default\" data-id=\"06c1437\" data-element_type=\"section\" data-e-type=\"section\">\n\t\t\t\t\t\t<div class=\"elementor-container elementor-column-gap-default\">\n\t\t\t\t\t<div class=\"elementor-column elementor-col-100 elementor-top-column elementor-element elementor-element-1cb6b12\" data-id=\"1cb6b12\" data-element_type=\"column\" data-e-type=\"column\">\n\t\t\t<div class=\"elementor-widget-wrap elementor-element-populated\">\n\t\t\t\t\t\t<div class=\"elementor-element elementor-element-bb39294 elementor-widget elementor-widget-text-editor\" data-id=\"bb39294\" data-element_type=\"widget\" data-e-type=\"widget\" data-widget_type=\"text-editor.default\">\n\t\t\t\t<div class=\"elementor-widget-container\">\n\t\t\t\t\t\t\t\t\t<p><span style=\"color: #ff6600;\"><strong>El uso de las herramientas tecnol\u00f3gicas: el riesgo de perdernos<\/strong><\/span><\/p><p><span style=\"font-weight: 400;\">Uno de los inconvenientes del uso de herramientas tecnol\u00f3gicas y digitales es que no todos los miembros del equipo van a tener el mismo grado de desenvolvimiento con ellas ni una misma actitud ante las mismas.\u00a0<\/span><\/p><p><span style=\"font-weight: 400;\">Como con todo lo nuevo que se nos presenta en la vida, la tecnolog\u00eda se va incorporando poco a poco en nuestra cotidianidad, tanto en el \u00e1mbito privado como en el profesional, pero lo hace a un ritmo que no es igual para todas las personas. En este sentido, hay que ser respetuoso con los tiempos y la adaptaci\u00f3n a las mismas por parte de cada un@ de los componentes del equipo. Habr\u00e1 de ser comprensivos y flexibles pero a su vez con la convicci\u00f3n de que las nuevas tecnolog\u00edas de la informaci\u00f3n y la comunicaci\u00f3n han venido para quedarse y que la inercia en la implantaci\u00f3n de las mismas en la Administraci\u00f3n, como en cualquier otra organizaci\u00f3n, ser\u00e1 continua y progresiva por lo que el personal que estamos prestando servicio en ella nos veremos en la obligaci\u00f3n de incorporarlas en nuestra pr\u00e1ctica laboral cotidiana. Ya nadie se extra\u00f1a de que en las oficinas no dispongamos de las antiguas m\u00e1quinas de escribir, \u00bfverdad?, pues lo mismo pasar\u00e1 con nuevas formas de trabajo que se apoyen en herramientas tecnol\u00f3gicas.<\/span><\/p><p><span style=\"font-weight: 400;\">Hay voces que consideran que, con respecto al uso de estas herramientas y aplicaciones, \u201cmenos es m\u00e1s\u201d pero todo es cuesti\u00f3n de usos y experiencias. S\u00ed es importante que tengas en cuenta el cu\u00e1l, el c\u00f3mo y el para qu\u00e9 a la hora de elegirlas. Mantener la informaci\u00f3n y la documentaci\u00f3n que se genere a lo largo del proyecto bien organizada es un elemento de vital importancia para evitar la dispersi\u00f3n y sentirnos perdidos.<\/span><\/p>\t\t\t\t\t\t\t\t<\/div>\n\t\t\t\t<\/div>\n\t\t\t\t\t<\/div>\n\t\t<\/div>\n\t\t\t\t\t<\/div>\n\t\t<\/section>\n\t\t\t\t<section class=\"elementor-section elementor-top-section elementor-element elementor-element-a7c9c00 elementor-section-boxed elementor-section-height-default elementor-section-height-default\" data-id=\"a7c9c00\" data-element_type=\"section\" data-e-type=\"section\">\n\t\t\t\t\t\t<div class=\"elementor-container elementor-column-gap-default\">\n\t\t\t\t\t<div class=\"elementor-column elementor-col-100 elementor-top-column elementor-element elementor-element-d3b1e1c\" data-id=\"d3b1e1c\" data-element_type=\"column\" data-e-type=\"column\">\n\t\t\t<div class=\"elementor-widget-wrap elementor-element-populated\">\n\t\t\t\t\t\t<div class=\"elementor-element elementor-element-93ac22c elementor-widget elementor-widget-text-editor\" data-id=\"93ac22c\" data-element_type=\"widget\" data-e-type=\"widget\" data-widget_type=\"text-editor.default\">\n\t\t\t\t<div class=\"elementor-widget-container\">\n\t\t\t\t\t\t\t\t\t<p>Deja tus comentarios sobre este apartado: \u00abPunto 5. Dificultades habituales\u00bb, aqu\u00ed.<img loading=\"lazy\" decoding=\"async\" data-attachment-id=\"1422\" data-permalink=\"https:\/\/ws168.juntadeandalucia.es\/iaap\/gestiondelconocimiento\/comentarios\/\" data-orig-file=\"https:\/\/ws168.juntadeandalucia.es\/iaap\/gestiondelconocimiento\/wp-content\/uploads\/sites\/10\/2019\/12\/comentarios.png\" data-orig-size=\"960,720\" data-comments-opened=\"0\" data-image-meta=\"{&quot;aperture&quot;:&quot;0&quot;,&quot;credit&quot;:&quot;&quot;,&quot;camera&quot;:&quot;&quot;,&quot;caption&quot;:&quot;&quot;,&quot;created_timestamp&quot;:&quot;0&quot;,&quot;copyright&quot;:&quot;&quot;,&quot;focal_length&quot;:&quot;0&quot;,&quot;iso&quot;:&quot;0&quot;,&quot;shutter_speed&quot;:&quot;0&quot;,&quot;title&quot;:&quot;&quot;,&quot;orientation&quot;:&quot;0&quot;}\" data-image-title=\"comentarios\" data-image-description=\"\" data-image-caption=\"\" data-large-file=\"https:\/\/ws168.juntadeandalucia.es\/iaap\/gestiondelconocimiento\/wp-content\/uploads\/sites\/10\/2019\/12\/comentarios.png\" class=\"size-medium wp-image-1422 aligncenter\" src=\"https:\/\/ws168.juntadeandalucia.es\/iaap\/gestiondelconocimiento\/wp-content\/uploads\/sites\/10\/2019\/12\/comentarios-300x225.png\" alt=\"\" width=\"300\" height=\"225\" srcset=\"https:\/\/ws168.juntadeandalucia.es\/iaap\/gestiondelconocimiento\/wp-content\/uploads\/sites\/10\/2019\/12\/comentarios-300x225.png 300w, https:\/\/ws168.juntadeandalucia.es\/iaap\/gestiondelconocimiento\/wp-content\/uploads\/sites\/10\/2019\/12\/comentarios-768x576.png 768w, https:\/\/ws168.juntadeandalucia.es\/iaap\/gestiondelconocimiento\/wp-content\/uploads\/sites\/10\/2019\/12\/comentarios-600x450.png 600w, https:\/\/ws168.juntadeandalucia.es\/iaap\/gestiondelconocimiento\/wp-content\/uploads\/sites\/10\/2019\/12\/comentarios-110x83.png 110w, https:\/\/ws168.juntadeandalucia.es\/iaap\/gestiondelconocimiento\/wp-content\/uploads\/sites\/10\/2019\/12\/comentarios-420x315.png 420w, https:\/\/ws168.juntadeandalucia.es\/iaap\/gestiondelconocimiento\/wp-content\/uploads\/sites\/10\/2019\/12\/comentarios-573x430.png 573w, https:\/\/ws168.juntadeandalucia.es\/iaap\/gestiondelconocimiento\/wp-content\/uploads\/sites\/10\/2019\/12\/comentarios.png 960w\" sizes=\"(max-width: 300px) 100vw, 300px\" \/>.<\/p>\t\t\t\t\t\t\t\t<\/div>\n\t\t\t\t<\/div>\n\t\t\t\t\t<\/div>\n\t\t<\/div>\n\t\t\t\t\t<\/div>\n\t\t<\/section>\n\t\t\t\t<section class=\"elementor-section elementor-top-section elementor-element elementor-element-6ece398 elementor-section-boxed elementor-section-height-default elementor-section-height-default\" data-id=\"6ece398\" data-element_type=\"section\" data-e-type=\"section\">\n\t\t\t\t\t\t<div class=\"elementor-container elementor-column-gap-default\">\n\t\t\t\t\t<div class=\"elementor-column elementor-col-100 elementor-top-column elementor-element elementor-element-a882f43\" data-id=\"a882f43\" data-element_type=\"column\" data-e-type=\"column\">\n\t\t\t<div class=\"elementor-widget-wrap elementor-element-populated\">\n\t\t\t\t\t\t<div class=\"elementor-element elementor-element-ce47ba1 elementor-widget elementor-widget-button\" data-id=\"ce47ba1\" data-element_type=\"widget\" data-e-type=\"widget\" data-widget_type=\"button.default\">\n\t\t\t\t<div class=\"elementor-widget-container\">\n\t\t\t\t\t\t\t\t\t<div class=\"elementor-button-wrapper\">\n\t\t\t\t\t<a class=\"elementor-button elementor-button-link elementor-size-sm\" href=\"https:\/\/ws168.juntadeandalucia.es\/iaap\/gestiondelconocimiento\/guia-abierta\/por-que-y-para-que-la-gestion-del-conocimiento\/\">\n\t\t\t\t\t\t<span class=\"elementor-button-content-wrapper\">\n\t\t\t\t\t\t\t\t\t<span class=\"elementor-button-text\">Punto 1. \u00bfPor qu\u00e9 y para qu\u00e9 la Gesti\u00f3n del Conocimiento?<\/span>\n\t\t\t\t\t<\/span>\n\t\t\t\t\t<\/a>\n\t\t\t\t<\/div>\n\t\t\t\t\t\t\t\t<\/div>\n\t\t\t\t<\/div>\n\t\t\t\t\t<\/div>\n\t\t<\/div>\n\t\t\t\t\t<\/div>\n\t\t<\/section>\n\t\t\t\t<section class=\"elementor-section elementor-top-section elementor-element elementor-element-fd2e201 elementor-section-boxed elementor-section-height-default elementor-section-height-default\" data-id=\"fd2e201\" data-element_type=\"section\" data-e-type=\"section\">\n\t\t\t\t\t\t<div class=\"elementor-container elementor-column-gap-default\">\n\t\t\t\t\t<div class=\"elementor-column elementor-col-100 elementor-top-column elementor-element elementor-element-3e032b3\" data-id=\"3e032b3\" data-element_type=\"column\" data-e-type=\"column\">\n\t\t\t<div class=\"elementor-widget-wrap elementor-element-populated\">\n\t\t\t\t\t\t<div class=\"elementor-element elementor-element-a1e2fcc elementor-widget elementor-widget-button\" data-id=\"a1e2fcc\" data-element_type=\"widget\" data-e-type=\"widget\" data-widget_type=\"button.default\">\n\t\t\t\t<div class=\"elementor-widget-container\">\n\t\t\t\t\t\t\t\t\t<div class=\"elementor-button-wrapper\">\n\t\t\t\t\t<a class=\"elementor-button elementor-button-link elementor-size-sm\" href=\"https:\/\/ws168.juntadeandalucia.es\/iaap\/gestiondelconocimiento\/guia-abierta\/punto-2-tienes-un-proyecto-de-gestion-del-conocimiento-o-quieres-formar-parte-de-uno\/\">\n\t\t\t\t\t\t<span class=\"elementor-button-content-wrapper\">\n\t\t\t\t\t\t\t\t\t<span class=\"elementor-button-text\">Punto 2. \u00bfTienes un proyecto de gesti\u00f3n del conocimiento o quieres formar parte de uno?<\/span>\n\t\t\t\t\t<\/span>\n\t\t\t\t\t<\/a>\n\t\t\t\t<\/div>\n\t\t\t\t\t\t\t\t<\/div>\n\t\t\t\t<\/div>\n\t\t\t\t\t<\/div>\n\t\t<\/div>\n\t\t\t\t\t<\/div>\n\t\t<\/section>\n\t\t\t\t<section class=\"elementor-section elementor-top-section elementor-element elementor-element-058c57f elementor-section-boxed elementor-section-height-default elementor-section-height-default\" data-id=\"058c57f\" data-element_type=\"section\" data-e-type=\"section\">\n\t\t\t\t\t\t<div class=\"elementor-container elementor-column-gap-default\">\n\t\t\t\t\t<div class=\"elementor-column elementor-col-100 elementor-top-column elementor-element elementor-element-5998560\" data-id=\"5998560\" data-element_type=\"column\" data-e-type=\"column\">\n\t\t\t<div class=\"elementor-widget-wrap elementor-element-populated\">\n\t\t\t\t\t\t<div class=\"elementor-element elementor-element-5abcfe0 elementor-widget elementor-widget-button\" data-id=\"5abcfe0\" data-element_type=\"widget\" data-e-type=\"widget\" data-widget_type=\"button.default\">\n\t\t\t\t<div class=\"elementor-widget-container\">\n\t\t\t\t\t\t\t\t\t<div class=\"elementor-button-wrapper\">\n\t\t\t\t\t<a class=\"elementor-button elementor-button-link elementor-size-sm\" href=\"https:\/\/ws168.juntadeandalucia.es\/iaap\/gestiondelconocimiento\/guia-abierta\/cuestiones-previas\/\">\n\t\t\t\t\t\t<span class=\"elementor-button-content-wrapper\">\n\t\t\t\t\t\t\t\t\t<span class=\"elementor-button-text\">Punto 3. Cuestiones previas<\/span>\n\t\t\t\t\t<\/span>\n\t\t\t\t\t<\/a>\n\t\t\t\t<\/div>\n\t\t\t\t\t\t\t\t<\/div>\n\t\t\t\t<\/div>\n\t\t\t\t\t<\/div>\n\t\t<\/div>\n\t\t\t\t\t<\/div>\n\t\t<\/section>\n\t\t\t\t<section class=\"elementor-section elementor-top-section elementor-element elementor-element-c36802c elementor-section-boxed elementor-section-height-default elementor-section-height-default\" data-id=\"c36802c\" data-element_type=\"section\" data-e-type=\"section\">\n\t\t\t\t\t\t<div class=\"elementor-container elementor-column-gap-default\">\n\t\t\t\t\t<div class=\"elementor-column elementor-col-100 elementor-top-column elementor-element elementor-element-fd82174\" data-id=\"fd82174\" data-element_type=\"column\" data-e-type=\"column\">\n\t\t\t<div class=\"elementor-widget-wrap elementor-element-populated\">\n\t\t\t\t\t\t<div class=\"elementor-element elementor-element-fa45518 elementor-widget elementor-widget-button\" data-id=\"fa45518\" data-element_type=\"widget\" data-e-type=\"widget\" data-widget_type=\"button.default\">\n\t\t\t\t<div class=\"elementor-widget-container\">\n\t\t\t\t\t\t\t\t\t<div class=\"elementor-button-wrapper\">\n\t\t\t\t\t<a class=\"elementor-button elementor-button-link elementor-size-sm\" href=\"https:\/\/ws168.juntadeandalucia.es\/iaap\/gestiondelconocimiento\/guia-abierta\/punto-4-desarrollo-de-proyectos-de-gestion-del-conocimiento\/\">\n\t\t\t\t\t\t<span class=\"elementor-button-content-wrapper\">\n\t\t\t\t\t\t\t\t\t<span class=\"elementor-button-text\">Punto 4. Desarrollo de proyectos de Gesti\u00f3n del Conocimiento<\/span>\n\t\t\t\t\t<\/span>\n\t\t\t\t\t<\/a>\n\t\t\t\t<\/div>\n\t\t\t\t\t\t\t\t<\/div>\n\t\t\t\t<\/div>\n\t\t\t\t\t<\/div>\n\t\t<\/div>\n\t\t\t\t\t<\/div>\n\t\t<\/section>\n\t\t\t\t<section class=\"elementor-section elementor-top-section elementor-element elementor-element-baa2ac3 elementor-section-boxed elementor-section-height-default elementor-section-height-default\" data-id=\"baa2ac3\" data-element_type=\"section\" data-e-type=\"section\">\n\t\t\t\t\t\t<div class=\"elementor-container elementor-column-gap-default\">\n\t\t\t\t\t<div class=\"elementor-column elementor-col-100 elementor-top-column elementor-element elementor-element-5d003cc\" data-id=\"5d003cc\" data-element_type=\"column\" data-e-type=\"column\">\n\t\t\t<div class=\"elementor-widget-wrap elementor-element-populated\">\n\t\t\t\t\t\t<div class=\"elementor-element elementor-element-dce0547 elementor-widget elementor-widget-button\" data-id=\"dce0547\" data-element_type=\"widget\" data-e-type=\"widget\" data-widget_type=\"button.default\">\n\t\t\t\t<div class=\"elementor-widget-container\">\n\t\t\t\t\t\t\t\t\t<div class=\"elementor-button-wrapper\">\n\t\t\t\t\t<a class=\"elementor-button elementor-button-link elementor-size-sm\" href=\"https:\/\/ws168.juntadeandalucia.es\/iaap\/gestiondelconocimiento\/guia-abierta\/punto-6-el-resultado-final-el-producto\/\">\n\t\t\t\t\t\t<span class=\"elementor-button-content-wrapper\">\n\t\t\t\t\t\t\t\t\t<span class=\"elementor-button-text\">Punto 6. El resultado final: el producto<\/span>\n\t\t\t\t\t<\/span>\n\t\t\t\t\t<\/a>\n\t\t\t\t<\/div>\n\t\t\t\t\t\t\t\t<\/div>\n\t\t\t\t<\/div>\n\t\t\t\t\t<\/div>\n\t\t<\/div>\n\t\t\t\t\t<\/div>\n\t\t<\/section>\n\t\t\t\t<section class=\"elementor-section elementor-top-section elementor-element elementor-element-2f83df8 elementor-section-boxed elementor-section-height-default elementor-section-height-default\" data-id=\"2f83df8\" data-element_type=\"section\" data-e-type=\"section\">\n\t\t\t\t\t\t<div class=\"elementor-container elementor-column-gap-default\">\n\t\t\t\t\t<div class=\"elementor-column elementor-col-100 elementor-top-column elementor-element elementor-element-34b1f2a\" data-id=\"34b1f2a\" data-element_type=\"column\" data-e-type=\"column\">\n\t\t\t<div class=\"elementor-widget-wrap elementor-element-populated\">\n\t\t\t\t\t\t<div class=\"elementor-element elementor-element-ea3081e elementor-widget elementor-widget-button\" data-id=\"ea3081e\" data-element_type=\"widget\" data-e-type=\"widget\" data-widget_type=\"button.default\">\n\t\t\t\t<div class=\"elementor-widget-container\">\n\t\t\t\t\t\t\t\t\t<div class=\"elementor-button-wrapper\">\n\t\t\t\t\t<a class=\"elementor-button elementor-button-link elementor-size-sm\" href=\"https:\/\/ws168.juntadeandalucia.es\/iaap\/gestiondelconocimiento\/guia-abierta\/que-hacer-con-el-producto\/\">\n\t\t\t\t\t\t<span class=\"elementor-button-content-wrapper\">\n\t\t\t\t\t\t\t\t\t<span class=\"elementor-button-text\">Punto 7. \u00bfQu\u00e9 hacer con el producto?<\/span>\n\t\t\t\t\t<\/span>\n\t\t\t\t\t<\/a>\n\t\t\t\t<\/div>\n\t\t\t\t\t\t\t\t<\/div>\n\t\t\t\t<\/div>\n\t\t\t\t\t<\/div>\n\t\t<\/div>\n\t\t\t\t\t<\/div>\n\t\t<\/section>\n\t\t\t\t<\/div>\n\t\t","protected":false},"excerpt":{"rendered":"<p>Motivaci\u00f3n y compromiso Como ya hemos dejado entrever en el punto anterior, uno de los principales retos que tendr\u00e1s que afrontar si te embarcas en un proyecto de Gesti\u00f3n del Conocimiento es mantener a qui\u00e9nes participan en ellos \u201cenganchad@s\u201d desde el principio hasta el final. Si buscas qu\u00e9 significa motivaci\u00f3n en la RAE encontrar\u00e1s que [&hellip;]<\/p>\n","protected":false},"author":19,"featured_media":1077,"parent":973,"menu_order":4,"comment_status":"closed","ping_status":"closed","template":"","meta":{"jetpack_post_was_ever_published":false,"footnotes":""},"class_list":["post-944","page","type-page","status-publish","has-post-thumbnail","hentry"],"jetpack_sharing_enabled":true,"jetpack_shortlink":"https:\/\/wp.me\/P9W7Se-fe","jetpack-related-posts":[{"id":940,"url":"https:\/\/ws168.juntadeandalucia.es\/iaap\/gestiondelconocimiento\/guia-abierta\/cuestiones-previas\/","url_meta":{"origin":944,"position":0},"title":"Punto 3. Cuestiones previas","author":"","date":"21 mayo, 2019","format":false,"excerpt":"\u00bfQu\u00e9 hacer antes? Como en cualquier proyecto que pienses llevar a cabo, existen una serie de cuestiones previas que te ayudar\u00e1n a desarrollarlo.\u00a0Piensa en tu proyecto como un recorrido en el que te debas plantear de d\u00f3nde partes, a d\u00f3nde quieres llegar y cu\u00e1l va a ser el camino a\u2026","rel":"","context":"Entrada similar","block_context":{"text":"Entrada similar","link":""},"img":{"alt_text":"","src":"https:\/\/i0.wp.com\/ws168.juntadeandalucia.es\/iaap\/gestiondelconocimiento\/wp-content\/uploads\/sites\/10\/2019\/08\/bulletin-board-2771786_1920.jpg?resize=350%2C200&ssl=1","width":350,"height":200,"srcset":"https:\/\/i0.wp.com\/ws168.juntadeandalucia.es\/iaap\/gestiondelconocimiento\/wp-content\/uploads\/sites\/10\/2019\/08\/bulletin-board-2771786_1920.jpg?resize=350%2C200&ssl=1 1x, https:\/\/i0.wp.com\/ws168.juntadeandalucia.es\/iaap\/gestiondelconocimiento\/wp-content\/uploads\/sites\/10\/2019\/08\/bulletin-board-2771786_1920.jpg?resize=525%2C300&ssl=1 1.5x, https:\/\/i0.wp.com\/ws168.juntadeandalucia.es\/iaap\/gestiondelconocimiento\/wp-content\/uploads\/sites\/10\/2019\/08\/bulletin-board-2771786_1920.jpg?resize=700%2C400&ssl=1 2x, https:\/\/i0.wp.com\/ws168.juntadeandalucia.es\/iaap\/gestiondelconocimiento\/wp-content\/uploads\/sites\/10\/2019\/08\/bulletin-board-2771786_1920.jpg?resize=1050%2C600&ssl=1 3x, https:\/\/i0.wp.com\/ws168.juntadeandalucia.es\/iaap\/gestiondelconocimiento\/wp-content\/uploads\/sites\/10\/2019\/08\/bulletin-board-2771786_1920.jpg?resize=1400%2C800&ssl=1 4x"},"classes":[]},{"id":936,"url":"https:\/\/ws168.juntadeandalucia.es\/iaap\/gestiondelconocimiento\/guia-abierta\/por-que-y-para-que-la-gestion-del-conocimiento\/","url_meta":{"origin":944,"position":1},"title":"Punto 1. \u00bfPor qu\u00e9 y para qu\u00e9 la Gesti\u00f3n del Conocimiento?","author":"","date":"21 mayo, 2019","format":false,"excerpt":"Concepto y finalidad \u00bfY qu\u00e9 es esto de la Gesti\u00f3n del Conocimiento?. Nuestra sociedad actual se define como la Sociedad del Conocimiento, superando ya la etapa de la sociedad de la informaci\u00f3n. O sociedad de la desinformaci\u00f3n. Pues a pesar\u00a0 de estar en el momento de la historia con acceso\u2026","rel":"","context":"Entrada similar","block_context":{"text":"Entrada similar","link":""},"img":{"alt_text":"","src":"https:\/\/i0.wp.com\/ws168.juntadeandalucia.es\/iaap\/gestiondelconocimiento\/wp-content\/uploads\/sites\/10\/2019\/08\/board-1273128_1920.jpg?resize=350%2C200&ssl=1","width":350,"height":200,"srcset":"https:\/\/i0.wp.com\/ws168.juntadeandalucia.es\/iaap\/gestiondelconocimiento\/wp-content\/uploads\/sites\/10\/2019\/08\/board-1273128_1920.jpg?resize=350%2C200&ssl=1 1x, https:\/\/i0.wp.com\/ws168.juntadeandalucia.es\/iaap\/gestiondelconocimiento\/wp-content\/uploads\/sites\/10\/2019\/08\/board-1273128_1920.jpg?resize=525%2C300&ssl=1 1.5x, https:\/\/i0.wp.com\/ws168.juntadeandalucia.es\/iaap\/gestiondelconocimiento\/wp-content\/uploads\/sites\/10\/2019\/08\/board-1273128_1920.jpg?resize=700%2C400&ssl=1 2x, https:\/\/i0.wp.com\/ws168.juntadeandalucia.es\/iaap\/gestiondelconocimiento\/wp-content\/uploads\/sites\/10\/2019\/08\/board-1273128_1920.jpg?resize=1050%2C600&ssl=1 3x, https:\/\/i0.wp.com\/ws168.juntadeandalucia.es\/iaap\/gestiondelconocimiento\/wp-content\/uploads\/sites\/10\/2019\/08\/board-1273128_1920.jpg?resize=1400%2C800&ssl=1 4x"},"classes":[]},{"id":973,"url":"https:\/\/ws168.juntadeandalucia.es\/iaap\/gestiondelconocimiento\/guia-abierta\/","url_meta":{"origin":944,"position":2},"title":"Gu\u00eda de Gesti\u00f3n del Conocimiento","author":"","date":"11 agosto, 2019","format":false,"excerpt":"Gu\u00eda abierta sobre Gesti\u00f3n del Conocimiento A veces pensamos que nos gustar\u00eda cambiar las formas de hacer las cosas en nuestro trabajo. Creemos que es posible realizarlas con m\u00e1s eficacia, eficiencia, econom\u00eda y rapidez a como se vienen haciendo tradicionalmente. Si bien es cierto, que aunque tenemos muchas ideas que\u2026","rel":"","context":"Entrada similar","block_context":{"text":"Entrada similar","link":""},"img":{"alt_text":"","src":"https:\/\/i0.wp.com\/ws168.juntadeandalucia.es\/iaap\/gestiondelconocimiento\/wp-content\/uploads\/sites\/10\/2019\/08\/innovation-561388_1920.jpg?resize=350%2C200&ssl=1","width":350,"height":200,"srcset":"https:\/\/i0.wp.com\/ws168.juntadeandalucia.es\/iaap\/gestiondelconocimiento\/wp-content\/uploads\/sites\/10\/2019\/08\/innovation-561388_1920.jpg?resize=350%2C200&ssl=1 1x, https:\/\/i0.wp.com\/ws168.juntadeandalucia.es\/iaap\/gestiondelconocimiento\/wp-content\/uploads\/sites\/10\/2019\/08\/innovation-561388_1920.jpg?resize=525%2C300&ssl=1 1.5x, https:\/\/i0.wp.com\/ws168.juntadeandalucia.es\/iaap\/gestiondelconocimiento\/wp-content\/uploads\/sites\/10\/2019\/08\/innovation-561388_1920.jpg?resize=700%2C400&ssl=1 2x, https:\/\/i0.wp.com\/ws168.juntadeandalucia.es\/iaap\/gestiondelconocimiento\/wp-content\/uploads\/sites\/10\/2019\/08\/innovation-561388_1920.jpg?resize=1050%2C600&ssl=1 3x, https:\/\/i0.wp.com\/ws168.juntadeandalucia.es\/iaap\/gestiondelconocimiento\/wp-content\/uploads\/sites\/10\/2019\/08\/innovation-561388_1920.jpg?resize=1400%2C800&ssl=1 4x"},"classes":[]},{"id":942,"url":"https:\/\/ws168.juntadeandalucia.es\/iaap\/gestiondelconocimiento\/guia-abierta\/punto-4-desarrollo-de-proyectos-de-gestion-del-conocimiento\/","url_meta":{"origin":944,"position":3},"title":"Punto 4. Desarrollo de proyectos de Gesti\u00f3n del Conocimiento","author":"","date":"21 mayo, 2019","format":false,"excerpt":"\u00bfC\u00f3mo lo desarrollamos? El durante Formar el equipo de trabajo Son varias, y contundentes, las razones por las cuales formar un equipo de trabajo constituye una de las claves del \u00e9xito en cualquier proyecto profesional y, especialmente, en uno dedicado a la Gesti\u00f3n del Conocimiento. Sin \u00e1nimo de ser exhaustivos,\u2026","rel":"","context":"Entrada similar","block_context":{"text":"Entrada similar","link":""},"img":{"alt_text":"","src":"https:\/\/i0.wp.com\/ws168.juntadeandalucia.es\/iaap\/gestiondelconocimiento\/wp-content\/uploads\/sites\/10\/2019\/08\/group-3014157_1920.jpg?resize=350%2C200&ssl=1","width":350,"height":200,"srcset":"https:\/\/i0.wp.com\/ws168.juntadeandalucia.es\/iaap\/gestiondelconocimiento\/wp-content\/uploads\/sites\/10\/2019\/08\/group-3014157_1920.jpg?resize=350%2C200&ssl=1 1x, https:\/\/i0.wp.com\/ws168.juntadeandalucia.es\/iaap\/gestiondelconocimiento\/wp-content\/uploads\/sites\/10\/2019\/08\/group-3014157_1920.jpg?resize=525%2C300&ssl=1 1.5x, https:\/\/i0.wp.com\/ws168.juntadeandalucia.es\/iaap\/gestiondelconocimiento\/wp-content\/uploads\/sites\/10\/2019\/08\/group-3014157_1920.jpg?resize=700%2C400&ssl=1 2x, https:\/\/i0.wp.com\/ws168.juntadeandalucia.es\/iaap\/gestiondelconocimiento\/wp-content\/uploads\/sites\/10\/2019\/08\/group-3014157_1920.jpg?resize=1050%2C600&ssl=1 3x, https:\/\/i0.wp.com\/ws168.juntadeandalucia.es\/iaap\/gestiondelconocimiento\/wp-content\/uploads\/sites\/10\/2019\/08\/group-3014157_1920.jpg?resize=1400%2C800&ssl=1 4x"},"classes":[]},{"id":1020,"url":"https:\/\/ws168.juntadeandalucia.es\/iaap\/gestiondelconocimiento\/guia-abierta\/punto-2-tienes-un-proyecto-de-gestion-del-conocimiento-o-quieres-formar-parte-de-uno\/","url_meta":{"origin":944,"position":4},"title":"Punto 2. \u00bfTienes un proyecto de gesti\u00f3n del conocimiento o quieres formar parte de uno?","author":"","date":"13 agosto, 2019","format":false,"excerpt":"Ante un contexto complejo y cambiante como el que atravesamos, se necesita mucho m\u00e1s conocimiento para dise\u00f1ar procesos y servicios que hagan un uso inteligente de las TIC, que permita establecer nuevas formas de comunicaci\u00f3n y relaci\u00f3n con la ciudadan\u00eda a la que se ofrezca respuestas efectivas a sus principales\u2026","rel":"","context":"Entrada similar","block_context":{"text":"Entrada similar","link":""},"img":{"alt_text":"","src":"https:\/\/i0.wp.com\/ws168.juntadeandalucia.es\/iaap\/gestiondelconocimiento\/wp-content\/uploads\/sites\/10\/2019\/08\/smilie-495999_1920.jpg?resize=350%2C200&ssl=1","width":350,"height":200,"srcset":"https:\/\/i0.wp.com\/ws168.juntadeandalucia.es\/iaap\/gestiondelconocimiento\/wp-content\/uploads\/sites\/10\/2019\/08\/smilie-495999_1920.jpg?resize=350%2C200&ssl=1 1x, https:\/\/i0.wp.com\/ws168.juntadeandalucia.es\/iaap\/gestiondelconocimiento\/wp-content\/uploads\/sites\/10\/2019\/08\/smilie-495999_1920.jpg?resize=525%2C300&ssl=1 1.5x, https:\/\/i0.wp.com\/ws168.juntadeandalucia.es\/iaap\/gestiondelconocimiento\/wp-content\/uploads\/sites\/10\/2019\/08\/smilie-495999_1920.jpg?resize=700%2C400&ssl=1 2x, https:\/\/i0.wp.com\/ws168.juntadeandalucia.es\/iaap\/gestiondelconocimiento\/wp-content\/uploads\/sites\/10\/2019\/08\/smilie-495999_1920.jpg?resize=1050%2C600&ssl=1 3x, https:\/\/i0.wp.com\/ws168.juntadeandalucia.es\/iaap\/gestiondelconocimiento\/wp-content\/uploads\/sites\/10\/2019\/08\/smilie-495999_1920.jpg?resize=1400%2C800&ssl=1 4x"},"classes":[]},{"id":1908,"url":"https:\/\/ws168.juntadeandalucia.es\/iaap\/gestiondelconocimiento\/proyectos\/edicion-2019-2020-edicion-2019-2020\/gc10-comunicacion-y-difusion-de-la-gestion-del-conocimiento\/","url_meta":{"origin":944,"position":5},"title":"GC10 &#8211; Comunicaci\u00f3n y difusi\u00f3n de la Gesti\u00f3n del Conocimiento (2019-20)","author":"beatrizsanchezgomez","date":"17 febrero, 2020","format":false,"excerpt":"DESCRIPCI\u00d3N Este proyecto surge en la tercera edici\u00f3n del programa. Se trata de un proyecto concebido para difundir la disciplina de la Gesti\u00f3n del Conocimiento entre las personas que trabajan en la Junta de Andaluc\u00eda. \u00a0OBJETIVOS: \u2022\u00a0 Descubrir las tendencias en la disciplina de Gesti\u00f3n del Conocimiento a nivel nacional\u2026","rel":"","context":"Entrada similar","block_context":{"text":"Entrada similar","link":""},"img":{"alt_text":"Equipo GC10","src":"https:\/\/i0.wp.com\/ws168.juntadeandalucia.es\/iaap\/gestiondelconocimiento\/wp-content\/uploads\/sites\/10\/2020\/01\/Comunicaci%C3%B3n.jpg?resize=350%2C200&ssl=1","width":350,"height":200},"classes":[]}],"jetpack_likes_enabled":true,"_links":{"self":[{"href":"https:\/\/ws168.juntadeandalucia.es\/iaap\/gestiondelconocimiento\/wp-json\/wp\/v2\/pages\/944","targetHints":{"allow":["GET"]}}],"collection":[{"href":"https:\/\/ws168.juntadeandalucia.es\/iaap\/gestiondelconocimiento\/wp-json\/wp\/v2\/pages"}],"about":[{"href":"https:\/\/ws168.juntadeandalucia.es\/iaap\/gestiondelconocimiento\/wp-json\/wp\/v2\/types\/page"}],"author":[{"embeddable":true,"href":"https:\/\/ws168.juntadeandalucia.es\/iaap\/gestiondelconocimiento\/wp-json\/wp\/v2\/users\/19"}],"replies":[{"embeddable":true,"href":"https:\/\/ws168.juntadeandalucia.es\/iaap\/gestiondelconocimiento\/wp-json\/wp\/v2\/comments?post=944"}],"version-history":[{"count":41,"href":"https:\/\/ws168.juntadeandalucia.es\/iaap\/gestiondelconocimiento\/wp-json\/wp\/v2\/pages\/944\/revisions"}],"predecessor-version":[{"id":2806,"href":"https:\/\/ws168.juntadeandalucia.es\/iaap\/gestiondelconocimiento\/wp-json\/wp\/v2\/pages\/944\/revisions\/2806"}],"up":[{"embeddable":true,"href":"https:\/\/ws168.juntadeandalucia.es\/iaap\/gestiondelconocimiento\/wp-json\/wp\/v2\/pages\/973"}],"wp:featuredmedia":[{"embeddable":true,"href":"https:\/\/ws168.juntadeandalucia.es\/iaap\/gestiondelconocimiento\/wp-json\/wp\/v2\/media\/1077"}],"wp:attachment":[{"href":"https:\/\/ws168.juntadeandalucia.es\/iaap\/gestiondelconocimiento\/wp-json\/wp\/v2\/media?parent=944"}],"curies":[{"name":"wp","href":"https:\/\/api.w.org\/{rel}","templated":true}]}}